{"id":2236,"date":"2024-04-20T07:28:49","date_gmt":"2024-04-20T07:28:49","guid":{"rendered":"https:\/\/maag.codesupply.co\/lifestyle\/?page_id=2236"},"modified":"2025-06-22T14:11:32","modified_gmt":"2025-06-22T12:11:32","slug":"strona-domowa","status":"publish","type":"page","link":"https:\/\/agetech.pl\/","title":{"rendered":"Home"},"content":{"rendered":"\t\t<div data-elementor-type=\"wp-page\" data-elementor-id=\"2236\" class=\"elementor elementor-2236\">\n\t\t\t\t<div class=\"elementor-element elementor-element-d83af3f e-flex e-con-boxed e-con e-parent\" data-id=\"d83af3f\" data-element_type=\"container\">\n\t\t\t\t\t<div class=\"e-con-inner\">\n\t\t\t\t<div class=\"elementor-element elementor-element-1dfc26c elementor-widget elementor-widget-cs-headline\" data-id=\"1dfc26c\" data-element_type=\"widget\" data-widget_type=\"cs-headline.default\">\n\t\t\t\t<div class=\"elementor-widget-container\">\n\t\t\t\t\t\t\t\t\t\t\t\t\t<\/div>\n\t\t\t\t<\/div>\n\t\t<div class=\"elementor-element elementor-element-f41f9c6 e-con-full e-flex e-con e-child\" data-id=\"f41f9c6\" data-element_type=\"container\">\n\t\t<div class=\"elementor-element elementor-element-930a36f e-con-full e-flex e-con e-child\" data-id=\"930a36f\" data-element_type=\"container\">\n\t\t\t\t<div class=\"elementor-element elementor-element-0afd42d elementor-widget elementor-widget-cs-posts\" data-id=\"0afd42d\" data-element_type=\"widget\" data-widget_type=\"cs-posts.default\">\n\t\t\t\t<div class=\"elementor-widget-container\">\n\t\t\t\t\t\t\t\t<section class=\"cs-posts cs-posts__standard\">\r\n\t\t\t\t\t\t\t\t\t\t<div class=\"cs-posts-area cs-posts-area-elementor \" data-posts-area=\"\">\r\n\t\t\t\t\t\t\t<div class=\"cs-posts-area__outer\">\r\n\r\n\t\t\t\t\t\t\t\t<div\r\n\t\t\t\t\t\t\t\tclass=\"cs-posts-area__main\"\r\n\t\t\t\t\t\t\t\tdata-pc=\"1\"\r\n\t\t\t\t\t\t\t\tdata-lt=\"1\"\r\n\t\t\t\t\t\t\t\tdata-tb=\"1\"\r\n\t\t\t\t\t\t\t\tdata-mb=\"1\"\r\n\t\t\t\t\t\t\t\t>\r\n\t\t\t\t\t\t\t\t\t\r\n<article class=\"post-5388 post type-post status-publish format-standard has-post-thumbnail category-finanse category-opieka-nad-seniorami tag-ai tag-finanse tag-longevity tag-opieka tag-spoleczenstwo tag-zdrowie cs-entry cs-video-wrap\">\r\n\t<div class=\"cs-entry__outer\">\r\n\t\t\t\t\t<div class=\"cs-entry__inner cs-entry__overlay cs-entry__thumbnail cs-overlay-ratio cs-ratio-landscape-16-9\">\r\n\r\n\t\t\t\t<div class=\"cs-overlay-background\">\r\n\t\t\t\t\t<img fetchpriority=\"high\" decoding=\"async\" width=\"519\" height=\"297\" src=\"https:\/\/agetech.pl\/wp-content\/uploads\/2026\/04\/FinTech-dla-Longevity-scaled.png\" class=\"attachment-csco-thumbnail size-csco-thumbnail wp-post-image\" alt=\"FinTech dla Longevity\" srcset=\"https:\/\/agetech.pl\/wp-content\/uploads\/2026\/04\/FinTech-dla-Longevity-scaled.png 2560w, https:\/\/agetech.pl\/wp-content\/uploads\/2026\/04\/FinTech-dla-Longevity-300x172.png 300w, https:\/\/agetech.pl\/wp-content\/uploads\/2026\/04\/FinTech-dla-Longevity-1024x586.png 1024w, https:\/\/agetech.pl\/wp-content\/uploads\/2026\/04\/FinTech-dla-Longevity-768x439.png 768w, https:\/\/agetech.pl\/wp-content\/uploads\/2026\/04\/FinTech-dla-Longevity-1536x878.png 1536w\" sizes=\"(max-width: 519px) 100vw, 519px\" \/>\t\t\t\t\t<img decoding=\"async\" width=\"1137\" height=\"650\" src=\"https:\/\/agetech.pl\/wp-content\/uploads\/2026\/04\/FinTech-dla-Longevity-scaled.png\" class=\"attachment-csco-extra-large size-csco-extra-large wp-post-image\" alt=\"FinTech dla Longevity\" srcset=\"https:\/\/agetech.pl\/wp-content\/uploads\/2026\/04\/FinTech-dla-Longevity-scaled.png 2560w, https:\/\/agetech.pl\/wp-content\/uploads\/2026\/04\/FinTech-dla-Longevity-300x172.png 300w, https:\/\/agetech.pl\/wp-content\/uploads\/2026\/04\/FinTech-dla-Longevity-1024x586.png 1024w, https:\/\/agetech.pl\/wp-content\/uploads\/2026\/04\/FinTech-dla-Longevity-768x439.png 768w, https:\/\/agetech.pl\/wp-content\/uploads\/2026\/04\/FinTech-dla-Longevity-1536x878.png 1536w\" sizes=\"(max-width: 1137px) 100vw, 1137px\" \/>\t\t\t\t<\/div>\r\n\r\n\t\t\t\t\r\n\t\t\t\t\r\n\t\t\t\t<a href=\"https:\/\/agetech.pl\/index.php\/2026\/04\/15\/fintech-dla-longevity\/\" class=\"cs-overlay-link\" title=\"FinTech dla Longevity: koniec z \u201edziedziczeniem d\u0142ug\u00f3w\u201d?\"><\/a>\r\n\t\t\t<\/div>\r\n\t\t\r\n\t\t<div class=\"cs-entry__inner cs-entry__content\">\r\n\t\t\t<div class=\"cs-entry__info\">\r\n\t\t\t\t<h2 class=\"cs-entry__title\"><a href=\"https:\/\/agetech.pl\/index.php\/2026\/04\/15\/fintech-dla-longevity\/\">FinTech dla Longevity: koniec z \u201edziedziczeniem d\u0142ug\u00f3w\u201d?<\/a><\/h2>\r\n\t\t\t\t\t\t\t\t\t\t<div class=\"cs-entry__excerpt\">\r\n\t\t\t\t\t\t\tFinTech dla Longevity staje si\u0119 jednym z najwa\u017cniejszych \u201ebezpiecznik\u00f3w\u201d pomi\u0119dzy rosn\u0105cymi kosztami opieki a mo\u017cliwo\u015bciami finansowymi rodzin \u2013 zw\u0142aszcza tam, gdzie domowy bud\u017cet musi unie\u015b\u0107&hellip;\t\t\t\t\t\t<\/div>\r\n\t\t\t\t\t\t\t\t\t<\/div>\r\n\r\n\t\t\t\t\t\t\t<div class=\"cs-entry__meta\">\r\n\t\t\t\t\t\t\t\t\t\t\t<div class=\"cs-entry__meta-category\">\r\n\t\t\t\t\t\t\t<div class=\"cs-entry__post-meta\" ><div class=\"cs-meta-category\"><ul class=\"post-categories\"><li><a href=\"https:\/\/agetech.pl\/index.php\/category\/finanse\/\">Finanse<\/a><\/li><li><a href=\"https:\/\/agetech.pl\/index.php\/category\/opieka-nad-seniorami\/\">Opieka<\/a><\/li><\/ul><\/div><\/div>\t\t\t\t\t\t<\/div>\r\n\t\t\t\t\t\t\t\t\t\t\t\t\t\t\t\t<div class=\"cs-entry__meta-content\">\r\n\t\t\t\t\t\t\t\t\t\t\t\t\t\t\t<div class=\"cs-entry__meta-date\">\r\n\t\t\t\t\t\t\t\t\t<div class=\"cs-entry__post-meta\" ><div class=\"cs-meta-date\">2026-04-15<\/div><\/div>\t\t\t\t\t\t\t\t<\/div>\r\n\t\t\t\t\t\t\t\t\t\t\t\t\t\t\t\t\t\t\t\t\t\t<div class=\"cs-entry__meta-author\">\r\n\t\t\t\t\t\t\t\t\t<div class=\"cs-entry__post-meta\" ><div class=\"cs-meta-author\"><a class=\"cs-meta-author-link url fn n\" href=\"https:\/\/agetech.pl\/index.php\/author\/redaktor-jw\/\"><span class=\"cs-meta-author-by\">autor:<\/span><span class=\"cs-meta-author-name\">Jerzy Walczak<\/span><\/a><\/div><\/div>\t\t\t\t\t\t\t\t<\/div>\r\n\t\t\t\t\t\t\t\t\t\t\t\t\t<\/div>\r\n\t\t\t\t\t\t\t\t\t<\/div>\r\n\t\t\t\t\t<\/div>\r\n\t<\/div>\r\n<\/article>\r\n\t\t\t\t\t\t\t\t<\/div>\r\n\t\t\t\t\t\t\t<\/div>\r\n\t\t\t\t\t\t<\/div>\r\n\t\t\t\t\t\t\t\t<\/section>\r\n\t\t\t\t\t\t<\/div>\n\t\t\t\t<\/div>\n\t\t\t\t<\/div>\n\t\t\t\t<div class=\"elementor-element elementor-element-87c5463 cs-dividervertical elementor-hidden-mobile cs-divider-laptophorizontal cs-divider-tablethorizontal cs-divider-mobilehorizontal elementor-widget elementor-widget-cs-divider\" data-id=\"87c5463\" data-element_type=\"widget\" data-widget_type=\"cs-divider.default\">\n\t\t\t\t<div class=\"elementor-widget-container\">\n\t\t\t\t\t\t\t<section class=\"cs-divider cs-divider-vertical\"><\/section>\r\n\t\t\t\t\t\t<\/div>\n\t\t\t\t<\/div>\n\t\t<div class=\"elementor-element elementor-element-0b17990 e-con-full e-flex e-con e-child\" data-id=\"0b17990\" data-element_type=\"container\">\n\t\t\t\t<div class=\"elementor-element elementor-element-1931d92 elementor-widget elementor-widget-cs-posts\" data-id=\"1931d92\" data-element_type=\"widget\" data-widget_type=\"cs-posts.default\">\n\t\t\t\t<div class=\"elementor-widget-container\">\n\t\t\t\t\t\t\t\t<section class=\"cs-posts cs-posts__horizontal\">\r\n\t\t\t\t\t\t\t\t\t\t<div class=\"cs-posts-area cs-posts-area-elementor \" data-posts-area=\"\">\r\n\t\t\t\t\t\t\t<div class=\"cs-posts-area__outer\">\r\n\r\n\t\t\t\t\t\t\t\t<div\r\n\t\t\t\t\t\t\t\tclass=\"cs-posts-area__main cs-posts-area__main-divider hide-mobile-devider\"\r\n\t\t\t\t\t\t\t\tdata-pc=\"1\"\r\n\t\t\t\t\t\t\t\tdata-lt=\"1\"\r\n\t\t\t\t\t\t\t\tdata-tb=\"1\"\r\n\t\t\t\t\t\t\t\tdata-mb=\"1\"\r\n\t\t\t\t\t\t\t\t>\r\n\t\t\t\t\t\t\t\t\t\r\n<article class=\"post-5383 post type-post status-publish format-standard has-post-thumbnail category-innowacje-dla-seniorow category-trendy category-zdrowie-seniorow tag-agetech tag-ai tag-opieka tag-spoleczenstwo cs-entry cs-video-wrap\">\r\n\r\n\t<div class=\"cs-entry__outer cs-entry__outer-full\">\r\n\t\t\t\t\t<div class=\"cs-entry__inner cs-entry__overlay cs-entry__thumbnail cs-overlay-ratio cs-ratio-landscape-16-9\">\r\n\r\n\t\t\t\t<div class=\"cs-overlay-background\">\r\n\t\t\t\t\t<img decoding=\"async\" width=\"527\" height=\"297\" src=\"https:\/\/agetech.pl\/wp-content\/uploads\/2026\/03\/Medycyna-Precyzyjna-i-AgeTech-2026-527x297.png\" class=\"attachment-csco-thumbnail size-csco-thumbnail wp-post-image\" alt=\"Medycyna Precyzyjna i AgeTech 2026\" srcset=\"https:\/\/agetech.pl\/wp-content\/uploads\/2026\/03\/Medycyna-Precyzyjna-i-AgeTech-2026-527x297.png 527w, https:\/\/agetech.pl\/wp-content\/uploads\/2026\/03\/Medycyna-Precyzyjna-i-AgeTech-2026-1054x594.png 1054w, https:\/\/agetech.pl\/wp-content\/uploads\/2026\/03\/Medycyna-Precyzyjna-i-AgeTech-2026-688x387.png 688w, https:\/\/agetech.pl\/wp-content\/uploads\/2026\/03\/Medycyna-Precyzyjna-i-AgeTech-2026-1376x774.png 1376w, https:\/\/agetech.pl\/wp-content\/uploads\/2026\/03\/Medycyna-Precyzyjna-i-AgeTech-2026-1044x587.png 1044w\" sizes=\"(max-width: 527px) 100vw, 527px\" \/>\t\t\t\t\t<img decoding=\"async\" width=\"527\" height=\"297\" src=\"https:\/\/agetech.pl\/wp-content\/uploads\/2026\/03\/Medycyna-Precyzyjna-i-AgeTech-2026-527x297.png\" class=\"attachment-csco-thumbnail size-csco-thumbnail wp-post-image\" alt=\"Medycyna Precyzyjna i AgeTech 2026\" srcset=\"https:\/\/agetech.pl\/wp-content\/uploads\/2026\/03\/Medycyna-Precyzyjna-i-AgeTech-2026-527x297.png 527w, https:\/\/agetech.pl\/wp-content\/uploads\/2026\/03\/Medycyna-Precyzyjna-i-AgeTech-2026-1054x594.png 1054w, https:\/\/agetech.pl\/wp-content\/uploads\/2026\/03\/Medycyna-Precyzyjna-i-AgeTech-2026-688x387.png 688w, https:\/\/agetech.pl\/wp-content\/uploads\/2026\/03\/Medycyna-Precyzyjna-i-AgeTech-2026-1376x774.png 1376w, https:\/\/agetech.pl\/wp-content\/uploads\/2026\/03\/Medycyna-Precyzyjna-i-AgeTech-2026-1044x587.png 1044w\" sizes=\"(max-width: 527px) 100vw, 527px\" \/>\t\t\t\t<\/div>\r\n\r\n\t\t\t\t\r\n\t\t\t\t\r\n\t\t\t\t\r\n\t\t\t\t<a href=\"https:\/\/agetech.pl\/index.php\/2026\/03\/25\/autmedycyna-agetech-2026-trendy-diagnostyka\/\" class=\"cs-overlay-link\" title=\"Medycyna Precyzyjna i AgeTech 2026: jak technologia zmienia jesie\u0144 \u017cycia w now\u0105 wiosn\u0119?\"><\/a>\r\n\t\t\t<\/div>\r\n\t\t\r\n\t\t<div class=\"cs-entry__inner cs-entry__content cs-entry__content-horizontal\">\r\n\t\t\t<div class=\"cs-entry__info\">\r\n\t\t\t\t<h2 class=\"cs-entry__title\"><a href=\"https:\/\/agetech.pl\/index.php\/2026\/03\/25\/autmedycyna-agetech-2026-trendy-diagnostyka\/\">Medycyna Precyzyjna i AgeTech 2026: jak technologia zmienia jesie\u0144 \u017cycia w now\u0105 wiosn\u0119?<\/a><\/h2>\r\n\t\t\t\t\t\t\t<\/div>\r\n\r\n\t\t\t\t\t\t\t<div class=\"cs-entry__meta\">\r\n\t\t\t\t\t\t\t\t\t\t\t<div class=\"cs-entry__meta-category\">\r\n\t\t\t\t\t\t\t<div class=\"cs-entry__post-meta\" ><div class=\"cs-meta-category\"><ul class=\"post-categories\"><li><a href=\"https:\/\/agetech.pl\/index.php\/category\/innowacje-dla-seniorow\/\">Innowacje<\/a><\/li><li><a href=\"https:\/\/agetech.pl\/index.php\/category\/trendy\/\">Trendy<\/a><\/li><li><a href=\"https:\/\/agetech.pl\/index.php\/category\/zdrowie-seniorow\/\">Zdrowie<\/a><\/li><\/ul><\/div><\/div>\t\t\t\t\t\t<\/div>\r\n\t\t\t\t\t\t\t\t\t\t\t\t\t\t\t\t<div class=\"cs-entry__meta-content\">\r\n\t\t\t\t\t\t\t\t\t\t\t\t\t\t\t<div class=\"cs-entry__meta-date\">\r\n\t\t\t\t\t\t\t\t\t<div class=\"cs-entry__post-meta\" ><div class=\"cs-meta-date\">2026-03-25<\/div><\/div>\t\t\t\t\t\t\t\t<\/div>\r\n\t\t\t\t\t\t\t\t\t\t\t\t\t\t\t\t\t\t\t\t\t\t<div class=\"cs-entry__meta-author\">\r\n\t\t\t\t\t\t\t\t\t<div class=\"cs-entry__post-meta\" ><div class=\"cs-meta-author\"><a class=\"cs-meta-author-link url fn n\" href=\"https:\/\/agetech.pl\/index.php\/author\/redaktor-jw\/\"><span class=\"cs-meta-author-by\">autor:<\/span><span class=\"cs-meta-author-name\">Jerzy Walczak<\/span><\/a><\/div><\/div>\t\t\t\t\t\t\t\t<\/div>\r\n\t\t\t\t\t\t\t\t\t\t\t\t\t<\/div>\r\n\t\t\t\t\t\t\t\t\t<\/div>\r\n\t\t\t\t\t<\/div>\r\n\r\n\t\t\r\n\t<\/div>\r\n<\/article>\r\n\r\n<article class=\"post-5378 post type-post status-publish format-standard has-post-thumbnail category-innowacje-dla-seniorow tag-ai tag-longevity tag-ray-kurzweil tag-zdrowie cs-entry cs-video-wrap\">\r\n\r\n\t<div class=\"cs-entry__outer cs-entry__outer-full\">\r\n\t\t\t\t\t<div class=\"cs-entry__inner cs-entry__overlay cs-entry__thumbnail cs-overlay-ratio cs-ratio-landscape-16-9\">\r\n\r\n\t\t\t\t<div class=\"cs-overlay-background\">\r\n\t\t\t\t\t<img loading=\"lazy\" decoding=\"async\" width=\"527\" height=\"297\" src=\"https:\/\/agetech.pl\/wp-content\/uploads\/2026\/03\/tasha-kostyuk-aVFL6oGFyY0-unsplash-527x297.jpg\" class=\"attachment-csco-thumbnail size-csco-thumbnail wp-post-image\" alt=\"\" srcset=\"https:\/\/agetech.pl\/wp-content\/uploads\/2026\/03\/tasha-kostyuk-aVFL6oGFyY0-unsplash-527x296.jpg 527w, https:\/\/agetech.pl\/wp-content\/uploads\/2026\/03\/tasha-kostyuk-aVFL6oGFyY0-unsplash-300x169.jpg 300w, https:\/\/agetech.pl\/wp-content\/uploads\/2026\/03\/tasha-kostyuk-aVFL6oGFyY0-unsplash-1024x576.jpg 1024w, https:\/\/agetech.pl\/wp-content\/uploads\/2026\/03\/tasha-kostyuk-aVFL6oGFyY0-unsplash-768x432.jpg 768w, https:\/\/agetech.pl\/wp-content\/uploads\/2026\/03\/tasha-kostyuk-aVFL6oGFyY0-unsplash-1536x864.jpg 1536w, https:\/\/agetech.pl\/wp-content\/uploads\/2026\/03\/tasha-kostyuk-aVFL6oGFyY0-unsplash-2048x1152.jpg 2048w, https:\/\/agetech.pl\/wp-content\/uploads\/2026\/03\/tasha-kostyuk-aVFL6oGFyY0-unsplash-1054x593.jpg 1054w, https:\/\/agetech.pl\/wp-content\/uploads\/2026\/03\/tasha-kostyuk-aVFL6oGFyY0-unsplash-688x387.jpg 688w, https:\/\/agetech.pl\/wp-content\/uploads\/2026\/03\/tasha-kostyuk-aVFL6oGFyY0-unsplash-1376x774.jpg 1376w, https:\/\/agetech.pl\/wp-content\/uploads\/2026\/03\/tasha-kostyuk-aVFL6oGFyY0-unsplash-1044x587.jpg 1044w, https:\/\/agetech.pl\/wp-content\/uploads\/2026\/03\/tasha-kostyuk-aVFL6oGFyY0-unsplash-2088x1174.jpg 2088w, https:\/\/agetech.pl\/wp-content\/uploads\/2026\/03\/tasha-kostyuk-aVFL6oGFyY0-unsplash-1400x788.jpg 1400w, https:\/\/agetech.pl\/wp-content\/uploads\/2026\/03\/tasha-kostyuk-aVFL6oGFyY0-unsplash-1920x1080.jpg 1920w, https:\/\/agetech.pl\/wp-content\/uploads\/2026\/03\/tasha-kostyuk-aVFL6oGFyY0-unsplash-scaled.jpg 2560w\" sizes=\"(max-width: 527px) 100vw, 527px\" \/>\t\t\t\t\t<img loading=\"lazy\" decoding=\"async\" width=\"527\" height=\"297\" src=\"https:\/\/agetech.pl\/wp-content\/uploads\/2026\/03\/tasha-kostyuk-aVFL6oGFyY0-unsplash-527x297.jpg\" class=\"attachment-csco-thumbnail size-csco-thumbnail wp-post-image\" alt=\"\" srcset=\"https:\/\/agetech.pl\/wp-content\/uploads\/2026\/03\/tasha-kostyuk-aVFL6oGFyY0-unsplash-527x296.jpg 527w, https:\/\/agetech.pl\/wp-content\/uploads\/2026\/03\/tasha-kostyuk-aVFL6oGFyY0-unsplash-300x169.jpg 300w, https:\/\/agetech.pl\/wp-content\/uploads\/2026\/03\/tasha-kostyuk-aVFL6oGFyY0-unsplash-1024x576.jpg 1024w, https:\/\/agetech.pl\/wp-content\/uploads\/2026\/03\/tasha-kostyuk-aVFL6oGFyY0-unsplash-768x432.jpg 768w, https:\/\/agetech.pl\/wp-content\/uploads\/2026\/03\/tasha-kostyuk-aVFL6oGFyY0-unsplash-1536x864.jpg 1536w, https:\/\/agetech.pl\/wp-content\/uploads\/2026\/03\/tasha-kostyuk-aVFL6oGFyY0-unsplash-2048x1152.jpg 2048w, https:\/\/agetech.pl\/wp-content\/uploads\/2026\/03\/tasha-kostyuk-aVFL6oGFyY0-unsplash-1054x593.jpg 1054w, https:\/\/agetech.pl\/wp-content\/uploads\/2026\/03\/tasha-kostyuk-aVFL6oGFyY0-unsplash-688x387.jpg 688w, https:\/\/agetech.pl\/wp-content\/uploads\/2026\/03\/tasha-kostyuk-aVFL6oGFyY0-unsplash-1376x774.jpg 1376w, https:\/\/agetech.pl\/wp-content\/uploads\/2026\/03\/tasha-kostyuk-aVFL6oGFyY0-unsplash-1044x587.jpg 1044w, https:\/\/agetech.pl\/wp-content\/uploads\/2026\/03\/tasha-kostyuk-aVFL6oGFyY0-unsplash-2088x1174.jpg 2088w, https:\/\/agetech.pl\/wp-content\/uploads\/2026\/03\/tasha-kostyuk-aVFL6oGFyY0-unsplash-1400x788.jpg 1400w, https:\/\/agetech.pl\/wp-content\/uploads\/2026\/03\/tasha-kostyuk-aVFL6oGFyY0-unsplash-1920x1080.jpg 1920w, https:\/\/agetech.pl\/wp-content\/uploads\/2026\/03\/tasha-kostyuk-aVFL6oGFyY0-unsplash-scaled.jpg 2560w\" sizes=\"(max-width: 527px) 100vw, 527px\" \/>\t\t\t\t<\/div>\r\n\r\n\t\t\t\t\r\n\t\t\t\t\r\n\t\t\t\t\r\n\t\t\t\t<a href=\"https:\/\/agetech.pl\/index.php\/2026\/03\/17\/ray-kurzweil-i-predkosc-ucieczki-od-starzenia-sie-niesmiertelnosc-do-2030\/\" class=\"cs-overlay-link\" title=\"Ray Kurzweil i\u00a0pr\u0119dko\u015b\u0107 ucieczki od starzenia si\u0119: Nie\u015bmiertelno\u015b\u0107 do 2030?\"><\/a>\r\n\t\t\t<\/div>\r\n\t\t\r\n\t\t<div class=\"cs-entry__inner cs-entry__content cs-entry__content-horizontal\">\r\n\t\t\t<div class=\"cs-entry__info\">\r\n\t\t\t\t<h2 class=\"cs-entry__title\"><a href=\"https:\/\/agetech.pl\/index.php\/2026\/03\/17\/ray-kurzweil-i-predkosc-ucieczki-od-starzenia-sie-niesmiertelnosc-do-2030\/\">Ray Kurzweil i\u00a0pr\u0119dko\u015b\u0107 ucieczki od starzenia si\u0119: Nie\u015bmiertelno\u015b\u0107 do 2030?<\/a><\/h2>\r\n\t\t\t\t\t\t\t<\/div>\r\n\r\n\t\t\t\t\t\t\t<div class=\"cs-entry__meta\">\r\n\t\t\t\t\t\t\t\t\t\t\t<div class=\"cs-entry__meta-category\">\r\n\t\t\t\t\t\t\t<div class=\"cs-entry__post-meta\" ><div class=\"cs-meta-category\"><ul class=\"post-categories\"><li><a href=\"https:\/\/agetech.pl\/index.php\/category\/innowacje-dla-seniorow\/\">Innowacje<\/a><\/li><\/ul><\/div><\/div>\t\t\t\t\t\t<\/div>\r\n\t\t\t\t\t\t\t\t\t\t\t\t\t\t\t\t<div class=\"cs-entry__meta-content\">\r\n\t\t\t\t\t\t\t\t\t\t\t\t\t\t\t<div class=\"cs-entry__meta-date\">\r\n\t\t\t\t\t\t\t\t\t<div class=\"cs-entry__post-meta\" ><div class=\"cs-meta-date\">2026-03-17<\/div><\/div>\t\t\t\t\t\t\t\t<\/div>\r\n\t\t\t\t\t\t\t\t\t\t\t\t\t\t\t\t\t\t\t\t\t\t<div class=\"cs-entry__meta-author\">\r\n\t\t\t\t\t\t\t\t\t<div class=\"cs-entry__post-meta\" ><div class=\"cs-meta-author\"><a class=\"cs-meta-author-link url fn n\" href=\"https:\/\/agetech.pl\/index.php\/author\/redaktor\/\"><span class=\"cs-meta-author-by\">autor:<\/span><span class=\"cs-meta-author-name\">Bernard Go\u0142ko<\/span><\/a><\/div><\/div>\t\t\t\t\t\t\t\t<\/div>\r\n\t\t\t\t\t\t\t\t\t\t\t\t\t<\/div>\r\n\t\t\t\t\t\t\t\t\t<\/div>\r\n\t\t\t\t\t<\/div>\r\n\r\n\t\t\r\n\t<\/div>\r\n<\/article>\r\n\r\n<article class=\"post-5365 post type-post status-publish format-standard has-post-thumbnail category-zdrowie-seniorow tag-longevity tag-zdrowie cs-entry cs-video-wrap\">\r\n\r\n\t<div class=\"cs-entry__outer cs-entry__outer-full\">\r\n\t\t\t\t\t<div class=\"cs-entry__inner cs-entry__overlay cs-entry__thumbnail cs-overlay-ratio cs-ratio-landscape-16-9\">\r\n\r\n\t\t\t\t<div class=\"cs-overlay-background\">\r\n\t\t\t\t\t<img loading=\"lazy\" decoding=\"async\" width=\"527\" height=\"297\" src=\"https:\/\/agetech.pl\/wp-content\/uploads\/2026\/02\/statyny-zapobiegaja-Miazdzycy-527x297.png\" class=\"attachment-csco-thumbnail size-csco-thumbnail wp-post-image\" alt=\"Statyny zapobiegaj\u0105 mia\u017cd\u017cycy\" srcset=\"https:\/\/agetech.pl\/wp-content\/uploads\/2026\/02\/statyny-zapobiegaja-Miazdzycy-527x297.png 527w, https:\/\/agetech.pl\/wp-content\/uploads\/2026\/02\/statyny-zapobiegaja-Miazdzycy-1054x594.png 1054w, https:\/\/agetech.pl\/wp-content\/uploads\/2026\/02\/statyny-zapobiegaja-Miazdzycy-688x387.png 688w, https:\/\/agetech.pl\/wp-content\/uploads\/2026\/02\/statyny-zapobiegaja-Miazdzycy-1376x774.png 1376w, https:\/\/agetech.pl\/wp-content\/uploads\/2026\/02\/statyny-zapobiegaja-Miazdzycy-1044x587.png 1044w\" sizes=\"(max-width: 527px) 100vw, 527px\" \/>\t\t\t\t\t<img loading=\"lazy\" decoding=\"async\" width=\"527\" height=\"297\" src=\"https:\/\/agetech.pl\/wp-content\/uploads\/2026\/02\/statyny-zapobiegaja-Miazdzycy-527x297.png\" class=\"attachment-csco-thumbnail size-csco-thumbnail wp-post-image\" alt=\"Statyny zapobiegaj\u0105 mia\u017cd\u017cycy\" srcset=\"https:\/\/agetech.pl\/wp-content\/uploads\/2026\/02\/statyny-zapobiegaja-Miazdzycy-527x297.png 527w, https:\/\/agetech.pl\/wp-content\/uploads\/2026\/02\/statyny-zapobiegaja-Miazdzycy-1054x594.png 1054w, https:\/\/agetech.pl\/wp-content\/uploads\/2026\/02\/statyny-zapobiegaja-Miazdzycy-688x387.png 688w, https:\/\/agetech.pl\/wp-content\/uploads\/2026\/02\/statyny-zapobiegaja-Miazdzycy-1376x774.png 1376w, https:\/\/agetech.pl\/wp-content\/uploads\/2026\/02\/statyny-zapobiegaja-Miazdzycy-1044x587.png 1044w\" sizes=\"(max-width: 527px) 100vw, 527px\" \/>\t\t\t\t<\/div>\r\n\r\n\t\t\t\t\r\n\t\t\t\t\r\n\t\t\t\t\r\n\t\t\t\t<a href=\"https:\/\/agetech.pl\/index.php\/2026\/03\/06\/longevity-czy-statyny-wydluzaja-zycie\/\" class=\"cs-overlay-link\" title=\"Longevity: Czy statyny wyd\u0142u\u017caj\u0105 \u017cycie?\"><\/a>\r\n\t\t\t<\/div>\r\n\t\t\r\n\t\t<div class=\"cs-entry__inner cs-entry__content cs-entry__content-horizontal\">\r\n\t\t\t<div class=\"cs-entry__info\">\r\n\t\t\t\t<h2 class=\"cs-entry__title\"><a href=\"https:\/\/agetech.pl\/index.php\/2026\/03\/06\/longevity-czy-statyny-wydluzaja-zycie\/\">Longevity: Czy statyny wyd\u0142u\u017caj\u0105 \u017cycie?<\/a><\/h2>\r\n\t\t\t\t\t\t\t<\/div>\r\n\r\n\t\t\t\t\t\t\t<div class=\"cs-entry__meta\">\r\n\t\t\t\t\t\t\t\t\t\t\t<div class=\"cs-entry__meta-category\">\r\n\t\t\t\t\t\t\t<div class=\"cs-entry__post-meta\" ><div class=\"cs-meta-category\"><ul class=\"post-categories\"><li><a href=\"https:\/\/agetech.pl\/index.php\/category\/zdrowie-seniorow\/\">Zdrowie<\/a><\/li><\/ul><\/div><\/div>\t\t\t\t\t\t<\/div>\r\n\t\t\t\t\t\t\t\t\t\t\t\t\t\t\t\t<div class=\"cs-entry__meta-content\">\r\n\t\t\t\t\t\t\t\t\t\t\t\t\t\t\t<div class=\"cs-entry__meta-date\">\r\n\t\t\t\t\t\t\t\t\t<div class=\"cs-entry__post-meta\" ><div class=\"cs-meta-date\">2026-03-06<\/div><\/div>\t\t\t\t\t\t\t\t<\/div>\r\n\t\t\t\t\t\t\t\t\t\t\t\t\t\t\t\t\t\t\t\t\t\t<div class=\"cs-entry__meta-author\">\r\n\t\t\t\t\t\t\t\t\t<div class=\"cs-entry__post-meta\" ><div class=\"cs-meta-author\"><a class=\"cs-meta-author-link url fn n\" href=\"https:\/\/agetech.pl\/index.php\/author\/redaktor\/\"><span class=\"cs-meta-author-by\">autor:<\/span><span class=\"cs-meta-author-name\">Bernard Go\u0142ko<\/span><\/a><\/div><\/div>\t\t\t\t\t\t\t\t<\/div>\r\n\t\t\t\t\t\t\t\t\t\t\t\t\t<\/div>\r\n\t\t\t\t\t\t\t\t\t<\/div>\r\n\t\t\t\t\t<\/div>\r\n\r\n\t\t\r\n\t<\/div>\r\n<\/article>\r\n\t\t\t\t\t\t\t\t<\/div>\r\n\t\t\t\t\t\t\t<\/div>\r\n\t\t\t\t\t\t<\/div>\r\n\t\t\t\t\t\t\t\t<\/section>\r\n\t\t\t\t\t\t<\/div>\n\t\t\t\t<\/div>\n\t\t\t\t<\/div>\n\t\t\t\t<\/div>\n\t\t\t\t\t<\/div>\n\t\t\t\t<\/div>\n\t\t<div class=\"elementor-element elementor-element-1178fb0 e-flex e-con-boxed e-con e-parent\" data-id=\"1178fb0\" data-element_type=\"container\">\n\t\t\t\t\t<div class=\"e-con-inner\">\n\t\t<div class=\"elementor-element elementor-element-882fb15 e-con-full e-flex e-con e-child\" data-id=\"882fb15\" data-element_type=\"container\">\n\t\t<div class=\"elementor-element elementor-element-20f1653 e-con-full e-flex e-con e-child\" data-id=\"20f1653\" data-element_type=\"container\">\n\t\t\t\t<div class=\"elementor-element elementor-element-2f39bf0 elementor-widget-mobile__width-inherit elementor-widget elementor-widget-cs-posts\" data-id=\"2f39bf0\" data-element_type=\"widget\" data-widget_type=\"cs-posts.default\">\n\t\t\t\t<div class=\"elementor-widget-container\">\n\t\t\t\t\t\t\t\t<section class=\"cs-posts cs-posts__tile\">\r\n\t\t\t\t\t\t\t\t\t\t<div class=\"cs-posts-area cs-posts-area-elementor \" data-posts-area=\"\">\r\n\t\t\t\t\t\t\t<div class=\"cs-posts-area__outer\">\r\n\r\n\t\t\t\t\t\t\t\t<div\r\n\t\t\t\t\t\t\t\tclass=\"cs-posts-area__main\"\r\n\t\t\t\t\t\t\t\tdata-pc=\"1\"\r\n\t\t\t\t\t\t\t\tdata-lt=\"1\"\r\n\t\t\t\t\t\t\t\tdata-tb=\"1\"\r\n\t\t\t\t\t\t\t\tdata-mb=\"1\"\r\n\t\t\t\t\t\t\t\t>\r\n\t\t\t\t\t\t\t\t\t\r\n<article class=\"post-5375 post type-post status-publish format-standard has-post-thumbnail category-innowacje-dla-seniorow category-technologia category-trendy tag-ai tag-opieka tag-roboty tag-zdrowie cs-entry cs-video-wrap\">\r\n\t<div\r\n\tclass=\"cs-entry__outer cs-entry__outer-content-top cs-entry__overlay cs-overlay-ratio cs-ratio-landscape-16-9\"\r\n\tdata-scheme=\"inverse\"\r\n\t>\r\n\r\n\t\t<div class=\"cs-entry__inner cs-entry__thumbnail cs-entry__tile\">\r\n\r\n\t\t\t<div class=\"cs-overlay-background\">\r\n\t\t\t\t\t\t\t\t\t<img loading=\"lazy\" decoding=\"async\" width=\"527\" height=\"297\" src=\"https:\/\/agetech.pl\/wp-content\/uploads\/2026\/03\/Roboty-opiekuncze-i-sztuczna-inteligencja-527x297.png\" class=\"attachment-csco-thumbnail size-csco-thumbnail wp-post-image\" alt=\"Roboty opieku\u0144cze i sztuczna inteligencja\" srcset=\"https:\/\/agetech.pl\/wp-content\/uploads\/2026\/03\/Roboty-opiekuncze-i-sztuczna-inteligencja-527x297.png 527w, https:\/\/agetech.pl\/wp-content\/uploads\/2026\/03\/Roboty-opiekuncze-i-sztuczna-inteligencja-1054x594.png 1054w, https:\/\/agetech.pl\/wp-content\/uploads\/2026\/03\/Roboty-opiekuncze-i-sztuczna-inteligencja-688x387.png 688w, https:\/\/agetech.pl\/wp-content\/uploads\/2026\/03\/Roboty-opiekuncze-i-sztuczna-inteligencja-1376x774.png 1376w, https:\/\/agetech.pl\/wp-content\/uploads\/2026\/03\/Roboty-opiekuncze-i-sztuczna-inteligencja-1044x587.png 1044w\" sizes=\"(max-width: 527px) 100vw, 527px\" \/>\t\t\t\t\t<img loading=\"lazy\" decoding=\"async\" width=\"768\" height=\"381\" src=\"https:\/\/agetech.pl\/wp-content\/uploads\/2026\/03\/Roboty-opiekuncze-i-sztuczna-inteligencja-768x381.png\" class=\"attachment-medium_large size-medium_large wp-post-image\" alt=\"Roboty opieku\u0144cze i sztuczna inteligencja\" srcset=\"https:\/\/agetech.pl\/wp-content\/uploads\/2026\/03\/Roboty-opiekuncze-i-sztuczna-inteligencja-768x381.png 768w, https:\/\/agetech.pl\/wp-content\/uploads\/2026\/03\/Roboty-opiekuncze-i-sztuczna-inteligencja-300x149.png 300w, https:\/\/agetech.pl\/wp-content\/uploads\/2026\/03\/Roboty-opiekuncze-i-sztuczna-inteligencja-1024x508.png 1024w, https:\/\/agetech.pl\/wp-content\/uploads\/2026\/03\/Roboty-opiekuncze-i-sztuczna-inteligencja-1536x762.png 1536w, https:\/\/agetech.pl\/wp-content\/uploads\/2026\/03\/Roboty-opiekuncze-i-sztuczna-inteligencja-527x261.png 527w, https:\/\/agetech.pl\/wp-content\/uploads\/2026\/03\/Roboty-opiekuncze-i-sztuczna-inteligencja-1054x523.png 1054w, https:\/\/agetech.pl\/wp-content\/uploads\/2026\/03\/Roboty-opiekuncze-i-sztuczna-inteligencja-688x341.png 688w, https:\/\/agetech.pl\/wp-content\/uploads\/2026\/03\/Roboty-opiekuncze-i-sztuczna-inteligencja-1044x518.png 1044w, https:\/\/agetech.pl\/wp-content\/uploads\/2026\/03\/Roboty-opiekuncze-i-sztuczna-inteligencja-1400x694.png 1400w, https:\/\/agetech.pl\/wp-content\/uploads\/2026\/03\/Roboty-opiekuncze-i-sztuczna-inteligencja.png 1631w\" sizes=\"(max-width: 768px) 100vw, 768px\" \/>\t\t\t\t\t\t\t<\/div>\r\n\r\n\t\t\t\r\n\t\t\t\r\n\t\t<\/div>\r\n\r\n\t\t<div class=\"cs-entry__inner cs-entry__content cs-overlay-content\">\r\n\t\t\t<div class=\"cs-entry__info\">\r\n\t\t\t\t<h2 class=\"cs-entry__title\">Roboty opieku\u0144cze i sztuczna inteligencja w opiece nad seniorami \u2013 co naprawd\u0119 zmieni si\u0119 po 2025 roku?<\/h2>\r\n\t\t\t\t\t\t\t\t\t\t<div class=\"cs-entry__excerpt\">\r\n\t\t\t\t\t\t\tJednym z najbardziej fascynuj\u0105cych, ale i kontrowersyjnych w\u0105tk\u00f3w AgeTech s\u0105 roboty opieku\u0144cze i systemy oparte na sztucznej inteligencji (AI) w opiece nad seniorami. Od \u201efutrzanych\u201d&hellip;\t\t\t\t\t\t<\/div>\r\n\t\t\t\t\t\t\t\t\t<\/div>\r\n\r\n\t\t\t<a class=\"cs-overlay-link\" href=\"https:\/\/agetech.pl\/index.php\/2026\/03\/04\/roboty-opiekuncze-i-sztuczna-inteligencja\/\" title=\"Roboty opieku\u0144cze i sztuczna inteligencja w opiece nad seniorami \u2013 co naprawd\u0119 zmieni si\u0119 po 2025 roku?\"><\/a>\r\n\r\n\t\t\t\t\t\t\t<div class=\"cs-entry__meta cs-entry__meta-overlay\">\r\n\t\t\t\t\t\t\t\t\t\t\t<div class=\"cs-entry__meta-category\">\r\n\t\t\t\t\t\t\t<div class=\"cs-entry__post-meta\" ><div class=\"cs-meta-category\"><ul class=\"post-categories\"><li><a href=\"https:\/\/agetech.pl\/index.php\/category\/innowacje-dla-seniorow\/\">Innowacje<\/a><\/li><li><a href=\"https:\/\/agetech.pl\/index.php\/category\/technologia\/\">Technologia<\/a><\/li><li><a href=\"https:\/\/agetech.pl\/index.php\/category\/trendy\/\">Trendy<\/a><\/li><\/ul><\/div><\/div>\t\t\t\t\t\t<\/div>\r\n\t\t\t\t\t\t\t\t\t\t\t\t\t\t\t\t<div class=\"cs-entry__meta-content\">\r\n\t\t\t\t\t\t\t\t\t\t\t\t\t\t\t<div class=\"cs-entry__meta-date\">\r\n\t\t\t\t\t\t\t\t\t<div class=\"cs-entry__post-meta\" ><div class=\"cs-meta-date\">2026-03-04<\/div><\/div>\t\t\t\t\t\t\t\t<\/div>\r\n\t\t\t\t\t\t\t\t\t\t\t\t\t\t\t\t\t\t\t\t\t\t<div class=\"cs-entry__meta-author\">\r\n\t\t\t\t\t\t\t\t\t<div class=\"cs-entry__post-meta\" ><div class=\"cs-meta-author\"><a class=\"cs-meta-author-link url fn n\" href=\"https:\/\/agetech.pl\/index.php\/author\/redaktor-jw\/\"><span class=\"cs-meta-author-by\">autor:<\/span><span class=\"cs-meta-author-name\">Jerzy Walczak<\/span><\/a><\/div><\/div>\t\t\t\t\t\t\t\t<\/div>\r\n\t\t\t\t\t\t\t\t\t\t\t\t\t<\/div>\r\n\t\t\t\t\t\t\t\t\t<\/div>\r\n\t\t\t\t\t<\/div>\r\n\t<\/div>\r\n<\/article>\r\n\r\n<article class=\"post-5361 post type-post status-publish format-standard has-post-thumbnail category-innowacje-dla-seniorow category-zdrowie-seniorow tag-longevity tag-zdrowie cs-entry cs-video-wrap\">\r\n\t<div\r\n\tclass=\"cs-entry__outer cs-entry__outer-content-top cs-entry__overlay cs-overlay-ratio cs-ratio-landscape-16-9\"\r\n\tdata-scheme=\"inverse\"\r\n\t>\r\n\r\n\t\t<div class=\"cs-entry__inner cs-entry__thumbnail cs-entry__tile\">\r\n\r\n\t\t\t<div class=\"cs-overlay-background\">\r\n\t\t\t\t\t\t\t\t\t<img loading=\"lazy\" decoding=\"async\" width=\"527\" height=\"297\" src=\"https:\/\/agetech.pl\/wp-content\/uploads\/2026\/02\/mjh-shikder-bJj_81Zois-unsplash-527x297.jpg\" class=\"attachment-csco-thumbnail size-csco-thumbnail wp-post-image\" alt=\"longevity i przed\u0142u\u017canie \u017cycia\" srcset=\"https:\/\/agetech.pl\/wp-content\/uploads\/2026\/02\/mjh-shikder-bJj_81Zois-unsplash-527x296.jpg 527w, https:\/\/agetech.pl\/wp-content\/uploads\/2026\/02\/mjh-shikder-bJj_81Zois-unsplash-300x169.jpg 300w, https:\/\/agetech.pl\/wp-content\/uploads\/2026\/02\/mjh-shikder-bJj_81Zois-unsplash-1024x576.jpg 1024w, https:\/\/agetech.pl\/wp-content\/uploads\/2026\/02\/mjh-shikder-bJj_81Zois-unsplash-768x432.jpg 768w, https:\/\/agetech.pl\/wp-content\/uploads\/2026\/02\/mjh-shikder-bJj_81Zois-unsplash-1536x864.jpg 1536w, https:\/\/agetech.pl\/wp-content\/uploads\/2026\/02\/mjh-shikder-bJj_81Zois-unsplash-2048x1152.jpg 2048w, https:\/\/agetech.pl\/wp-content\/uploads\/2026\/02\/mjh-shikder-bJj_81Zois-unsplash-1054x593.jpg 1054w, https:\/\/agetech.pl\/wp-content\/uploads\/2026\/02\/mjh-shikder-bJj_81Zois-unsplash-688x387.jpg 688w, https:\/\/agetech.pl\/wp-content\/uploads\/2026\/02\/mjh-shikder-bJj_81Zois-unsplash-1376x774.jpg 1376w, https:\/\/agetech.pl\/wp-content\/uploads\/2026\/02\/mjh-shikder-bJj_81Zois-unsplash-1044x587.jpg 1044w, https:\/\/agetech.pl\/wp-content\/uploads\/2026\/02\/mjh-shikder-bJj_81Zois-unsplash-2088x1174.jpg 2088w, https:\/\/agetech.pl\/wp-content\/uploads\/2026\/02\/mjh-shikder-bJj_81Zois-unsplash-1400x788.jpg 1400w, https:\/\/agetech.pl\/wp-content\/uploads\/2026\/02\/mjh-shikder-bJj_81Zois-unsplash-1920x1080.jpg 1920w, https:\/\/agetech.pl\/wp-content\/uploads\/2026\/02\/mjh-shikder-bJj_81Zois-unsplash-scaled.jpg 2560w\" sizes=\"(max-width: 527px) 100vw, 527px\" \/>\t\t\t\t\t<img loading=\"lazy\" decoding=\"async\" width=\"768\" height=\"432\" src=\"https:\/\/agetech.pl\/wp-content\/uploads\/2026\/02\/mjh-shikder-bJj_81Zois-unsplash-768x432.jpg\" class=\"attachment-medium_large size-medium_large wp-post-image\" alt=\"longevity i przed\u0142u\u017canie \u017cycia\" srcset=\"https:\/\/agetech.pl\/wp-content\/uploads\/2026\/02\/mjh-shikder-bJj_81Zois-unsplash-768x432.jpg 768w, https:\/\/agetech.pl\/wp-content\/uploads\/2026\/02\/mjh-shikder-bJj_81Zois-unsplash-300x169.jpg 300w, https:\/\/agetech.pl\/wp-content\/uploads\/2026\/02\/mjh-shikder-bJj_81Zois-unsplash-1024x576.jpg 1024w, https:\/\/agetech.pl\/wp-content\/uploads\/2026\/02\/mjh-shikder-bJj_81Zois-unsplash-1536x864.jpg 1536w, https:\/\/agetech.pl\/wp-content\/uploads\/2026\/02\/mjh-shikder-bJj_81Zois-unsplash-2048x1152.jpg 2048w, https:\/\/agetech.pl\/wp-content\/uploads\/2026\/02\/mjh-shikder-bJj_81Zois-unsplash-527x296.jpg 527w, https:\/\/agetech.pl\/wp-content\/uploads\/2026\/02\/mjh-shikder-bJj_81Zois-unsplash-1054x593.jpg 1054w, https:\/\/agetech.pl\/wp-content\/uploads\/2026\/02\/mjh-shikder-bJj_81Zois-unsplash-688x387.jpg 688w, https:\/\/agetech.pl\/wp-content\/uploads\/2026\/02\/mjh-shikder-bJj_81Zois-unsplash-1376x774.jpg 1376w, https:\/\/agetech.pl\/wp-content\/uploads\/2026\/02\/mjh-shikder-bJj_81Zois-unsplash-1044x587.jpg 1044w, https:\/\/agetech.pl\/wp-content\/uploads\/2026\/02\/mjh-shikder-bJj_81Zois-unsplash-2088x1174.jpg 2088w, https:\/\/agetech.pl\/wp-content\/uploads\/2026\/02\/mjh-shikder-bJj_81Zois-unsplash-1400x788.jpg 1400w, https:\/\/agetech.pl\/wp-content\/uploads\/2026\/02\/mjh-shikder-bJj_81Zois-unsplash-1920x1080.jpg 1920w, https:\/\/agetech.pl\/wp-content\/uploads\/2026\/02\/mjh-shikder-bJj_81Zois-unsplash-scaled.jpg 2560w\" sizes=\"(max-width: 768px) 100vw, 768px\" \/>\t\t\t\t\t\t\t<\/div>\r\n\r\n\t\t\t\r\n\t\t\t\r\n\t\t<\/div>\r\n\r\n\t\t<div class=\"cs-entry__inner cs-entry__content cs-overlay-content\">\r\n\t\t\t<div class=\"cs-entry__info\">\r\n\t\t\t\t<h2 class=\"cs-entry__title\">Biologiczny wiek m\u00f3zgu i odporno\u015bci \u2013 lepszy wska\u017anik ni\u017c metryka<\/h2>\r\n\t\t\t\t\t\t\t\t\t\t<div class=\"cs-entry__excerpt\">\r\n\t\t\t\t\t\t\tBadania z 2025 roku, w tym publikacje w \u201cNature\u201d, zrewolucjonizowa\u0142y zrozumienie starzenia si\u0119, podkre\u015blaj\u0105c biologiczny wiek nad chronologicznym. Te odkrycia otwieraj\u0105 drog\u0119 do terapii&hellip;\t\t\t\t\t\t<\/div>\r\n\t\t\t\t\t\t\t\t\t<\/div>\r\n\r\n\t\t\t<a class=\"cs-overlay-link\" href=\"https:\/\/agetech.pl\/index.php\/2026\/02\/27\/biologiczny-wiek-mozgu-i-odpornosci-lepszy-wskaznik-niz-metryka\/\" title=\"Biologiczny wiek m\u00f3zgu i odporno\u015bci \u2013 lepszy wska\u017anik ni\u017c metryka\"><\/a>\r\n\r\n\t\t\t\t\t\t\t<div class=\"cs-entry__meta cs-entry__meta-overlay\">\r\n\t\t\t\t\t\t\t\t\t\t\t<div class=\"cs-entry__meta-category\">\r\n\t\t\t\t\t\t\t<div class=\"cs-entry__post-meta\" ><div class=\"cs-meta-category\"><ul class=\"post-categories\"><li><a href=\"https:\/\/agetech.pl\/index.php\/category\/innowacje-dla-seniorow\/\">Innowacje<\/a><\/li><li><a href=\"https:\/\/agetech.pl\/index.php\/category\/zdrowie-seniorow\/\">Zdrowie<\/a><\/li><\/ul><\/div><\/div>\t\t\t\t\t\t<\/div>\r\n\t\t\t\t\t\t\t\t\t\t\t\t\t\t\t\t<div class=\"cs-entry__meta-content\">\r\n\t\t\t\t\t\t\t\t\t\t\t\t\t\t\t<div class=\"cs-entry__meta-date\">\r\n\t\t\t\t\t\t\t\t\t<div class=\"cs-entry__post-meta\" ><div class=\"cs-meta-date\">2026-02-27<\/div><\/div>\t\t\t\t\t\t\t\t<\/div>\r\n\t\t\t\t\t\t\t\t\t\t\t\t\t\t\t\t\t\t\t\t\t\t<div class=\"cs-entry__meta-author\">\r\n\t\t\t\t\t\t\t\t\t<div class=\"cs-entry__post-meta\" ><div class=\"cs-meta-author\"><a class=\"cs-meta-author-link url fn n\" href=\"https:\/\/agetech.pl\/index.php\/author\/redaktor\/\"><span class=\"cs-meta-author-by\">autor:<\/span><span class=\"cs-meta-author-name\">Bernard Go\u0142ko<\/span><\/a><\/div><\/div>\t\t\t\t\t\t\t\t<\/div>\r\n\t\t\t\t\t\t\t\t\t\t\t\t\t<\/div>\r\n\t\t\t\t\t\t\t\t\t<\/div>\r\n\t\t\t\t\t<\/div>\r\n\t<\/div>\r\n<\/article>\r\n\r\n<article class=\"post-5368 post type-post status-publish format-standard has-post-thumbnail category-prawo tag-sukcesja cs-entry cs-video-wrap\">\r\n\t<div\r\n\tclass=\"cs-entry__outer cs-entry__outer-content-top cs-entry__overlay cs-overlay-ratio cs-ratio-landscape-16-9\"\r\n\tdata-scheme=\"inverse\"\r\n\t>\r\n\r\n\t\t<div class=\"cs-entry__inner cs-entry__thumbnail cs-entry__tile\">\r\n\r\n\t\t\t<div class=\"cs-overlay-background\">\r\n\t\t\t\t\t\t\t\t\t<img loading=\"lazy\" decoding=\"async\" width=\"527\" height=\"297\" src=\"https:\/\/agetech.pl\/wp-content\/uploads\/2026\/02\/alvaro-serrano-hjwKMkehBco-unsplash-527x297.jpg\" class=\"attachment-csco-thumbnail size-csco-thumbnail wp-post-image\" alt=\"Planowanie sukcesji\" srcset=\"https:\/\/agetech.pl\/wp-content\/uploads\/2026\/02\/alvaro-serrano-hjwKMkehBco-unsplash-527x297.jpg 527w, https:\/\/agetech.pl\/wp-content\/uploads\/2026\/02\/alvaro-serrano-hjwKMkehBco-unsplash-1054x594.jpg 1054w, https:\/\/agetech.pl\/wp-content\/uploads\/2026\/02\/alvaro-serrano-hjwKMkehBco-unsplash-688x387.jpg 688w, https:\/\/agetech.pl\/wp-content\/uploads\/2026\/02\/alvaro-serrano-hjwKMkehBco-unsplash-1376x774.jpg 1376w, https:\/\/agetech.pl\/wp-content\/uploads\/2026\/02\/alvaro-serrano-hjwKMkehBco-unsplash-1044x587.jpg 1044w, https:\/\/agetech.pl\/wp-content\/uploads\/2026\/02\/alvaro-serrano-hjwKMkehBco-unsplash-2088x1174.jpg 2088w\" sizes=\"(max-width: 527px) 100vw, 527px\" \/>\t\t\t\t\t<img loading=\"lazy\" decoding=\"async\" width=\"768\" height=\"512\" src=\"https:\/\/agetech.pl\/wp-content\/uploads\/2026\/02\/alvaro-serrano-hjwKMkehBco-unsplash-768x512.jpg\" class=\"attachment-medium_large size-medium_large wp-post-image\" alt=\"Planowanie sukcesji\" srcset=\"https:\/\/agetech.pl\/wp-content\/uploads\/2026\/02\/alvaro-serrano-hjwKMkehBco-unsplash-768x512.jpg 768w, https:\/\/agetech.pl\/wp-content\/uploads\/2026\/02\/alvaro-serrano-hjwKMkehBco-unsplash-300x200.jpg 300w, https:\/\/agetech.pl\/wp-content\/uploads\/2026\/02\/alvaro-serrano-hjwKMkehBco-unsplash-1024x683.jpg 1024w, https:\/\/agetech.pl\/wp-content\/uploads\/2026\/02\/alvaro-serrano-hjwKMkehBco-unsplash-1536x1024.jpg 1536w, https:\/\/agetech.pl\/wp-content\/uploads\/2026\/02\/alvaro-serrano-hjwKMkehBco-unsplash-2048x1365.jpg 2048w, https:\/\/agetech.pl\/wp-content\/uploads\/2026\/02\/alvaro-serrano-hjwKMkehBco-unsplash-527x351.jpg 527w, https:\/\/agetech.pl\/wp-content\/uploads\/2026\/02\/alvaro-serrano-hjwKMkehBco-unsplash-1054x703.jpg 1054w, https:\/\/agetech.pl\/wp-content\/uploads\/2026\/02\/alvaro-serrano-hjwKMkehBco-unsplash-688x459.jpg 688w, https:\/\/agetech.pl\/wp-content\/uploads\/2026\/02\/alvaro-serrano-hjwKMkehBco-unsplash-1044x696.jpg 1044w, https:\/\/agetech.pl\/wp-content\/uploads\/2026\/02\/alvaro-serrano-hjwKMkehBco-unsplash-1400x933.jpg 1400w, https:\/\/agetech.pl\/wp-content\/uploads\/2026\/02\/alvaro-serrano-hjwKMkehBco-unsplash-1920x1280.jpg 1920w, https:\/\/agetech.pl\/wp-content\/uploads\/2026\/02\/alvaro-serrano-hjwKMkehBco-unsplash-scaled.jpg 2560w\" sizes=\"(max-width: 768px) 100vw, 768px\" \/>\t\t\t\t\t\t\t<\/div>\r\n\r\n\t\t\t\r\n\t\t\t\r\n\t\t<\/div>\r\n\r\n\t\t<div class=\"cs-entry__inner cs-entry__content cs-overlay-content\">\r\n\t\t\t<div class=\"cs-entry__info\">\r\n\t\t\t\t<h2 class=\"cs-entry__title\">Planowanie sukcesji. Od czego zacz\u0105\u0107?<\/h2>\r\n\t\t\t\t\t\t\t\t\t\t<div class=\"cs-entry__excerpt\">\r\n\t\t\t\t\t\t\tZgodnie z zapowiedzi\u0105 kontynuujemy w drugiej ods\u0142onie cykl publikacji po\u015bwi\u0119conych zagadnieniu planowania sukcesji \u2013 i na wst\u0119pie pytanie poniek\u0105d filozoficzne \u2013 jak zacz\u0105\u0107. Mam zaszczyt&hellip;\t\t\t\t\t\t<\/div>\r\n\t\t\t\t\t\t\t\t\t<\/div>\r\n\r\n\t\t\t<a class=\"cs-overlay-link\" href=\"https:\/\/agetech.pl\/index.php\/2026\/02\/23\/planowanie-sukcesji-od-czego-zaczac\/\" title=\"Planowanie sukcesji. Od czego zacz\u0105\u0107?\"><\/a>\r\n\r\n\t\t\t\t\t\t\t<div class=\"cs-entry__meta cs-entry__meta-overlay\">\r\n\t\t\t\t\t\t\t\t\t\t\t<div class=\"cs-entry__meta-category\">\r\n\t\t\t\t\t\t\t<div class=\"cs-entry__post-meta\" ><div class=\"cs-meta-category\"><ul class=\"post-categories\"><li><a href=\"https:\/\/agetech.pl\/index.php\/category\/prawo\/\">Prawo<\/a><\/li><\/ul><\/div><\/div>\t\t\t\t\t\t<\/div>\r\n\t\t\t\t\t\t\t\t\t\t\t\t\t\t\t\t<div class=\"cs-entry__meta-content\">\r\n\t\t\t\t\t\t\t\t\t\t\t\t\t\t\t<div class=\"cs-entry__meta-date\">\r\n\t\t\t\t\t\t\t\t\t<div class=\"cs-entry__post-meta\" ><div class=\"cs-meta-date\">2026-02-23<\/div><\/div>\t\t\t\t\t\t\t\t<\/div>\r\n\t\t\t\t\t\t\t\t\t\t\t\t\t\t\t\t\t\t\t\t\t\t<div class=\"cs-entry__meta-author\">\r\n\t\t\t\t\t\t\t\t\t<div class=\"cs-entry__post-meta\" ><div class=\"cs-meta-author\"><a class=\"cs-meta-author-link url fn n\" href=\"https:\/\/agetech.pl\/index.php\/author\/adminagetech\/\"><span class=\"cs-meta-author-by\">autor:<\/span><span class=\"cs-meta-author-name\">Redakcja AgeTech<\/span><\/a><\/div><\/div>\t\t\t\t\t\t\t\t<\/div>\r\n\t\t\t\t\t\t\t\t\t\t\t\t\t<\/div>\r\n\t\t\t\t\t\t\t\t\t<\/div>\r\n\t\t\t\t\t<\/div>\r\n\t<\/div>\r\n<\/article>\r\n\t\t\t\t\t\t\t\t<\/div>\r\n\t\t\t\t\t\t\t<\/div>\r\n\t\t\t\t\t\t<\/div>\r\n\t\t\t\t\t\t\t\t<\/section>\r\n\t\t\t\t\t\t<\/div>\n\t\t\t\t<\/div>\n\t\t\t\t<\/div>\n\t\t\t\t<div class=\"elementor-element elementor-element-44cbcc9 cs-dividervertical cs-divider-laptopvertical elementor-widget-tablet__width-inherit elementor-hidden-mobile cs-divider-tablethorizontal cs-divider-mobilehorizontal elementor-widget elementor-widget-cs-divider\" data-id=\"44cbcc9\" data-element_type=\"widget\" data-widget_type=\"cs-divider.default\">\n\t\t\t\t<div class=\"elementor-widget-container\">\n\t\t\t\t\t\t\t<section class=\"cs-divider cs-divider-vertical\"><\/section>\r\n\t\t\t\t\t\t<\/div>\n\t\t\t\t<\/div>\n\t\t<div class=\"elementor-element elementor-element-80040dd e-con-full e-flex e-con e-child\" data-id=\"80040dd\" data-element_type=\"container\">\n\t\t\t\t<div class=\"elementor-element elementor-element-2a68b9d elementor-widget__width-inherit elementor-widget-mobile__width-inherit elementor-widget elementor-widget-cs-posts\" data-id=\"2a68b9d\" data-element_type=\"widget\" data-widget_type=\"cs-posts.default\">\n\t\t\t\t<div class=\"elementor-widget-container\">\n\t\t\t\t\t\t\t\t<section class=\"cs-posts cs-posts__standard\">\r\n\t\t\t\t\t\t\t\t\t\t<div class=\"cs-posts-area cs-posts-area-elementor \" data-posts-area=\"\">\r\n\t\t\t\t\t\t\t<div class=\"cs-posts-area__outer\">\r\n\r\n\t\t\t\t\t\t\t\t<div\r\n\t\t\t\t\t\t\t\tclass=\"cs-posts-area__main cs-posts-area__main-divider hide-mobile-devider\"\r\n\t\t\t\t\t\t\t\tdata-pc=\"1\"\r\n\t\t\t\t\t\t\t\tdata-lt=\"1\"\r\n\t\t\t\t\t\t\t\tdata-tb=\"1\"\r\n\t\t\t\t\t\t\t\tdata-mb=\"1\"\r\n\t\t\t\t\t\t\t\t>\r\n\t\t\t\t\t\t\t\t\t\r\n<article class=\"post-5358 post type-post status-publish format-standard has-post-thumbnail category-opieka-nad-seniorami category-zdrowie-seniorow tag-hospicjum tag-opieka tag-prorok-eliasz tag-zdrowie cs-entry cs-video-wrap\">\r\n\t<div class=\"cs-entry__outer\">\r\n\t\t\t\t\t<div class=\"cs-entry__inner cs-entry__overlay cs-entry__thumbnail cs-overlay-ratio cs-ratio-landscape-16-9\">\r\n\r\n\t\t\t\t<div class=\"cs-overlay-background\">\r\n\t\t\t\t\t<img loading=\"lazy\" decoding=\"async\" width=\"527\" height=\"297\" src=\"https:\/\/agetech.pl\/wp-content\/uploads\/2026\/02\/Hospicjum-Proroka-Eliasza-na-Podlasiu-527x297.png\" class=\"attachment-csco-thumbnail size-csco-thumbnail wp-post-image\" alt=\"Hospicjum Proroka Eliasza na Podlasiu\" srcset=\"https:\/\/agetech.pl\/wp-content\/uploads\/2026\/02\/Hospicjum-Proroka-Eliasza-na-Podlasiu-527x297.png 527w, https:\/\/agetech.pl\/wp-content\/uploads\/2026\/02\/Hospicjum-Proroka-Eliasza-na-Podlasiu-688x387.png 688w\" sizes=\"(max-width: 527px) 100vw, 527px\" \/>\t\t\t\t\t<img loading=\"lazy\" decoding=\"async\" width=\"527\" height=\"297\" src=\"https:\/\/agetech.pl\/wp-content\/uploads\/2026\/02\/Hospicjum-Proroka-Eliasza-na-Podlasiu-527x297.png\" class=\"attachment-csco-thumbnail size-csco-thumbnail wp-post-image\" alt=\"Hospicjum Proroka Eliasza na Podlasiu\" srcset=\"https:\/\/agetech.pl\/wp-content\/uploads\/2026\/02\/Hospicjum-Proroka-Eliasza-na-Podlasiu-527x297.png 527w, https:\/\/agetech.pl\/wp-content\/uploads\/2026\/02\/Hospicjum-Proroka-Eliasza-na-Podlasiu-688x387.png 688w\" sizes=\"(max-width: 527px) 100vw, 527px\" \/>\t\t\t\t<\/div>\r\n\r\n\t\t\t\t\r\n\t\t\t\t\r\n\t\t\t\t<a href=\"https:\/\/agetech.pl\/index.php\/2026\/02\/19\/hospicjum-proroka-eliasza-na-podlasiu\/\" class=\"cs-overlay-link\" title=\"Hospicjum Proroka Eliasza na Podlasiu \u2014 kiedy opieka spotyka godno\u015b\u0107\"><\/a>\r\n\t\t\t<\/div>\r\n\t\t\r\n\t\t<div class=\"cs-entry__inner cs-entry__content\">\r\n\t\t\t<div class=\"cs-entry__info\">\r\n\t\t\t\t<h2 class=\"cs-entry__title\"><a href=\"https:\/\/agetech.pl\/index.php\/2026\/02\/19\/hospicjum-proroka-eliasza-na-podlasiu\/\">Hospicjum Proroka Eliasza na Podlasiu \u2014 kiedy opieka spotyka godno\u015b\u0107<\/a><\/h2>\r\n\t\t\t\t\t\t\t<\/div>\r\n\r\n\t\t\t\t\t\t\t<div class=\"cs-entry__meta\">\r\n\t\t\t\t\t\t\t\t\t\t\t<div class=\"cs-entry__meta-category\">\r\n\t\t\t\t\t\t\t<div class=\"cs-entry__post-meta\" ><div class=\"cs-meta-category\"><ul class=\"post-categories\"><li><a href=\"https:\/\/agetech.pl\/index.php\/category\/opieka-nad-seniorami\/\">Opieka<\/a><\/li><li><a href=\"https:\/\/agetech.pl\/index.php\/category\/zdrowie-seniorow\/\">Zdrowie<\/a><\/li><\/ul><\/div><\/div>\t\t\t\t\t\t<\/div>\r\n\t\t\t\t\t\t\t\t\t\t\t\t\t\t\t\t<div class=\"cs-entry__meta-content\">\r\n\t\t\t\t\t\t\t\t\t\t\t\t\t\t\t<div class=\"cs-entry__meta-date\">\r\n\t\t\t\t\t\t\t\t\t<div class=\"cs-entry__post-meta\" ><div class=\"cs-meta-date\">2026-02-19<\/div><\/div>\t\t\t\t\t\t\t\t<\/div>\r\n\t\t\t\t\t\t\t\t\t\t\t\t\t\t\t\t\t\t\t\t\t\t<div class=\"cs-entry__meta-author\">\r\n\t\t\t\t\t\t\t\t\t<div class=\"cs-entry__post-meta\" ><div class=\"cs-meta-author\"><a class=\"cs-meta-author-link url fn n\" href=\"https:\/\/agetech.pl\/index.php\/author\/bartlomiejs\/\"><span class=\"cs-meta-author-by\">autor:<\/span><span class=\"cs-meta-author-name\">Bart\u0142omiej Staszewski<\/span><\/a><\/div><\/div>\t\t\t\t\t\t\t\t<\/div>\r\n\t\t\t\t\t\t\t\t\t\t\t\t\t<\/div>\r\n\t\t\t\t\t\t\t\t\t<\/div>\r\n\t\t\t\t\t<\/div>\r\n\t<\/div>\r\n<\/article>\r\n\r\n<article class=\"post-5356 post type-post status-publish format-standard has-post-thumbnail category-trendy category-zdrowie-seniorow tag-opieka tag-spoleczenstwo tag-zdrowie cs-entry cs-video-wrap\">\r\n\t<div class=\"cs-entry__outer\">\r\n\t\t\t\t\t<div class=\"cs-entry__inner cs-entry__overlay cs-entry__thumbnail cs-overlay-ratio cs-ratio-landscape-16-9\">\r\n\r\n\t\t\t\t<div class=\"cs-overlay-background\">\r\n\t\t\t\t\t<img loading=\"lazy\" decoding=\"async\" width=\"527\" height=\"297\" src=\"https:\/\/agetech.pl\/wp-content\/uploads\/2025\/05\/logan-weaver-lgnwvr-hIPexC5pXxg-unsplash-527x297.jpg\" class=\"attachment-csco-thumbnail size-csco-thumbnail wp-post-image\" alt=\"Srebrna Orkiestra: dlaczego w 2026 roku przestali\u015bmy \u201enaprawia\u0107\u201d starzenie\" srcset=\"https:\/\/agetech.pl\/wp-content\/uploads\/2025\/05\/logan-weaver-lgnwvr-hIPexC5pXxg-unsplash-527x297.jpg 527w, https:\/\/agetech.pl\/wp-content\/uploads\/2025\/05\/logan-weaver-lgnwvr-hIPexC5pXxg-unsplash-1054x594.jpg 1054w, https:\/\/agetech.pl\/wp-content\/uploads\/2025\/05\/logan-weaver-lgnwvr-hIPexC5pXxg-unsplash-688x387.jpg 688w, https:\/\/agetech.pl\/wp-content\/uploads\/2025\/05\/logan-weaver-lgnwvr-hIPexC5pXxg-unsplash-1376x774.jpg 1376w, https:\/\/agetech.pl\/wp-content\/uploads\/2025\/05\/logan-weaver-lgnwvr-hIPexC5pXxg-unsplash-1044x587.jpg 1044w, https:\/\/agetech.pl\/wp-content\/uploads\/2025\/05\/logan-weaver-lgnwvr-hIPexC5pXxg-unsplash-2088x1174.jpg 2088w\" sizes=\"(max-width: 527px) 100vw, 527px\" \/>\t\t\t\t\t<img loading=\"lazy\" decoding=\"async\" width=\"527\" height=\"297\" src=\"https:\/\/agetech.pl\/wp-content\/uploads\/2025\/05\/logan-weaver-lgnwvr-hIPexC5pXxg-unsplash-527x297.jpg\" class=\"attachment-csco-thumbnail size-csco-thumbnail wp-post-image\" alt=\"Srebrna Orkiestra: dlaczego w 2026 roku przestali\u015bmy \u201enaprawia\u0107\u201d starzenie\" srcset=\"https:\/\/agetech.pl\/wp-content\/uploads\/2025\/05\/logan-weaver-lgnwvr-hIPexC5pXxg-unsplash-527x297.jpg 527w, https:\/\/agetech.pl\/wp-content\/uploads\/2025\/05\/logan-weaver-lgnwvr-hIPexC5pXxg-unsplash-1054x594.jpg 1054w, https:\/\/agetech.pl\/wp-content\/uploads\/2025\/05\/logan-weaver-lgnwvr-hIPexC5pXxg-unsplash-688x387.jpg 688w, https:\/\/agetech.pl\/wp-content\/uploads\/2025\/05\/logan-weaver-lgnwvr-hIPexC5pXxg-unsplash-1376x774.jpg 1376w, https:\/\/agetech.pl\/wp-content\/uploads\/2025\/05\/logan-weaver-lgnwvr-hIPexC5pXxg-unsplash-1044x587.jpg 1044w, https:\/\/agetech.pl\/wp-content\/uploads\/2025\/05\/logan-weaver-lgnwvr-hIPexC5pXxg-unsplash-2088x1174.jpg 2088w\" sizes=\"(max-width: 527px) 100vw, 527px\" \/>\t\t\t\t<\/div>\r\n\r\n\t\t\t\t\r\n\t\t\t\t\r\n\t\t\t\t<a href=\"https:\/\/agetech.pl\/index.php\/2026\/02\/18\/srebrna-orkiestra-dlaczego-w-2026-roku-przestalismy-naprawiac-starzenie\/\" class=\"cs-overlay-link\" title=\"Srebrna Orkiestra: dlaczego w 2026 roku przestali\u015bmy \u201enaprawia\u0107\u201d starzenie?\"><\/a>\r\n\t\t\t<\/div>\r\n\t\t\r\n\t\t<div class=\"cs-entry__inner cs-entry__content\">\r\n\t\t\t<div class=\"cs-entry__info\">\r\n\t\t\t\t<h2 class=\"cs-entry__title\"><a href=\"https:\/\/agetech.pl\/index.php\/2026\/02\/18\/srebrna-orkiestra-dlaczego-w-2026-roku-przestalismy-naprawiac-starzenie\/\">Srebrna Orkiestra: dlaczego w 2026 roku przestali\u015bmy \u201enaprawia\u0107\u201d starzenie?<\/a><\/h2>\r\n\t\t\t\t\t\t\t<\/div>\r\n\r\n\t\t\t\t\t\t\t<div class=\"cs-entry__meta\">\r\n\t\t\t\t\t\t\t\t\t\t\t<div class=\"cs-entry__meta-category\">\r\n\t\t\t\t\t\t\t<div class=\"cs-entry__post-meta\" ><div class=\"cs-meta-category\"><ul class=\"post-categories\"><li><a href=\"https:\/\/agetech.pl\/index.php\/category\/trendy\/\">Trendy<\/a><\/li><li><a href=\"https:\/\/agetech.pl\/index.php\/category\/zdrowie-seniorow\/\">Zdrowie<\/a><\/li><\/ul><\/div><\/div>\t\t\t\t\t\t<\/div>\r\n\t\t\t\t\t\t\t\t\t\t\t\t\t\t\t\t<div class=\"cs-entry__meta-content\">\r\n\t\t\t\t\t\t\t\t\t\t\t\t\t\t\t<div class=\"cs-entry__meta-date\">\r\n\t\t\t\t\t\t\t\t\t<div class=\"cs-entry__post-meta\" ><div class=\"cs-meta-date\">2026-02-18<\/div><\/div>\t\t\t\t\t\t\t\t<\/div>\r\n\t\t\t\t\t\t\t\t\t\t\t\t\t\t\t\t\t\t\t\t\t\t<div class=\"cs-entry__meta-author\">\r\n\t\t\t\t\t\t\t\t\t<div class=\"cs-entry__post-meta\" ><div class=\"cs-meta-author\"><a class=\"cs-meta-author-link url fn n\" href=\"https:\/\/agetech.pl\/index.php\/author\/redaktor-jw\/\"><span class=\"cs-meta-author-by\">autor:<\/span><span class=\"cs-meta-author-name\">Jerzy Walczak<\/span><\/a><\/div><\/div>\t\t\t\t\t\t\t\t<\/div>\r\n\t\t\t\t\t\t\t\t\t\t\t\t\t<\/div>\r\n\t\t\t\t\t\t\t\t\t<\/div>\r\n\t\t\t\t\t<\/div>\r\n\t<\/div>\r\n<\/article>\r\n\r\n<article class=\"post-5350 post type-post status-publish format-standard has-post-thumbnail category-zdrowie-seniorow tag-choroby-ukladu-krazenia tag-medtech tag-startup tag-usa tag-zdrowie cs-entry cs-video-wrap\">\r\n\t<div class=\"cs-entry__outer\">\r\n\t\t\t\t\t<div class=\"cs-entry__inner cs-entry__overlay cs-entry__thumbnail cs-overlay-ratio cs-ratio-landscape-16-9\">\r\n\r\n\t\t\t\t<div class=\"cs-overlay-background\">\r\n\t\t\t\t\t<img loading=\"lazy\" decoding=\"async\" width=\"527\" height=\"297\" src=\"https:\/\/agetech.pl\/wp-content\/uploads\/2026\/02\/robina-weermeijer-z8_-Fmfz06c-unsplash-527x297.jpg\" class=\"attachment-csco-thumbnail size-csco-thumbnail wp-post-image\" alt=\"Startupy MedTech Cardio\" srcset=\"https:\/\/agetech.pl\/wp-content\/uploads\/2026\/02\/robina-weermeijer-z8_-Fmfz06c-unsplash-527x297.jpg 527w, https:\/\/agetech.pl\/wp-content\/uploads\/2026\/02\/robina-weermeijer-z8_-Fmfz06c-unsplash-1054x594.jpg 1054w, https:\/\/agetech.pl\/wp-content\/uploads\/2026\/02\/robina-weermeijer-z8_-Fmfz06c-unsplash-688x387.jpg 688w, https:\/\/agetech.pl\/wp-content\/uploads\/2026\/02\/robina-weermeijer-z8_-Fmfz06c-unsplash-1376x774.jpg 1376w, https:\/\/agetech.pl\/wp-content\/uploads\/2026\/02\/robina-weermeijer-z8_-Fmfz06c-unsplash-1044x587.jpg 1044w, https:\/\/agetech.pl\/wp-content\/uploads\/2026\/02\/robina-weermeijer-z8_-Fmfz06c-unsplash-2088x1174.jpg 2088w\" sizes=\"(max-width: 527px) 100vw, 527px\" \/>\t\t\t\t\t<img loading=\"lazy\" decoding=\"async\" width=\"527\" height=\"297\" src=\"https:\/\/agetech.pl\/wp-content\/uploads\/2026\/02\/robina-weermeijer-z8_-Fmfz06c-unsplash-527x297.jpg\" class=\"attachment-csco-thumbnail size-csco-thumbnail wp-post-image\" alt=\"Startupy MedTech Cardio\" srcset=\"https:\/\/agetech.pl\/wp-content\/uploads\/2026\/02\/robina-weermeijer-z8_-Fmfz06c-unsplash-527x297.jpg 527w, https:\/\/agetech.pl\/wp-content\/uploads\/2026\/02\/robina-weermeijer-z8_-Fmfz06c-unsplash-1054x594.jpg 1054w, https:\/\/agetech.pl\/wp-content\/uploads\/2026\/02\/robina-weermeijer-z8_-Fmfz06c-unsplash-688x387.jpg 688w, https:\/\/agetech.pl\/wp-content\/uploads\/2026\/02\/robina-weermeijer-z8_-Fmfz06c-unsplash-1376x774.jpg 1376w, https:\/\/agetech.pl\/wp-content\/uploads\/2026\/02\/robina-weermeijer-z8_-Fmfz06c-unsplash-1044x587.jpg 1044w, https:\/\/agetech.pl\/wp-content\/uploads\/2026\/02\/robina-weermeijer-z8_-Fmfz06c-unsplash-2088x1174.jpg 2088w\" sizes=\"(max-width: 527px) 100vw, 527px\" \/>\t\t\t\t<\/div>\r\n\r\n\t\t\t\t\r\n\t\t\t\t\r\n\t\t\t\t<a href=\"https:\/\/agetech.pl\/index.php\/2026\/02\/17\/prewencja-chorob-serca-startupy-z-usa-w-czolowce\/\" class=\"cs-overlay-link\" title=\"Prewencja chor\u00f3b serca &#8211; startupy z USA w czo\u0142\u00f3wce.\"><\/a>\r\n\t\t\t<\/div>\r\n\t\t\r\n\t\t<div class=\"cs-entry__inner cs-entry__content\">\r\n\t\t\t<div class=\"cs-entry__info\">\r\n\t\t\t\t<h2 class=\"cs-entry__title\"><a href=\"https:\/\/agetech.pl\/index.php\/2026\/02\/17\/prewencja-chorob-serca-startupy-z-usa-w-czolowce\/\">Prewencja chor\u00f3b serca &#8211; startupy z USA w czo\u0142\u00f3wce.<\/a><\/h2>\r\n\t\t\t\t\t\t\t<\/div>\r\n\r\n\t\t\t\t\t\t\t<div class=\"cs-entry__meta\">\r\n\t\t\t\t\t\t\t\t\t\t\t<div class=\"cs-entry__meta-category\">\r\n\t\t\t\t\t\t\t<div class=\"cs-entry__post-meta\" ><div class=\"cs-meta-category\"><ul class=\"post-categories\"><li><a href=\"https:\/\/agetech.pl\/index.php\/category\/zdrowie-seniorow\/\">Zdrowie<\/a><\/li><\/ul><\/div><\/div>\t\t\t\t\t\t<\/div>\r\n\t\t\t\t\t\t\t\t\t\t\t\t\t\t\t\t<div class=\"cs-entry__meta-content\">\r\n\t\t\t\t\t\t\t\t\t\t\t\t\t\t\t<div class=\"cs-entry__meta-date\">\r\n\t\t\t\t\t\t\t\t\t<div class=\"cs-entry__post-meta\" ><div class=\"cs-meta-date\">2026-02-17<\/div><\/div>\t\t\t\t\t\t\t\t<\/div>\r\n\t\t\t\t\t\t\t\t\t\t\t\t\t\t\t\t\t\t\t\t\t\t<div class=\"cs-entry__meta-author\">\r\n\t\t\t\t\t\t\t\t\t<div class=\"cs-entry__post-meta\" ><div class=\"cs-meta-author\"><a class=\"cs-meta-author-link url fn n\" href=\"https:\/\/agetech.pl\/index.php\/author\/redaktor\/\"><span class=\"cs-meta-author-by\">autor:<\/span><span class=\"cs-meta-author-name\">Bernard Go\u0142ko<\/span><\/a><\/div><\/div>\t\t\t\t\t\t\t\t<\/div>\r\n\t\t\t\t\t\t\t\t\t\t\t\t\t<\/div>\r\n\t\t\t\t\t\t\t\t\t<\/div>\r\n\t\t\t\t\t<\/div>\r\n\t<\/div>\r\n<\/article>\r\n\t\t\t\t\t\t\t\t<\/div>\r\n\t\t\t\t\t\t\t<\/div>\r\n\t\t\t\t\t\t<\/div>\r\n\t\t\t\t\t\t\t\t<\/section>\r\n\t\t\t\t\t\t<\/div>\n\t\t\t\t<\/div>\n\t\t\t\t<\/div>\n\t\t\t\t<div class=\"elementor-element elementor-element-db3e6ae cs-dividervertical cs-divider-laptopvertical cs-divider-tabletvertical elementor-hidden-mobile cs-divider-mobilehorizontal elementor-widget elementor-widget-cs-divider\" data-id=\"db3e6ae\" data-element_type=\"widget\" data-widget_type=\"cs-divider.default\">\n\t\t\t\t<div class=\"elementor-widget-container\">\n\t\t\t\t\t\t\t<section class=\"cs-divider cs-divider-vertical\"><\/section>\r\n\t\t\t\t\t\t<\/div>\n\t\t\t\t<\/div>\n\t\t<div class=\"elementor-element elementor-element-47a5df6 e-con-full e-flex e-con e-child\" data-id=\"47a5df6\" data-element_type=\"container\">\n\t\t\t\t<div class=\"elementor-element elementor-element-64bf4bf elementor-widget__width-inherit elementor-widget-mobile__width-inherit elementor-widget elementor-widget-cs-posts\" data-id=\"64bf4bf\" data-element_type=\"widget\" data-widget_type=\"cs-posts.default\">\n\t\t\t\t<div class=\"elementor-widget-container\">\n\t\t\t\t\t\t\t\t<section class=\"cs-posts cs-posts__standard\">\r\n\t\t\t\t\t\t\t\t\t\t<div class=\"cs-posts-area cs-posts-area-elementor \" data-posts-area=\"\">\r\n\t\t\t\t\t\t\t<div class=\"cs-posts-area__outer\">\r\n\r\n\t\t\t\t\t\t\t\t<div\r\n\t\t\t\t\t\t\t\tclass=\"cs-posts-area__main cs-posts-area__main-divider hide-mobile-devider\"\r\n\t\t\t\t\t\t\t\tdata-pc=\"1\"\r\n\t\t\t\t\t\t\t\tdata-lt=\"1\"\r\n\t\t\t\t\t\t\t\tdata-tb=\"1\"\r\n\t\t\t\t\t\t\t\tdata-mb=\"1\"\r\n\t\t\t\t\t\t\t\t>\r\n\t\t\t\t\t\t\t\t\t\r\n<article class=\"post-5342 post type-post status-publish format-standard has-post-thumbnail category-opieka-nad-seniorami category-styl-zycia-seniora category-technologia category-trendy tag-ai tag-bon-senioralny tag-opieka tag-zdrowie cs-entry cs-video-wrap\">\r\n\t<div class=\"cs-entry__outer\">\r\n\t\t\t\t\t<div class=\"cs-entry__inner cs-entry__overlay cs-entry__thumbnail cs-overlay-ratio cs-ratio-landscape-16-9\">\r\n\r\n\t\t\t\t<div class=\"cs-overlay-background\">\r\n\t\t\t\t\t<img loading=\"lazy\" decoding=\"async\" width=\"527\" height=\"297\" src=\"https:\/\/agetech.pl\/wp-content\/uploads\/2026\/02\/Bon-senioralny-2026-2150-zl-na-opieke-domowa-i-impuls-dla-polskiego-AgeTechu-527x297.png\" class=\"attachment-csco-thumbnail size-csco-thumbnail wp-post-image\" alt=\"Bon senioralny 2026: 2150 z\u0142 na opiek\u0119 domow\u0105 i impuls dla polskiego AgeTechu\" srcset=\"https:\/\/agetech.pl\/wp-content\/uploads\/2026\/02\/Bon-senioralny-2026-2150-zl-na-opieke-domowa-i-impuls-dla-polskiego-AgeTechu-527x297.png 527w, https:\/\/agetech.pl\/wp-content\/uploads\/2026\/02\/Bon-senioralny-2026-2150-zl-na-opieke-domowa-i-impuls-dla-polskiego-AgeTechu-688x387.png 688w\" sizes=\"(max-width: 527px) 100vw, 527px\" \/>\t\t\t\t\t<img loading=\"lazy\" decoding=\"async\" width=\"527\" height=\"297\" src=\"https:\/\/agetech.pl\/wp-content\/uploads\/2026\/02\/Bon-senioralny-2026-2150-zl-na-opieke-domowa-i-impuls-dla-polskiego-AgeTechu-527x297.png\" class=\"attachment-csco-thumbnail size-csco-thumbnail wp-post-image\" alt=\"Bon senioralny 2026: 2150 z\u0142 na opiek\u0119 domow\u0105 i impuls dla polskiego AgeTechu\" srcset=\"https:\/\/agetech.pl\/wp-content\/uploads\/2026\/02\/Bon-senioralny-2026-2150-zl-na-opieke-domowa-i-impuls-dla-polskiego-AgeTechu-527x297.png 527w, https:\/\/agetech.pl\/wp-content\/uploads\/2026\/02\/Bon-senioralny-2026-2150-zl-na-opieke-domowa-i-impuls-dla-polskiego-AgeTechu-688x387.png 688w\" sizes=\"(max-width: 527px) 100vw, 527px\" \/>\t\t\t\t<\/div>\r\n\r\n\t\t\t\t\r\n\t\t\t\t\r\n\t\t\t\t<a href=\"https:\/\/agetech.pl\/index.php\/2026\/02\/11\/bon-senioralny-2026-2150-zl-na-opieke-domowa-i-impuls-dla-polskiego-agetechu\/\" class=\"cs-overlay-link\" title=\"Bon Senioralny 2026: cyfrowy akcelerator polskiej opieki domowej\"><\/a>\r\n\t\t\t<\/div>\r\n\t\t\r\n\t\t<div class=\"cs-entry__inner cs-entry__content\">\r\n\t\t\t<div class=\"cs-entry__info\">\r\n\t\t\t\t<h2 class=\"cs-entry__title\"><a href=\"https:\/\/agetech.pl\/index.php\/2026\/02\/11\/bon-senioralny-2026-2150-zl-na-opieke-domowa-i-impuls-dla-polskiego-agetechu\/\">Bon Senioralny 2026: cyfrowy akcelerator polskiej opieki domowej<\/a><\/h2>\r\n\t\t\t\t\t\t\t<\/div>\r\n\r\n\t\t\t\t\t\t\t<div class=\"cs-entry__meta\">\r\n\t\t\t\t\t\t\t\t\t\t\t<div class=\"cs-entry__meta-category\">\r\n\t\t\t\t\t\t\t<div class=\"cs-entry__post-meta\" ><div class=\"cs-meta-category\"><ul class=\"post-categories\"><li><a href=\"https:\/\/agetech.pl\/index.php\/category\/opieka-nad-seniorami\/\">Opieka<\/a><\/li><li><a href=\"https:\/\/agetech.pl\/index.php\/category\/styl-zycia-seniora\/\">Styl \u017cycia<\/a><\/li><li><a href=\"https:\/\/agetech.pl\/index.php\/category\/technologia\/\">Technologia<\/a><\/li><li><a href=\"https:\/\/agetech.pl\/index.php\/category\/trendy\/\">Trendy<\/a><\/li><\/ul><\/div><\/div>\t\t\t\t\t\t<\/div>\r\n\t\t\t\t\t\t\t\t\t\t\t\t\t\t\t\t<div class=\"cs-entry__meta-content\">\r\n\t\t\t\t\t\t\t\t\t\t\t\t\t\t\t<div class=\"cs-entry__meta-date\">\r\n\t\t\t\t\t\t\t\t\t<div class=\"cs-entry__post-meta\" ><div class=\"cs-meta-date\">2026-02-11<\/div><\/div>\t\t\t\t\t\t\t\t<\/div>\r\n\t\t\t\t\t\t\t\t\t\t\t\t\t\t\t\t\t\t\t\t\t\t<div class=\"cs-entry__meta-author\">\r\n\t\t\t\t\t\t\t\t\t<div class=\"cs-entry__post-meta\" ><div class=\"cs-meta-author\"><a class=\"cs-meta-author-link url fn n\" href=\"https:\/\/agetech.pl\/index.php\/author\/redaktor-jw\/\"><span class=\"cs-meta-author-by\">autor:<\/span><span class=\"cs-meta-author-name\">Jerzy Walczak<\/span><\/a><\/div><\/div>\t\t\t\t\t\t\t\t<\/div>\r\n\t\t\t\t\t\t\t\t\t\t\t\t\t<\/div>\r\n\t\t\t\t\t\t\t\t\t<\/div>\r\n\t\t\t\t\t<\/div>\r\n\t<\/div>\r\n<\/article>\r\n\r\n<article class=\"post-5275 post type-post status-publish format-standard has-post-thumbnail category-innowacje-dla-seniorow category-trendy tag-agetech-polska tag-dual-use tag-startup cs-entry cs-video-wrap\">\r\n\t<div class=\"cs-entry__outer\">\r\n\t\t\t\t\t<div class=\"cs-entry__inner cs-entry__overlay cs-entry__thumbnail cs-overlay-ratio cs-ratio-landscape-16-9\">\r\n\r\n\t\t\t\t<div class=\"cs-overlay-background\">\r\n\t\t\t\t\t<img loading=\"lazy\" decoding=\"async\" width=\"527\" height=\"297\" src=\"https:\/\/agetech.pl\/wp-content\/uploads\/2026\/02\/mika-baumeister-Y_LgXwQEx2c-unsplash-1-527x297.jpg\" class=\"attachment-csco-thumbnail size-csco-thumbnail wp-post-image\" alt=\"mapa polskich startup\u00f3w agetech 2026\" srcset=\"https:\/\/agetech.pl\/wp-content\/uploads\/2026\/02\/mika-baumeister-Y_LgXwQEx2c-unsplash-1-527x297.jpg 527w, https:\/\/agetech.pl\/wp-content\/uploads\/2026\/02\/mika-baumeister-Y_LgXwQEx2c-unsplash-1-1054x594.jpg 1054w, https:\/\/agetech.pl\/wp-content\/uploads\/2026\/02\/mika-baumeister-Y_LgXwQEx2c-unsplash-1-688x387.jpg 688w, https:\/\/agetech.pl\/wp-content\/uploads\/2026\/02\/mika-baumeister-Y_LgXwQEx2c-unsplash-1-1376x774.jpg 1376w, https:\/\/agetech.pl\/wp-content\/uploads\/2026\/02\/mika-baumeister-Y_LgXwQEx2c-unsplash-1-1044x587.jpg 1044w, https:\/\/agetech.pl\/wp-content\/uploads\/2026\/02\/mika-baumeister-Y_LgXwQEx2c-unsplash-1-2088x1174.jpg 2088w\" sizes=\"(max-width: 527px) 100vw, 527px\" \/>\t\t\t\t\t<img loading=\"lazy\" decoding=\"async\" width=\"527\" height=\"297\" src=\"https:\/\/agetech.pl\/wp-content\/uploads\/2026\/02\/mika-baumeister-Y_LgXwQEx2c-unsplash-1-527x297.jpg\" class=\"attachment-csco-thumbnail size-csco-thumbnail wp-post-image\" alt=\"mapa polskich startup\u00f3w agetech 2026\" srcset=\"https:\/\/agetech.pl\/wp-content\/uploads\/2026\/02\/mika-baumeister-Y_LgXwQEx2c-unsplash-1-527x297.jpg 527w, https:\/\/agetech.pl\/wp-content\/uploads\/2026\/02\/mika-baumeister-Y_LgXwQEx2c-unsplash-1-1054x594.jpg 1054w, https:\/\/agetech.pl\/wp-content\/uploads\/2026\/02\/mika-baumeister-Y_LgXwQEx2c-unsplash-1-688x387.jpg 688w, https:\/\/agetech.pl\/wp-content\/uploads\/2026\/02\/mika-baumeister-Y_LgXwQEx2c-unsplash-1-1376x774.jpg 1376w, https:\/\/agetech.pl\/wp-content\/uploads\/2026\/02\/mika-baumeister-Y_LgXwQEx2c-unsplash-1-1044x587.jpg 1044w, https:\/\/agetech.pl\/wp-content\/uploads\/2026\/02\/mika-baumeister-Y_LgXwQEx2c-unsplash-1-2088x1174.jpg 2088w\" sizes=\"(max-width: 527px) 100vw, 527px\" \/>\t\t\t\t<\/div>\r\n\r\n\t\t\t\t\r\n\t\t\t\t\r\n\t\t\t\t<a href=\"https:\/\/agetech.pl\/index.php\/2026\/02\/10\/mapa-polskiego-agetechu-26-branza-wyraznie-wzrasta-pojawiaja-sie-nowi-gracze\/\" class=\"cs-overlay-link\" title=\"Mapa Polskiego AgeTechu &#8217;26. Bran\u017ca wyra\u017anie wzrasta &#8211; pojawiaj\u0105 si\u0119 nowi gracze.\"><\/a>\r\n\t\t\t<\/div>\r\n\t\t\r\n\t\t<div class=\"cs-entry__inner cs-entry__content\">\r\n\t\t\t<div class=\"cs-entry__info\">\r\n\t\t\t\t<h2 class=\"cs-entry__title\"><a href=\"https:\/\/agetech.pl\/index.php\/2026\/02\/10\/mapa-polskiego-agetechu-26-branza-wyraznie-wzrasta-pojawiaja-sie-nowi-gracze\/\">Mapa Polskiego AgeTechu &#8217;26. Bran\u017ca wyra\u017anie wzrasta &#8211; pojawiaj\u0105 si\u0119 nowi gracze.<\/a><\/h2>\r\n\t\t\t\t\t\t\t<\/div>\r\n\r\n\t\t\t\t\t\t\t<div class=\"cs-entry__meta\">\r\n\t\t\t\t\t\t\t\t\t\t\t<div class=\"cs-entry__meta-category\">\r\n\t\t\t\t\t\t\t<div class=\"cs-entry__post-meta\" ><div class=\"cs-meta-category\"><ul class=\"post-categories\"><li><a href=\"https:\/\/agetech.pl\/index.php\/category\/innowacje-dla-seniorow\/\">Innowacje<\/a><\/li><li><a href=\"https:\/\/agetech.pl\/index.php\/category\/trendy\/\">Trendy<\/a><\/li><\/ul><\/div><\/div>\t\t\t\t\t\t<\/div>\r\n\t\t\t\t\t\t\t\t\t\t\t\t\t\t\t\t<div class=\"cs-entry__meta-content\">\r\n\t\t\t\t\t\t\t\t\t\t\t\t\t\t\t<div class=\"cs-entry__meta-date\">\r\n\t\t\t\t\t\t\t\t\t<div class=\"cs-entry__post-meta\" ><div class=\"cs-meta-date\">2026-02-10<\/div><\/div>\t\t\t\t\t\t\t\t<\/div>\r\n\t\t\t\t\t\t\t\t\t\t\t\t\t\t\t\t\t\t\t\t\t\t<div class=\"cs-entry__meta-author\">\r\n\t\t\t\t\t\t\t\t\t<div class=\"cs-entry__post-meta\" ><div class=\"cs-meta-author\"><a class=\"cs-meta-author-link url fn n\" href=\"https:\/\/agetech.pl\/index.php\/author\/redaktor\/\"><span class=\"cs-meta-author-by\">autor:<\/span><span class=\"cs-meta-author-name\">Bernard Go\u0142ko<\/span><\/a><\/div><\/div>\t\t\t\t\t\t\t\t<\/div>\r\n\t\t\t\t\t\t\t\t\t\t\t\t\t<\/div>\r\n\t\t\t\t\t\t\t\t\t<\/div>\r\n\t\t\t\t\t<\/div>\r\n\t<\/div>\r\n<\/article>\r\n\r\n<article class=\"post-5335 post type-post status-publish format-standard has-post-thumbnail category-opieka-nad-seniorami category-zdrowie-seniorow tag-ai tag-luffu tag-opieka tag-startup tag-usa cs-entry cs-video-wrap\">\r\n\t<div class=\"cs-entry__outer\">\r\n\t\t\t\t\t<div class=\"cs-entry__inner cs-entry__overlay cs-entry__thumbnail cs-overlay-ratio cs-ratio-landscape-16-9\">\r\n\r\n\t\t\t\t<div class=\"cs-overlay-background\">\r\n\t\t\t\t\t<img loading=\"lazy\" decoding=\"async\" width=\"527\" height=\"297\" src=\"https:\/\/agetech.pl\/wp-content\/uploads\/2026\/02\/roberto-nickson-smJ6XsYy8gA-unsplash-527x297.jpg\" class=\"attachment-csco-thumbnail size-csco-thumbnail wp-post-image\" alt=\"Luffu operating system for care\" srcset=\"https:\/\/agetech.pl\/wp-content\/uploads\/2026\/02\/roberto-nickson-smJ6XsYy8gA-unsplash-527x297.jpg 527w, https:\/\/agetech.pl\/wp-content\/uploads\/2026\/02\/roberto-nickson-smJ6XsYy8gA-unsplash-1054x594.jpg 1054w, https:\/\/agetech.pl\/wp-content\/uploads\/2026\/02\/roberto-nickson-smJ6XsYy8gA-unsplash-688x387.jpg 688w, https:\/\/agetech.pl\/wp-content\/uploads\/2026\/02\/roberto-nickson-smJ6XsYy8gA-unsplash-1376x774.jpg 1376w, https:\/\/agetech.pl\/wp-content\/uploads\/2026\/02\/roberto-nickson-smJ6XsYy8gA-unsplash-1044x587.jpg 1044w, https:\/\/agetech.pl\/wp-content\/uploads\/2026\/02\/roberto-nickson-smJ6XsYy8gA-unsplash-2088x1174.jpg 2088w\" sizes=\"(max-width: 527px) 100vw, 527px\" \/>\t\t\t\t\t<img loading=\"lazy\" decoding=\"async\" width=\"527\" height=\"297\" src=\"https:\/\/agetech.pl\/wp-content\/uploads\/2026\/02\/roberto-nickson-smJ6XsYy8gA-unsplash-527x297.jpg\" class=\"attachment-csco-thumbnail size-csco-thumbnail wp-post-image\" alt=\"Luffu operating system for care\" srcset=\"https:\/\/agetech.pl\/wp-content\/uploads\/2026\/02\/roberto-nickson-smJ6XsYy8gA-unsplash-527x297.jpg 527w, https:\/\/agetech.pl\/wp-content\/uploads\/2026\/02\/roberto-nickson-smJ6XsYy8gA-unsplash-1054x594.jpg 1054w, https:\/\/agetech.pl\/wp-content\/uploads\/2026\/02\/roberto-nickson-smJ6XsYy8gA-unsplash-688x387.jpg 688w, https:\/\/agetech.pl\/wp-content\/uploads\/2026\/02\/roberto-nickson-smJ6XsYy8gA-unsplash-1376x774.jpg 1376w, https:\/\/agetech.pl\/wp-content\/uploads\/2026\/02\/roberto-nickson-smJ6XsYy8gA-unsplash-1044x587.jpg 1044w, https:\/\/agetech.pl\/wp-content\/uploads\/2026\/02\/roberto-nickson-smJ6XsYy8gA-unsplash-2088x1174.jpg 2088w\" sizes=\"(max-width: 527px) 100vw, 527px\" \/>\t\t\t\t<\/div>\r\n\r\n\t\t\t\t\r\n\t\t\t\t\r\n\t\t\t\t<a href=\"https:\/\/agetech.pl\/index.php\/2026\/02\/09\/luffu-usa-od-personal-health-do-family-care-platform\/\" class=\"cs-overlay-link\" title=\"Luffu (USA) \u2013 od personal health do \u201efamily care platform\u201d\"><\/a>\r\n\t\t\t<\/div>\r\n\t\t\r\n\t\t<div class=\"cs-entry__inner cs-entry__content\">\r\n\t\t\t<div class=\"cs-entry__info\">\r\n\t\t\t\t<h2 class=\"cs-entry__title\"><a href=\"https:\/\/agetech.pl\/index.php\/2026\/02\/09\/luffu-usa-od-personal-health-do-family-care-platform\/\">Luffu (USA) \u2013 od personal health do \u201efamily care platform\u201d<\/a><\/h2>\r\n\t\t\t\t\t\t\t<\/div>\r\n\r\n\t\t\t\t\t\t\t<div class=\"cs-entry__meta\">\r\n\t\t\t\t\t\t\t\t\t\t\t<div class=\"cs-entry__meta-category\">\r\n\t\t\t\t\t\t\t<div class=\"cs-entry__post-meta\" ><div class=\"cs-meta-category\"><ul class=\"post-categories\"><li><a href=\"https:\/\/agetech.pl\/index.php\/category\/opieka-nad-seniorami\/\">Opieka<\/a><\/li><li><a href=\"https:\/\/agetech.pl\/index.php\/category\/zdrowie-seniorow\/\">Zdrowie<\/a><\/li><\/ul><\/div><\/div>\t\t\t\t\t\t<\/div>\r\n\t\t\t\t\t\t\t\t\t\t\t\t\t\t\t\t<div class=\"cs-entry__meta-content\">\r\n\t\t\t\t\t\t\t\t\t\t\t\t\t\t\t<div class=\"cs-entry__meta-date\">\r\n\t\t\t\t\t\t\t\t\t<div class=\"cs-entry__post-meta\" ><div class=\"cs-meta-date\">2026-02-09<\/div><\/div>\t\t\t\t\t\t\t\t<\/div>\r\n\t\t\t\t\t\t\t\t\t\t\t\t\t\t\t\t\t\t\t\t\t\t<div class=\"cs-entry__meta-author\">\r\n\t\t\t\t\t\t\t\t\t<div class=\"cs-entry__post-meta\" ><div class=\"cs-meta-author\"><a class=\"cs-meta-author-link url fn n\" href=\"https:\/\/agetech.pl\/index.php\/author\/redaktor\/\"><span class=\"cs-meta-author-by\">autor:<\/span><span class=\"cs-meta-author-name\">Bernard Go\u0142ko<\/span><\/a><\/div><\/div>\t\t\t\t\t\t\t\t<\/div>\r\n\t\t\t\t\t\t\t\t\t\t\t\t\t<\/div>\r\n\t\t\t\t\t\t\t\t\t<\/div>\r\n\t\t\t\t\t<\/div>\r\n\t<\/div>\r\n<\/article>\r\n\t\t\t\t\t\t\t\t<\/div>\r\n\t\t\t\t\t\t\t<\/div>\r\n\t\t\t\t\t\t<\/div>\r\n\t\t\t\t\t\t\t\t<\/section>\r\n\t\t\t\t\t\t<\/div>\n\t\t\t\t<\/div>\n\t\t\t\t<\/div>\n\t\t\t\t<\/div>\n\t\t\t\t\t<\/div>\n\t\t\t\t<\/div>\n\t\t<div class=\"elementor-element elementor-element-daea0f7 e-flex e-con-boxed e-con e-parent\" data-id=\"daea0f7\" data-element_type=\"container\">\n\t\t\t\t\t<div class=\"e-con-inner\">\n\t\t\t\t<div class=\"elementor-element elementor-element-e237ab6 elementor-widget elementor-widget-cs-headline\" data-id=\"e237ab6\" data-element_type=\"widget\" data-widget_type=\"cs-headline.default\">\n\t\t\t\t<div class=\"elementor-widget-container\">\n\t\t\t\t\t\t\t\t\t\t<section class=\"cs-headline cs-headline-border cs-headline-link\">\r\n\t\t\t\t<div class=\"cs-headline__container \">\r\n\t\t\t\t\t\t\t\t\t\t\t<a href=\"https:\/\/agetech.pl\/index.php\/tag\/dual-use\/\" class=\"cs-headline__content\">\r\n\t\t\t\t\t\t\t<span>\r\n\t\t\t\t\t\t\t\tDual Use - technologia dla wojska i dla cywil\u00f3w\t\t\t\t\t\t\t<\/span>\r\n\t\t\t\t\t\t<\/a>\r\n\t\t\t\t\t\t\t\t\t<\/div>\r\n\t\t\t<\/section>\r\n\t\t\t\t\t\t\t\t<\/div>\n\t\t\t\t<\/div>\n\t\t<div class=\"elementor-element elementor-element-4bb2550 e-con-full e-flex e-con e-child\" data-id=\"4bb2550\" data-element_type=\"container\">\n\t\t<div class=\"elementor-element elementor-element-0c3fb8a e-con-full e-flex e-con e-child\" data-id=\"0c3fb8a\" data-element_type=\"container\">\n\t\t\t\t<div class=\"elementor-element elementor-element-0ebc536 elementor-widget elementor-widget-cs-posts\" data-id=\"0ebc536\" data-element_type=\"widget\" data-widget_type=\"cs-posts.default\">\n\t\t\t\t<div class=\"elementor-widget-container\">\n\t\t\t\t\t\t\t\t<section class=\"cs-posts cs-posts__standard\">\r\n\t\t\t\t\t\t\t\t\t\t<div class=\"cs-posts-area cs-posts-area-elementor \" data-posts-area=\"\">\r\n\t\t\t\t\t\t\t<div class=\"cs-posts-area__outer\">\r\n\r\n\t\t\t\t\t\t\t\t<div\r\n\t\t\t\t\t\t\t\tclass=\"cs-posts-area__main\"\r\n\t\t\t\t\t\t\t\tdata-pc=\"1\"\r\n\t\t\t\t\t\t\t\tdata-lt=\"1\"\r\n\t\t\t\t\t\t\t\tdata-tb=\"1\"\r\n\t\t\t\t\t\t\t\tdata-mb=\"1\"\r\n\t\t\t\t\t\t\t\t>\r\n\t\t\t\t\t\t\t\t\t\r\n<article class=\"post-5227 post type-post status-publish format-standard has-post-thumbnail category-trendy tag-ageizm tag-dual-use tag-wojsko cs-entry cs-video-wrap\">\r\n\t<div class=\"cs-entry__outer\">\r\n\t\t\t\t\t<div class=\"cs-entry__inner cs-entry__overlay cs-entry__thumbnail cs-overlay-ratio cs-ratio-landscape-16-9\">\r\n\r\n\t\t\t\t<div class=\"cs-overlay-background\">\r\n\t\t\t\t\t<img loading=\"lazy\" decoding=\"async\" width=\"527\" height=\"297\" src=\"https:\/\/agetech.pl\/wp-content\/uploads\/2025\/11\/daniel-n9yEuk5HhSM-unsplash-527x297.jpg\" class=\"attachment-csco-thumbnail size-csco-thumbnail wp-post-image\" alt=\"ageizm w wojsku\" srcset=\"https:\/\/agetech.pl\/wp-content\/uploads\/2025\/11\/daniel-n9yEuk5HhSM-unsplash-527x297.jpg 527w, https:\/\/agetech.pl\/wp-content\/uploads\/2025\/11\/daniel-n9yEuk5HhSM-unsplash-1054x594.jpg 1054w, https:\/\/agetech.pl\/wp-content\/uploads\/2025\/11\/daniel-n9yEuk5HhSM-unsplash-688x387.jpg 688w, https:\/\/agetech.pl\/wp-content\/uploads\/2025\/11\/daniel-n9yEuk5HhSM-unsplash-1376x774.jpg 1376w, https:\/\/agetech.pl\/wp-content\/uploads\/2025\/11\/daniel-n9yEuk5HhSM-unsplash-1044x587.jpg 1044w, https:\/\/agetech.pl\/wp-content\/uploads\/2025\/11\/daniel-n9yEuk5HhSM-unsplash-2088x1174.jpg 2088w\" sizes=\"(max-width: 527px) 100vw, 527px\" \/>\t\t\t\t\t<img loading=\"lazy\" decoding=\"async\" width=\"1400\" height=\"650\" src=\"https:\/\/agetech.pl\/wp-content\/uploads\/2025\/11\/daniel-n9yEuk5HhSM-unsplash-1400x650.jpg\" class=\"attachment-csco-extra-large size-csco-extra-large wp-post-image\" alt=\"ageizm w wojsku\" srcset=\"https:\/\/agetech.pl\/wp-content\/uploads\/2025\/11\/daniel-n9yEuk5HhSM-unsplash-1400x650.jpg 1400w, https:\/\/agetech.pl\/wp-content\/uploads\/2025\/11\/daniel-n9yEuk5HhSM-unsplash-2800x1300.jpg 2800w\" sizes=\"(max-width: 1400px) 100vw, 1400px\" \/>\t\t\t\t<\/div>\r\n\r\n\t\t\t\t\r\n\t\t\t\t\r\n\t\t\t\t<a href=\"https:\/\/agetech.pl\/index.php\/2025\/11\/16\/ageizm-w-wojsku-cichy-problem-w-hierarchii-munduru\/\" class=\"cs-overlay-link\" title=\"Ageizm w wojsku \u2014 cichy problem w hierarchii munduru\"><\/a>\r\n\t\t\t<\/div>\r\n\t\t\r\n\t\t<div class=\"cs-entry__inner cs-entry__content\">\r\n\t\t\t<div class=\"cs-entry__info\">\r\n\t\t\t\t<h2 class=\"cs-entry__title\"><a href=\"https:\/\/agetech.pl\/index.php\/2025\/11\/16\/ageizm-w-wojsku-cichy-problem-w-hierarchii-munduru\/\">Ageizm w wojsku \u2014 cichy problem w hierarchii munduru<\/a><\/h2>\r\n\t\t\t\t\t\t\t\t\t\t<div class=\"cs-entry__excerpt\">\r\n\t\t\t\t\t\t\tStarzenie si\u0119 populacji i rosn\u0105ce napi\u0119cia geopolityczne wymuszaj\u0105 g\u0142\u0119bok\u0105 refleksj\u0119 nad rol\u0105 wieku w si\u0142ach zbrojnych. W badaniach dotycz\u0105cych postrzegania starszych rekrut\u00f3w coraz wyra\u017aniej&hellip;\t\t\t\t\t\t<\/div>\r\n\t\t\t\t\t\t\t\t\t<\/div>\r\n\r\n\t\t\t\t\t\t\t<div class=\"cs-entry__meta\">\r\n\t\t\t\t\t\t\t\t\t\t\t<div class=\"cs-entry__meta-category\">\r\n\t\t\t\t\t\t\t<div class=\"cs-entry__post-meta\" ><div class=\"cs-meta-category\"><ul class=\"post-categories\"><li><a href=\"https:\/\/agetech.pl\/index.php\/category\/trendy\/\">Trendy<\/a><\/li><\/ul><\/div><\/div>\t\t\t\t\t\t<\/div>\r\n\t\t\t\t\t\t\t\t\t\t\t\t\t\t\t\t<div class=\"cs-entry__meta-content\">\r\n\t\t\t\t\t\t\t\t\t\t\t\t\t\t\t<div class=\"cs-entry__meta-date\">\r\n\t\t\t\t\t\t\t\t\t<div class=\"cs-entry__post-meta\" ><div class=\"cs-meta-date\">2025-11-16<\/div><\/div>\t\t\t\t\t\t\t\t<\/div>\r\n\t\t\t\t\t\t\t\t\t\t\t\t\t\t\t\t\t\t\t\t\t\t<div class=\"cs-entry__meta-author\">\r\n\t\t\t\t\t\t\t\t\t<div class=\"cs-entry__post-meta\" ><div class=\"cs-meta-author\"><a class=\"cs-meta-author-link url fn n\" href=\"https:\/\/agetech.pl\/index.php\/author\/redaktor\/\"><span class=\"cs-meta-author-by\">autor:<\/span><span class=\"cs-meta-author-name\">Bernard Go\u0142ko<\/span><\/a><\/div><\/div>\t\t\t\t\t\t\t\t<\/div>\r\n\t\t\t\t\t\t\t\t\t\t\t\t\t<\/div>\r\n\t\t\t\t\t\t\t\t\t<\/div>\r\n\t\t\t\t\t<\/div>\r\n\t<\/div>\r\n<\/article>\r\n\t\t\t\t\t\t\t\t<\/div>\r\n\t\t\t\t\t\t\t<\/div>\r\n\t\t\t\t\t\t<\/div>\r\n\t\t\t\t\t\t\t\t<\/section>\r\n\t\t\t\t\t\t<\/div>\n\t\t\t\t<\/div>\n\t\t\t\t<\/div>\n\t\t\t\t<div class=\"elementor-element elementor-element-fa0f932 cs-dividervertical elementor-hidden-mobile cs-divider-laptophorizontal cs-divider-tablethorizontal cs-divider-mobilehorizontal elementor-widget elementor-widget-cs-divider\" data-id=\"fa0f932\" data-element_type=\"widget\" data-widget_type=\"cs-divider.default\">\n\t\t\t\t<div class=\"elementor-widget-container\">\n\t\t\t\t\t\t\t<section class=\"cs-divider cs-divider-vertical\"><\/section>\r\n\t\t\t\t\t\t<\/div>\n\t\t\t\t<\/div>\n\t\t<div class=\"elementor-element elementor-element-9e2b3cb e-con-full e-flex e-con e-child\" data-id=\"9e2b3cb\" data-element_type=\"container\">\n\t\t\t\t<div class=\"elementor-element elementor-element-8eabcda elementor-widget elementor-widget-cs-posts\" data-id=\"8eabcda\" data-element_type=\"widget\" data-widget_type=\"cs-posts.default\">\n\t\t\t\t<div class=\"elementor-widget-container\">\n\t\t\t\t\t\t\t\t<section class=\"cs-posts cs-posts__horizontal\">\r\n\t\t\t\t\t\t\t\t\t\t<div class=\"cs-posts-area cs-posts-area-elementor \" data-posts-area=\"\">\r\n\t\t\t\t\t\t\t<div class=\"cs-posts-area__outer\">\r\n\r\n\t\t\t\t\t\t\t\t<div\r\n\t\t\t\t\t\t\t\tclass=\"cs-posts-area__main cs-posts-area__main-divider hide-mobile-devider\"\r\n\t\t\t\t\t\t\t\tdata-pc=\"1\"\r\n\t\t\t\t\t\t\t\tdata-lt=\"1\"\r\n\t\t\t\t\t\t\t\tdata-tb=\"1\"\r\n\t\t\t\t\t\t\t\tdata-mb=\"1\"\r\n\t\t\t\t\t\t\t\t>\r\n\t\t\t\t\t\t\t\t\t\r\n<article class=\"post-4900 post type-post status-publish format-standard has-post-thumbnail category-technologia category-trendy tag-armia tag-bezpieczenstwo tag-dual-use tag-technologia tag-wojsko tag-zolnierz cs-entry cs-video-wrap\">\r\n\r\n\t<div class=\"cs-entry__outer cs-entry__outer-full\">\r\n\t\t\t\t\t<div class=\"cs-entry__inner cs-entry__overlay cs-entry__thumbnail cs-overlay-ratio cs-ratio-landscape-16-9\">\r\n\r\n\t\t\t\t<div class=\"cs-overlay-background\">\r\n\t\t\t\t\t<img loading=\"lazy\" decoding=\"async\" width=\"527\" height=\"297\" src=\"https:\/\/agetech.pl\/wp-content\/uploads\/2025\/06\/Armia-przyszlosci-527x297.jpg\" class=\"attachment-csco-thumbnail size-csco-thumbnail wp-post-image\" alt=\"Armia przysz\u0142o\u015bci\" srcset=\"https:\/\/agetech.pl\/wp-content\/uploads\/2025\/06\/Armia-przyszlosci-527x297.jpg 527w, https:\/\/agetech.pl\/wp-content\/uploads\/2025\/06\/Armia-przyszlosci-1054x594.jpg 1054w, https:\/\/agetech.pl\/wp-content\/uploads\/2025\/06\/Armia-przyszlosci-688x387.jpg 688w, https:\/\/agetech.pl\/wp-content\/uploads\/2025\/06\/Armia-przyszlosci-1376x774.jpg 1376w, https:\/\/agetech.pl\/wp-content\/uploads\/2025\/06\/Armia-przyszlosci-1044x587.jpg 1044w, https:\/\/agetech.pl\/wp-content\/uploads\/2025\/06\/Armia-przyszlosci-2088x1174.jpg 2088w\" sizes=\"(max-width: 527px) 100vw, 527px\" \/>\t\t\t\t\t<img loading=\"lazy\" decoding=\"async\" width=\"527\" height=\"297\" src=\"https:\/\/agetech.pl\/wp-content\/uploads\/2025\/06\/Armia-przyszlosci-527x297.jpg\" class=\"attachment-csco-thumbnail size-csco-thumbnail wp-post-image\" alt=\"Armia przysz\u0142o\u015bci\" srcset=\"https:\/\/agetech.pl\/wp-content\/uploads\/2025\/06\/Armia-przyszlosci-527x297.jpg 527w, https:\/\/agetech.pl\/wp-content\/uploads\/2025\/06\/Armia-przyszlosci-1054x594.jpg 1054w, https:\/\/agetech.pl\/wp-content\/uploads\/2025\/06\/Armia-przyszlosci-688x387.jpg 688w, https:\/\/agetech.pl\/wp-content\/uploads\/2025\/06\/Armia-przyszlosci-1376x774.jpg 1376w, https:\/\/agetech.pl\/wp-content\/uploads\/2025\/06\/Armia-przyszlosci-1044x587.jpg 1044w, https:\/\/agetech.pl\/wp-content\/uploads\/2025\/06\/Armia-przyszlosci-2088x1174.jpg 2088w\" sizes=\"(max-width: 527px) 100vw, 527px\" \/>\t\t\t\t<\/div>\r\n\r\n\t\t\t\t\r\n\t\t\t\t\r\n\t\t\t\t\r\n\t\t\t\t<a href=\"https:\/\/agetech.pl\/index.php\/2025\/06\/29\/armia-przyszlosci-jak-agetech-odpowiada-na-wyzwania-demograficzne-w-wojsku\/\" class=\"cs-overlay-link\" title=\"Armia przysz\u0142o\u015bci: jak AgeTech odpowiada na wyzwania demograficzne w wojsku\"><\/a>\r\n\t\t\t<\/div>\r\n\t\t\r\n\t\t<div class=\"cs-entry__inner cs-entry__content cs-entry__content-horizontal\">\r\n\t\t\t<div class=\"cs-entry__info\">\r\n\t\t\t\t<h2 class=\"cs-entry__title\"><a href=\"https:\/\/agetech.pl\/index.php\/2025\/06\/29\/armia-przyszlosci-jak-agetech-odpowiada-na-wyzwania-demograficzne-w-wojsku\/\">Armia przysz\u0142o\u015bci: jak AgeTech odpowiada na wyzwania demograficzne w wojsku<\/a><\/h2>\r\n\t\t\t\t\t\t\t<\/div>\r\n\r\n\t\t\t\t\t\t\t<div class=\"cs-entry__meta\">\r\n\t\t\t\t\t\t\t\t\t\t\t<div class=\"cs-entry__meta-category\">\r\n\t\t\t\t\t\t\t<div class=\"cs-entry__post-meta\" ><div class=\"cs-meta-category\"><ul class=\"post-categories\"><li><a href=\"https:\/\/agetech.pl\/index.php\/category\/technologia\/\">Technologia<\/a><\/li><li><a href=\"https:\/\/agetech.pl\/index.php\/category\/trendy\/\">Trendy<\/a><\/li><\/ul><\/div><\/div>\t\t\t\t\t\t<\/div>\r\n\t\t\t\t\t\t\t\t\t\t\t\t\t\t\t\t<div class=\"cs-entry__meta-content\">\r\n\t\t\t\t\t\t\t\t\t\t\t\t\t\t\t<div class=\"cs-entry__meta-date\">\r\n\t\t\t\t\t\t\t\t\t<div class=\"cs-entry__post-meta\" ><div class=\"cs-meta-date\">2025-06-29<\/div><\/div>\t\t\t\t\t\t\t\t<\/div>\r\n\t\t\t\t\t\t\t\t\t\t\t\t\t\t\t\t\t\t\t\t\t\t<div class=\"cs-entry__meta-author\">\r\n\t\t\t\t\t\t\t\t\t<div class=\"cs-entry__post-meta\" ><div class=\"cs-meta-author\"><a class=\"cs-meta-author-link url fn n\" href=\"https:\/\/agetech.pl\/index.php\/author\/redaktor-jw\/\"><span class=\"cs-meta-author-by\">autor:<\/span><span class=\"cs-meta-author-name\">Jerzy Walczak<\/span><\/a><\/div><\/div>\t\t\t\t\t\t\t\t<\/div>\r\n\t\t\t\t\t\t\t\t\t\t\t\t\t<\/div>\r\n\t\t\t\t\t\t\t\t\t<\/div>\r\n\t\t\t\t\t<\/div>\r\n\r\n\t\t\r\n\t<\/div>\r\n<\/article>\r\n\r\n<article class=\"post-4851 post type-post status-publish format-standard has-post-thumbnail category-edukacja-seniora category-innowacje-dla-seniorow category-styl-zycia-seniora category-trendy category-zdrowie-seniorow tag-dual-use tag-neuroenhancement tag-spoleczenstwo tag-zdrowie cs-entry cs-video-wrap\">\r\n\r\n\t<div class=\"cs-entry__outer cs-entry__outer-full\">\r\n\t\t\t\t\t<div class=\"cs-entry__inner cs-entry__overlay cs-entry__thumbnail cs-overlay-ratio cs-ratio-landscape-16-9\">\r\n\r\n\t\t\t\t<div class=\"cs-overlay-background\">\r\n\t\t\t\t\t<img loading=\"lazy\" decoding=\"async\" width=\"527\" height=\"297\" src=\"https:\/\/agetech.pl\/wp-content\/uploads\/2025\/06\/jon-tyson-6RcT6zEmm9A-unsplash-527x297.jpg\" class=\"attachment-csco-thumbnail size-csco-thumbnail wp-post-image\" alt=\"Czym jest Neuroenhancement\" srcset=\"https:\/\/agetech.pl\/wp-content\/uploads\/2025\/06\/jon-tyson-6RcT6zEmm9A-unsplash-527x297.jpg 527w, https:\/\/agetech.pl\/wp-content\/uploads\/2025\/06\/jon-tyson-6RcT6zEmm9A-unsplash-1054x594.jpg 1054w, https:\/\/agetech.pl\/wp-content\/uploads\/2025\/06\/jon-tyson-6RcT6zEmm9A-unsplash-688x387.jpg 688w, https:\/\/agetech.pl\/wp-content\/uploads\/2025\/06\/jon-tyson-6RcT6zEmm9A-unsplash-1376x774.jpg 1376w, https:\/\/agetech.pl\/wp-content\/uploads\/2025\/06\/jon-tyson-6RcT6zEmm9A-unsplash-1044x587.jpg 1044w, https:\/\/agetech.pl\/wp-content\/uploads\/2025\/06\/jon-tyson-6RcT6zEmm9A-unsplash-2088x1174.jpg 2088w\" sizes=\"(max-width: 527px) 100vw, 527px\" \/>\t\t\t\t\t<img loading=\"lazy\" decoding=\"async\" width=\"527\" height=\"297\" src=\"https:\/\/agetech.pl\/wp-content\/uploads\/2025\/06\/jon-tyson-6RcT6zEmm9A-unsplash-527x297.jpg\" class=\"attachment-csco-thumbnail size-csco-thumbnail wp-post-image\" alt=\"Czym jest Neuroenhancement\" srcset=\"https:\/\/agetech.pl\/wp-content\/uploads\/2025\/06\/jon-tyson-6RcT6zEmm9A-unsplash-527x297.jpg 527w, https:\/\/agetech.pl\/wp-content\/uploads\/2025\/06\/jon-tyson-6RcT6zEmm9A-unsplash-1054x594.jpg 1054w, https:\/\/agetech.pl\/wp-content\/uploads\/2025\/06\/jon-tyson-6RcT6zEmm9A-unsplash-688x387.jpg 688w, https:\/\/agetech.pl\/wp-content\/uploads\/2025\/06\/jon-tyson-6RcT6zEmm9A-unsplash-1376x774.jpg 1376w, https:\/\/agetech.pl\/wp-content\/uploads\/2025\/06\/jon-tyson-6RcT6zEmm9A-unsplash-1044x587.jpg 1044w, https:\/\/agetech.pl\/wp-content\/uploads\/2025\/06\/jon-tyson-6RcT6zEmm9A-unsplash-2088x1174.jpg 2088w\" sizes=\"(max-width: 527px) 100vw, 527px\" \/>\t\t\t\t<\/div>\r\n\r\n\t\t\t\t\r\n\t\t\t\t\r\n\t\t\t\t\r\n\t\t\t\t<a href=\"https:\/\/agetech.pl\/index.php\/2025\/06\/25\/czym-jest-neuroenhancement-jeszcze-czlowiek-czy-juz-superczlowiek\/\" class=\"cs-overlay-link\" title=\"Czym jest neuroenhancement? Jeszcze cz\u0142owiek czy ju\u017c supercz\u0142owiek?\"><\/a>\r\n\t\t\t<\/div>\r\n\t\t\r\n\t\t<div class=\"cs-entry__inner cs-entry__content cs-entry__content-horizontal\">\r\n\t\t\t<div class=\"cs-entry__info\">\r\n\t\t\t\t<h2 class=\"cs-entry__title\"><a href=\"https:\/\/agetech.pl\/index.php\/2025\/06\/25\/czym-jest-neuroenhancement-jeszcze-czlowiek-czy-juz-superczlowiek\/\">Czym jest neuroenhancement? Jeszcze cz\u0142owiek czy ju\u017c supercz\u0142owiek?<\/a><\/h2>\r\n\t\t\t\t\t\t\t<\/div>\r\n\r\n\t\t\t\t\t\t\t<div class=\"cs-entry__meta\">\r\n\t\t\t\t\t\t\t\t\t\t\t<div class=\"cs-entry__meta-category\">\r\n\t\t\t\t\t\t\t<div class=\"cs-entry__post-meta\" ><div class=\"cs-meta-category\"><ul class=\"post-categories\"><li><a href=\"https:\/\/agetech.pl\/index.php\/category\/edukacja-seniora\/\">Edukacja<\/a><\/li><li><a href=\"https:\/\/agetech.pl\/index.php\/category\/innowacje-dla-seniorow\/\">Innowacje<\/a><\/li><li><a href=\"https:\/\/agetech.pl\/index.php\/category\/styl-zycia-seniora\/\">Styl \u017cycia<\/a><\/li><li><a href=\"https:\/\/agetech.pl\/index.php\/category\/trendy\/\">Trendy<\/a><\/li><li><a href=\"https:\/\/agetech.pl\/index.php\/category\/zdrowie-seniorow\/\">Zdrowie<\/a><\/li><\/ul><\/div><\/div>\t\t\t\t\t\t<\/div>\r\n\t\t\t\t\t\t\t\t\t\t\t\t\t\t\t\t<div class=\"cs-entry__meta-content\">\r\n\t\t\t\t\t\t\t\t\t\t\t\t\t\t\t<div class=\"cs-entry__meta-date\">\r\n\t\t\t\t\t\t\t\t\t<div class=\"cs-entry__post-meta\" ><div class=\"cs-meta-date\">2025-06-25<\/div><\/div>\t\t\t\t\t\t\t\t<\/div>\r\n\t\t\t\t\t\t\t\t\t\t\t\t\t\t\t\t\t\t\t\t\t\t<div class=\"cs-entry__meta-author\">\r\n\t\t\t\t\t\t\t\t\t<div class=\"cs-entry__post-meta\" ><div class=\"cs-meta-author\"><a class=\"cs-meta-author-link url fn n\" href=\"https:\/\/agetech.pl\/index.php\/author\/redaktor\/\"><span class=\"cs-meta-author-by\">autor:<\/span><span class=\"cs-meta-author-name\">Bernard Go\u0142ko<\/span><\/a><\/div><\/div>\t\t\t\t\t\t\t\t<\/div>\r\n\t\t\t\t\t\t\t\t\t\t\t\t\t<\/div>\r\n\t\t\t\t\t\t\t\t\t<\/div>\r\n\t\t\t\t\t<\/div>\r\n\r\n\t\t\r\n\t<\/div>\r\n<\/article>\r\n\r\n<article class=\"post-4763 post type-post status-publish format-standard has-post-thumbnail category-innowacje-dla-seniorow category-technologia tag-dual-use tag-wojsko cs-entry cs-video-wrap\">\r\n\r\n\t<div class=\"cs-entry__outer cs-entry__outer-full\">\r\n\t\t\t\t\t<div class=\"cs-entry__inner cs-entry__overlay cs-entry__thumbnail cs-overlay-ratio cs-ratio-landscape-16-9\">\r\n\r\n\t\t\t\t<div class=\"cs-overlay-background\">\r\n\t\t\t\t\t<img loading=\"lazy\" decoding=\"async\" width=\"527\" height=\"297\" src=\"https:\/\/agetech.pl\/wp-content\/uploads\/2025\/06\/marek-studzinski-UtNtKWMthOM-unsplash-527x297.jpg\" class=\"attachment-csco-thumbnail size-csco-thumbnail wp-post-image\" alt=\"Czym jest technologia Dual Use\" srcset=\"https:\/\/agetech.pl\/wp-content\/uploads\/2025\/06\/marek-studzinski-UtNtKWMthOM-unsplash-527x297.jpg 527w, https:\/\/agetech.pl\/wp-content\/uploads\/2025\/06\/marek-studzinski-UtNtKWMthOM-unsplash-1054x594.jpg 1054w, https:\/\/agetech.pl\/wp-content\/uploads\/2025\/06\/marek-studzinski-UtNtKWMthOM-unsplash-688x387.jpg 688w, https:\/\/agetech.pl\/wp-content\/uploads\/2025\/06\/marek-studzinski-UtNtKWMthOM-unsplash-1376x774.jpg 1376w, https:\/\/agetech.pl\/wp-content\/uploads\/2025\/06\/marek-studzinski-UtNtKWMthOM-unsplash-1044x587.jpg 1044w, https:\/\/agetech.pl\/wp-content\/uploads\/2025\/06\/marek-studzinski-UtNtKWMthOM-unsplash-2088x1174.jpg 2088w\" sizes=\"(max-width: 527px) 100vw, 527px\" \/>\t\t\t\t\t<img loading=\"lazy\" decoding=\"async\" width=\"527\" height=\"297\" src=\"https:\/\/agetech.pl\/wp-content\/uploads\/2025\/06\/marek-studzinski-UtNtKWMthOM-unsplash-527x297.jpg\" class=\"attachment-csco-thumbnail size-csco-thumbnail wp-post-image\" alt=\"Czym jest technologia Dual Use\" srcset=\"https:\/\/agetech.pl\/wp-content\/uploads\/2025\/06\/marek-studzinski-UtNtKWMthOM-unsplash-527x297.jpg 527w, https:\/\/agetech.pl\/wp-content\/uploads\/2025\/06\/marek-studzinski-UtNtKWMthOM-unsplash-1054x594.jpg 1054w, https:\/\/agetech.pl\/wp-content\/uploads\/2025\/06\/marek-studzinski-UtNtKWMthOM-unsplash-688x387.jpg 688w, https:\/\/agetech.pl\/wp-content\/uploads\/2025\/06\/marek-studzinski-UtNtKWMthOM-unsplash-1376x774.jpg 1376w, https:\/\/agetech.pl\/wp-content\/uploads\/2025\/06\/marek-studzinski-UtNtKWMthOM-unsplash-1044x587.jpg 1044w, https:\/\/agetech.pl\/wp-content\/uploads\/2025\/06\/marek-studzinski-UtNtKWMthOM-unsplash-2088x1174.jpg 2088w\" sizes=\"(max-width: 527px) 100vw, 527px\" \/>\t\t\t\t<\/div>\r\n\r\n\t\t\t\t\r\n\t\t\t\t\r\n\t\t\t\t\r\n\t\t\t\t<a href=\"https:\/\/agetech.pl\/index.php\/2025\/06\/21\/dual-use-i-agetech-kiedy-jedna-technologia-sluzy-zarowno-wojsku-jak-i-seniorom\/\" class=\"cs-overlay-link\" title=\"Dual-use i AgeTech: kiedy jedna technologia s\u0142u\u017cy zar\u00f3wno wojsku, jak i seniorom\"><\/a>\r\n\t\t\t<\/div>\r\n\t\t\r\n\t\t<div class=\"cs-entry__inner cs-entry__content cs-entry__content-horizontal\">\r\n\t\t\t<div class=\"cs-entry__info\">\r\n\t\t\t\t<h2 class=\"cs-entry__title\"><a href=\"https:\/\/agetech.pl\/index.php\/2025\/06\/21\/dual-use-i-agetech-kiedy-jedna-technologia-sluzy-zarowno-wojsku-jak-i-seniorom\/\">Dual-use i AgeTech: kiedy jedna technologia s\u0142u\u017cy zar\u00f3wno wojsku, jak i seniorom<\/a><\/h2>\r\n\t\t\t\t\t\t\t<\/div>\r\n\r\n\t\t\t\t\t\t\t<div class=\"cs-entry__meta\">\r\n\t\t\t\t\t\t\t\t\t\t\t<div class=\"cs-entry__meta-category\">\r\n\t\t\t\t\t\t\t<div class=\"cs-entry__post-meta\" ><div class=\"cs-meta-category\"><ul class=\"post-categories\"><li><a href=\"https:\/\/agetech.pl\/index.php\/category\/innowacje-dla-seniorow\/\">Innowacje<\/a><\/li><li><a href=\"https:\/\/agetech.pl\/index.php\/category\/technologia\/\">Technologia<\/a><\/li><\/ul><\/div><\/div>\t\t\t\t\t\t<\/div>\r\n\t\t\t\t\t\t\t\t\t\t\t\t\t\t\t\t<div class=\"cs-entry__meta-content\">\r\n\t\t\t\t\t\t\t\t\t\t\t\t\t\t\t<div class=\"cs-entry__meta-date\">\r\n\t\t\t\t\t\t\t\t\t<div class=\"cs-entry__post-meta\" ><div class=\"cs-meta-date\">2025-06-21<\/div><\/div>\t\t\t\t\t\t\t\t<\/div>\r\n\t\t\t\t\t\t\t\t\t\t\t\t\t\t\t\t\t\t\t\t\t\t<div class=\"cs-entry__meta-author\">\r\n\t\t\t\t\t\t\t\t\t<div class=\"cs-entry__post-meta\" ><div class=\"cs-meta-author\"><a class=\"cs-meta-author-link url fn n\" href=\"https:\/\/agetech.pl\/index.php\/author\/adminagetech\/\"><span class=\"cs-meta-author-by\">autor:<\/span><span class=\"cs-meta-author-name\">Redakcja AgeTech<\/span><\/a><\/div><\/div>\t\t\t\t\t\t\t\t<\/div>\r\n\t\t\t\t\t\t\t\t\t\t\t\t\t<\/div>\r\n\t\t\t\t\t\t\t\t\t<\/div>\r\n\t\t\t\t\t<\/div>\r\n\r\n\t\t\r\n\t<\/div>\r\n<\/article>\r\n\t\t\t\t\t\t\t\t<\/div>\r\n\t\t\t\t\t\t\t<\/div>\r\n\t\t\t\t\t\t<\/div>\r\n\t\t\t\t\t\t\t\t<\/section>\r\n\t\t\t\t\t\t<\/div>\n\t\t\t\t<\/div>\n\t\t\t\t<\/div>\n\t\t\t\t<\/div>\n\t\t\t\t\t<\/div>\n\t\t\t\t<\/div>\n\t\t<div class=\"elementor-element elementor-element-24ec5b2 e-flex e-con-boxed e-con e-parent\" data-id=\"24ec5b2\" data-element_type=\"container\">\n\t\t\t\t\t<div class=\"e-con-inner\">\n\t\t\t\t<div class=\"elementor-element elementor-element-9a2496a elementor-widget elementor-widget-cs-post-carousel\" data-id=\"9a2496a\" data-element_type=\"widget\" data-widget_type=\"cs-post-carousel.default\">\n\t\t\t\t<div class=\"elementor-widget-container\">\n\t\t\t\t\t\r\n\t\t<section\r\n\t\tclass=\"cs-post-carousel cs-posts__tile\"\r\n\t\tdata-cs-type=\"tile\"\r\n\t\tdata-cs-loop=\"true\"\r\n\t\t>\r\n\t\t\t<div class=\"cs-post-carousel__headline\">\r\n\t\t\t\t<div class=\"cs-post-carousel__headline-container\">\r\n\t\t\t\t\t\t\t\t\t\t\t<a href=\"https:\/\/agetech.pl\/index.php\/category\/innowacje-dla-seniorow\/\" class=\"cs-post-carousel__heading\">\r\n\t\t\t\t\t\t\t<span>\r\n\t\t\t\t\t\t\t\tInnowacje\t\t\t\t\t\t\t<\/span>\r\n\t\t\t\t\t\t<\/a>\r\n\t\t\t\t\t\r\n\t\t\t\t\t<div class=\"cs-post-carousel__nav\">\r\n\t\t\t\t\t\t<div class=\"cs-post-carousel__button-prev\"><\/div>\r\n\t\t\t\t\t\t<div class=\"cs-post-carousel__button-next\"><\/div>\r\n\t\t\t\t\t<\/div>\r\n\t\t\t\t<\/div>\r\n\t\t\t<\/div>\r\n\r\n\t\t\t\r\n\t\t\t\t<div class=\"cs-post-carousel__wrapper cs-posts-area__post-carousel cs-post-carousel__grid\">\r\n\t\t\t\t\t\r\n<article class=\"cs-post-carousel__item swiper-slide post-5296 post type-post status-publish format-standard has-post-thumbnail category-innowacje-dla-seniorow category-zdrowie-seniorow tag-bioptinting tag-transplantacje tag-usa cs-entry cs-video-wrap\">\r\n\t<div\r\n\tclass=\"cs-entry__outer cs-entry__overlay cs-overlay-ratio cs-ratio-portrait\"\r\n\tdata-scheme=\"inverse\"\r\n\t>\r\n\r\n\t\t<div class=\"cs-entry__inner cs-entry__thumbnail cs-entry__tile\">\r\n\r\n\t\t\t<div class=\"cs-overlay-background\">\r\n\t\t\t\t\t\t\t\t\t<img loading=\"lazy\" decoding=\"async\" width=\"527\" height=\"703\" src=\"https:\/\/agetech.pl\/wp-content\/uploads\/2026\/01\/julien-tromeur-7mnp_gV8TUA-unsplash-527x703.jpg\" class=\"attachment-csco-thumbnail-vertical size-csco-thumbnail-vertical wp-post-image\" alt=\"Bioprinting 3d w transplantologii\" srcset=\"https:\/\/agetech.pl\/wp-content\/uploads\/2026\/01\/julien-tromeur-7mnp_gV8TUA-unsplash-527x703.jpg 527w, https:\/\/agetech.pl\/wp-content\/uploads\/2026\/01\/julien-tromeur-7mnp_gV8TUA-unsplash-1054x1406.jpg 1054w\" sizes=\"(max-width: 527px) 100vw, 527px\" \/>\t\t\t\t\t<img loading=\"lazy\" decoding=\"async\" width=\"527\" height=\"703\" src=\"https:\/\/agetech.pl\/wp-content\/uploads\/2026\/01\/julien-tromeur-7mnp_gV8TUA-unsplash-527x703.jpg\" class=\"attachment-csco-thumbnail-vertical size-csco-thumbnail-vertical wp-post-image\" alt=\"Bioprinting 3d w transplantologii\" srcset=\"https:\/\/agetech.pl\/wp-content\/uploads\/2026\/01\/julien-tromeur-7mnp_gV8TUA-unsplash-527x703.jpg 527w, https:\/\/agetech.pl\/wp-content\/uploads\/2026\/01\/julien-tromeur-7mnp_gV8TUA-unsplash-1054x1406.jpg 1054w\" sizes=\"(max-width: 527px) 100vw, 527px\" \/>\t\t\t\t\t\t\t<\/div>\r\n\r\n\t\t\t\r\n\t\t\t\r\n\t\t<\/div>\r\n\r\n\t\t<div class=\"cs-entry__inner cs-entry__content cs-overlay-content\">\r\n\t\t\t<div class=\"cs-entry__info\">\r\n\t\t\t\t<h2 class=\"cs-entry__title\">Bioprinting 3D \u2013 drukowane narz\u0105dy mog\u0105 zmieni\u0107 medycyn\u0119<\/h2>\r\n\t\t\t\t\t\t\t<\/div>\r\n\r\n\t\t\t<a class=\"cs-overlay-link\" href=\"https:\/\/agetech.pl\/index.php\/2026\/01\/30\/bioprinting-3d-drukowane-narzady-moga-zmienic-medycyne\/\" title=\"Bioprinting 3D \u2013 drukowane narz\u0105dy mog\u0105 zmieni\u0107 medycyn\u0119\"><\/a>\r\n\r\n\t\t\t\t\t\t\t<div class=\"cs-entry__meta cs-entry__meta-overlay\">\r\n\t\t\t\t\t\t\t\t\t\t\t<div class=\"cs-entry__meta-category\">\r\n\t\t\t\t\t\t\t<div class=\"cs-entry__post-meta\" ><div class=\"cs-meta-category\"><ul class=\"post-categories\"><li><a href=\"https:\/\/agetech.pl\/index.php\/category\/innowacje-dla-seniorow\/\">Innowacje<\/a><\/li><li><a href=\"https:\/\/agetech.pl\/index.php\/category\/zdrowie-seniorow\/\">Zdrowie<\/a><\/li><\/ul><\/div><\/div>\t\t\t\t\t\t<\/div>\r\n\t\t\t\t\t\t\t\t\t\t\t\t\t\t\t\t<div class=\"cs-entry__meta-content\">\r\n\t\t\t\t\t\t\t\t\t\t\t\t\t\t\t<div class=\"cs-entry__meta-date\">\r\n\t\t\t\t\t\t\t\t\t<div class=\"cs-entry__post-meta\" ><div class=\"cs-meta-date\">2026-01-30<\/div><\/div>\t\t\t\t\t\t\t\t<\/div>\r\n\t\t\t\t\t\t\t\t\t\t\t\t\t\t\t\t\t\t\t\t<\/div>\r\n\t\t\t\t\t\t\t\t\t<\/div>\r\n\t\t\t\t\t<\/div>\r\n\t<\/div>\r\n<\/article>\r\n\r\n<article class=\"cs-post-carousel__item swiper-slide post-5169 post type-post status-publish format-standard has-post-thumbnail category-innowacje-dla-seniorow category-inwestycje-w-technologie-agetech category-technologia category-trendy tag-demografia tag-finanse tag-inwestycje tag-spoleczenstwo tag-vc cs-entry cs-video-wrap\">\r\n\t<div\r\n\tclass=\"cs-entry__outer cs-entry__overlay cs-overlay-ratio cs-ratio-portrait\"\r\n\tdata-scheme=\"inverse\"\r\n\t>\r\n\r\n\t\t<div class=\"cs-entry__inner cs-entry__thumbnail cs-entry__tile\">\r\n\r\n\t\t\t<div class=\"cs-overlay-background\">\r\n\t\t\t\t\t\t\t\t\t<img loading=\"lazy\" decoding=\"async\" width=\"527\" height=\"703\" src=\"https:\/\/agetech.pl\/wp-content\/uploads\/2025\/09\/Inwestycje-w-technologie-dla-seniorow-527x703.jpg\" class=\"attachment-csco-thumbnail-vertical size-csco-thumbnail-vertical wp-post-image\" alt=\"\" srcset=\"https:\/\/agetech.pl\/wp-content\/uploads\/2025\/09\/Inwestycje-w-technologie-dla-seniorow-527x703.jpg 527w, https:\/\/agetech.pl\/wp-content\/uploads\/2025\/09\/Inwestycje-w-technologie-dla-seniorow-1054x1406.jpg 1054w\" sizes=\"(max-width: 527px) 100vw, 527px\" \/>\t\t\t\t\t<img loading=\"lazy\" decoding=\"async\" width=\"527\" height=\"703\" src=\"https:\/\/agetech.pl\/wp-content\/uploads\/2025\/09\/Inwestycje-w-technologie-dla-seniorow-527x703.jpg\" class=\"attachment-csco-thumbnail-vertical size-csco-thumbnail-vertical wp-post-image\" alt=\"\" srcset=\"https:\/\/agetech.pl\/wp-content\/uploads\/2025\/09\/Inwestycje-w-technologie-dla-seniorow-527x703.jpg 527w, https:\/\/agetech.pl\/wp-content\/uploads\/2025\/09\/Inwestycje-w-technologie-dla-seniorow-1054x1406.jpg 1054w\" sizes=\"(max-width: 527px) 100vw, 527px\" \/>\t\t\t\t\t\t\t<\/div>\r\n\r\n\t\t\t\r\n\t\t\t\r\n\t\t<\/div>\r\n\r\n\t\t<div class=\"cs-entry__inner cs-entry__content cs-overlay-content\">\r\n\t\t\t<div class=\"cs-entry__info\">\r\n\t\t\t\t<h2 class=\"cs-entry__title\">Inwestycje w technologie dla senior\u00f3w: czy AgeTech to nowa gor\u0105ca ba\u0144ka, czy trwa\u0142a szansa inwestycyjna?<\/h2>\r\n\t\t\t\t\t\t\t<\/div>\r\n\r\n\t\t\t<a class=\"cs-overlay-link\" href=\"https:\/\/agetech.pl\/index.php\/2025\/09\/12\/inwestycje-w-technologie-dla-seniorow-czy-agetech-to-nowa-goraca-banka-czy-trwala-szansa-inwestycyjna\/\" title=\"Inwestycje w technologie dla senior\u00f3w: czy AgeTech to nowa gor\u0105ca ba\u0144ka, czy trwa\u0142a szansa inwestycyjna?\"><\/a>\r\n\r\n\t\t\t\t\t\t\t<div class=\"cs-entry__meta cs-entry__meta-overlay\">\r\n\t\t\t\t\t\t\t\t\t\t\t<div class=\"cs-entry__meta-category\">\r\n\t\t\t\t\t\t\t<div class=\"cs-entry__post-meta\" ><div class=\"cs-meta-category\"><ul class=\"post-categories\"><li><a href=\"https:\/\/agetech.pl\/index.php\/category\/innowacje-dla-seniorow\/\">Innowacje<\/a><\/li><li><a href=\"https:\/\/agetech.pl\/index.php\/category\/inwestycje-w-technologie-agetech\/\">Inwestycje<\/a><\/li><li><a href=\"https:\/\/agetech.pl\/index.php\/category\/technologia\/\">Technologia<\/a><\/li><li><a href=\"https:\/\/agetech.pl\/index.php\/category\/trendy\/\">Trendy<\/a><\/li><\/ul><\/div><\/div>\t\t\t\t\t\t<\/div>\r\n\t\t\t\t\t\t\t\t\t\t\t\t\t\t\t\t<div class=\"cs-entry__meta-content\">\r\n\t\t\t\t\t\t\t\t\t\t\t\t\t\t\t<div class=\"cs-entry__meta-date\">\r\n\t\t\t\t\t\t\t\t\t<div class=\"cs-entry__post-meta\" ><div class=\"cs-meta-date\">2025-09-12<\/div><\/div>\t\t\t\t\t\t\t\t<\/div>\r\n\t\t\t\t\t\t\t\t\t\t\t\t\t\t\t\t\t\t\t\t<\/div>\r\n\t\t\t\t\t\t\t\t\t<\/div>\r\n\t\t\t\t\t<\/div>\r\n\t<\/div>\r\n<\/article>\r\n\r\n<article class=\"cs-post-carousel__item swiper-slide post-5166 post type-post status-publish format-standard has-post-thumbnail category-innowacje-dla-seniorow category-opieka-nad-seniorami category-technologia category-zdrowie-seniorow tag-ai tag-inwestycje tag-opieka tag-startup tag-zdrowie cs-entry cs-video-wrap\">\r\n\t<div\r\n\tclass=\"cs-entry__outer cs-entry__overlay cs-overlay-ratio cs-ratio-portrait\"\r\n\tdata-scheme=\"inverse\"\r\n\t>\r\n\r\n\t\t<div class=\"cs-entry__inner cs-entry__thumbnail cs-entry__tile\">\r\n\r\n\t\t\t<div class=\"cs-overlay-background\">\r\n\t\t\t\t\t\t\t\t\t<img loading=\"lazy\" decoding=\"async\" width=\"527\" height=\"703\" src=\"https:\/\/agetech.pl\/wp-content\/uploads\/2025\/09\/Wczesne-wykrywanie-demencji-527x703.jpg\" class=\"attachment-csco-thumbnail-vertical size-csco-thumbnail-vertical wp-post-image\" alt=\"Wczesne wykrywanie demencji\" srcset=\"https:\/\/agetech.pl\/wp-content\/uploads\/2025\/09\/Wczesne-wykrywanie-demencji-527x703.jpg 527w, https:\/\/agetech.pl\/wp-content\/uploads\/2025\/09\/Wczesne-wykrywanie-demencji-1054x1406.jpg 1054w\" sizes=\"(max-width: 527px) 100vw, 527px\" \/>\t\t\t\t\t<img loading=\"lazy\" decoding=\"async\" width=\"527\" height=\"703\" src=\"https:\/\/agetech.pl\/wp-content\/uploads\/2025\/09\/Wczesne-wykrywanie-demencji-527x703.jpg\" class=\"attachment-csco-thumbnail-vertical size-csco-thumbnail-vertical wp-post-image\" alt=\"Wczesne wykrywanie demencji\" srcset=\"https:\/\/agetech.pl\/wp-content\/uploads\/2025\/09\/Wczesne-wykrywanie-demencji-527x703.jpg 527w, https:\/\/agetech.pl\/wp-content\/uploads\/2025\/09\/Wczesne-wykrywanie-demencji-1054x1406.jpg 1054w\" sizes=\"(max-width: 527px) 100vw, 527px\" \/>\t\t\t\t\t\t\t<\/div>\r\n\r\n\t\t\t\r\n\t\t\t\r\n\t\t<\/div>\r\n\r\n\t\t<div class=\"cs-entry__inner cs-entry__content cs-overlay-content\">\r\n\t\t\t<div class=\"cs-entry__info\">\r\n\t\t\t\t<h2 class=\"cs-entry__title\">Wczesne wykrywanie demencji: prze\u0142omowe trendy 2025 roku<\/h2>\r\n\t\t\t\t\t\t\t<\/div>\r\n\r\n\t\t\t<a class=\"cs-overlay-link\" href=\"https:\/\/agetech.pl\/index.php\/2025\/09\/10\/wczesne-wykrywanie-demencji-przelomowe-trendy-2025-roku\/\" title=\"Wczesne wykrywanie demencji: prze\u0142omowe trendy 2025 roku\"><\/a>\r\n\r\n\t\t\t\t\t\t\t<div class=\"cs-entry__meta cs-entry__meta-overlay\">\r\n\t\t\t\t\t\t\t\t\t\t\t<div class=\"cs-entry__meta-category\">\r\n\t\t\t\t\t\t\t<div class=\"cs-entry__post-meta\" ><div class=\"cs-meta-category\"><ul class=\"post-categories\"><li><a href=\"https:\/\/agetech.pl\/index.php\/category\/innowacje-dla-seniorow\/\">Innowacje<\/a><\/li><li><a href=\"https:\/\/agetech.pl\/index.php\/category\/opieka-nad-seniorami\/\">Opieka<\/a><\/li><li><a href=\"https:\/\/agetech.pl\/index.php\/category\/technologia\/\">Technologia<\/a><\/li><li><a href=\"https:\/\/agetech.pl\/index.php\/category\/zdrowie-seniorow\/\">Zdrowie<\/a><\/li><\/ul><\/div><\/div>\t\t\t\t\t\t<\/div>\r\n\t\t\t\t\t\t\t\t\t\t\t\t\t\t\t\t<div class=\"cs-entry__meta-content\">\r\n\t\t\t\t\t\t\t\t\t\t\t\t\t\t\t<div class=\"cs-entry__meta-date\">\r\n\t\t\t\t\t\t\t\t\t<div class=\"cs-entry__post-meta\" ><div class=\"cs-meta-date\">2025-09-10<\/div><\/div>\t\t\t\t\t\t\t\t<\/div>\r\n\t\t\t\t\t\t\t\t\t\t\t\t\t\t\t\t\t\t\t\t<\/div>\r\n\t\t\t\t\t\t\t\t\t<\/div>\r\n\t\t\t\t\t<\/div>\r\n\t<\/div>\r\n<\/article>\r\n\r\n<article class=\"cs-post-carousel__item swiper-slide post-5157 post type-post status-publish format-standard has-post-thumbnail category-finanse category-innowacje-dla-seniorow category-technologia category-trendy tag-finanse tag-gospodarka tag-inwestycje tag-spoleczenstwo tag-startup cs-entry cs-video-wrap\">\r\n\t<div\r\n\tclass=\"cs-entry__outer cs-entry__overlay cs-overlay-ratio cs-ratio-portrait\"\r\n\tdata-scheme=\"inverse\"\r\n\t>\r\n\r\n\t\t<div class=\"cs-entry__inner cs-entry__thumbnail cs-entry__tile\">\r\n\r\n\t\t\t<div class=\"cs-overlay-background\">\r\n\t\t\t\t\t\t\t\t\t<img loading=\"lazy\" decoding=\"async\" width=\"527\" height=\"703\" src=\"https:\/\/agetech.pl\/wp-content\/uploads\/2025\/09\/CABHI-AgeTech-Insights-527x703.jpg\" class=\"attachment-csco-thumbnail-vertical size-csco-thumbnail-vertical wp-post-image\" alt=\"CABHI AgeTech Insights\" srcset=\"https:\/\/agetech.pl\/wp-content\/uploads\/2025\/09\/CABHI-AgeTech-Insights-527x703.jpg 527w, https:\/\/agetech.pl\/wp-content\/uploads\/2025\/09\/CABHI-AgeTech-Insights-1054x1406.jpg 1054w\" sizes=\"(max-width: 527px) 100vw, 527px\" \/>\t\t\t\t\t<img loading=\"lazy\" decoding=\"async\" width=\"527\" height=\"703\" src=\"https:\/\/agetech.pl\/wp-content\/uploads\/2025\/09\/CABHI-AgeTech-Insights-527x703.jpg\" class=\"attachment-csco-thumbnail-vertical size-csco-thumbnail-vertical wp-post-image\" alt=\"CABHI AgeTech Insights\" srcset=\"https:\/\/agetech.pl\/wp-content\/uploads\/2025\/09\/CABHI-AgeTech-Insights-527x703.jpg 527w, https:\/\/agetech.pl\/wp-content\/uploads\/2025\/09\/CABHI-AgeTech-Insights-1054x1406.jpg 1054w\" sizes=\"(max-width: 527px) 100vw, 527px\" \/>\t\t\t\t\t\t\t<\/div>\r\n\r\n\t\t\t\r\n\t\t\t\r\n\t\t<\/div>\r\n\r\n\t\t<div class=\"cs-entry__inner cs-entry__content cs-overlay-content\">\r\n\t\t\t<div class=\"cs-entry__info\">\r\n\t\t\t\t<h2 class=\"cs-entry__title\">CABHI AgeTech Insights: Kanada buduje globaln\u0105 przewag\u0119 w 2-bilionowym rynku technologii senioralnych<\/h2>\r\n\t\t\t\t\t\t\t<\/div>\r\n\r\n\t\t\t<a class=\"cs-overlay-link\" href=\"https:\/\/agetech.pl\/index.php\/2025\/09\/05\/cabhi-agetech-insights-kanada-buduje-globalna-przewage-w-2-bilionowym-rynku-technologii-senioralnych\/\" title=\"CABHI AgeTech Insights: Kanada buduje globaln\u0105 przewag\u0119 w 2-bilionowym rynku technologii senioralnych\"><\/a>\r\n\r\n\t\t\t\t\t\t\t<div class=\"cs-entry__meta cs-entry__meta-overlay\">\r\n\t\t\t\t\t\t\t\t\t\t\t<div class=\"cs-entry__meta-category\">\r\n\t\t\t\t\t\t\t<div class=\"cs-entry__post-meta\" ><div class=\"cs-meta-category\"><ul class=\"post-categories\"><li><a href=\"https:\/\/agetech.pl\/index.php\/category\/finanse\/\">Finanse<\/a><\/li><li><a href=\"https:\/\/agetech.pl\/index.php\/category\/innowacje-dla-seniorow\/\">Innowacje<\/a><\/li><li><a href=\"https:\/\/agetech.pl\/index.php\/category\/technologia\/\">Technologia<\/a><\/li><li><a href=\"https:\/\/agetech.pl\/index.php\/category\/trendy\/\">Trendy<\/a><\/li><\/ul><\/div><\/div>\t\t\t\t\t\t<\/div>\r\n\t\t\t\t\t\t\t\t\t\t\t\t\t\t\t\t<div class=\"cs-entry__meta-content\">\r\n\t\t\t\t\t\t\t\t\t\t\t\t\t\t\t<div class=\"cs-entry__meta-date\">\r\n\t\t\t\t\t\t\t\t\t<div class=\"cs-entry__post-meta\" ><div class=\"cs-meta-date\">2025-09-05<\/div><\/div>\t\t\t\t\t\t\t\t<\/div>\r\n\t\t\t\t\t\t\t\t\t\t\t\t\t\t\t\t\t\t\t\t<\/div>\r\n\t\t\t\t\t\t\t\t\t<\/div>\r\n\t\t\t\t\t<\/div>\r\n\t<\/div>\r\n<\/article>\r\n\r\n<article class=\"cs-post-carousel__item swiper-slide post-5135 post type-post status-publish format-standard has-post-thumbnail category-innowacje-dla-seniorow category-technologia category-trendy category-zdrowie-seniorow tag-ai tag-opieka tag-spoleczenstwo tag-zdrowie cs-entry cs-video-wrap\">\r\n\t<div\r\n\tclass=\"cs-entry__outer cs-entry__overlay cs-overlay-ratio cs-ratio-portrait\"\r\n\tdata-scheme=\"inverse\"\r\n\t>\r\n\r\n\t\t<div class=\"cs-entry__inner cs-entry__thumbnail cs-entry__tile\">\r\n\r\n\t\t\t<div class=\"cs-overlay-background\">\r\n\t\t\t\t\t\t\t\t\t<img loading=\"lazy\" decoding=\"async\" width=\"527\" height=\"703\" src=\"https:\/\/agetech.pl\/wp-content\/uploads\/2025\/08\/Cyberbezpieczenstwo-527x703.jpg\" class=\"attachment-csco-thumbnail-vertical size-csco-thumbnail-vertical wp-post-image\" alt=\"Cyberbezpiecze\u0144stwo\" srcset=\"https:\/\/agetech.pl\/wp-content\/uploads\/2025\/08\/Cyberbezpieczenstwo-527x703.jpg 527w, https:\/\/agetech.pl\/wp-content\/uploads\/2025\/08\/Cyberbezpieczenstwo-1054x1406.jpg 1054w\" sizes=\"(max-width: 527px) 100vw, 527px\" \/>\t\t\t\t\t<img loading=\"lazy\" decoding=\"async\" width=\"527\" height=\"703\" src=\"https:\/\/agetech.pl\/wp-content\/uploads\/2025\/08\/Cyberbezpieczenstwo-527x703.jpg\" class=\"attachment-csco-thumbnail-vertical size-csco-thumbnail-vertical wp-post-image\" alt=\"Cyberbezpiecze\u0144stwo\" srcset=\"https:\/\/agetech.pl\/wp-content\/uploads\/2025\/08\/Cyberbezpieczenstwo-527x703.jpg 527w, https:\/\/agetech.pl\/wp-content\/uploads\/2025\/08\/Cyberbezpieczenstwo-1054x1406.jpg 1054w\" sizes=\"(max-width: 527px) 100vw, 527px\" \/>\t\t\t\t\t\t\t<\/div>\r\n\r\n\t\t\t\r\n\t\t\t\r\n\t\t<\/div>\r\n\r\n\t\t<div class=\"cs-entry__inner cs-entry__content cs-overlay-content\">\r\n\t\t\t<div class=\"cs-entry__info\">\r\n\t\t\t\t<h2 class=\"cs-entry__title\">Cyberbezpiecze\u0144stwo: dlaczego standardy AgeTech nie chroni\u0105 wystarczaj\u0105co prywatno\u015bci i danych senior\u00f3w?<\/h2>\r\n\t\t\t\t\t\t\t<\/div>\r\n\r\n\t\t\t<a class=\"cs-overlay-link\" href=\"https:\/\/agetech.pl\/index.php\/2025\/08\/20\/cyberbezpieczenstwo-dlaczego-standardy-agetech-nie-chronia-wystarczajaco-prywatnosci-i-danych-seniorow\/\" title=\"Cyberbezpiecze\u0144stwo: dlaczego standardy AgeTech nie chroni\u0105 wystarczaj\u0105co prywatno\u015bci i danych senior\u00f3w?\"><\/a>\r\n\r\n\t\t\t\t\t\t\t<div class=\"cs-entry__meta cs-entry__meta-overlay\">\r\n\t\t\t\t\t\t\t\t\t\t\t<div class=\"cs-entry__meta-category\">\r\n\t\t\t\t\t\t\t<div class=\"cs-entry__post-meta\" ><div class=\"cs-meta-category\"><ul class=\"post-categories\"><li><a href=\"https:\/\/agetech.pl\/index.php\/category\/innowacje-dla-seniorow\/\">Innowacje<\/a><\/li><li><a href=\"https:\/\/agetech.pl\/index.php\/category\/technologia\/\">Technologia<\/a><\/li><li><a href=\"https:\/\/agetech.pl\/index.php\/category\/trendy\/\">Trendy<\/a><\/li><li><a href=\"https:\/\/agetech.pl\/index.php\/category\/zdrowie-seniorow\/\">Zdrowie<\/a><\/li><\/ul><\/div><\/div>\t\t\t\t\t\t<\/div>\r\n\t\t\t\t\t\t\t\t\t\t\t\t\t\t\t\t<div class=\"cs-entry__meta-content\">\r\n\t\t\t\t\t\t\t\t\t\t\t\t\t\t\t<div class=\"cs-entry__meta-date\">\r\n\t\t\t\t\t\t\t\t\t<div class=\"cs-entry__post-meta\" ><div class=\"cs-meta-date\">2025-08-20<\/div><\/div>\t\t\t\t\t\t\t\t<\/div>\r\n\t\t\t\t\t\t\t\t\t\t\t\t\t\t\t\t\t\t\t\t<\/div>\r\n\t\t\t\t\t\t\t\t\t<\/div>\r\n\t\t\t\t\t<\/div>\r\n\t<\/div>\r\n<\/article>\r\n\r\n<article class=\"cs-post-carousel__item swiper-slide post-5132 post type-post status-publish format-standard has-post-thumbnail category-innowacje-dla-seniorow category-zdrowie-seniorow tag-opieka tag-spoleczenstwo tag-zdrowie cs-entry cs-video-wrap\">\r\n\t<div\r\n\tclass=\"cs-entry__outer cs-entry__overlay cs-overlay-ratio cs-ratio-portrait\"\r\n\tdata-scheme=\"inverse\"\r\n\t>\r\n\r\n\t\t<div class=\"cs-entry__inner cs-entry__thumbnail cs-entry__tile\">\r\n\r\n\t\t\t<div class=\"cs-overlay-background\">\r\n\t\t\t\t\t\t\t\t\t<img loading=\"lazy\" decoding=\"async\" width=\"527\" height=\"703\" src=\"https:\/\/agetech.pl\/wp-content\/uploads\/2025\/08\/Senior-Speed-Stack-527x703.jpg\" class=\"attachment-csco-thumbnail-vertical size-csco-thumbnail-vertical wp-post-image\" alt=\"Senior Speed Stack\" \/>\t\t\t\t\t<img loading=\"lazy\" decoding=\"async\" width=\"527\" height=\"703\" src=\"https:\/\/agetech.pl\/wp-content\/uploads\/2025\/08\/Senior-Speed-Stack-527x703.jpg\" class=\"attachment-csco-thumbnail-vertical size-csco-thumbnail-vertical wp-post-image\" alt=\"Senior Speed Stack\" \/>\t\t\t\t\t\t\t<\/div>\r\n\r\n\t\t\t\r\n\t\t\t\r\n\t\t<\/div>\r\n\r\n\t\t<div class=\"cs-entry__inner cs-entry__content cs-overlay-content\">\r\n\t\t\t<div class=\"cs-entry__info\">\r\n\t\t\t\t<h2 class=\"cs-entry__title\">Senior Speed Stack: jak sk\u0142adanie naczy\u0144 staje si\u0119 broni\u0105 przeciw demencji<\/h2>\r\n\t\t\t\t\t\t\t<\/div>\r\n\r\n\t\t\t<a class=\"cs-overlay-link\" href=\"https:\/\/agetech.pl\/index.php\/2025\/08\/18\/senior-speed-stack-jak-skladanie-naczyn-staje-sie-bronia-przeciw-demencji\/\" title=\"Senior Speed Stack: jak sk\u0142adanie naczy\u0144 staje si\u0119 broni\u0105 przeciw demencji\"><\/a>\r\n\r\n\t\t\t\t\t\t\t<div class=\"cs-entry__meta cs-entry__meta-overlay\">\r\n\t\t\t\t\t\t\t\t\t\t\t<div class=\"cs-entry__meta-category\">\r\n\t\t\t\t\t\t\t<div class=\"cs-entry__post-meta\" ><div class=\"cs-meta-category\"><ul class=\"post-categories\"><li><a href=\"https:\/\/agetech.pl\/index.php\/category\/innowacje-dla-seniorow\/\">Innowacje<\/a><\/li><li><a href=\"https:\/\/agetech.pl\/index.php\/category\/zdrowie-seniorow\/\">Zdrowie<\/a><\/li><\/ul><\/div><\/div>\t\t\t\t\t\t<\/div>\r\n\t\t\t\t\t\t\t\t\t\t\t\t\t\t\t\t<div class=\"cs-entry__meta-content\">\r\n\t\t\t\t\t\t\t\t\t\t\t\t\t\t\t<div class=\"cs-entry__meta-date\">\r\n\t\t\t\t\t\t\t\t\t<div class=\"cs-entry__post-meta\" ><div class=\"cs-meta-date\">2025-08-18<\/div><\/div>\t\t\t\t\t\t\t\t<\/div>\r\n\t\t\t\t\t\t\t\t\t\t\t\t\t\t\t\t\t\t\t\t<\/div>\r\n\t\t\t\t\t\t\t\t\t<\/div>\r\n\t\t\t\t\t<\/div>\r\n\t<\/div>\r\n<\/article>\r\n\r\n<article class=\"cs-post-carousel__item swiper-slide post-5119 post type-post status-publish format-standard has-post-thumbnail category-innowacje-dla-seniorow category-zdrowie-seniorow tag-neurostymulacja tag-qviti tag-rehadent cs-entry cs-video-wrap\">\r\n\t<div\r\n\tclass=\"cs-entry__outer cs-entry__overlay cs-overlay-ratio cs-ratio-portrait\"\r\n\tdata-scheme=\"inverse\"\r\n\t>\r\n\r\n\t\t<div class=\"cs-entry__inner cs-entry__thumbnail cs-entry__tile\">\r\n\r\n\t\t\t<div class=\"cs-overlay-background\">\r\n\t\t\t\t\t\t\t\t\t<img loading=\"lazy\" decoding=\"async\" width=\"527\" height=\"703\" src=\"https:\/\/agetech.pl\/wp-content\/uploads\/2025\/08\/Screenshot-2025-08-12-at-10.40.29-527x703.png\" class=\"attachment-csco-thumbnail-vertical size-csco-thumbnail-vertical wp-post-image\" alt=\"Klinika Rehadent neurostymulacja\" \/>\t\t\t\t\t<img loading=\"lazy\" decoding=\"async\" width=\"527\" height=\"703\" src=\"https:\/\/agetech.pl\/wp-content\/uploads\/2025\/08\/Screenshot-2025-08-12-at-10.40.29-527x703.png\" class=\"attachment-csco-thumbnail-vertical size-csco-thumbnail-vertical wp-post-image\" alt=\"Klinika Rehadent neurostymulacja\" \/>\t\t\t\t\t\t\t<\/div>\r\n\r\n\t\t\t\r\n\t\t\t\r\n\t\t<\/div>\r\n\r\n\t\t<div class=\"cs-entry__inner cs-entry__content cs-overlay-content\">\r\n\t\t\t<div class=\"cs-entry__info\">\r\n\t\t\t\t<h2 class=\"cs-entry__title\">QVITI dostarcza nowoczesny sprz\u0119t neuromodulacyjny do Rehadent \u2013 partnerstwo dla przysz\u0142o\u015bci rehabilitacji w Warszawie<\/h2>\r\n\t\t\t\t\t\t\t<\/div>\r\n\r\n\t\t\t<a class=\"cs-overlay-link\" href=\"https:\/\/agetech.pl\/index.php\/2025\/08\/12\/qviti-dostarcza-nowoczesny-sprzet-neuromodulacyjny-do-rehadent-partnerstwo-dla-przyszlosci-rehabilitacji-w-warszawie\/\" title=\"QVITI dostarcza nowoczesny sprz\u0119t neuromodulacyjny do Rehadent \u2013 partnerstwo dla przysz\u0142o\u015bci rehabilitacji w Warszawie\"><\/a>\r\n\r\n\t\t\t\t\t\t\t<div class=\"cs-entry__meta cs-entry__meta-overlay\">\r\n\t\t\t\t\t\t\t\t\t\t\t<div class=\"cs-entry__meta-category\">\r\n\t\t\t\t\t\t\t<div class=\"cs-entry__post-meta\" ><div class=\"cs-meta-category\"><ul class=\"post-categories\"><li><a href=\"https:\/\/agetech.pl\/index.php\/category\/innowacje-dla-seniorow\/\">Innowacje<\/a><\/li><li><a href=\"https:\/\/agetech.pl\/index.php\/category\/zdrowie-seniorow\/\">Zdrowie<\/a><\/li><\/ul><\/div><\/div>\t\t\t\t\t\t<\/div>\r\n\t\t\t\t\t\t\t\t\t\t\t\t\t\t\t\t<div class=\"cs-entry__meta-content\">\r\n\t\t\t\t\t\t\t\t\t\t\t\t\t\t\t<div class=\"cs-entry__meta-date\">\r\n\t\t\t\t\t\t\t\t\t<div class=\"cs-entry__post-meta\" ><div class=\"cs-meta-date\">2025-08-12<\/div><\/div>\t\t\t\t\t\t\t\t<\/div>\r\n\t\t\t\t\t\t\t\t\t\t\t\t\t\t\t\t\t\t\t\t<\/div>\r\n\t\t\t\t\t\t\t\t\t<\/div>\r\n\t\t\t\t\t<\/div>\r\n\t<\/div>\r\n<\/article>\r\n\r\n<article class=\"cs-post-carousel__item swiper-slide post-5108 post type-post status-publish format-standard has-post-thumbnail category-innowacje-dla-seniorow category-opieka-nad-seniorami category-styl-zycia-seniora category-zdrowie-seniorow tag-innowacje tag-vr tag-zdrowie cs-entry cs-video-wrap\">\r\n\t<div\r\n\tclass=\"cs-entry__outer cs-entry__overlay cs-overlay-ratio cs-ratio-portrait\"\r\n\tdata-scheme=\"inverse\"\r\n\t>\r\n\r\n\t\t<div class=\"cs-entry__inner cs-entry__thumbnail cs-entry__tile\">\r\n\r\n\t\t\t<div class=\"cs-overlay-background\">\r\n\t\t\t\t\t\t\t\t\t<img loading=\"lazy\" decoding=\"async\" width=\"527\" height=\"703\" src=\"https:\/\/agetech.pl\/wp-content\/uploads\/2025\/08\/AgeTech-wspiera-aktywnosc-fizyczna-i-umyslowa-seniorow-527x703.jpg\" class=\"attachment-csco-thumbnail-vertical size-csco-thumbnail-vertical wp-post-image\" alt=\"AgeTech wspiera aktywno\u015b\u0107 fizyczn\u0105 i umys\u0142ow\u0105 senior\u00f3w\" srcset=\"https:\/\/agetech.pl\/wp-content\/uploads\/2025\/08\/AgeTech-wspiera-aktywnosc-fizyczna-i-umyslowa-seniorow-527x703.jpg 527w, https:\/\/agetech.pl\/wp-content\/uploads\/2025\/08\/AgeTech-wspiera-aktywnosc-fizyczna-i-umyslowa-seniorow-1054x1406.jpg 1054w\" sizes=\"(max-width: 527px) 100vw, 527px\" \/>\t\t\t\t\t<img loading=\"lazy\" decoding=\"async\" width=\"527\" height=\"703\" src=\"https:\/\/agetech.pl\/wp-content\/uploads\/2025\/08\/AgeTech-wspiera-aktywnosc-fizyczna-i-umyslowa-seniorow-527x703.jpg\" class=\"attachment-csco-thumbnail-vertical size-csco-thumbnail-vertical wp-post-image\" alt=\"AgeTech wspiera aktywno\u015b\u0107 fizyczn\u0105 i umys\u0142ow\u0105 senior\u00f3w\" srcset=\"https:\/\/agetech.pl\/wp-content\/uploads\/2025\/08\/AgeTech-wspiera-aktywnosc-fizyczna-i-umyslowa-seniorow-527x703.jpg 527w, https:\/\/agetech.pl\/wp-content\/uploads\/2025\/08\/AgeTech-wspiera-aktywnosc-fizyczna-i-umyslowa-seniorow-1054x1406.jpg 1054w\" sizes=\"(max-width: 527px) 100vw, 527px\" \/>\t\t\t\t\t\t\t<\/div>\r\n\r\n\t\t\t\r\n\t\t\t\r\n\t\t<\/div>\r\n\r\n\t\t<div class=\"cs-entry__inner cs-entry__content cs-overlay-content\">\r\n\t\t\t<div class=\"cs-entry__info\">\r\n\t\t\t\t<h2 class=\"cs-entry__title\">Najnowsze odkrycia w AgeTech wspieraj\u0105ce aktywno\u015b\u0107 fizyczn\u0105 i umys\u0142ow\u0105 senior\u00f3w<\/h2>\r\n\t\t\t\t\t\t\t<\/div>\r\n\r\n\t\t\t<a class=\"cs-overlay-link\" href=\"https:\/\/agetech.pl\/index.php\/2025\/08\/07\/najnowsze-odkrycia-w-agetech-wspierajace-aktywnosc-fizyczna-i-umyslowa-seniorow\/\" title=\"Najnowsze odkrycia w AgeTech wspieraj\u0105ce aktywno\u015b\u0107 fizyczn\u0105 i umys\u0142ow\u0105 senior\u00f3w\"><\/a>\r\n\r\n\t\t\t\t\t\t\t<div class=\"cs-entry__meta cs-entry__meta-overlay\">\r\n\t\t\t\t\t\t\t\t\t\t\t<div class=\"cs-entry__meta-category\">\r\n\t\t\t\t\t\t\t<div class=\"cs-entry__post-meta\" ><div class=\"cs-meta-category\"><ul class=\"post-categories\"><li><a href=\"https:\/\/agetech.pl\/index.php\/category\/innowacje-dla-seniorow\/\">Innowacje<\/a><\/li><li><a href=\"https:\/\/agetech.pl\/index.php\/category\/opieka-nad-seniorami\/\">Opieka<\/a><\/li><li><a href=\"https:\/\/agetech.pl\/index.php\/category\/styl-zycia-seniora\/\">Styl \u017cycia<\/a><\/li><li><a href=\"https:\/\/agetech.pl\/index.php\/category\/zdrowie-seniorow\/\">Zdrowie<\/a><\/li><\/ul><\/div><\/div>\t\t\t\t\t\t<\/div>\r\n\t\t\t\t\t\t\t\t\t\t\t\t\t\t\t\t<div class=\"cs-entry__meta-content\">\r\n\t\t\t\t\t\t\t\t\t\t\t\t\t\t\t<div class=\"cs-entry__meta-date\">\r\n\t\t\t\t\t\t\t\t\t<div class=\"cs-entry__post-meta\" ><div class=\"cs-meta-date\">2025-08-07<\/div><\/div>\t\t\t\t\t\t\t\t<\/div>\r\n\t\t\t\t\t\t\t\t\t\t\t\t\t\t\t\t\t\t\t\t<\/div>\r\n\t\t\t\t\t\t\t\t\t<\/div>\r\n\t\t\t\t\t<\/div>\r\n\t<\/div>\r\n<\/article>\r\n\t\t\t\t<\/div>\r\n\r\n\t\t\t\t\t\t<\/section>\r\n\t\t\t\t\t\t<\/div>\n\t\t\t\t<\/div>\n\t\t\t\t\t<\/div>\n\t\t\t\t<\/div>\n\t\t<div class=\"elementor-element elementor-element-9f07b48 e-flex e-con-boxed e-con e-parent\" data-id=\"9f07b48\" data-element_type=\"container\">\n\t\t\t\t\t<div class=\"e-con-inner\">\n\t\t\t\t<div class=\"elementor-element elementor-element-dcd0d2a elementor-widget elementor-widget-cs-headline\" data-id=\"dcd0d2a\" data-element_type=\"widget\" data-widget_type=\"cs-headline.default\">\n\t\t\t\t<div class=\"elementor-widget-container\">\n\t\t\t\t\t\t\t\t\t\t<section class=\"cs-headline cs-headline-border cs-headline-link\">\r\n\t\t\t\t<div class=\"cs-headline__container \">\r\n\t\t\t\t\t\t\t\t\t\t\t<a href=\"https:\/\/agetech.pl\/index.php\/category\/zdrowie-seniorow\/\" class=\"cs-headline__content\">\r\n\t\t\t\t\t\t\t<span>\r\n\t\t\t\t\t\t\t\tZdrowie\t\t\t\t\t\t\t<\/span>\r\n\t\t\t\t\t\t<\/a>\r\n\t\t\t\t\t\t\t\t\t<\/div>\r\n\t\t\t<\/section>\r\n\t\t\t\t\t\t\t\t<\/div>\n\t\t\t\t<\/div>\n\t\t\t\t<div class=\"elementor-element elementor-element-adcfa70 elementor-widget elementor-widget-cs-featured-posts\" data-id=\"adcfa70\" data-element_type=\"widget\" data-widget_type=\"cs-featured-posts.default\">\n\t\t\t\t<div class=\"elementor-widget-container\">\n\t\t\t\t\t\r\n\t\t<section class=\"cs-featured-posts cs-featured-posts-bottom\">\r\n\t\t\t\t\t\t\t<div class=\"cs-posts-area cs-posts-area-elementor\">\r\n\t\t\t\t\t<div class=\"cs-posts-area__outer\">\r\n\t\t\t\t\t\t\r\n\t\t\t\t\t\t<div class=\"cs-posts-area__featured\">\r\n\t\t\t\t\t\t\t<div class=\"post-4828 post type-post status-publish format-standard has-post-thumbnail category-technologia category-zdrowie-seniorow tag-embodied-labs tag-usa cs-entry cs-video-wrap\">\r\n\t\t\t\t\t\t\t\t<div class=\"cs-entry__outer cs-entry__overlay cs-overlay-ratio cs-ratio-landscape-21-9\" data-scheme=\"inverse\">\r\n\r\n\t\t\t\t\t\t\t\t\t<div class=\"cs-entry__inner cs-entry__thumbnail\">\r\n\t\t\t\t\t\t\t\t\t\t<div class=\"cs-overlay-background\">\r\n\t\t\t\t\t\t\t\t\t\t\t<img loading=\"lazy\" decoding=\"async\" width=\"527\" height=\"351\" src=\"https:\/\/agetech.pl\/wp-content\/uploads\/2025\/06\/remy-gieling-51IHV_v5iRs-unsplash-527x351.jpg\" class=\"attachment-csco-thumbnail-uncropped size-csco-thumbnail-uncropped wp-post-image\" alt=\"VR szkoli lekarzy\" srcset=\"https:\/\/agetech.pl\/wp-content\/uploads\/2025\/06\/remy-gieling-51IHV_v5iRs-unsplash-527x351.jpg 527w, https:\/\/agetech.pl\/wp-content\/uploads\/2025\/06\/remy-gieling-51IHV_v5iRs-unsplash-300x200.jpg 300w, https:\/\/agetech.pl\/wp-content\/uploads\/2025\/06\/remy-gieling-51IHV_v5iRs-unsplash-1024x683.jpg 1024w, https:\/\/agetech.pl\/wp-content\/uploads\/2025\/06\/remy-gieling-51IHV_v5iRs-unsplash-768x512.jpg 768w, https:\/\/agetech.pl\/wp-content\/uploads\/2025\/06\/remy-gieling-51IHV_v5iRs-unsplash-1536x1024.jpg 1536w, https:\/\/agetech.pl\/wp-content\/uploads\/2025\/06\/remy-gieling-51IHV_v5iRs-unsplash-2048x1365.jpg 2048w, https:\/\/agetech.pl\/wp-content\/uploads\/2025\/06\/remy-gieling-51IHV_v5iRs-unsplash-1054x703.jpg 1054w, https:\/\/agetech.pl\/wp-content\/uploads\/2025\/06\/remy-gieling-51IHV_v5iRs-unsplash-688x459.jpg 688w, https:\/\/agetech.pl\/wp-content\/uploads\/2025\/06\/remy-gieling-51IHV_v5iRs-unsplash-1044x696.jpg 1044w, https:\/\/agetech.pl\/wp-content\/uploads\/2025\/06\/remy-gieling-51IHV_v5iRs-unsplash-1400x933.jpg 1400w, https:\/\/agetech.pl\/wp-content\/uploads\/2025\/06\/remy-gieling-51IHV_v5iRs-unsplash-1920x1280.jpg 1920w, https:\/\/agetech.pl\/wp-content\/uploads\/2025\/06\/remy-gieling-51IHV_v5iRs-unsplash-scaled.jpg 2560w\" sizes=\"(max-width: 527px) 100vw, 527px\" \/><img loading=\"lazy\" decoding=\"async\" width=\"1400\" height=\"933\" src=\"https:\/\/agetech.pl\/wp-content\/uploads\/2025\/06\/remy-gieling-51IHV_v5iRs-unsplash-1400x933.jpg\" class=\"attachment-csco-extra-large-uncropped size-csco-extra-large-uncropped wp-post-image\" alt=\"VR szkoli lekarzy\" srcset=\"https:\/\/agetech.pl\/wp-content\/uploads\/2025\/06\/remy-gieling-51IHV_v5iRs-unsplash-1400x933.jpg 1400w, https:\/\/agetech.pl\/wp-content\/uploads\/2025\/06\/remy-gieling-51IHV_v5iRs-unsplash-300x200.jpg 300w, https:\/\/agetech.pl\/wp-content\/uploads\/2025\/06\/remy-gieling-51IHV_v5iRs-unsplash-1024x683.jpg 1024w, https:\/\/agetech.pl\/wp-content\/uploads\/2025\/06\/remy-gieling-51IHV_v5iRs-unsplash-768x512.jpg 768w, https:\/\/agetech.pl\/wp-content\/uploads\/2025\/06\/remy-gieling-51IHV_v5iRs-unsplash-1536x1024.jpg 1536w, https:\/\/agetech.pl\/wp-content\/uploads\/2025\/06\/remy-gieling-51IHV_v5iRs-unsplash-2048x1365.jpg 2048w, https:\/\/agetech.pl\/wp-content\/uploads\/2025\/06\/remy-gieling-51IHV_v5iRs-unsplash-527x351.jpg 527w, https:\/\/agetech.pl\/wp-content\/uploads\/2025\/06\/remy-gieling-51IHV_v5iRs-unsplash-1054x703.jpg 1054w, https:\/\/agetech.pl\/wp-content\/uploads\/2025\/06\/remy-gieling-51IHV_v5iRs-unsplash-688x459.jpg 688w, https:\/\/agetech.pl\/wp-content\/uploads\/2025\/06\/remy-gieling-51IHV_v5iRs-unsplash-1044x696.jpg 1044w, https:\/\/agetech.pl\/wp-content\/uploads\/2025\/06\/remy-gieling-51IHV_v5iRs-unsplash-1920x1280.jpg 1920w, https:\/\/agetech.pl\/wp-content\/uploads\/2025\/06\/remy-gieling-51IHV_v5iRs-unsplash-scaled.jpg 2560w\" sizes=\"(max-width: 1400px) 100vw, 1400px\" \/>\t\t\t\t\t\t\t\t\t\t<\/div>\r\n\t\t\t\t\t\t\t\t\t<\/div>\r\n\r\n\t\t\t\t\t\t\t\t\t<a class=\"cs-overlay-link\" href=\"https:\/\/agetech.pl\/index.php\/2025\/06\/23\/vr-pozwala-lekarzom-wejsc-w-skore-pacjenta\/\" title=\"VR\u00a0pozwala lekarzom wej\u015b\u0107 w sk\u00f3r\u0119 pacjenta\"><\/a>\r\n\r\n\t\t\t\t\t\t\t\t\t<div class=\"cs-entry__inner cs-entry__content cs-overlay-content cs-entry__content-featured\">\r\n\r\n\t\t\t\t\t\t\t\t\t\t<div class=\"cs-entry__content-featured-container\">\r\n\t\t\t\t\t\t\t\t\t\t\t<h2 class=\"cs-entry__title\">VR\u00a0pozwala lekarzom wej\u015b\u0107 w sk\u00f3r\u0119 pacjenta<\/h2>\r\n\t\t\t\t\t\t\t\t\t\t\t\r\n\t\t\t\t\t\t\t\t\t\t\t\t\t\t\t\t\t\t\t\t\t\t\t<div class=\"cs-entry__meta cs-entry__meta-overlay\">\r\n\t\t\t\t\t\t\t\t\t\t\t\t\t\t\t\t\t\t\t\t\t\t\t\t\t\t\t<div class=\"cs-entry__meta-category\">\r\n\t\t\t\t\t\t\t\t\t\t\t\t\t\t\t<div class=\"cs-entry__post-meta\" ><div class=\"cs-meta-category\"><ul class=\"post-categories\"><li><a href=\"https:\/\/agetech.pl\/index.php\/category\/technologia\/\">Technologia<\/a><\/li><li><a href=\"https:\/\/agetech.pl\/index.php\/category\/zdrowie-seniorow\/\">Zdrowie<\/a><\/li><\/ul><\/div><\/div>\t\t\t\t\t\t\t\t\t\t\t\t\t\t<\/div>\r\n\t\t\t\t\t\t\t\t\t\t\t\t\t\t\t\t\t\t\t\t\t\t\t\t\t\t\t\t\t\t\t\t\t\t\t\t\t\t\t\t<div class=\"cs-entry__meta-content\">\r\n\t\t\t\t\t\t\t\t\t\t\t\t\t\t\t\t\t\t\t\t\t\t\t\t\t\t\t\t\t\t\t<div class=\"cs-entry__meta-date\">\r\n\t\t\t\t\t\t\t\t\t\t\t\t\t\t\t\t\t<div class=\"cs-entry__post-meta\" ><div class=\"cs-meta-date\">2025-06-23<\/div><\/div>\t\t\t\t\t\t\t\t\t\t\t\t\t\t\t\t<\/div>\r\n\t\t\t\t\t\t\t\t\t\t\t\t\t\t\t\t\t\t\t\t\t\t\t\t\t\t\t\t\t\t\t\t\t\t\t\t\t\t\t\t\t\t\t\t\t\t<div class=\"cs-entry__meta-author\">\r\n\t\t\t\t\t\t\t\t\t\t\t\t\t\t\t\t\t<div class=\"cs-entry__post-meta\" ><div class=\"cs-meta-author\"><a class=\"cs-meta-author-link url fn n\" href=\"https:\/\/agetech.pl\/index.php\/author\/adminagetech\/\"><span class=\"cs-meta-author-by\">autor:<\/span><span class=\"cs-meta-author-name\">Redakcja AgeTech<\/span><\/a><\/div><\/div>\t\t\t\t\t\t\t\t\t\t\t\t\t\t\t\t<\/div>\r\n\t\t\t\t\t\t\t\t\t\t\t\t\t\t\t\t\t\t\t\t\t\t\t\t\t\t\t\t\t<\/div>\r\n\t\t\t\t\t\t\t\t\t\t\t\t\t\t\t\t\t\t\t\t\t\t\t\t\t<\/div>\r\n\t\t\t\t\t\t\t\t\t\t\t\t\t\t\t\t\t\t\t\t\t<\/div>\r\n\r\n\t\t\t\t\t\t\t\t\t\t<div class=\"cs-entry__content-inner\">\r\n\r\n\t\t\t\t\t\t\t\t\t\t\t\t\t\t\t\t\t\t\t\t\t\t\t<div class=\"cs-entry__content-inner-heading\">\r\n\t\t\t\t\t\t\t\t\t\t\t\t\tPopularne\t\t\t\t\t\t\t\t\t\t\t\t<\/div>\r\n\t\t\t\t\t\t\t\t\t\t\t\r\n\t\t\t\t\t\t\t\t\t\t\t<div class=\"cs-posts-area__main\">\r\n\t\t\t\t\t\t\t\t\t\t\t\t\t\t\t\t\t\t\t\t\t\t\t\t\t<article class=\"post-4255 post type-post status-publish format-standard has-post-thumbnail category-technologia category-zdrowie-seniorow tag-ai tag-opieka tag-spoleczenstwo tag-zdrowie cs-entry cs-video-wrap\">\r\n\t\t\t\t\t\t\t\t\t\t\t\t\t\t<div class=\"cs-entry__outer cs-entry__outer-small cs-entry__outer-thumbnail-left\">\r\n\r\n\t\t\t\t\t\t\t\t\t\t\t\t\t\t\t\t\t\t\t\t\t\t\t\t\t\t\t\t\t\t\t<div class=\"cs-entry__inner cs-entry__overlay cs-entry__thumbnail cs-overlay-ratio cs-ratio-square\">\r\n\r\n\t\t\t\t\t\t\t\t\t\t\t\t\t\t\t\t\t<div class=\"cs-overlay-background\">\r\n\t\t\t\t\t\t\t\t\t\t\t\t\t\t\t\t\t\t<img loading=\"lazy\" decoding=\"async\" width=\"95\" height=\"95\" src=\"https:\/\/agetech.pl\/wp-content\/uploads\/2025\/06\/Jak-AgeTech-poprawia-zdrowie-fizyczne-i-psychiczne-seniorow-95x95.png\" class=\"attachment-csco-small size-csco-small wp-post-image\" alt=\"Jak AgeTech poprawia zdrowie fizyczne i psychiczne senior\u00f3w\" srcset=\"https:\/\/agetech.pl\/wp-content\/uploads\/2025\/06\/Jak-AgeTech-poprawia-zdrowie-fizyczne-i-psychiczne-seniorow-95x95.png 95w, https:\/\/agetech.pl\/wp-content\/uploads\/2025\/06\/Jak-AgeTech-poprawia-zdrowie-fizyczne-i-psychiczne-seniorow-150x150.png 150w, https:\/\/agetech.pl\/wp-content\/uploads\/2025\/06\/Jak-AgeTech-poprawia-zdrowie-fizyczne-i-psychiczne-seniorow-190x190.png 190w\" sizes=\"(max-width: 95px) 100vw, 95px\" \/>\t\t\t\t\t\t\t\t\t\t\t\t\t\t\t\t\t\t<img loading=\"lazy\" decoding=\"async\" width=\"95\" height=\"95\" src=\"https:\/\/agetech.pl\/wp-content\/uploads\/2025\/06\/Jak-AgeTech-poprawia-zdrowie-fizyczne-i-psychiczne-seniorow-95x95.png\" class=\"attachment-csco-small size-csco-small wp-post-image\" alt=\"Jak AgeTech poprawia zdrowie fizyczne i psychiczne senior\u00f3w\" srcset=\"https:\/\/agetech.pl\/wp-content\/uploads\/2025\/06\/Jak-AgeTech-poprawia-zdrowie-fizyczne-i-psychiczne-seniorow-95x95.png 95w, https:\/\/agetech.pl\/wp-content\/uploads\/2025\/06\/Jak-AgeTech-poprawia-zdrowie-fizyczne-i-psychiczne-seniorow-150x150.png 150w, https:\/\/agetech.pl\/wp-content\/uploads\/2025\/06\/Jak-AgeTech-poprawia-zdrowie-fizyczne-i-psychiczne-seniorow-190x190.png 190w\" sizes=\"(max-width: 95px) 100vw, 95px\" \/>\t\t\t\t\t\t\t\t\t\t\t\t\t\t\t\t\t<\/div>\r\n\r\n\t\t\t\t\t\t\t\t\t\t\t\t\t\t\t\t\t\r\n\t\t\t\t\t\t\t\t\t\t\t\t\t\t\t\t\t\t\t\t\t\t\t\t\t\t\t\t\t\t\t\t\t<\/div>\r\n\t\t\t\t\t\t\t\t\t\t\t\t\t\t\t\r\n\t\t\t\t\t\t\t\t\t\t\t\t\t\t\t<div class=\"cs-entry__inner cs-entry__content\">\r\n\t\t\t\t\t\t\t\t\t\t\t\t\t\t\t\t<div class=\"cs-entry__info\">\r\n\t\t\t\t\t\t\t\t\t\t\t\t\t\t\t\t\t<h2 class=\"cs-entry__title\">Jak AgeTech poprawia zdrowie fizyczne i psychiczne senior\u00f3w<\/h2>\r\n\t\t\t\t\t\t\t\t\t\t\t\t\t\t\t\t\t\t\t\t\t\t\t\t\t\t\t\t\t\t\t\t\t<\/div>\r\n\r\n\t\t\t\t\t\t\t\t\t\t\t\t\t\t\t\t\t\t\t\t\t\t\t\t\t\t\t\t\t\t\t\t\t<div class=\"cs-entry__meta cs-entry__meta-overlay\">\r\n\t\t\t\t\t\t\t\t\t\t\t\t\t\t\t\t\t\t\t\t\t\t\t\t\t\t\t\t\t\t\t\t\t\t\t\t\t<div class=\"cs-entry__meta-category\">\r\n\t\t\t\t\t\t\t\t\t\t\t\t\t\t\t\t\t\t\t\t<div class=\"cs-entry__post-meta\" ><div class=\"cs-meta-category\"><ul class=\"post-categories\"><li><a href=\"https:\/\/agetech.pl\/index.php\/category\/technologia\/\">Technologia<\/a><\/li><li><a href=\"https:\/\/agetech.pl\/index.php\/category\/zdrowie-seniorow\/\">Zdrowie<\/a><\/li><\/ul><\/div><\/div>\t\t\t\t\t\t\t\t\t\t\t\t\t\t\t\t\t\t\t<\/div>\r\n\t\t\t\t\t\t\t\t\t\t\t\t\t\t\t\t\t\t\t\t\t\t\t\t\t\t\t\t\t\t\t\t\t\t\t\t\t\t\t\t\t\t\t\t\t\t\t\t\t\t\t\t\t\t\t<div class=\"cs-entry__meta-content\">\r\n\t\t\t\t\t\t\t\t\t\t\t\t\t\t\t\t\t\t\t\t\t\t\t\t\t\t\t\t\t\t\t\t\t\t\t\t\t\t\t\t\t<div class=\"cs-entry__meta-date\">\r\n\t\t\t\t\t\t\t\t\t\t\t\t\t\t\t\t\t\t\t\t\t\t<div class=\"cs-entry__post-meta\" ><div class=\"cs-meta-date\">2025-06-06<\/div><\/div>\t\t\t\t\t\t\t\t\t\t\t\t\t\t\t\t\t\t\t\t\t<\/div>\r\n\t\t\t\t\t\t\t\t\t\t\t\t\t\t\t\t\t\t\t\t\t\t\t\t\t\t\t\t\t\t\t\t\t\t\t\t\t\t\t\t\t\t\t\t\t\t\t\t\t\t\t\t\t\t\t\t\t\t\t<\/div>\r\n\t\t\t\t\t\t\t\t\t\t\t\t\t\t\t\t\t\t\t\t\t\t\t\t\t\t\t\t\t\t\t\t\t\t\t<\/div>\r\n\t\t\t\t\t\t\t\t\t\t\t\t\t\t\t\t\r\n\t\t\t\t\t\t\t\t\t\t\t\t\t\t\t<\/div>\r\n\r\n\t\t\t\t\t\t\t\t\t\t\t\t\t\t<\/div>\r\n\t\t\t\t\t\t\t\t\t\t\t\t\t\t<a class=\"cs-overlay-link\" href=\"https:\/\/agetech.pl\/index.php\/2025\/06\/06\/jak-agetech-poprawia-zdrowie-fizyczne-i-psychiczne-seniorow\/\" title=\"Jak AgeTech poprawia zdrowie fizyczne i psychiczne senior\u00f3w\"><\/a>\r\n\t\t\t\t\t\t\t\t\t\t\t\t\t<\/article>\r\n\t\t\t\t\t\t\t\t\t\t\t\t\t\t\t\t\t\t\t\t\t\t\t\t\t\t<article class=\"post-3692 post type-post status-publish format-standard has-post-thumbnail category-technologia category-zdrowie-seniorow tag-vr tag-zdrowie cs-entry cs-video-wrap\">\r\n\t\t\t\t\t\t\t\t\t\t\t\t\t\t<div class=\"cs-entry__outer cs-entry__outer-small cs-entry__outer-thumbnail-left\">\r\n\r\n\t\t\t\t\t\t\t\t\t\t\t\t\t\t\t\t\t\t\t\t\t\t\t\t\t\t\t\t\t\t\t<div class=\"cs-entry__inner cs-entry__overlay cs-entry__thumbnail cs-overlay-ratio cs-ratio-square\">\r\n\r\n\t\t\t\t\t\t\t\t\t\t\t\t\t\t\t\t\t<div class=\"cs-overlay-background\">\r\n\t\t\t\t\t\t\t\t\t\t\t\t\t\t\t\t\t\t<img loading=\"lazy\" decoding=\"async\" width=\"95\" height=\"95\" src=\"https:\/\/agetech.pl\/wp-content\/uploads\/2025\/05\/amr-taha-JpmhbbPhuZA-unsplash-95x95.jpg\" class=\"attachment-csco-small size-csco-small wp-post-image\" alt=\"VR i zdrowie senior\u00f3w\" srcset=\"https:\/\/agetech.pl\/wp-content\/uploads\/2025\/05\/amr-taha-JpmhbbPhuZA-unsplash-95x95.jpg 95w, https:\/\/agetech.pl\/wp-content\/uploads\/2025\/05\/amr-taha-JpmhbbPhuZA-unsplash-150x150.jpg 150w, https:\/\/agetech.pl\/wp-content\/uploads\/2025\/05\/amr-taha-JpmhbbPhuZA-unsplash-190x190.jpg 190w\" sizes=\"(max-width: 95px) 100vw, 95px\" \/>\t\t\t\t\t\t\t\t\t\t\t\t\t\t\t\t\t\t<img loading=\"lazy\" decoding=\"async\" width=\"95\" height=\"95\" src=\"https:\/\/agetech.pl\/wp-content\/uploads\/2025\/05\/amr-taha-JpmhbbPhuZA-unsplash-95x95.jpg\" class=\"attachment-csco-small size-csco-small wp-post-image\" alt=\"VR i zdrowie senior\u00f3w\" srcset=\"https:\/\/agetech.pl\/wp-content\/uploads\/2025\/05\/amr-taha-JpmhbbPhuZA-unsplash-95x95.jpg 95w, https:\/\/agetech.pl\/wp-content\/uploads\/2025\/05\/amr-taha-JpmhbbPhuZA-unsplash-150x150.jpg 150w, https:\/\/agetech.pl\/wp-content\/uploads\/2025\/05\/amr-taha-JpmhbbPhuZA-unsplash-190x190.jpg 190w\" sizes=\"(max-width: 95px) 100vw, 95px\" \/>\t\t\t\t\t\t\t\t\t\t\t\t\t\t\t\t\t<\/div>\r\n\r\n\t\t\t\t\t\t\t\t\t\t\t\t\t\t\t\t\t\r\n\t\t\t\t\t\t\t\t\t\t\t\t\t\t\t\t\t\t\t\t\t\t\t\t\t\t\t\t\t\t\t\t\t<\/div>\r\n\t\t\t\t\t\t\t\t\t\t\t\t\t\t\t\r\n\t\t\t\t\t\t\t\t\t\t\t\t\t\t\t<div class=\"cs-entry__inner cs-entry__content\">\r\n\t\t\t\t\t\t\t\t\t\t\t\t\t\t\t\t<div class=\"cs-entry__info\">\r\n\t\t\t\t\t\t\t\t\t\t\t\t\t\t\t\t\t<h2 class=\"cs-entry__title\">VR w terapii os\u00f3b starszych \u2013 nowy wymiar rehabilitacji<\/h2>\r\n\t\t\t\t\t\t\t\t\t\t\t\t\t\t\t\t\t\t\t\t\t\t\t\t\t\t\t\t\t\t\t\t\t<\/div>\r\n\r\n\t\t\t\t\t\t\t\t\t\t\t\t\t\t\t\t\t\t\t\t\t\t\t\t\t\t\t\t\t\t\t\t\t<div class=\"cs-entry__meta cs-entry__meta-overlay\">\r\n\t\t\t\t\t\t\t\t\t\t\t\t\t\t\t\t\t\t\t\t\t\t\t\t\t\t\t\t\t\t\t\t\t\t\t\t\t<div class=\"cs-entry__meta-category\">\r\n\t\t\t\t\t\t\t\t\t\t\t\t\t\t\t\t\t\t\t\t<div class=\"cs-entry__post-meta\" ><div class=\"cs-meta-category\"><ul class=\"post-categories\"><li><a href=\"https:\/\/agetech.pl\/index.php\/category\/technologia\/\">Technologia<\/a><\/li><li><a href=\"https:\/\/agetech.pl\/index.php\/category\/zdrowie-seniorow\/\">Zdrowie<\/a><\/li><\/ul><\/div><\/div>\t\t\t\t\t\t\t\t\t\t\t\t\t\t\t\t\t\t\t<\/div>\r\n\t\t\t\t\t\t\t\t\t\t\t\t\t\t\t\t\t\t\t\t\t\t\t\t\t\t\t\t\t\t\t\t\t\t\t\t\t\t\t\t\t\t\t\t\t\t\t\t\t\t\t\t\t\t\t<div class=\"cs-entry__meta-content\">\r\n\t\t\t\t\t\t\t\t\t\t\t\t\t\t\t\t\t\t\t\t\t\t\t\t\t\t\t\t\t\t\t\t\t\t\t\t\t\t\t\t\t<div class=\"cs-entry__meta-date\">\r\n\t\t\t\t\t\t\t\t\t\t\t\t\t\t\t\t\t\t\t\t\t\t<div class=\"cs-entry__post-meta\" ><div class=\"cs-meta-date\">2025-05-19<\/div><\/div>\t\t\t\t\t\t\t\t\t\t\t\t\t\t\t\t\t\t\t\t\t<\/div>\r\n\t\t\t\t\t\t\t\t\t\t\t\t\t\t\t\t\t\t\t\t\t\t\t\t\t\t\t\t\t\t\t\t\t\t\t\t\t\t\t\t\t\t\t\t\t\t\t\t\t\t\t\t\t\t\t\t\t\t\t<\/div>\r\n\t\t\t\t\t\t\t\t\t\t\t\t\t\t\t\t\t\t\t\t\t\t\t\t\t\t\t\t\t\t\t\t\t\t\t<\/div>\r\n\t\t\t\t\t\t\t\t\t\t\t\t\t\t\t\t\r\n\t\t\t\t\t\t\t\t\t\t\t\t\t\t\t<\/div>\r\n\r\n\t\t\t\t\t\t\t\t\t\t\t\t\t\t<\/div>\r\n\t\t\t\t\t\t\t\t\t\t\t\t\t\t<a class=\"cs-overlay-link\" href=\"https:\/\/agetech.pl\/index.php\/2025\/05\/19\/vr-w-terapii-osob-starszych-nowy-wymiar-rehabilitacji\/\" title=\"VR w terapii os\u00f3b starszych \u2013 nowy wymiar rehabilitacji\"><\/a>\r\n\t\t\t\t\t\t\t\t\t\t\t\t\t<\/article>\r\n\t\t\t\t\t\t\t\t\t\t\t\t\t\t\t\t\t\t\t\t\t\t\t\t\t\t<article class=\"post-1352 post type-post status-publish format-standard has-post-thumbnail category-zdrowie-seniorow tag-silver-economy cs-entry cs-video-wrap\">\r\n\t\t\t\t\t\t\t\t\t\t\t\t\t\t<div class=\"cs-entry__outer cs-entry__outer-small cs-entry__outer-thumbnail-left\">\r\n\r\n\t\t\t\t\t\t\t\t\t\t\t\t\t\t\t\t\t\t\t\t\t\t\t\t\t\t\t\t\t\t\t<div class=\"cs-entry__inner cs-entry__overlay cs-entry__thumbnail cs-overlay-ratio cs-ratio-square\">\r\n\r\n\t\t\t\t\t\t\t\t\t\t\t\t\t\t\t\t\t<div class=\"cs-overlay-background\">\r\n\t\t\t\t\t\t\t\t\t\t\t\t\t\t\t\t\t\t<img loading=\"lazy\" decoding=\"async\" width=\"95\" height=\"95\" src=\"https:\/\/agetech.pl\/wp-content\/uploads\/2023\/08\/wzrost-inwestycji-w-neuroscience-95x95.webp\" class=\"attachment-csco-small size-csco-small wp-post-image\" alt=\"Rosn\u0105 inwestycje w neuronauk\u0119.\" srcset=\"https:\/\/agetech.pl\/wp-content\/uploads\/2023\/08\/wzrost-inwestycji-w-neuroscience-95x95.webp 95w, https:\/\/agetech.pl\/wp-content\/uploads\/2023\/08\/wzrost-inwestycji-w-neuroscience-150x150.webp 150w, https:\/\/agetech.pl\/wp-content\/uploads\/2023\/08\/wzrost-inwestycji-w-neuroscience-190x190.webp 190w\" sizes=\"(max-width: 95px) 100vw, 95px\" \/>\t\t\t\t\t\t\t\t\t\t\t\t\t\t\t\t\t\t<img loading=\"lazy\" decoding=\"async\" width=\"95\" height=\"95\" src=\"https:\/\/agetech.pl\/wp-content\/uploads\/2023\/08\/wzrost-inwestycji-w-neuroscience-95x95.webp\" class=\"attachment-csco-small size-csco-small wp-post-image\" alt=\"Rosn\u0105 inwestycje w neuronauk\u0119.\" srcset=\"https:\/\/agetech.pl\/wp-content\/uploads\/2023\/08\/wzrost-inwestycji-w-neuroscience-95x95.webp 95w, https:\/\/agetech.pl\/wp-content\/uploads\/2023\/08\/wzrost-inwestycji-w-neuroscience-150x150.webp 150w, https:\/\/agetech.pl\/wp-content\/uploads\/2023\/08\/wzrost-inwestycji-w-neuroscience-190x190.webp 190w\" sizes=\"(max-width: 95px) 100vw, 95px\" \/>\t\t\t\t\t\t\t\t\t\t\t\t\t\t\t\t\t<\/div>\r\n\r\n\t\t\t\t\t\t\t\t\t\t\t\t\t\t\t\t\t\r\n\t\t\t\t\t\t\t\t\t\t\t\t\t\t\t\t\t\t\t\t\t\t\t\t\t\t\t\t\t\t\t\t\t<\/div>\r\n\t\t\t\t\t\t\t\t\t\t\t\t\t\t\t\r\n\t\t\t\t\t\t\t\t\t\t\t\t\t\t\t<div class=\"cs-entry__inner cs-entry__content\">\r\n\t\t\t\t\t\t\t\t\t\t\t\t\t\t\t\t<div class=\"cs-entry__info\">\r\n\t\t\t\t\t\t\t\t\t\t\t\t\t\t\t\t\t<h2 class=\"cs-entry__title\">Neuronauka na fali &#8211; nap\u0119dzana przez Silvers\u00f3w<\/h2>\r\n\t\t\t\t\t\t\t\t\t\t\t\t\t\t\t\t\t\t\t\t\t\t\t\t\t\t\t\t\t\t\t\t\t<\/div>\r\n\r\n\t\t\t\t\t\t\t\t\t\t\t\t\t\t\t\t\t\t\t\t\t\t\t\t\t\t\t\t\t\t\t\t\t<div class=\"cs-entry__meta cs-entry__meta-overlay\">\r\n\t\t\t\t\t\t\t\t\t\t\t\t\t\t\t\t\t\t\t\t\t\t\t\t\t\t\t\t\t\t\t\t\t\t\t\t\t<div class=\"cs-entry__meta-category\">\r\n\t\t\t\t\t\t\t\t\t\t\t\t\t\t\t\t\t\t\t\t<div class=\"cs-entry__post-meta\" ><div class=\"cs-meta-category\"><ul class=\"post-categories\"><li><a href=\"https:\/\/agetech.pl\/index.php\/category\/zdrowie-seniorow\/\">Zdrowie<\/a><\/li><\/ul><\/div><\/div>\t\t\t\t\t\t\t\t\t\t\t\t\t\t\t\t\t\t\t<\/div>\r\n\t\t\t\t\t\t\t\t\t\t\t\t\t\t\t\t\t\t\t\t\t\t\t\t\t\t\t\t\t\t\t\t\t\t\t\t\t\t\t\t\t\t\t\t\t\t\t\t\t\t\t\t\t\t\t<div class=\"cs-entry__meta-content\">\r\n\t\t\t\t\t\t\t\t\t\t\t\t\t\t\t\t\t\t\t\t\t\t\t\t\t\t\t\t\t\t\t\t\t\t\t\t\t\t\t\t\t<div class=\"cs-entry__meta-date\">\r\n\t\t\t\t\t\t\t\t\t\t\t\t\t\t\t\t\t\t\t\t\t\t<div class=\"cs-entry__post-meta\" ><div class=\"cs-meta-date\">2025-03-19<\/div><\/div>\t\t\t\t\t\t\t\t\t\t\t\t\t\t\t\t\t\t\t\t\t<\/div>\r\n\t\t\t\t\t\t\t\t\t\t\t\t\t\t\t\t\t\t\t\t\t\t\t\t\t\t\t\t\t\t\t\t\t\t\t\t\t\t\t\t\t\t\t\t\t\t\t\t\t\t\t\t\t\t\t\t\t\t\t<\/div>\r\n\t\t\t\t\t\t\t\t\t\t\t\t\t\t\t\t\t\t\t\t\t\t\t\t\t\t\t\t\t\t\t\t\t\t\t<\/div>\r\n\t\t\t\t\t\t\t\t\t\t\t\t\t\t\t\t\r\n\t\t\t\t\t\t\t\t\t\t\t\t\t\t\t<\/div>\r\n\r\n\t\t\t\t\t\t\t\t\t\t\t\t\t\t<\/div>\r\n\t\t\t\t\t\t\t\t\t\t\t\t\t\t<a class=\"cs-overlay-link\" href=\"https:\/\/agetech.pl\/index.php\/2025\/03\/19\/elevating-everyday-moments-with-simple-yet-profound-changes\/\" title=\"Neuronauka na fali &#8211; nap\u0119dzana przez Silvers\u00f3w\"><\/a>\r\n\t\t\t\t\t\t\t\t\t\t\t\t\t<\/article>\r\n\t\t\t\t\t\t\t\t\t\t\t\t\t\t\t\t\t\t\t\t\t\t\t\t<\/div>\r\n\t\t\t\t\t\t\t\t\t\t<\/div>\r\n\r\n\t\t\t\t\t\t\t\t\t<\/div>\r\n\r\n\t\t\t\t\t\t\t\t<\/div>\r\n\t\t\t\t\t\t\t<\/div>\r\n\t\t\t\t\t\t<\/div>\r\n\r\n\t\t\t\t\t<\/div>\r\n\t\t\t\t<\/div>\r\n\t\t\t\t\t\t<\/section>\r\n\r\n\t\t\t\t\t\t<\/div>\n\t\t\t\t<\/div>\n\t\t\t\t\t<\/div>\n\t\t\t\t<\/div>\n\t\t<div class=\"elementor-element elementor-element-d3f7688 e-flex e-con-boxed e-con e-parent\" data-id=\"d3f7688\" data-element_type=\"container\">\n\t\t\t\t\t<div class=\"e-con-inner\">\n\t\t\t\t<div class=\"elementor-element elementor-element-2cdabaa elementor-widget elementor-widget-cs-headline\" data-id=\"2cdabaa\" data-element_type=\"widget\" data-widget_type=\"cs-headline.default\">\n\t\t\t\t<div class=\"elementor-widget-container\">\n\t\t\t\t\t\t\t\t\t\t<section class=\"cs-headline cs-headline-border cs-headline-link\">\r\n\t\t\t\t<div class=\"cs-headline__container \">\r\n\t\t\t\t\t\t\t\t\t\t\t<a href=\"https:\/\/agetech.pl\/index.php\/category\/praca-dla-seniora\/\" class=\"cs-headline__content\">\r\n\t\t\t\t\t\t\t<span>\r\n\t\t\t\t\t\t\t\tPraca\t\t\t\t\t\t\t<\/span>\r\n\t\t\t\t\t\t<\/a>\r\n\t\t\t\t\t\t\t\t\t<\/div>\r\n\t\t\t<\/section>\r\n\t\t\t\t\t\t\t\t<\/div>\n\t\t\t\t<\/div>\n\t\t<div class=\"elementor-element elementor-element-8aa98cc e-con-full e-flex e-con e-child\" data-id=\"8aa98cc\" data-element_type=\"container\">\n\t\t<div class=\"elementor-element elementor-element-94f1c12 e-con-full e-flex e-con e-child\" data-id=\"94f1c12\" data-element_type=\"container\">\n\t\t\t\t<div class=\"elementor-element elementor-element-9e072b5 elementor-widget-mobile__width-inherit elementor-widget elementor-widget-cs-posts\" data-id=\"9e072b5\" data-element_type=\"widget\" data-widget_type=\"cs-posts.default\">\n\t\t\t\t<div class=\"elementor-widget-container\">\n\t\t\t\t\t\t\t\t<section class=\"cs-posts cs-posts__tile\">\r\n\t\t\t\t\t\t\t\t\t\t<div class=\"cs-posts-area cs-posts-area-elementor \" data-posts-area=\"\">\r\n\t\t\t\t\t\t\t<div class=\"cs-posts-area__outer\">\r\n\r\n\t\t\t\t\t\t\t\t<div\r\n\t\t\t\t\t\t\t\tclass=\"cs-posts-area__main\"\r\n\t\t\t\t\t\t\t\tdata-pc=\"1\"\r\n\t\t\t\t\t\t\t\tdata-lt=\"1\"\r\n\t\t\t\t\t\t\t\tdata-tb=\"1\"\r\n\t\t\t\t\t\t\t\tdata-mb=\"1\"\r\n\t\t\t\t\t\t\t\t>\r\n\t\t\t\t\t\t\t\t\t\r\n<article class=\"post-5278 post type-post status-publish format-standard has-post-thumbnail category-praca-dla-seniora tag-emeryci-na-rynku-pracy tag-emerytura-i-praca tag-praca-na-emeryturze tag-pracujacy-emeryci tag-seniorzy-pracujacy cs-entry cs-video-wrap\">\r\n\t<div\r\n\tclass=\"cs-entry__outer cs-entry__outer-content-top cs-entry__overlay cs-overlay-ratio cs-ratio-square\"\r\n\tdata-scheme=\"inverse\"\r\n\t>\r\n\r\n\t\t<div class=\"cs-entry__inner cs-entry__thumbnail cs-entry__tile\">\r\n\r\n\t\t\t<div class=\"cs-overlay-background\">\r\n\t\t\t\t\t\t\t\t\t<img loading=\"lazy\" decoding=\"async\" width=\"527\" height=\"292\" src=\"https:\/\/agetech.pl\/wp-content\/uploads\/2026\/01\/Co-sie-zmienilo-w-2025-powrot-seniorow-do-pracy-i-prognoza-na-2026-527x292.png\" class=\"attachment-csco-thumbnail-uncropped size-csco-thumbnail-uncropped wp-post-image\" alt=\"Co si\u0119 zmieni\u0142o w 2025: powr\u00f3t senior\u00f3w do pracy i prognoza na 2026\" srcset=\"https:\/\/agetech.pl\/wp-content\/uploads\/2026\/01\/Co-sie-zmienilo-w-2025-powrot-seniorow-do-pracy-i-prognoza-na-2026-527x292.png 527w, https:\/\/agetech.pl\/wp-content\/uploads\/2026\/01\/Co-sie-zmienilo-w-2025-powrot-seniorow-do-pracy-i-prognoza-na-2026-300x166.png 300w, https:\/\/agetech.pl\/wp-content\/uploads\/2026\/01\/Co-sie-zmienilo-w-2025-powrot-seniorow-do-pracy-i-prognoza-na-2026-1024x567.png 1024w, https:\/\/agetech.pl\/wp-content\/uploads\/2026\/01\/Co-sie-zmienilo-w-2025-powrot-seniorow-do-pracy-i-prognoza-na-2026-768x425.png 768w, https:\/\/agetech.pl\/wp-content\/uploads\/2026\/01\/Co-sie-zmienilo-w-2025-powrot-seniorow-do-pracy-i-prognoza-na-2026-1536x851.png 1536w, https:\/\/agetech.pl\/wp-content\/uploads\/2026\/01\/Co-sie-zmienilo-w-2025-powrot-seniorow-do-pracy-i-prognoza-na-2026-1054x584.png 1054w, https:\/\/agetech.pl\/wp-content\/uploads\/2026\/01\/Co-sie-zmienilo-w-2025-powrot-seniorow-do-pracy-i-prognoza-na-2026-688x381.png 688w, https:\/\/agetech.pl\/wp-content\/uploads\/2026\/01\/Co-sie-zmienilo-w-2025-powrot-seniorow-do-pracy-i-prognoza-na-2026-1044x578.png 1044w, https:\/\/agetech.pl\/wp-content\/uploads\/2026\/01\/Co-sie-zmienilo-w-2025-powrot-seniorow-do-pracy-i-prognoza-na-2026-1400x775.png 1400w, https:\/\/agetech.pl\/wp-content\/uploads\/2026\/01\/Co-sie-zmienilo-w-2025-powrot-seniorow-do-pracy-i-prognoza-na-2026-1920x1063.png 1920w, https:\/\/agetech.pl\/wp-content\/uploads\/2026\/01\/Co-sie-zmienilo-w-2025-powrot-seniorow-do-pracy-i-prognoza-na-2026.png 2026w\" sizes=\"(max-width: 527px) 100vw, 527px\" \/>\t\t\t\t\t<img loading=\"lazy\" decoding=\"async\" width=\"1044\" height=\"578\" src=\"https:\/\/agetech.pl\/wp-content\/uploads\/2026\/01\/Co-sie-zmienilo-w-2025-powrot-seniorow-do-pracy-i-prognoza-na-2026-1044x578.png\" class=\"attachment-csco-large-uncropped size-csco-large-uncropped wp-post-image\" alt=\"Co si\u0119 zmieni\u0142o w 2025: powr\u00f3t senior\u00f3w do pracy i prognoza na 2026\" srcset=\"https:\/\/agetech.pl\/wp-content\/uploads\/2026\/01\/Co-sie-zmienilo-w-2025-powrot-seniorow-do-pracy-i-prognoza-na-2026-1044x578.png 1044w, https:\/\/agetech.pl\/wp-content\/uploads\/2026\/01\/Co-sie-zmienilo-w-2025-powrot-seniorow-do-pracy-i-prognoza-na-2026-300x166.png 300w, https:\/\/agetech.pl\/wp-content\/uploads\/2026\/01\/Co-sie-zmienilo-w-2025-powrot-seniorow-do-pracy-i-prognoza-na-2026-1024x567.png 1024w, https:\/\/agetech.pl\/wp-content\/uploads\/2026\/01\/Co-sie-zmienilo-w-2025-powrot-seniorow-do-pracy-i-prognoza-na-2026-768x425.png 768w, https:\/\/agetech.pl\/wp-content\/uploads\/2026\/01\/Co-sie-zmienilo-w-2025-powrot-seniorow-do-pracy-i-prognoza-na-2026-1536x851.png 1536w, https:\/\/agetech.pl\/wp-content\/uploads\/2026\/01\/Co-sie-zmienilo-w-2025-powrot-seniorow-do-pracy-i-prognoza-na-2026-527x292.png 527w, https:\/\/agetech.pl\/wp-content\/uploads\/2026\/01\/Co-sie-zmienilo-w-2025-powrot-seniorow-do-pracy-i-prognoza-na-2026-1054x584.png 1054w, https:\/\/agetech.pl\/wp-content\/uploads\/2026\/01\/Co-sie-zmienilo-w-2025-powrot-seniorow-do-pracy-i-prognoza-na-2026-688x381.png 688w, https:\/\/agetech.pl\/wp-content\/uploads\/2026\/01\/Co-sie-zmienilo-w-2025-powrot-seniorow-do-pracy-i-prognoza-na-2026-1400x775.png 1400w, https:\/\/agetech.pl\/wp-content\/uploads\/2026\/01\/Co-sie-zmienilo-w-2025-powrot-seniorow-do-pracy-i-prognoza-na-2026-1920x1063.png 1920w, https:\/\/agetech.pl\/wp-content\/uploads\/2026\/01\/Co-sie-zmienilo-w-2025-powrot-seniorow-do-pracy-i-prognoza-na-2026.png 2026w\" sizes=\"(max-width: 1044px) 100vw, 1044px\" \/>\t\t\t\t\t\t\t<\/div>\r\n\r\n\t\t\t\r\n\t\t\t\r\n\t\t<\/div>\r\n\r\n\t\t<div class=\"cs-entry__inner cs-entry__content cs-overlay-content\">\r\n\t\t\t<div class=\"cs-entry__info\">\r\n\t\t\t\t<h2 class=\"cs-entry__title\">Co si\u0119 zmieni\u0142o w 2025: powr\u00f3t Senior\u00f3w do pracy i prognoza na 2026<\/h2>\r\n\t\t\t\t\t\t\t\t\t\t<div class=\"cs-entry__excerpt\">\r\n\t\t\t\t\t\t\t2025 rok zdefiniowa\u0142 si\u0119 jednym has\u0142em: starsi pracownicy masowo wracaj\u0105 do pracy. To nie by\u0142a ju\u017c marginalna grupa \u2013 to by\u0142 prze\u0142om demograficzny zmuszaj\u0105cy ca\u0142e gospodarki do&hellip;\t\t\t\t\t\t<\/div>\r\n\t\t\t\t\t\t\t\t\t<\/div>\r\n\r\n\t\t\t<a class=\"cs-overlay-link\" href=\"https:\/\/agetech.pl\/index.php\/2026\/01\/09\/co-sie-zmienilo-w-2025-powrot-seniorow-do-pracy-i-prognoza-na-2026\/\" title=\"Co si\u0119 zmieni\u0142o w 2025: powr\u00f3t Senior\u00f3w do pracy i prognoza na 2026\"><\/a>\r\n\r\n\t\t\t\t\t\t\t<div class=\"cs-entry__meta cs-entry__meta-overlay\">\r\n\t\t\t\t\t\t\t\t\t\t\t<div class=\"cs-entry__meta-category\">\r\n\t\t\t\t\t\t\t<div class=\"cs-entry__post-meta\" ><div class=\"cs-meta-category\"><ul class=\"post-categories\"><li><a href=\"https:\/\/agetech.pl\/index.php\/category\/praca-dla-seniora\/\">Rynek pracy<\/a><\/li><\/ul><\/div><\/div>\t\t\t\t\t\t<\/div>\r\n\t\t\t\t\t\t\t\t\t\t\t\t\t\t\t\t<div class=\"cs-entry__meta-content\">\r\n\t\t\t\t\t\t\t\t\t\t\t\t\t\t\t<div class=\"cs-entry__meta-date\">\r\n\t\t\t\t\t\t\t\t\t<div class=\"cs-entry__post-meta\" ><div class=\"cs-meta-date\">2026-01-09<\/div><\/div>\t\t\t\t\t\t\t\t<\/div>\r\n\t\t\t\t\t\t\t\t\t\t\t\t\t\t\t\t\t\t\t\t\t\t<div class=\"cs-entry__meta-author\">\r\n\t\t\t\t\t\t\t\t\t<div class=\"cs-entry__post-meta\" ><div class=\"cs-meta-author\"><a class=\"cs-meta-author-link url fn n\" href=\"https:\/\/agetech.pl\/index.php\/author\/redaktor-jw\/\"><span class=\"cs-meta-author-by\">autor:<\/span><span class=\"cs-meta-author-name\">Jerzy Walczak<\/span><\/a><\/div><\/div>\t\t\t\t\t\t\t\t<\/div>\r\n\t\t\t\t\t\t\t\t\t\t\t\t\t<\/div>\r\n\t\t\t\t\t\t\t\t\t<\/div>\r\n\t\t\t\t\t<\/div>\r\n\t<\/div>\r\n<\/article>\r\n\t\t\t\t\t\t\t\t<\/div>\r\n\t\t\t\t\t\t\t<\/div>\r\n\t\t\t\t\t\t<\/div>\r\n\t\t\t\t\t\t\t\t<\/section>\r\n\t\t\t\t\t\t<\/div>\n\t\t\t\t<\/div>\n\t\t\t\t<\/div>\n\t\t\t\t<div class=\"elementor-element elementor-element-ee62ace cs-dividervertical cs-divider-laptopvertical elementor-widget-tablet__width-inherit elementor-hidden-mobile cs-divider-tablethorizontal cs-divider-mobilehorizontal elementor-widget elementor-widget-cs-divider\" data-id=\"ee62ace\" data-element_type=\"widget\" data-widget_type=\"cs-divider.default\">\n\t\t\t\t<div class=\"elementor-widget-container\">\n\t\t\t\t\t\t\t<section class=\"cs-divider cs-divider-vertical\"><\/section>\r\n\t\t\t\t\t\t<\/div>\n\t\t\t\t<\/div>\n\t\t<div class=\"elementor-element elementor-element-81f92e7 e-con-full e-flex e-con e-child\" data-id=\"81f92e7\" data-element_type=\"container\">\n\t\t\t\t<div class=\"elementor-element elementor-element-04ee93b elementor-widget__width-inherit elementor-widget-mobile__width-inherit elementor-widget elementor-widget-cs-posts\" data-id=\"04ee93b\" data-element_type=\"widget\" data-widget_type=\"cs-posts.default\">\n\t\t\t\t<div class=\"elementor-widget-container\">\n\t\t\t\t\t\t\t\t<section class=\"cs-posts cs-posts__standard\">\r\n\t\t\t\t\t\t\t\t\t\t<div class=\"cs-posts-area cs-posts-area-elementor \" data-posts-area=\"\">\r\n\t\t\t\t\t\t\t<div class=\"cs-posts-area__outer\">\r\n\r\n\t\t\t\t\t\t\t\t<div\r\n\t\t\t\t\t\t\t\tclass=\"cs-posts-area__main cs-posts-area__main-divider hide-mobile-devider\"\r\n\t\t\t\t\t\t\t\tdata-pc=\"1\"\r\n\t\t\t\t\t\t\t\tdata-lt=\"1\"\r\n\t\t\t\t\t\t\t\tdata-tb=\"1\"\r\n\t\t\t\t\t\t\t\tdata-mb=\"1\"\r\n\t\t\t\t\t\t\t\t>\r\n\t\t\t\t\t\t\t\t\t\r\n<article class=\"post-4810 post type-post status-publish format-standard has-post-thumbnail category-praca-dla-seniora category-styl-zycia-seniora tag-ageizm tag-it tag-praca cs-entry cs-video-wrap\">\r\n\t<div class=\"cs-entry__outer\">\r\n\t\t\t\t\t<div class=\"cs-entry__inner cs-entry__overlay cs-entry__thumbnail cs-overlay-ratio cs-ratio-landscape-16-9\">\r\n\r\n\t\t\t\t<div class=\"cs-overlay-background\">\r\n\t\t\t\t\t<img loading=\"lazy\" decoding=\"async\" width=\"527\" height=\"297\" src=\"https:\/\/agetech.pl\/wp-content\/uploads\/2025\/06\/christina-wocintechchat-com-f6wB7D_xISY-unsplash-527x297.jpg\" class=\"attachment-csco-thumbnail size-csco-thumbnail wp-post-image\" alt=\"ageizm w pracy\" srcset=\"https:\/\/agetech.pl\/wp-content\/uploads\/2025\/06\/christina-wocintechchat-com-f6wB7D_xISY-unsplash-527x297.jpg 527w, https:\/\/agetech.pl\/wp-content\/uploads\/2025\/06\/christina-wocintechchat-com-f6wB7D_xISY-unsplash-1054x594.jpg 1054w, https:\/\/agetech.pl\/wp-content\/uploads\/2025\/06\/christina-wocintechchat-com-f6wB7D_xISY-unsplash-688x387.jpg 688w, https:\/\/agetech.pl\/wp-content\/uploads\/2025\/06\/christina-wocintechchat-com-f6wB7D_xISY-unsplash-1376x774.jpg 1376w, https:\/\/agetech.pl\/wp-content\/uploads\/2025\/06\/christina-wocintechchat-com-f6wB7D_xISY-unsplash-1044x587.jpg 1044w, https:\/\/agetech.pl\/wp-content\/uploads\/2025\/06\/christina-wocintechchat-com-f6wB7D_xISY-unsplash-2088x1174.jpg 2088w\" sizes=\"(max-width: 527px) 100vw, 527px\" \/>\t\t\t\t\t<img loading=\"lazy\" decoding=\"async\" width=\"527\" height=\"297\" src=\"https:\/\/agetech.pl\/wp-content\/uploads\/2025\/06\/christina-wocintechchat-com-f6wB7D_xISY-unsplash-527x297.jpg\" class=\"attachment-csco-thumbnail size-csco-thumbnail wp-post-image\" alt=\"ageizm w pracy\" srcset=\"https:\/\/agetech.pl\/wp-content\/uploads\/2025\/06\/christina-wocintechchat-com-f6wB7D_xISY-unsplash-527x297.jpg 527w, https:\/\/agetech.pl\/wp-content\/uploads\/2025\/06\/christina-wocintechchat-com-f6wB7D_xISY-unsplash-1054x594.jpg 1054w, https:\/\/agetech.pl\/wp-content\/uploads\/2025\/06\/christina-wocintechchat-com-f6wB7D_xISY-unsplash-688x387.jpg 688w, https:\/\/agetech.pl\/wp-content\/uploads\/2025\/06\/christina-wocintechchat-com-f6wB7D_xISY-unsplash-1376x774.jpg 1376w, https:\/\/agetech.pl\/wp-content\/uploads\/2025\/06\/christina-wocintechchat-com-f6wB7D_xISY-unsplash-1044x587.jpg 1044w, https:\/\/agetech.pl\/wp-content\/uploads\/2025\/06\/christina-wocintechchat-com-f6wB7D_xISY-unsplash-2088x1174.jpg 2088w\" sizes=\"(max-width: 527px) 100vw, 527px\" \/>\t\t\t\t<\/div>\r\n\r\n\t\t\t\t\r\n\t\t\t\t\r\n\t\t\t\t<a href=\"https:\/\/agetech.pl\/index.php\/2025\/06\/22\/cyfrowy-ageizm-35-latek-za-stary\/\" class=\"cs-overlay-link\" title=\"\u201eCyfrowy ageizm\u201d: 35-latek za stary?\"><\/a>\r\n\t\t\t<\/div>\r\n\t\t\r\n\t\t<div class=\"cs-entry__inner cs-entry__content\">\r\n\t\t\t<div class=\"cs-entry__info\">\r\n\t\t\t\t<h2 class=\"cs-entry__title\"><a href=\"https:\/\/agetech.pl\/index.php\/2025\/06\/22\/cyfrowy-ageizm-35-latek-za-stary\/\">\u201eCyfrowy ageizm\u201d: 35-latek za stary?<\/a><\/h2>\r\n\t\t\t\t\t\t\t<\/div>\r\n\r\n\t\t\t\t\t\t\t<div class=\"cs-entry__meta\">\r\n\t\t\t\t\t\t\t\t\t\t\t<div class=\"cs-entry__meta-category\">\r\n\t\t\t\t\t\t\t<div class=\"cs-entry__post-meta\" ><div class=\"cs-meta-category\"><ul class=\"post-categories\"><li><a href=\"https:\/\/agetech.pl\/index.php\/category\/praca-dla-seniora\/\">Rynek pracy<\/a><\/li><li><a href=\"https:\/\/agetech.pl\/index.php\/category\/styl-zycia-seniora\/\">Styl \u017cycia<\/a><\/li><\/ul><\/div><\/div>\t\t\t\t\t\t<\/div>\r\n\t\t\t\t\t\t\t\t\t\t\t\t\t\t\t\t<div class=\"cs-entry__meta-content\">\r\n\t\t\t\t\t\t\t\t\t\t\t\t\t\t\t<div class=\"cs-entry__meta-date\">\r\n\t\t\t\t\t\t\t\t\t<div class=\"cs-entry__post-meta\" ><div class=\"cs-meta-date\">2025-06-22<\/div><\/div>\t\t\t\t\t\t\t\t<\/div>\r\n\t\t\t\t\t\t\t\t\t\t\t\t\t\t\t\t\t\t\t\t\t\t<div class=\"cs-entry__meta-author\">\r\n\t\t\t\t\t\t\t\t\t<div class=\"cs-entry__post-meta\" ><div class=\"cs-meta-author\"><a class=\"cs-meta-author-link url fn n\" href=\"https:\/\/agetech.pl\/index.php\/author\/adminagetech\/\"><span class=\"cs-meta-author-by\">autor:<\/span><span class=\"cs-meta-author-name\">Redakcja AgeTech<\/span><\/a><\/div><\/div>\t\t\t\t\t\t\t\t<\/div>\r\n\t\t\t\t\t\t\t\t\t\t\t\t\t<\/div>\r\n\t\t\t\t\t\t\t\t\t<\/div>\r\n\t\t\t\t\t<\/div>\r\n\t<\/div>\r\n<\/article>\r\n\r\n<article class=\"post-4873 post type-post status-publish format-standard has-post-thumbnail category-praca-dla-seniora category-technologia tag-ai tag-eric-schmidt cs-entry cs-video-wrap\">\r\n\t<div class=\"cs-entry__outer\">\r\n\t\t\t\t\t<div class=\"cs-entry__inner cs-entry__overlay cs-entry__thumbnail cs-overlay-ratio cs-ratio-landscape-16-9\">\r\n\r\n\t\t\t\t<div class=\"cs-overlay-background\">\r\n\t\t\t\t\t<img loading=\"lazy\" decoding=\"async\" width=\"527\" height=\"297\" src=\"https:\/\/agetech.pl\/wp-content\/uploads\/2025\/06\/growtika-nGoCBxiaRO0-unsplash-527x297.jpg\" class=\"attachment-csco-thumbnail size-csco-thumbnail wp-post-image\" alt=\"ASI AI\" srcset=\"https:\/\/agetech.pl\/wp-content\/uploads\/2025\/06\/growtika-nGoCBxiaRO0-unsplash-527x296.jpg 527w, https:\/\/agetech.pl\/wp-content\/uploads\/2025\/06\/growtika-nGoCBxiaRO0-unsplash-300x169.jpg 300w, https:\/\/agetech.pl\/wp-content\/uploads\/2025\/06\/growtika-nGoCBxiaRO0-unsplash-1024x576.jpg 1024w, https:\/\/agetech.pl\/wp-content\/uploads\/2025\/06\/growtika-nGoCBxiaRO0-unsplash-768x432.jpg 768w, https:\/\/agetech.pl\/wp-content\/uploads\/2025\/06\/growtika-nGoCBxiaRO0-unsplash-1536x864.jpg 1536w, https:\/\/agetech.pl\/wp-content\/uploads\/2025\/06\/growtika-nGoCBxiaRO0-unsplash-2048x1152.jpg 2048w, https:\/\/agetech.pl\/wp-content\/uploads\/2025\/06\/growtika-nGoCBxiaRO0-unsplash-1054x593.jpg 1054w, https:\/\/agetech.pl\/wp-content\/uploads\/2025\/06\/growtika-nGoCBxiaRO0-unsplash-688x387.jpg 688w, https:\/\/agetech.pl\/wp-content\/uploads\/2025\/06\/growtika-nGoCBxiaRO0-unsplash-1376x774.jpg 1376w, https:\/\/agetech.pl\/wp-content\/uploads\/2025\/06\/growtika-nGoCBxiaRO0-unsplash-1044x587.jpg 1044w, https:\/\/agetech.pl\/wp-content\/uploads\/2025\/06\/growtika-nGoCBxiaRO0-unsplash-2088x1174.jpg 2088w, https:\/\/agetech.pl\/wp-content\/uploads\/2025\/06\/growtika-nGoCBxiaRO0-unsplash-1400x788.jpg 1400w, https:\/\/agetech.pl\/wp-content\/uploads\/2025\/06\/growtika-nGoCBxiaRO0-unsplash-1920x1080.jpg 1920w, https:\/\/agetech.pl\/wp-content\/uploads\/2025\/06\/growtika-nGoCBxiaRO0-unsplash-scaled.jpg 2560w\" sizes=\"(max-width: 527px) 100vw, 527px\" \/>\t\t\t\t\t<img loading=\"lazy\" decoding=\"async\" width=\"527\" height=\"297\" src=\"https:\/\/agetech.pl\/wp-content\/uploads\/2025\/06\/growtika-nGoCBxiaRO0-unsplash-527x297.jpg\" class=\"attachment-csco-thumbnail size-csco-thumbnail wp-post-image\" alt=\"ASI AI\" srcset=\"https:\/\/agetech.pl\/wp-content\/uploads\/2025\/06\/growtika-nGoCBxiaRO0-unsplash-527x296.jpg 527w, https:\/\/agetech.pl\/wp-content\/uploads\/2025\/06\/growtika-nGoCBxiaRO0-unsplash-300x169.jpg 300w, https:\/\/agetech.pl\/wp-content\/uploads\/2025\/06\/growtika-nGoCBxiaRO0-unsplash-1024x576.jpg 1024w, https:\/\/agetech.pl\/wp-content\/uploads\/2025\/06\/growtika-nGoCBxiaRO0-unsplash-768x432.jpg 768w, https:\/\/agetech.pl\/wp-content\/uploads\/2025\/06\/growtika-nGoCBxiaRO0-unsplash-1536x864.jpg 1536w, https:\/\/agetech.pl\/wp-content\/uploads\/2025\/06\/growtika-nGoCBxiaRO0-unsplash-2048x1152.jpg 2048w, https:\/\/agetech.pl\/wp-content\/uploads\/2025\/06\/growtika-nGoCBxiaRO0-unsplash-1054x593.jpg 1054w, https:\/\/agetech.pl\/wp-content\/uploads\/2025\/06\/growtika-nGoCBxiaRO0-unsplash-688x387.jpg 688w, https:\/\/agetech.pl\/wp-content\/uploads\/2025\/06\/growtika-nGoCBxiaRO0-unsplash-1376x774.jpg 1376w, https:\/\/agetech.pl\/wp-content\/uploads\/2025\/06\/growtika-nGoCBxiaRO0-unsplash-1044x587.jpg 1044w, https:\/\/agetech.pl\/wp-content\/uploads\/2025\/06\/growtika-nGoCBxiaRO0-unsplash-2088x1174.jpg 2088w, https:\/\/agetech.pl\/wp-content\/uploads\/2025\/06\/growtika-nGoCBxiaRO0-unsplash-1400x788.jpg 1400w, https:\/\/agetech.pl\/wp-content\/uploads\/2025\/06\/growtika-nGoCBxiaRO0-unsplash-1920x1080.jpg 1920w, https:\/\/agetech.pl\/wp-content\/uploads\/2025\/06\/growtika-nGoCBxiaRO0-unsplash-scaled.jpg 2560w\" sizes=\"(max-width: 527px) 100vw, 527px\" \/>\t\t\t\t<\/div>\r\n\r\n\t\t\t\t\r\n\t\t\t\t\r\n\t\t\t\t<a href=\"https:\/\/agetech.pl\/index.php\/2025\/06\/26\/ai-agi-i-asi-jak-eric-schmidt-widzi-przyszlosc\/\" class=\"cs-overlay-link\" title=\"AI, AGI i ASI \u2013 jak Eric Schmidt widzi przysz\u0142o\u015b\u0107\"><\/a>\r\n\t\t\t<\/div>\r\n\t\t\r\n\t\t<div class=\"cs-entry__inner cs-entry__content\">\r\n\t\t\t<div class=\"cs-entry__info\">\r\n\t\t\t\t<h2 class=\"cs-entry__title\"><a href=\"https:\/\/agetech.pl\/index.php\/2025\/06\/26\/ai-agi-i-asi-jak-eric-schmidt-widzi-przyszlosc\/\">AI, AGI i ASI \u2013 jak Eric Schmidt widzi przysz\u0142o\u015b\u0107<\/a><\/h2>\r\n\t\t\t\t\t\t\t<\/div>\r\n\r\n\t\t\t\t\t\t\t<div class=\"cs-entry__meta\">\r\n\t\t\t\t\t\t\t\t\t\t\t<div class=\"cs-entry__meta-category\">\r\n\t\t\t\t\t\t\t<div class=\"cs-entry__post-meta\" ><div class=\"cs-meta-category\"><ul class=\"post-categories\"><li><a href=\"https:\/\/agetech.pl\/index.php\/category\/praca-dla-seniora\/\">Rynek pracy<\/a><\/li><li><a href=\"https:\/\/agetech.pl\/index.php\/category\/technologia\/\">Technologia<\/a><\/li><\/ul><\/div><\/div>\t\t\t\t\t\t<\/div>\r\n\t\t\t\t\t\t\t\t\t\t\t\t\t\t\t\t<div class=\"cs-entry__meta-content\">\r\n\t\t\t\t\t\t\t\t\t\t\t\t\t\t\t<div class=\"cs-entry__meta-date\">\r\n\t\t\t\t\t\t\t\t\t<div class=\"cs-entry__post-meta\" ><div class=\"cs-meta-date\">2025-06-26<\/div><\/div>\t\t\t\t\t\t\t\t<\/div>\r\n\t\t\t\t\t\t\t\t\t\t\t\t\t\t\t\t\t\t\t\t\t\t<div class=\"cs-entry__meta-author\">\r\n\t\t\t\t\t\t\t\t\t<div class=\"cs-entry__post-meta\" ><div class=\"cs-meta-author\"><a class=\"cs-meta-author-link url fn n\" href=\"https:\/\/agetech.pl\/index.php\/author\/adminagetech\/\"><span class=\"cs-meta-author-by\">autor:<\/span><span class=\"cs-meta-author-name\">Redakcja AgeTech<\/span><\/a><\/div><\/div>\t\t\t\t\t\t\t\t<\/div>\r\n\t\t\t\t\t\t\t\t\t\t\t\t\t<\/div>\r\n\t\t\t\t\t\t\t\t\t<\/div>\r\n\t\t\t\t\t<\/div>\r\n\t<\/div>\r\n<\/article>\r\n\t\t\t\t\t\t\t\t<\/div>\r\n\t\t\t\t\t\t\t<\/div>\r\n\t\t\t\t\t\t<\/div>\r\n\t\t\t\t\t\t\t\t<\/section>\r\n\t\t\t\t\t\t<\/div>\n\t\t\t\t<\/div>\n\t\t\t\t<\/div>\n\t\t\t\t<div class=\"elementor-element elementor-element-3a37554 cs-dividervertical cs-divider-laptopvertical cs-divider-tabletvertical elementor-hidden-mobile cs-divider-mobilehorizontal elementor-widget elementor-widget-cs-divider\" data-id=\"3a37554\" data-element_type=\"widget\" data-widget_type=\"cs-divider.default\">\n\t\t\t\t<div class=\"elementor-widget-container\">\n\t\t\t\t\t\t\t<section class=\"cs-divider cs-divider-vertical\"><\/section>\r\n\t\t\t\t\t\t<\/div>\n\t\t\t\t<\/div>\n\t\t<div class=\"elementor-element elementor-element-befbc0e e-con-full e-flex e-con e-child\" data-id=\"befbc0e\" data-element_type=\"container\">\n\t\t\t\t<div class=\"elementor-element elementor-element-6f05287 elementor-widget__width-inherit elementor-widget-mobile__width-inherit elementor-widget elementor-widget-cs-posts\" data-id=\"6f05287\" data-element_type=\"widget\" data-widget_type=\"cs-posts.default\">\n\t\t\t\t<div class=\"elementor-widget-container\">\n\t\t\t\t\t\t\t\t<section class=\"cs-posts cs-posts__standard\">\r\n\t\t\t\t\t\t\t\t\t\t<div class=\"cs-posts-area cs-posts-area-elementor \" data-posts-area=\"\">\r\n\t\t\t\t\t\t\t<div class=\"cs-posts-area__outer\">\r\n\r\n\t\t\t\t\t\t\t\t<div\r\n\t\t\t\t\t\t\t\tclass=\"cs-posts-area__main cs-posts-area__main-divider hide-mobile-devider\"\r\n\t\t\t\t\t\t\t\tdata-pc=\"1\"\r\n\t\t\t\t\t\t\t\tdata-lt=\"1\"\r\n\t\t\t\t\t\t\t\tdata-tb=\"1\"\r\n\t\t\t\t\t\t\t\tdata-mb=\"1\"\r\n\t\t\t\t\t\t\t\t>\r\n\t\t\t\t\t\t\t\t\t\r\n<article class=\"post-5078 post type-post status-publish format-standard has-post-thumbnail category-edukacja-seniora category-styl-zycia-seniora tag-eu cs-entry cs-video-wrap\">\r\n\t<div class=\"cs-entry__outer\">\r\n\t\t\t\t\t<div class=\"cs-entry__inner cs-entry__overlay cs-entry__thumbnail cs-overlay-ratio cs-ratio-landscape-16-9\">\r\n\r\n\t\t\t\t<div class=\"cs-overlay-background\">\r\n\t\t\t\t\t<img loading=\"lazy\" decoding=\"async\" width=\"446\" height=\"297\" src=\"https:\/\/agetech.pl\/wp-content\/uploads\/2025\/07\/tim-mossholder-WE_Kv_ZB1l0-unsplash.jpg\" class=\"attachment-csco-thumbnail size-csco-thumbnail wp-post-image\" alt=\"Edukacja po 50\" \/>\t\t\t\t\t<img loading=\"lazy\" decoding=\"async\" width=\"446\" height=\"297\" src=\"https:\/\/agetech.pl\/wp-content\/uploads\/2025\/07\/tim-mossholder-WE_Kv_ZB1l0-unsplash.jpg\" class=\"attachment-csco-thumbnail size-csco-thumbnail wp-post-image\" alt=\"Edukacja po 50\" \/>\t\t\t\t<\/div>\r\n\r\n\t\t\t\t\r\n\t\t\t\t\r\n\t\t\t\t<a href=\"https:\/\/agetech.pl\/index.php\/2025\/07\/28\/europa-uczy-sie-uczyc-seniorow-ktore-panstwa-najlepiej-wspieraja-edukacje-silversow\/\" class=\"cs-overlay-link\" title=\"Europa uczy si\u0119 uczy\u0107 senior\u00f3w \u2013 kt\u00f3re pa\u0144stwa najlepiej wspieraj\u0105 edukacj\u0119 silvers\u00f3w\"><\/a>\r\n\t\t\t<\/div>\r\n\t\t\r\n\t\t<div class=\"cs-entry__inner cs-entry__content\">\r\n\t\t\t<div class=\"cs-entry__info\">\r\n\t\t\t\t<h2 class=\"cs-entry__title\"><a href=\"https:\/\/agetech.pl\/index.php\/2025\/07\/28\/europa-uczy-sie-uczyc-seniorow-ktore-panstwa-najlepiej-wspieraja-edukacje-silversow\/\">Europa uczy si\u0119 uczy\u0107 senior\u00f3w \u2013 kt\u00f3re pa\u0144stwa najlepiej wspieraj\u0105 edukacj\u0119 silvers\u00f3w<\/a><\/h2>\r\n\t\t\t\t\t\t\t<\/div>\r\n\r\n\t\t\t\t\t\t\t<div class=\"cs-entry__meta\">\r\n\t\t\t\t\t\t\t\t\t\t\t<div class=\"cs-entry__meta-category\">\r\n\t\t\t\t\t\t\t<div class=\"cs-entry__post-meta\" ><div class=\"cs-meta-category\"><ul class=\"post-categories\"><li><a href=\"https:\/\/agetech.pl\/index.php\/category\/edukacja-seniora\/\">Edukacja<\/a><\/li><li><a href=\"https:\/\/agetech.pl\/index.php\/category\/styl-zycia-seniora\/\">Styl \u017cycia<\/a><\/li><\/ul><\/div><\/div>\t\t\t\t\t\t<\/div>\r\n\t\t\t\t\t\t\t\t\t\t\t\t\t\t\t\t<div class=\"cs-entry__meta-content\">\r\n\t\t\t\t\t\t\t\t\t\t\t\t\t\t\t<div class=\"cs-entry__meta-date\">\r\n\t\t\t\t\t\t\t\t\t<div class=\"cs-entry__post-meta\" ><div class=\"cs-meta-date\">2025-07-28<\/div><\/div>\t\t\t\t\t\t\t\t<\/div>\r\n\t\t\t\t\t\t\t\t\t\t\t\t\t\t\t\t\t\t\t\t\t\t<div class=\"cs-entry__meta-author\">\r\n\t\t\t\t\t\t\t\t\t<div class=\"cs-entry__post-meta\" ><div class=\"cs-meta-author\"><a class=\"cs-meta-author-link url fn n\" href=\"https:\/\/agetech.pl\/index.php\/author\/redaktor-ak\/\"><span class=\"cs-meta-author-by\">autor:<\/span><span class=\"cs-meta-author-name\">Anna Kaczmarska<\/span><\/a><\/div><\/div>\t\t\t\t\t\t\t\t<\/div>\r\n\t\t\t\t\t\t\t\t\t\t\t\t\t<\/div>\r\n\t\t\t\t\t\t\t\t\t<\/div>\r\n\t\t\t\t\t<\/div>\r\n\t<\/div>\r\n<\/article>\r\n\r\n<article class=\"post-5023 post type-post status-publish format-standard has-post-thumbnail category-edukacja-seniora category-praca-dla-seniora category-technologia category-trendy tag-ai tag-edukacja tag-praca tag-spoleczenstwo tag-technologia cs-entry cs-video-wrap\">\r\n\t<div class=\"cs-entry__outer\">\r\n\t\t\t\t\t<div class=\"cs-entry__inner cs-entry__overlay cs-entry__thumbnail cs-overlay-ratio cs-ratio-landscape-16-9\">\r\n\r\n\t\t\t\t<div class=\"cs-overlay-background\">\r\n\t\t\t\t\t<img loading=\"lazy\" decoding=\"async\" width=\"527\" height=\"297\" src=\"https:\/\/agetech.pl\/wp-content\/uploads\/2025\/07\/Ekonomiczny-i-spoleczny-potencjal-aktywizacji-zawodowej-seniorow-527x297.png\" class=\"attachment-csco-thumbnail size-csco-thumbnail wp-post-image\" alt=\"Ekonomiczny i spo\u0142eczny potencja\u0142 aktywizacji zawodowej senior\u00f3w\" srcset=\"https:\/\/agetech.pl\/wp-content\/uploads\/2025\/07\/Ekonomiczny-i-spoleczny-potencjal-aktywizacji-zawodowej-seniorow-527x297.png 527w, https:\/\/agetech.pl\/wp-content\/uploads\/2025\/07\/Ekonomiczny-i-spoleczny-potencjal-aktywizacji-zawodowej-seniorow-1054x594.png 1054w, https:\/\/agetech.pl\/wp-content\/uploads\/2025\/07\/Ekonomiczny-i-spoleczny-potencjal-aktywizacji-zawodowej-seniorow-688x387.png 688w, https:\/\/agetech.pl\/wp-content\/uploads\/2025\/07\/Ekonomiczny-i-spoleczny-potencjal-aktywizacji-zawodowej-seniorow-1376x774.png 1376w, https:\/\/agetech.pl\/wp-content\/uploads\/2025\/07\/Ekonomiczny-i-spoleczny-potencjal-aktywizacji-zawodowej-seniorow-1044x587.png 1044w\" sizes=\"(max-width: 527px) 100vw, 527px\" \/>\t\t\t\t\t<img loading=\"lazy\" decoding=\"async\" width=\"527\" height=\"297\" src=\"https:\/\/agetech.pl\/wp-content\/uploads\/2025\/07\/Ekonomiczny-i-spoleczny-potencjal-aktywizacji-zawodowej-seniorow-527x297.png\" class=\"attachment-csco-thumbnail size-csco-thumbnail wp-post-image\" alt=\"Ekonomiczny i spo\u0142eczny potencja\u0142 aktywizacji zawodowej senior\u00f3w\" srcset=\"https:\/\/agetech.pl\/wp-content\/uploads\/2025\/07\/Ekonomiczny-i-spoleczny-potencjal-aktywizacji-zawodowej-seniorow-527x297.png 527w, https:\/\/agetech.pl\/wp-content\/uploads\/2025\/07\/Ekonomiczny-i-spoleczny-potencjal-aktywizacji-zawodowej-seniorow-1054x594.png 1054w, https:\/\/agetech.pl\/wp-content\/uploads\/2025\/07\/Ekonomiczny-i-spoleczny-potencjal-aktywizacji-zawodowej-seniorow-688x387.png 688w, https:\/\/agetech.pl\/wp-content\/uploads\/2025\/07\/Ekonomiczny-i-spoleczny-potencjal-aktywizacji-zawodowej-seniorow-1376x774.png 1376w, https:\/\/agetech.pl\/wp-content\/uploads\/2025\/07\/Ekonomiczny-i-spoleczny-potencjal-aktywizacji-zawodowej-seniorow-1044x587.png 1044w\" sizes=\"(max-width: 527px) 100vw, 527px\" \/>\t\t\t\t<\/div>\r\n\r\n\t\t\t\t\r\n\t\t\t\t\r\n\t\t\t\t<a href=\"https:\/\/agetech.pl\/index.php\/2025\/07\/17\/ekonomiczny-i-spoleczny-potencjal-aktywizacji-zawodowej-seniorow-rola-technologii-i-silver-economy\/\" class=\"cs-overlay-link\" title=\"Ekonomiczny i spo\u0142eczny potencja\u0142 aktywizacji zawodowej senior\u00f3w \u2013 rola technologii i Silver Economy\"><\/a>\r\n\t\t\t<\/div>\r\n\t\t\r\n\t\t<div class=\"cs-entry__inner cs-entry__content\">\r\n\t\t\t<div class=\"cs-entry__info\">\r\n\t\t\t\t<h2 class=\"cs-entry__title\"><a href=\"https:\/\/agetech.pl\/index.php\/2025\/07\/17\/ekonomiczny-i-spoleczny-potencjal-aktywizacji-zawodowej-seniorow-rola-technologii-i-silver-economy\/\">Ekonomiczny i spo\u0142eczny potencja\u0142 aktywizacji zawodowej senior\u00f3w \u2013 rola technologii i Silver Economy<\/a><\/h2>\r\n\t\t\t\t\t\t\t<\/div>\r\n\r\n\t\t\t\t\t\t\t<div class=\"cs-entry__meta\">\r\n\t\t\t\t\t\t\t\t\t\t\t<div class=\"cs-entry__meta-category\">\r\n\t\t\t\t\t\t\t<div class=\"cs-entry__post-meta\" ><div class=\"cs-meta-category\"><ul class=\"post-categories\"><li><a href=\"https:\/\/agetech.pl\/index.php\/category\/edukacja-seniora\/\">Edukacja<\/a><\/li><li><a href=\"https:\/\/agetech.pl\/index.php\/category\/praca-dla-seniora\/\">Rynek pracy<\/a><\/li><li><a href=\"https:\/\/agetech.pl\/index.php\/category\/technologia\/\">Technologia<\/a><\/li><li><a href=\"https:\/\/agetech.pl\/index.php\/category\/trendy\/\">Trendy<\/a><\/li><\/ul><\/div><\/div>\t\t\t\t\t\t<\/div>\r\n\t\t\t\t\t\t\t\t\t\t\t\t\t\t\t\t<div class=\"cs-entry__meta-content\">\r\n\t\t\t\t\t\t\t\t\t\t\t\t\t\t\t<div class=\"cs-entry__meta-date\">\r\n\t\t\t\t\t\t\t\t\t<div class=\"cs-entry__post-meta\" ><div class=\"cs-meta-date\">2025-07-17<\/div><\/div>\t\t\t\t\t\t\t\t<\/div>\r\n\t\t\t\t\t\t\t\t\t\t\t\t\t\t\t\t\t\t\t\t\t\t<div class=\"cs-entry__meta-author\">\r\n\t\t\t\t\t\t\t\t\t<div class=\"cs-entry__post-meta\" ><div class=\"cs-meta-author\"><a class=\"cs-meta-author-link url fn n\" href=\"https:\/\/agetech.pl\/index.php\/author\/redaktor-jw\/\"><span class=\"cs-meta-author-by\">autor:<\/span><span class=\"cs-meta-author-name\">Jerzy Walczak<\/span><\/a><\/div><\/div>\t\t\t\t\t\t\t\t<\/div>\r\n\t\t\t\t\t\t\t\t\t\t\t\t\t<\/div>\r\n\t\t\t\t\t\t\t\t\t<\/div>\r\n\t\t\t\t\t<\/div>\r\n\t<\/div>\r\n<\/article>\r\n\t\t\t\t\t\t\t\t<\/div>\r\n\t\t\t\t\t\t\t<\/div>\r\n\t\t\t\t\t\t<\/div>\r\n\t\t\t\t\t\t\t\t<\/section>\r\n\t\t\t\t\t\t<\/div>\n\t\t\t\t<\/div>\n\t\t\t\t<\/div>\n\t\t\t\t<\/div>\n\t\t<div class=\"elementor-element elementor-element-549671c e-con-full e-flex e-con e-child\" data-id=\"549671c\" data-element_type=\"container\">\n\t\t\t\t<\/div>\n\t\t\t\t\t<\/div>\n\t\t\t\t<\/div>\n\t\t<div class=\"elementor-element elementor-element-c5113fb e-flex e-con-boxed e-con e-parent\" data-id=\"c5113fb\" data-element_type=\"container\">\n\t\t\t\t\t<div class=\"e-con-inner\">\n\t\t\t\t<div class=\"elementor-element elementor-element-e709f29 elementor-widget elementor-widget-cs-post-carousel\" data-id=\"e709f29\" data-element_type=\"widget\" data-widget_type=\"cs-post-carousel.default\">\n\t\t\t\t<div class=\"elementor-widget-container\">\n\t\t\t\t\t\r\n\t\t<section\r\n\t\tclass=\"cs-post-carousel cs-posts__tile\"\r\n\t\tdata-cs-type=\"tile\"\r\n\t\tdata-cs-loop=\"true\"\r\n\t\t>\r\n\t\t\t<div class=\"cs-post-carousel__headline\">\r\n\t\t\t\t<div class=\"cs-post-carousel__headline-container\">\r\n\t\t\t\t\t\t\t\t\t\t\t<a href=\"https:\/\/agetech.pl\/index.php\/tag\/ai\/\" class=\"cs-post-carousel__heading\">\r\n\t\t\t\t\t\t\t<span>\r\n\t\t\t\t\t\t\t\tAI &amp; AgeTech\t\t\t\t\t\t\t<\/span>\r\n\t\t\t\t\t\t<\/a>\r\n\t\t\t\t\t\r\n\t\t\t\t\t<div class=\"cs-post-carousel__nav\">\r\n\t\t\t\t\t\t<div class=\"cs-post-carousel__button-prev\"><\/div>\r\n\t\t\t\t\t\t<div class=\"cs-post-carousel__button-next\"><\/div>\r\n\t\t\t\t\t<\/div>\r\n\t\t\t\t<\/div>\r\n\t\t\t<\/div>\r\n\r\n\t\t\t\r\n\t\t\t\t<div class=\"cs-post-carousel__wrapper cs-posts-area__post-carousel cs-post-carousel__grid\">\r\n\t\t\t\t\t\r\n<article class=\"cs-post-carousel__item swiper-slide post-5205 post type-post status-publish format-standard has-post-thumbnail category-zdrowie-seniorow tag-ai tag-ambience-healthcare tag-ambient-ai tag-zdrowie cs-entry cs-video-wrap\">\r\n\t<div\r\n\tclass=\"cs-entry__outer cs-entry__overlay cs-overlay-ratio cs-ratio-portrait\"\r\n\tdata-scheme=\"inverse\"\r\n\t>\r\n\r\n\t\t<div class=\"cs-entry__inner cs-entry__thumbnail cs-entry__tile\">\r\n\r\n\t\t\t<div class=\"cs-overlay-background\">\r\n\t\t\t\t\t\t\t\t\t<img loading=\"lazy\" decoding=\"async\" width=\"527\" height=\"703\" src=\"https:\/\/agetech.pl\/wp-content\/uploads\/2025\/10\/igor-omilaev-FHgWFzDDAOs-unsplash-527x703.jpg\" class=\"attachment-csco-thumbnail-vertical size-csco-thumbnail-vertical wp-post-image\" alt=\"ambient ai\" srcset=\"https:\/\/agetech.pl\/wp-content\/uploads\/2025\/10\/igor-omilaev-FHgWFzDDAOs-unsplash-527x703.jpg 527w, https:\/\/agetech.pl\/wp-content\/uploads\/2025\/10\/igor-omilaev-FHgWFzDDAOs-unsplash-1054x1406.jpg 1054w\" sizes=\"(max-width: 527px) 100vw, 527px\" \/>\t\t\t\t\t<img loading=\"lazy\" decoding=\"async\" width=\"527\" height=\"703\" src=\"https:\/\/agetech.pl\/wp-content\/uploads\/2025\/10\/igor-omilaev-FHgWFzDDAOs-unsplash-527x703.jpg\" class=\"attachment-csco-thumbnail-vertical size-csco-thumbnail-vertical wp-post-image\" alt=\"ambient ai\" srcset=\"https:\/\/agetech.pl\/wp-content\/uploads\/2025\/10\/igor-omilaev-FHgWFzDDAOs-unsplash-527x703.jpg 527w, https:\/\/agetech.pl\/wp-content\/uploads\/2025\/10\/igor-omilaev-FHgWFzDDAOs-unsplash-1054x1406.jpg 1054w\" sizes=\"(max-width: 527px) 100vw, 527px\" \/>\t\t\t\t\t\t\t<\/div>\r\n\r\n\t\t\t\r\n\t\t\t\r\n\t\t<\/div>\r\n\r\n\t\t<div class=\"cs-entry__inner cs-entry__content cs-overlay-content\">\r\n\t\t\t<div class=\"cs-entry__info\">\r\n\t\t\t\t<h2 class=\"cs-entry__title\">Ambience Healthcare (USA) \u2014 AI odci\u0105\u017ca lekarzy i rewolucjonizuje dokumentacj\u0119 medyczn\u0105<\/h2>\r\n\t\t\t\t\t\t\t<\/div>\r\n\r\n\t\t\t<a class=\"cs-overlay-link\" href=\"https:\/\/agetech.pl\/index.php\/2025\/10\/21\/ambience-healthcare-usa-ai-odciaza-lekarzy-i-rewolucjonizuje-dokumentacje-medyczna\/\" title=\"Ambience Healthcare (USA) \u2014 AI odci\u0105\u017ca lekarzy i rewolucjonizuje dokumentacj\u0119 medyczn\u0105\"><\/a>\r\n\r\n\t\t\t\t\t\t\t<div class=\"cs-entry__meta cs-entry__meta-overlay\">\r\n\t\t\t\t\t\t\t\t\t\t\t<div class=\"cs-entry__meta-category\">\r\n\t\t\t\t\t\t\t<div class=\"cs-entry__post-meta\" ><div class=\"cs-meta-category\"><ul class=\"post-categories\"><li><a href=\"https:\/\/agetech.pl\/index.php\/category\/zdrowie-seniorow\/\">Zdrowie<\/a><\/li><\/ul><\/div><\/div>\t\t\t\t\t\t<\/div>\r\n\t\t\t\t\t\t\t\t\t\t\t\t\t\t\t\t<div class=\"cs-entry__meta-content\">\r\n\t\t\t\t\t\t\t\t\t\t\t\t\t\t\t<div class=\"cs-entry__meta-date\">\r\n\t\t\t\t\t\t\t\t\t<div class=\"cs-entry__post-meta\" ><div class=\"cs-meta-date\">2025-10-21<\/div><\/div>\t\t\t\t\t\t\t\t<\/div>\r\n\t\t\t\t\t\t\t\t\t\t\t\t\t\t\t\t\t\t\t\t<\/div>\r\n\t\t\t\t\t\t\t\t\t<\/div>\r\n\t\t\t\t\t<\/div>\r\n\t<\/div>\r\n<\/article>\r\n\r\n<article class=\"cs-post-carousel__item swiper-slide post-5152 post type-post status-publish format-standard has-post-thumbnail category-trendy tag-ai tag-inwestycje tag-trendy cs-entry cs-video-wrap\">\r\n\t<div\r\n\tclass=\"cs-entry__outer cs-entry__overlay cs-overlay-ratio cs-ratio-portrait\"\r\n\tdata-scheme=\"inverse\"\r\n\t>\r\n\r\n\t\t<div class=\"cs-entry__inner cs-entry__thumbnail cs-entry__tile\">\r\n\r\n\t\t\t<div class=\"cs-overlay-background\">\r\n\t\t\t\t\t\t\t\t\t<img loading=\"lazy\" decoding=\"async\" width=\"527\" height=\"703\" src=\"https:\/\/agetech.pl\/wp-content\/uploads\/2025\/09\/towfiqu-barbhuiya-jpqyfK7GB4w-unsplash-527x703.jpg\" class=\"attachment-csco-thumbnail-vertical size-csco-thumbnail-vertical wp-post-image\" alt=\"Trendy AgeTech 2025\" srcset=\"https:\/\/agetech.pl\/wp-content\/uploads\/2025\/09\/towfiqu-barbhuiya-jpqyfK7GB4w-unsplash-527x703.jpg 527w, https:\/\/agetech.pl\/wp-content\/uploads\/2025\/09\/towfiqu-barbhuiya-jpqyfK7GB4w-unsplash-1054x1406.jpg 1054w\" sizes=\"(max-width: 527px) 100vw, 527px\" \/>\t\t\t\t\t<img loading=\"lazy\" decoding=\"async\" width=\"527\" height=\"703\" src=\"https:\/\/agetech.pl\/wp-content\/uploads\/2025\/09\/towfiqu-barbhuiya-jpqyfK7GB4w-unsplash-527x703.jpg\" class=\"attachment-csco-thumbnail-vertical size-csco-thumbnail-vertical wp-post-image\" alt=\"Trendy AgeTech 2025\" srcset=\"https:\/\/agetech.pl\/wp-content\/uploads\/2025\/09\/towfiqu-barbhuiya-jpqyfK7GB4w-unsplash-527x703.jpg 527w, https:\/\/agetech.pl\/wp-content\/uploads\/2025\/09\/towfiqu-barbhuiya-jpqyfK7GB4w-unsplash-1054x1406.jpg 1054w\" sizes=\"(max-width: 527px) 100vw, 527px\" \/>\t\t\t\t\t\t\t<\/div>\r\n\r\n\t\t\t\r\n\t\t\t\r\n\t\t<\/div>\r\n\r\n\t\t<div class=\"cs-entry__inner cs-entry__content cs-overlay-content\">\r\n\t\t\t<div class=\"cs-entry__info\">\r\n\t\t\t\t<h2 class=\"cs-entry__title\">Trendy AgeTech w Q2 2025 \u2013 AI, inwestycje i nowe potrzeby senior\u00f3w<\/h2>\r\n\t\t\t\t\t\t\t<\/div>\r\n\r\n\t\t\t<a class=\"cs-overlay-link\" href=\"https:\/\/agetech.pl\/index.php\/2025\/09\/03\/trendy-agetech-w-q2-2025-ai-inwestycje-i-nowe-potrzeby-seniorow\/\" title=\"Trendy AgeTech w Q2 2025 \u2013 AI, inwestycje i nowe potrzeby senior\u00f3w\"><\/a>\r\n\r\n\t\t\t\t\t\t\t<div class=\"cs-entry__meta cs-entry__meta-overlay\">\r\n\t\t\t\t\t\t\t\t\t\t\t<div class=\"cs-entry__meta-category\">\r\n\t\t\t\t\t\t\t<div class=\"cs-entry__post-meta\" ><div class=\"cs-meta-category\"><ul class=\"post-categories\"><li><a href=\"https:\/\/agetech.pl\/index.php\/category\/trendy\/\">Trendy<\/a><\/li><\/ul><\/div><\/div>\t\t\t\t\t\t<\/div>\r\n\t\t\t\t\t\t\t\t\t\t\t\t\t\t\t\t<div class=\"cs-entry__meta-content\">\r\n\t\t\t\t\t\t\t\t\t\t\t\t\t\t\t<div class=\"cs-entry__meta-date\">\r\n\t\t\t\t\t\t\t\t\t<div class=\"cs-entry__post-meta\" ><div class=\"cs-meta-date\">2025-09-03<\/div><\/div>\t\t\t\t\t\t\t\t<\/div>\r\n\t\t\t\t\t\t\t\t\t\t\t\t\t\t\t\t\t\t\t\t<\/div>\r\n\t\t\t\t\t\t\t\t\t<\/div>\r\n\t\t\t\t\t<\/div>\r\n\t<\/div>\r\n<\/article>\r\n\r\n<article class=\"cs-post-carousel__item swiper-slide post-5149 post type-post status-publish format-standard has-post-thumbnail category-opieka-nad-seniorami category-technologia tag-ai tag-opieka tag-zdrowie cs-entry cs-video-wrap\">\r\n\t<div\r\n\tclass=\"cs-entry__outer cs-entry__overlay cs-overlay-ratio cs-ratio-portrait\"\r\n\tdata-scheme=\"inverse\"\r\n\t>\r\n\r\n\t\t<div class=\"cs-entry__inner cs-entry__thumbnail cs-entry__tile\">\r\n\r\n\t\t\t<div class=\"cs-overlay-background\">\r\n\t\t\t\t\t\t\t\t\t<img loading=\"lazy\" decoding=\"async\" width=\"527\" height=\"703\" src=\"https:\/\/agetech.pl\/wp-content\/uploads\/2025\/09\/Przelom-w-robotyce-opiekunczej-z-AI-527x703.jpg\" class=\"attachment-csco-thumbnail-vertical size-csco-thumbnail-vertical wp-post-image\" alt=\"Prze\u0142om w robotyce opieku\u0144czej z AI\" srcset=\"https:\/\/agetech.pl\/wp-content\/uploads\/2025\/09\/Przelom-w-robotyce-opiekunczej-z-AI-527x703.jpg 527w, https:\/\/agetech.pl\/wp-content\/uploads\/2025\/09\/Przelom-w-robotyce-opiekunczej-z-AI-1054x1406.jpg 1054w\" sizes=\"(max-width: 527px) 100vw, 527px\" \/>\t\t\t\t\t<img loading=\"lazy\" decoding=\"async\" width=\"527\" height=\"703\" src=\"https:\/\/agetech.pl\/wp-content\/uploads\/2025\/09\/Przelom-w-robotyce-opiekunczej-z-AI-527x703.jpg\" class=\"attachment-csco-thumbnail-vertical size-csco-thumbnail-vertical wp-post-image\" alt=\"Prze\u0142om w robotyce opieku\u0144czej z AI\" srcset=\"https:\/\/agetech.pl\/wp-content\/uploads\/2025\/09\/Przelom-w-robotyce-opiekunczej-z-AI-527x703.jpg 527w, https:\/\/agetech.pl\/wp-content\/uploads\/2025\/09\/Przelom-w-robotyce-opiekunczej-z-AI-1054x1406.jpg 1054w\" sizes=\"(max-width: 527px) 100vw, 527px\" \/>\t\t\t\t\t\t\t<\/div>\r\n\r\n\t\t\t\r\n\t\t\t\r\n\t\t<\/div>\r\n\r\n\t\t<div class=\"cs-entry__inner cs-entry__content cs-overlay-content\">\r\n\t\t\t<div class=\"cs-entry__info\">\r\n\t\t\t\t<h2 class=\"cs-entry__title\">Prze\u0142om w robotyce opieku\u0144czej z AI: gdy maszyny staj\u0105 si\u0119 stra\u017cnikami ludzkiego \u017cycia<\/h2>\r\n\t\t\t\t\t\t\t<\/div>\r\n\r\n\t\t\t<a class=\"cs-overlay-link\" href=\"https:\/\/agetech.pl\/index.php\/2025\/09\/02\/przelom-w-robotyce-opiekunczej-z-ai-gdy-maszyny-staja-sie-straznikami-ludzkiego-zycia\/\" title=\"Prze\u0142om w robotyce opieku\u0144czej z AI: gdy maszyny staj\u0105 si\u0119 stra\u017cnikami ludzkiego \u017cycia\"><\/a>\r\n\r\n\t\t\t\t\t\t\t<div class=\"cs-entry__meta cs-entry__meta-overlay\">\r\n\t\t\t\t\t\t\t\t\t\t\t<div class=\"cs-entry__meta-category\">\r\n\t\t\t\t\t\t\t<div class=\"cs-entry__post-meta\" ><div class=\"cs-meta-category\"><ul class=\"post-categories\"><li><a href=\"https:\/\/agetech.pl\/index.php\/category\/opieka-nad-seniorami\/\">Opieka<\/a><\/li><li><a href=\"https:\/\/agetech.pl\/index.php\/category\/technologia\/\">Technologia<\/a><\/li><\/ul><\/div><\/div>\t\t\t\t\t\t<\/div>\r\n\t\t\t\t\t\t\t\t\t\t\t\t\t\t\t\t<div class=\"cs-entry__meta-content\">\r\n\t\t\t\t\t\t\t\t\t\t\t\t\t\t\t<div class=\"cs-entry__meta-date\">\r\n\t\t\t\t\t\t\t\t\t<div class=\"cs-entry__post-meta\" ><div class=\"cs-meta-date\">2025-09-02<\/div><\/div>\t\t\t\t\t\t\t\t<\/div>\r\n\t\t\t\t\t\t\t\t\t\t\t\t\t\t\t\t\t\t\t\t<\/div>\r\n\t\t\t\t\t\t\t\t\t<\/div>\r\n\t\t\t\t\t<\/div>\r\n\t<\/div>\r\n<\/article>\r\n\r\n<article class=\"cs-post-carousel__item swiper-slide post-5145 post type-post status-publish format-standard has-post-thumbnail category-opieka-nad-seniorami tag-ai tag-opieka tag-startup tag-usa tag-zemplee cs-entry cs-video-wrap\">\r\n\t<div\r\n\tclass=\"cs-entry__outer cs-entry__overlay cs-overlay-ratio cs-ratio-portrait\"\r\n\tdata-scheme=\"inverse\"\r\n\t>\r\n\r\n\t\t<div class=\"cs-entry__inner cs-entry__thumbnail cs-entry__tile\">\r\n\r\n\t\t\t<div class=\"cs-overlay-background\">\r\n\t\t\t\t\t\t\t\t\t<img loading=\"lazy\" decoding=\"async\" width=\"527\" height=\"703\" src=\"https:\/\/agetech.pl\/wp-content\/uploads\/2025\/08\/national-cancer-institute-BxXgTQEw1M4-unsplash-1-527x703.jpg\" class=\"attachment-csco-thumbnail-vertical size-csco-thumbnail-vertical wp-post-image\" alt=\"Zemplee opieka nad seniorami startup\" srcset=\"https:\/\/agetech.pl\/wp-content\/uploads\/2025\/08\/national-cancer-institute-BxXgTQEw1M4-unsplash-1-527x703.jpg 527w, https:\/\/agetech.pl\/wp-content\/uploads\/2025\/08\/national-cancer-institute-BxXgTQEw1M4-unsplash-1-1054x1406.jpg 1054w\" sizes=\"(max-width: 527px) 100vw, 527px\" \/>\t\t\t\t\t<img loading=\"lazy\" decoding=\"async\" width=\"527\" height=\"703\" src=\"https:\/\/agetech.pl\/wp-content\/uploads\/2025\/08\/national-cancer-institute-BxXgTQEw1M4-unsplash-1-527x703.jpg\" class=\"attachment-csco-thumbnail-vertical size-csco-thumbnail-vertical wp-post-image\" alt=\"Zemplee opieka nad seniorami startup\" srcset=\"https:\/\/agetech.pl\/wp-content\/uploads\/2025\/08\/national-cancer-institute-BxXgTQEw1M4-unsplash-1-527x703.jpg 527w, https:\/\/agetech.pl\/wp-content\/uploads\/2025\/08\/national-cancer-institute-BxXgTQEw1M4-unsplash-1-1054x1406.jpg 1054w\" sizes=\"(max-width: 527px) 100vw, 527px\" \/>\t\t\t\t\t\t\t<\/div>\r\n\r\n\t\t\t\r\n\t\t\t\r\n\t\t<\/div>\r\n\r\n\t\t<div class=\"cs-entry__inner cs-entry__content cs-overlay-content\">\r\n\t\t\t<div class=\"cs-entry__info\">\r\n\t\t\t\t<h2 class=\"cs-entry__title\">Zemplee: sztuczna inteligencja w s\u0142u\u017cbie bezpiecze\u0144stwa i niezale\u017cno\u015bci senior\u00f3w<\/h2>\r\n\t\t\t\t\t\t\t<\/div>\r\n\r\n\t\t\t<a class=\"cs-overlay-link\" href=\"https:\/\/agetech.pl\/index.php\/2025\/08\/27\/zemplee-sztuczna-inteligencja-w-sluzbie-bezpieczenstwa-i-niezaleznosci-seniorow\/\" title=\"Zemplee: sztuczna inteligencja w s\u0142u\u017cbie bezpiecze\u0144stwa i niezale\u017cno\u015bci senior\u00f3w\"><\/a>\r\n\r\n\t\t\t\t\t\t\t<div class=\"cs-entry__meta cs-entry__meta-overlay\">\r\n\t\t\t\t\t\t\t\t\t\t\t<div class=\"cs-entry__meta-category\">\r\n\t\t\t\t\t\t\t<div class=\"cs-entry__post-meta\" ><div class=\"cs-meta-category\"><ul class=\"post-categories\"><li><a href=\"https:\/\/agetech.pl\/index.php\/category\/opieka-nad-seniorami\/\">Opieka<\/a><\/li><\/ul><\/div><\/div>\t\t\t\t\t\t<\/div>\r\n\t\t\t\t\t\t\t\t\t\t\t\t\t\t\t\t<div class=\"cs-entry__meta-content\">\r\n\t\t\t\t\t\t\t\t\t\t\t\t\t\t\t<div class=\"cs-entry__meta-date\">\r\n\t\t\t\t\t\t\t\t\t<div class=\"cs-entry__post-meta\" ><div class=\"cs-meta-date\">2025-08-27<\/div><\/div>\t\t\t\t\t\t\t\t<\/div>\r\n\t\t\t\t\t\t\t\t\t\t\t\t\t\t\t\t\t\t\t\t<\/div>\r\n\t\t\t\t\t\t\t\t\t<\/div>\r\n\t\t\t\t\t<\/div>\r\n\t<\/div>\r\n<\/article>\r\n\r\n<article class=\"cs-post-carousel__item swiper-slide post-5111 post type-post status-publish format-standard has-post-thumbnail category-praca-dla-seniora tag-ai tag-praca cs-entry cs-video-wrap\">\r\n\t<div\r\n\tclass=\"cs-entry__outer cs-entry__overlay cs-overlay-ratio cs-ratio-portrait\"\r\n\tdata-scheme=\"inverse\"\r\n\t>\r\n\r\n\t\t<div class=\"cs-entry__inner cs-entry__thumbnail cs-entry__tile\">\r\n\r\n\t\t\t<div class=\"cs-overlay-background\">\r\n\t\t\t\t\t\t\t\t\t<img loading=\"lazy\" decoding=\"async\" width=\"527\" height=\"703\" src=\"https:\/\/agetech.pl\/wp-content\/uploads\/2025\/08\/nick-morrison-FHnnjk1Yj7Y-unsplash-527x703.jpg\" class=\"attachment-csco-thumbnail-vertical size-csco-thumbnail-vertical wp-post-image\" alt=\"Praca sernior\u00f3w AI\" srcset=\"https:\/\/agetech.pl\/wp-content\/uploads\/2025\/08\/nick-morrison-FHnnjk1Yj7Y-unsplash-527x703.jpg 527w, https:\/\/agetech.pl\/wp-content\/uploads\/2025\/08\/nick-morrison-FHnnjk1Yj7Y-unsplash-1054x1406.jpg 1054w\" sizes=\"(max-width: 527px) 100vw, 527px\" \/>\t\t\t\t\t<img loading=\"lazy\" decoding=\"async\" width=\"527\" height=\"703\" src=\"https:\/\/agetech.pl\/wp-content\/uploads\/2025\/08\/nick-morrison-FHnnjk1Yj7Y-unsplash-527x703.jpg\" class=\"attachment-csco-thumbnail-vertical size-csco-thumbnail-vertical wp-post-image\" alt=\"Praca sernior\u00f3w AI\" srcset=\"https:\/\/agetech.pl\/wp-content\/uploads\/2025\/08\/nick-morrison-FHnnjk1Yj7Y-unsplash-527x703.jpg 527w, https:\/\/agetech.pl\/wp-content\/uploads\/2025\/08\/nick-morrison-FHnnjk1Yj7Y-unsplash-1054x1406.jpg 1054w\" sizes=\"(max-width: 527px) 100vw, 527px\" \/>\t\t\t\t\t\t\t<\/div>\r\n\r\n\t\t\t\r\n\t\t\t\r\n\t\t<\/div>\r\n\r\n\t\t<div class=\"cs-entry__inner cs-entry__content cs-overlay-content\">\r\n\t\t\t<div class=\"cs-entry__info\">\r\n\t\t\t\t<h2 class=\"cs-entry__title\">AI wspiera silver\u00f3w na rynku pracy (Polska i Europa)<\/h2>\r\n\t\t\t\t\t\t\t<\/div>\r\n\r\n\t\t\t<a class=\"cs-overlay-link\" href=\"https:\/\/agetech.pl\/index.php\/2025\/08\/08\/ai-a-rynek-pracy-silversow-miedzy-lekiem-a-szansa-polska-i-europa\/\" title=\"AI wspiera silver\u00f3w na rynku pracy (Polska i Europa)\"><\/a>\r\n\r\n\t\t\t\t\t\t\t<div class=\"cs-entry__meta cs-entry__meta-overlay\">\r\n\t\t\t\t\t\t\t\t\t\t\t<div class=\"cs-entry__meta-category\">\r\n\t\t\t\t\t\t\t<div class=\"cs-entry__post-meta\" ><div class=\"cs-meta-category\"><ul class=\"post-categories\"><li><a href=\"https:\/\/agetech.pl\/index.php\/category\/praca-dla-seniora\/\">Rynek pracy<\/a><\/li><\/ul><\/div><\/div>\t\t\t\t\t\t<\/div>\r\n\t\t\t\t\t\t\t\t\t\t\t\t\t\t\t\t<div class=\"cs-entry__meta-content\">\r\n\t\t\t\t\t\t\t\t\t\t\t\t\t\t\t<div class=\"cs-entry__meta-date\">\r\n\t\t\t\t\t\t\t\t\t<div class=\"cs-entry__post-meta\" ><div class=\"cs-meta-date\">2025-08-08<\/div><\/div>\t\t\t\t\t\t\t\t<\/div>\r\n\t\t\t\t\t\t\t\t\t\t\t\t\t\t\t\t\t\t\t\t<\/div>\r\n\t\t\t\t\t\t\t\t\t<\/div>\r\n\t\t\t\t\t<\/div>\r\n\t<\/div>\r\n<\/article>\r\n\r\n<article class=\"cs-post-carousel__item swiper-slide post-5091 post type-post status-publish format-standard has-post-thumbnail category-innowacje-dla-seniorow category-inwestycje-w-technologie-agetech category-trendy category-zdrowie-seniorow tag-ai tag-dtx tag-inwestycje tag-opieka tag-vr tag-zdrowie cs-entry cs-video-wrap\">\r\n\t<div\r\n\tclass=\"cs-entry__outer cs-entry__overlay cs-overlay-ratio cs-ratio-portrait\"\r\n\tdata-scheme=\"inverse\"\r\n\t>\r\n\r\n\t\t<div class=\"cs-entry__inner cs-entry__thumbnail cs-entry__tile\">\r\n\r\n\t\t\t<div class=\"cs-overlay-background\">\r\n\t\t\t\t\t\t\t\t\t<img loading=\"lazy\" decoding=\"async\" width=\"527\" height=\"703\" src=\"https:\/\/agetech.pl\/wp-content\/uploads\/2025\/07\/Preskryptywne-Digital-Therapeutics-DTx-i-immersyjna-VR-w-leczeniu-chorob-przewleklych-527x703.jpg\" class=\"attachment-csco-thumbnail-vertical size-csco-thumbnail-vertical wp-post-image\" alt=\"Preskryptywne Digital Therapeutics (DTx) i immersyjna VR w leczeniu chor\u00f3b przewlek\u0142ych\" srcset=\"https:\/\/agetech.pl\/wp-content\/uploads\/2025\/07\/Preskryptywne-Digital-Therapeutics-DTx-i-immersyjna-VR-w-leczeniu-chorob-przewleklych-527x703.jpg 527w, https:\/\/agetech.pl\/wp-content\/uploads\/2025\/07\/Preskryptywne-Digital-Therapeutics-DTx-i-immersyjna-VR-w-leczeniu-chorob-przewleklych-1054x1406.jpg 1054w\" sizes=\"(max-width: 527px) 100vw, 527px\" \/>\t\t\t\t\t<img loading=\"lazy\" decoding=\"async\" width=\"527\" height=\"703\" src=\"https:\/\/agetech.pl\/wp-content\/uploads\/2025\/07\/Preskryptywne-Digital-Therapeutics-DTx-i-immersyjna-VR-w-leczeniu-chorob-przewleklych-527x703.jpg\" class=\"attachment-csco-thumbnail-vertical size-csco-thumbnail-vertical wp-post-image\" alt=\"Preskryptywne Digital Therapeutics (DTx) i immersyjna VR w leczeniu chor\u00f3b przewlek\u0142ych\" srcset=\"https:\/\/agetech.pl\/wp-content\/uploads\/2025\/07\/Preskryptywne-Digital-Therapeutics-DTx-i-immersyjna-VR-w-leczeniu-chorob-przewleklych-527x703.jpg 527w, https:\/\/agetech.pl\/wp-content\/uploads\/2025\/07\/Preskryptywne-Digital-Therapeutics-DTx-i-immersyjna-VR-w-leczeniu-chorob-przewleklych-1054x1406.jpg 1054w\" sizes=\"(max-width: 527px) 100vw, 527px\" \/>\t\t\t\t\t\t\t<\/div>\r\n\r\n\t\t\t\r\n\t\t\t\r\n\t\t<\/div>\r\n\r\n\t\t<div class=\"cs-entry__inner cs-entry__content cs-overlay-content\">\r\n\t\t\t<div class=\"cs-entry__info\">\r\n\t\t\t\t<h2 class=\"cs-entry__title\">Preskryptywne Digital Therapeutics (DTx) i immersyjna VR w leczeniu chor\u00f3b przewlek\u0142ych<\/h2>\r\n\t\t\t\t\t\t\t<\/div>\r\n\r\n\t\t\t<a class=\"cs-overlay-link\" href=\"https:\/\/agetech.pl\/index.php\/2025\/07\/31\/preskryptywne-digital-therapeutics-dtx-i-immersyjna-vr-w-leczeniu-chorob-przewleklych\/\" title=\"Preskryptywne Digital Therapeutics (DTx) i immersyjna VR w leczeniu chor\u00f3b przewlek\u0142ych\"><\/a>\r\n\r\n\t\t\t\t\t\t\t<div class=\"cs-entry__meta cs-entry__meta-overlay\">\r\n\t\t\t\t\t\t\t\t\t\t\t<div class=\"cs-entry__meta-category\">\r\n\t\t\t\t\t\t\t<div class=\"cs-entry__post-meta\" ><div class=\"cs-meta-category\"><ul class=\"post-categories\"><li><a href=\"https:\/\/agetech.pl\/index.php\/category\/innowacje-dla-seniorow\/\">Innowacje<\/a><\/li><li><a href=\"https:\/\/agetech.pl\/index.php\/category\/inwestycje-w-technologie-agetech\/\">Inwestycje<\/a><\/li><li><a href=\"https:\/\/agetech.pl\/index.php\/category\/trendy\/\">Trendy<\/a><\/li><li><a href=\"https:\/\/agetech.pl\/index.php\/category\/zdrowie-seniorow\/\">Zdrowie<\/a><\/li><\/ul><\/div><\/div>\t\t\t\t\t\t<\/div>\r\n\t\t\t\t\t\t\t\t\t\t\t\t\t\t\t\t<div class=\"cs-entry__meta-content\">\r\n\t\t\t\t\t\t\t\t\t\t\t\t\t\t\t<div class=\"cs-entry__meta-date\">\r\n\t\t\t\t\t\t\t\t\t<div class=\"cs-entry__post-meta\" ><div class=\"cs-meta-date\">2025-07-31<\/div><\/div>\t\t\t\t\t\t\t\t<\/div>\r\n\t\t\t\t\t\t\t\t\t\t\t\t\t\t\t\t\t\t\t\t<\/div>\r\n\t\t\t\t\t\t\t\t\t<\/div>\r\n\t\t\t\t\t<\/div>\r\n\t<\/div>\r\n<\/article>\r\n\r\n<article class=\"cs-post-carousel__item swiper-slide post-5070 post type-post status-publish format-standard has-post-thumbnail category-innowacje-dla-seniorow category-mobilnosc-seniorow category-technologia category-trendy tag-agetech tag-ai tag-betterbrain tag-gogograndparent tag-inwestycje tag-jubileetv tag-startup tag-wewalk cs-entry cs-video-wrap\">\r\n\t<div\r\n\tclass=\"cs-entry__outer cs-entry__overlay cs-overlay-ratio cs-ratio-portrait\"\r\n\tdata-scheme=\"inverse\"\r\n\t>\r\n\r\n\t\t<div class=\"cs-entry__inner cs-entry__thumbnail cs-entry__tile\">\r\n\r\n\t\t\t<div class=\"cs-overlay-background\">\r\n\t\t\t\t\t\t\t\t\t<img loading=\"lazy\" decoding=\"async\" width=\"527\" height=\"703\" src=\"https:\/\/agetech.pl\/wp-content\/uploads\/2025\/07\/Nowa-fala-innowacji-przyszlosc-AgeTech-527x703.jpg\" class=\"attachment-csco-thumbnail-vertical size-csco-thumbnail-vertical wp-post-image\" alt=\"Nowa fala innowacji - przysz\u0142o\u015b\u0107 AgeTech\" srcset=\"https:\/\/agetech.pl\/wp-content\/uploads\/2025\/07\/Nowa-fala-innowacji-przyszlosc-AgeTech-527x703.jpg 527w, https:\/\/agetech.pl\/wp-content\/uploads\/2025\/07\/Nowa-fala-innowacji-przyszlosc-AgeTech-1054x1406.jpg 1054w\" sizes=\"(max-width: 527px) 100vw, 527px\" \/>\t\t\t\t\t<img loading=\"lazy\" decoding=\"async\" width=\"527\" height=\"703\" src=\"https:\/\/agetech.pl\/wp-content\/uploads\/2025\/07\/Nowa-fala-innowacji-przyszlosc-AgeTech-527x703.jpg\" class=\"attachment-csco-thumbnail-vertical size-csco-thumbnail-vertical wp-post-image\" alt=\"Nowa fala innowacji - przysz\u0142o\u015b\u0107 AgeTech\" srcset=\"https:\/\/agetech.pl\/wp-content\/uploads\/2025\/07\/Nowa-fala-innowacji-przyszlosc-AgeTech-527x703.jpg 527w, https:\/\/agetech.pl\/wp-content\/uploads\/2025\/07\/Nowa-fala-innowacji-przyszlosc-AgeTech-1054x1406.jpg 1054w\" sizes=\"(max-width: 527px) 100vw, 527px\" \/>\t\t\t\t\t\t\t<\/div>\r\n\r\n\t\t\t\r\n\t\t\t\r\n\t\t<\/div>\r\n\r\n\t\t<div class=\"cs-entry__inner cs-entry__content cs-overlay-content\">\r\n\t\t\t<div class=\"cs-entry__info\">\r\n\t\t\t\t<h2 class=\"cs-entry__title\">Nowa fala innowacji &#8211; przysz\u0142o\u015b\u0107 AgeTech<\/h2>\r\n\t\t\t\t\t\t\t<\/div>\r\n\r\n\t\t\t<a class=\"cs-overlay-link\" href=\"https:\/\/agetech.pl\/index.php\/2025\/07\/26\/nowa-fala-innowacji-przyszlosc-agetech\/\" title=\"Nowa fala innowacji &#8211; przysz\u0142o\u015b\u0107 AgeTech\"><\/a>\r\n\r\n\t\t\t\t\t\t\t<div class=\"cs-entry__meta cs-entry__meta-overlay\">\r\n\t\t\t\t\t\t\t\t\t\t\t<div class=\"cs-entry__meta-category\">\r\n\t\t\t\t\t\t\t<div class=\"cs-entry__post-meta\" ><div class=\"cs-meta-category\"><ul class=\"post-categories\"><li><a href=\"https:\/\/agetech.pl\/index.php\/category\/innowacje-dla-seniorow\/\">Innowacje<\/a><\/li><li><a href=\"https:\/\/agetech.pl\/index.php\/category\/mobilnosc-seniorow\/\">Mobilno\u015b\u0107<\/a><\/li><li><a href=\"https:\/\/agetech.pl\/index.php\/category\/technologia\/\">Technologia<\/a><\/li><li><a href=\"https:\/\/agetech.pl\/index.php\/category\/trendy\/\">Trendy<\/a><\/li><\/ul><\/div><\/div>\t\t\t\t\t\t<\/div>\r\n\t\t\t\t\t\t\t\t\t\t\t\t\t\t\t\t<div class=\"cs-entry__meta-content\">\r\n\t\t\t\t\t\t\t\t\t\t\t\t\t\t\t<div class=\"cs-entry__meta-date\">\r\n\t\t\t\t\t\t\t\t\t<div class=\"cs-entry__post-meta\" ><div class=\"cs-meta-date\">2025-07-26<\/div><\/div>\t\t\t\t\t\t\t\t<\/div>\r\n\t\t\t\t\t\t\t\t\t\t\t\t\t\t\t\t\t\t\t\t<\/div>\r\n\t\t\t\t\t\t\t\t\t<\/div>\r\n\t\t\t\t\t<\/div>\r\n\t<\/div>\r\n<\/article>\r\n\r\n<article class=\"cs-post-carousel__item swiper-slide post-5047 post type-post status-publish format-standard has-post-thumbnail category-innowacje-dla-seniorow category-inwestycje-w-technologie-agetech category-trendy tag-ai tag-envisage tag-inwestycje tag-spoleczenstwo tag-startup cs-entry cs-video-wrap\">\r\n\t<div\r\n\tclass=\"cs-entry__outer cs-entry__overlay cs-overlay-ratio cs-ratio-portrait\"\r\n\tdata-scheme=\"inverse\"\r\n\t>\r\n\r\n\t\t<div class=\"cs-entry__inner cs-entry__thumbnail cs-entry__tile\">\r\n\r\n\t\t\t<div class=\"cs-overlay-background\">\r\n\t\t\t\t\t\t\t\t\t<img loading=\"lazy\" decoding=\"async\" width=\"527\" height=\"703\" src=\"https:\/\/agetech.pl\/wp-content\/uploads\/2025\/07\/envisAGE-527x703.jpg\" class=\"attachment-csco-thumbnail-vertical size-csco-thumbnail-vertical wp-post-image\" alt=\"envisAGE\" srcset=\"https:\/\/agetech.pl\/wp-content\/uploads\/2025\/07\/envisAGE-527x703.jpg 527w, https:\/\/agetech.pl\/wp-content\/uploads\/2025\/07\/envisAGE-1054x1406.jpg 1054w\" sizes=\"(max-width: 527px) 100vw, 527px\" \/>\t\t\t\t\t<img loading=\"lazy\" decoding=\"async\" width=\"527\" height=\"703\" src=\"https:\/\/agetech.pl\/wp-content\/uploads\/2025\/07\/envisAGE-527x703.jpg\" class=\"attachment-csco-thumbnail-vertical size-csco-thumbnail-vertical wp-post-image\" alt=\"envisAGE\" srcset=\"https:\/\/agetech.pl\/wp-content\/uploads\/2025\/07\/envisAGE-527x703.jpg 527w, https:\/\/agetech.pl\/wp-content\/uploads\/2025\/07\/envisAGE-1054x1406.jpg 1054w\" sizes=\"(max-width: 527px) 100vw, 527px\" \/>\t\t\t\t\t\t\t<\/div>\r\n\r\n\t\t\t\r\n\t\t\t\r\n\t\t<\/div>\r\n\r\n\t\t<div class=\"cs-entry__inner cs-entry__content cs-overlay-content\">\r\n\t\t\t<div class=\"cs-entry__info\">\r\n\t\t\t\t<h2 class=\"cs-entry__title\">envisAGE: kanadyjska inicjatywa prze\u0142omu w komercjalizacji technologii AgeTech<\/h2>\r\n\t\t\t\t\t\t\t<\/div>\r\n\r\n\t\t\t<a class=\"cs-overlay-link\" href=\"https:\/\/agetech.pl\/index.php\/2025\/07\/21\/envisage-kanadyjska-inicjatywa-przelomu-w-komercjalizacji-technologii-agetech\/\" title=\"envisAGE: kanadyjska inicjatywa prze\u0142omu w komercjalizacji technologii AgeTech\"><\/a>\r\n\r\n\t\t\t\t\t\t\t<div class=\"cs-entry__meta cs-entry__meta-overlay\">\r\n\t\t\t\t\t\t\t\t\t\t\t<div class=\"cs-entry__meta-category\">\r\n\t\t\t\t\t\t\t<div class=\"cs-entry__post-meta\" ><div class=\"cs-meta-category\"><ul class=\"post-categories\"><li><a href=\"https:\/\/agetech.pl\/index.php\/category\/innowacje-dla-seniorow\/\">Innowacje<\/a><\/li><li><a href=\"https:\/\/agetech.pl\/index.php\/category\/inwestycje-w-technologie-agetech\/\">Inwestycje<\/a><\/li><li><a href=\"https:\/\/agetech.pl\/index.php\/category\/trendy\/\">Trendy<\/a><\/li><\/ul><\/div><\/div>\t\t\t\t\t\t<\/div>\r\n\t\t\t\t\t\t\t\t\t\t\t\t\t\t\t\t<div class=\"cs-entry__meta-content\">\r\n\t\t\t\t\t\t\t\t\t\t\t\t\t\t\t<div class=\"cs-entry__meta-date\">\r\n\t\t\t\t\t\t\t\t\t<div class=\"cs-entry__post-meta\" ><div class=\"cs-meta-date\">2025-07-21<\/div><\/div>\t\t\t\t\t\t\t\t<\/div>\r\n\t\t\t\t\t\t\t\t\t\t\t\t\t\t\t\t\t\t\t\t<\/div>\r\n\t\t\t\t\t\t\t\t\t<\/div>\r\n\t\t\t\t\t<\/div>\r\n\t<\/div>\r\n<\/article>\r\n\t\t\t\t<\/div>\r\n\r\n\t\t\t\t\t\t<\/section>\r\n\t\t\t\t\t\t<\/div>\n\t\t\t\t<\/div>\n\t\t\t\t\t<\/div>\n\t\t\t\t<\/div>\n\t\t<div class=\"elementor-element elementor-element-4ef443b e-flex e-con-boxed e-con e-parent\" data-id=\"4ef443b\" data-element_type=\"container\">\n\t\t\t\t\t<div class=\"e-con-inner\">\n\t\t\t\t<div class=\"elementor-element elementor-element-71ea294 elementor-widget elementor-widget-cs-headline\" data-id=\"71ea294\" data-element_type=\"widget\" data-widget_type=\"cs-headline.default\">\n\t\t\t\t<div class=\"elementor-widget-container\">\n\t\t\t\t\t\t\t\t\t\t<section class=\"cs-headline cs-headline-border cs-headline-link\">\r\n\t\t\t\t<div class=\"cs-headline__container \">\r\n\t\t\t\t\t\t\t\t\t\t\t<a href=\"\/\" class=\"cs-headline__content\">\r\n\t\t\t\t\t\t\t<span>\r\n\t\t\t\t\t\t\t\tAgeTech - wiadomo\u015bci z Polski i \u015bwiata\t\t\t\t\t\t\t<\/span>\r\n\t\t\t\t\t\t<\/a>\r\n\t\t\t\t\t\t\t\t\t<\/div>\r\n\t\t\t<\/section>\r\n\t\t\t\t\t\t\t\t<\/div>\n\t\t\t\t<\/div>\n\t\t<div class=\"elementor-element elementor-element-8df2f3d e-con-full e-flex e-con e-child\" data-id=\"8df2f3d\" data-element_type=\"container\">\n\t\t<div class=\"elementor-element elementor-element-69af5da e-con-full e-flex e-con e-child\" data-id=\"69af5da\" data-element_type=\"container\">\n\t\t<div class=\"elementor-element elementor-element-c4b4f9a e-con-full e-flex e-con e-child\" data-id=\"c4b4f9a\" data-element_type=\"container\">\n\t\t\t\t<div class=\"elementor-element elementor-element-65c40ba elementor-widget__width-initial elementor-widget elementor-widget-cs-posts\" data-id=\"65c40ba\" data-element_type=\"widget\" data-widget_type=\"cs-posts.default\">\n\t\t\t\t<div class=\"elementor-widget-container\">\n\t\t\t\t\t\t\t\t<section class=\"cs-posts cs-posts__horizontal\">\r\n\t\t\t\t\t\t\t\t\t\t<div class=\"cs-posts-area cs-posts-area-elementor \" data-posts-area=\"\">\r\n\t\t\t\t\t\t\t<div class=\"cs-posts-area__outer\">\r\n\r\n\t\t\t\t\t\t\t\t<div\r\n\t\t\t\t\t\t\t\tclass=\"cs-posts-area__main cs-posts-area__main-divider hide-mobile-devider\"\r\n\t\t\t\t\t\t\t\tdata-pc=\"1\"\r\n\t\t\t\t\t\t\t\tdata-lt=\"1\"\r\n\t\t\t\t\t\t\t\tdata-tb=\"1\"\r\n\t\t\t\t\t\t\t\tdata-mb=\"1\"\r\n\t\t\t\t\t\t\t\t>\r\n\t\t\t\t\t\t\t\t\t\r\n<article class=\"post-5331 post type-post status-publish format-standard has-post-thumbnail category-trendy category-zdrowie-seniorow tag-choroby-serca tag-zdrowie cs-entry cs-video-wrap\">\r\n\r\n\t<div class=\"cs-entry__outer cs-entry__outer-full\">\r\n\t\t\t\t\t<div class=\"cs-entry__inner cs-entry__overlay cs-entry__thumbnail cs-overlay-ratio cs-ratio-landscape-16-9\">\r\n\r\n\t\t\t\t<div class=\"cs-overlay-background\">\r\n\t\t\t\t\t<img loading=\"lazy\" decoding=\"async\" width=\"527\" height=\"297\" src=\"https:\/\/agetech.pl\/wp-content\/uploads\/2026\/02\/towfiqu-barbhuiya-QsBfOwMoPNY-unsplash-527x297.jpg\" class=\"attachment-csco-thumbnail size-csco-thumbnail wp-post-image\" alt=\"problemy kardiologiczne osob starszych\" srcset=\"https:\/\/agetech.pl\/wp-content\/uploads\/2026\/02\/towfiqu-barbhuiya-QsBfOwMoPNY-unsplash-527x297.jpg 527w, https:\/\/agetech.pl\/wp-content\/uploads\/2026\/02\/towfiqu-barbhuiya-QsBfOwMoPNY-unsplash-1054x594.jpg 1054w, https:\/\/agetech.pl\/wp-content\/uploads\/2026\/02\/towfiqu-barbhuiya-QsBfOwMoPNY-unsplash-688x387.jpg 688w, https:\/\/agetech.pl\/wp-content\/uploads\/2026\/02\/towfiqu-barbhuiya-QsBfOwMoPNY-unsplash-1376x774.jpg 1376w, https:\/\/agetech.pl\/wp-content\/uploads\/2026\/02\/towfiqu-barbhuiya-QsBfOwMoPNY-unsplash-1044x587.jpg 1044w, https:\/\/agetech.pl\/wp-content\/uploads\/2026\/02\/towfiqu-barbhuiya-QsBfOwMoPNY-unsplash-2088x1174.jpg 2088w\" sizes=\"(max-width: 527px) 100vw, 527px\" \/>\t\t\t\t\t<img loading=\"lazy\" decoding=\"async\" width=\"527\" height=\"297\" src=\"https:\/\/agetech.pl\/wp-content\/uploads\/2026\/02\/towfiqu-barbhuiya-QsBfOwMoPNY-unsplash-527x297.jpg\" class=\"attachment-csco-thumbnail size-csco-thumbnail wp-post-image\" alt=\"problemy kardiologiczne osob starszych\" srcset=\"https:\/\/agetech.pl\/wp-content\/uploads\/2026\/02\/towfiqu-barbhuiya-QsBfOwMoPNY-unsplash-527x297.jpg 527w, https:\/\/agetech.pl\/wp-content\/uploads\/2026\/02\/towfiqu-barbhuiya-QsBfOwMoPNY-unsplash-1054x594.jpg 1054w, https:\/\/agetech.pl\/wp-content\/uploads\/2026\/02\/towfiqu-barbhuiya-QsBfOwMoPNY-unsplash-688x387.jpg 688w, https:\/\/agetech.pl\/wp-content\/uploads\/2026\/02\/towfiqu-barbhuiya-QsBfOwMoPNY-unsplash-1376x774.jpg 1376w, https:\/\/agetech.pl\/wp-content\/uploads\/2026\/02\/towfiqu-barbhuiya-QsBfOwMoPNY-unsplash-1044x587.jpg 1044w, https:\/\/agetech.pl\/wp-content\/uploads\/2026\/02\/towfiqu-barbhuiya-QsBfOwMoPNY-unsplash-2088x1174.jpg 2088w\" sizes=\"(max-width: 527px) 100vw, 527px\" \/>\t\t\t\t<\/div>\r\n\r\n\t\t\t\t\r\n\t\t\t\t\r\n\t\t\t\t\r\n\t\t\t\t<a href=\"https:\/\/agetech.pl\/index.php\/2026\/02\/06\/europejczycy-coraz-czesciej-choruja-na-serce-problem-rosnie-szczegolnie-u-seniorow\/\" class=\"cs-overlay-link\" title=\"Europejczycy coraz cz\u0119\u015bciej \u201echoruj\u0105 na serce\u201d \u2014 problem ro\u015bnie szczeg\u00f3lnie u senior\u00f3w?\"><\/a>\r\n\t\t\t<\/div>\r\n\t\t\r\n\t\t<div class=\"cs-entry__inner cs-entry__content cs-entry__content-horizontal\">\r\n\t\t\t<div class=\"cs-entry__info\">\r\n\t\t\t\t<h2 class=\"cs-entry__title\"><a href=\"https:\/\/agetech.pl\/index.php\/2026\/02\/06\/europejczycy-coraz-czesciej-choruja-na-serce-problem-rosnie-szczegolnie-u-seniorow\/\">Europejczycy coraz cz\u0119\u015bciej \u201echoruj\u0105 na serce\u201d \u2014 problem ro\u015bnie szczeg\u00f3lnie u senior\u00f3w?<\/a><\/h2>\r\n\t\t\t\t\t\t\t\t\t\t<div class=\"cs-entry__excerpt\">\r\n\t\t\t\t\t\t\tProblem kardiologiczny w UE b\u0119dzie r\u00f3s\u0142 \u201eprzez demografi\u0119\u201d, nawet je\u015bli medycyna wygrywa pojedyncze bitwy. Europa b\u0119dzie mie\u0107 wi\u0119cej senior\u00f3w, w tym bardzo wielu 80+, a to automatycznie&hellip;\t\t\t\t\t\t<\/div>\r\n\t\t\t\t\t\t\t\t\t<\/div>\r\n\r\n\t\t\t\t\t\t\t<div class=\"cs-entry__meta\">\r\n\t\t\t\t\t\t\t\t\t\t\t<div class=\"cs-entry__meta-category\">\r\n\t\t\t\t\t\t\t<div class=\"cs-entry__post-meta\" ><div class=\"cs-meta-category\"><ul class=\"post-categories\"><li><a href=\"https:\/\/agetech.pl\/index.php\/category\/trendy\/\">Trendy<\/a><\/li><li><a href=\"https:\/\/agetech.pl\/index.php\/category\/zdrowie-seniorow\/\">Zdrowie<\/a><\/li><\/ul><\/div><\/div>\t\t\t\t\t\t<\/div>\r\n\t\t\t\t\t\t\t\t\t\t\t\t\t\t\t\t<div class=\"cs-entry__meta-content\">\r\n\t\t\t\t\t\t\t\t\t\t\t\t\t\t\t<div class=\"cs-entry__meta-date\">\r\n\t\t\t\t\t\t\t\t\t<div class=\"cs-entry__post-meta\" ><div class=\"cs-meta-date\">2026-02-06<\/div><\/div>\t\t\t\t\t\t\t\t<\/div>\r\n\t\t\t\t\t\t\t\t\t\t\t\t\t\t\t\t\t\t\t\t\t\t<div class=\"cs-entry__meta-author\">\r\n\t\t\t\t\t\t\t\t\t<div class=\"cs-entry__post-meta\" ><div class=\"cs-meta-author\"><a class=\"cs-meta-author-link url fn n\" href=\"https:\/\/agetech.pl\/index.php\/author\/adminagetech\/\"><span class=\"cs-meta-author-by\">autor:<\/span><span class=\"cs-meta-author-name\">Redakcja AgeTech<\/span><\/a><\/div><\/div>\t\t\t\t\t\t\t\t<\/div>\r\n\t\t\t\t\t\t\t\t\t\t\t\t\t<\/div>\r\n\t\t\t\t\t\t\t\t\t<\/div>\r\n\t\t\t\t\t<\/div>\r\n\r\n\t\t\r\n\t<\/div>\r\n<\/article>\r\n\r\n<article class=\"post-5324 post type-post status-publish format-standard has-post-thumbnail category-prawo tag-sukcesja cs-entry cs-video-wrap\">\r\n\r\n\t<div class=\"cs-entry__outer cs-entry__outer-full\">\r\n\t\t\t\t\t<div class=\"cs-entry__inner cs-entry__overlay cs-entry__thumbnail cs-overlay-ratio cs-ratio-landscape-16-9\">\r\n\r\n\t\t\t\t<div class=\"cs-overlay-background\">\r\n\t\t\t\t\t<img loading=\"lazy\" decoding=\"async\" width=\"527\" height=\"297\" src=\"https:\/\/agetech.pl\/wp-content\/uploads\/2026\/01\/romain-dancre-doplSDELX7E-unsplash-527x297.jpg\" class=\"attachment-csco-thumbnail size-csco-thumbnail wp-post-image\" alt=\"Sukcesja\" srcset=\"https:\/\/agetech.pl\/wp-content\/uploads\/2026\/01\/romain-dancre-doplSDELX7E-unsplash-527x297.jpg 527w, https:\/\/agetech.pl\/wp-content\/uploads\/2026\/01\/romain-dancre-doplSDELX7E-unsplash-1054x594.jpg 1054w, https:\/\/agetech.pl\/wp-content\/uploads\/2026\/01\/romain-dancre-doplSDELX7E-unsplash-688x387.jpg 688w, https:\/\/agetech.pl\/wp-content\/uploads\/2026\/01\/romain-dancre-doplSDELX7E-unsplash-1376x774.jpg 1376w, https:\/\/agetech.pl\/wp-content\/uploads\/2026\/01\/romain-dancre-doplSDELX7E-unsplash-1044x587.jpg 1044w, https:\/\/agetech.pl\/wp-content\/uploads\/2026\/01\/romain-dancre-doplSDELX7E-unsplash-2088x1174.jpg 2088w\" sizes=\"(max-width: 527px) 100vw, 527px\" \/>\t\t\t\t\t<img loading=\"lazy\" decoding=\"async\" width=\"527\" height=\"297\" src=\"https:\/\/agetech.pl\/wp-content\/uploads\/2026\/01\/romain-dancre-doplSDELX7E-unsplash-527x297.jpg\" class=\"attachment-csco-thumbnail size-csco-thumbnail wp-post-image\" alt=\"Sukcesja\" srcset=\"https:\/\/agetech.pl\/wp-content\/uploads\/2026\/01\/romain-dancre-doplSDELX7E-unsplash-527x297.jpg 527w, https:\/\/agetech.pl\/wp-content\/uploads\/2026\/01\/romain-dancre-doplSDELX7E-unsplash-1054x594.jpg 1054w, https:\/\/agetech.pl\/wp-content\/uploads\/2026\/01\/romain-dancre-doplSDELX7E-unsplash-688x387.jpg 688w, https:\/\/agetech.pl\/wp-content\/uploads\/2026\/01\/romain-dancre-doplSDELX7E-unsplash-1376x774.jpg 1376w, https:\/\/agetech.pl\/wp-content\/uploads\/2026\/01\/romain-dancre-doplSDELX7E-unsplash-1044x587.jpg 1044w, https:\/\/agetech.pl\/wp-content\/uploads\/2026\/01\/romain-dancre-doplSDELX7E-unsplash-2088x1174.jpg 2088w\" sizes=\"(max-width: 527px) 100vw, 527px\" \/>\t\t\t\t<\/div>\r\n\r\n\t\t\t\t\r\n\t\t\t\t\r\n\t\t\t\t\r\n\t\t\t\t<a href=\"https:\/\/agetech.pl\/index.php\/2026\/02\/05\/planowanie-sukcesji-nowosc-spoleczna-i-moda-czy-zaniedbanie-i-dezinformacja\/\" class=\"cs-overlay-link\" title=\"Planowanie sukcesji &#8211; nowo\u015b\u0107 spo\u0142eczna i moda czy zaniedbanie i dezinformacja?\"><\/a>\r\n\t\t\t<\/div>\r\n\t\t\r\n\t\t<div class=\"cs-entry__inner cs-entry__content cs-entry__content-horizontal\">\r\n\t\t\t<div class=\"cs-entry__info\">\r\n\t\t\t\t<h2 class=\"cs-entry__title\"><a href=\"https:\/\/agetech.pl\/index.php\/2026\/02\/05\/planowanie-sukcesji-nowosc-spoleczna-i-moda-czy-zaniedbanie-i-dezinformacja\/\">Planowanie sukcesji &#8211; nowo\u015b\u0107 spo\u0142eczna i moda czy zaniedbanie i dezinformacja?<\/a><\/h2>\r\n\t\t\t\t\t\t\t\t\t\t<div class=\"cs-entry__excerpt\">\r\n\t\t\t\t\t\t\tPlanowanie sukcesji jako \u015bwiadomego i niezak\u0142\u00f3conego przekazywania maj\u0105tku jest prac\u0105 zespo\u0142ow\u0105 klienta i odpowiednio dobranych specjalist\u00f3w, bazuj\u0105c\u0105 na narz\u0119dziach adekwatnych dla danej&hellip;\t\t\t\t\t\t<\/div>\r\n\t\t\t\t\t\t\t\t\t<\/div>\r\n\r\n\t\t\t\t\t\t\t<div class=\"cs-entry__meta\">\r\n\t\t\t\t\t\t\t\t\t\t\t<div class=\"cs-entry__meta-category\">\r\n\t\t\t\t\t\t\t<div class=\"cs-entry__post-meta\" ><div class=\"cs-meta-category\"><ul class=\"post-categories\"><li><a href=\"https:\/\/agetech.pl\/index.php\/category\/prawo\/\">Prawo<\/a><\/li><\/ul><\/div><\/div>\t\t\t\t\t\t<\/div>\r\n\t\t\t\t\t\t\t\t\t\t\t\t\t\t\t\t<div class=\"cs-entry__meta-content\">\r\n\t\t\t\t\t\t\t\t\t\t\t\t\t\t\t<div class=\"cs-entry__meta-date\">\r\n\t\t\t\t\t\t\t\t\t<div class=\"cs-entry__post-meta\" ><div class=\"cs-meta-date\">2026-02-05<\/div><\/div>\t\t\t\t\t\t\t\t<\/div>\r\n\t\t\t\t\t\t\t\t\t\t\t\t\t\t\t\t\t\t\t\t\t\t<div class=\"cs-entry__meta-author\">\r\n\t\t\t\t\t\t\t\t\t<div class=\"cs-entry__post-meta\" ><div class=\"cs-meta-author\"><a class=\"cs-meta-author-link url fn n\" href=\"https:\/\/agetech.pl\/index.php\/author\/adminagetech\/\"><span class=\"cs-meta-author-by\">autor:<\/span><span class=\"cs-meta-author-name\">Redakcja AgeTech<\/span><\/a><\/div><\/div>\t\t\t\t\t\t\t\t<\/div>\r\n\t\t\t\t\t\t\t\t\t\t\t\t\t<\/div>\r\n\t\t\t\t\t\t\t\t\t<\/div>\r\n\t\t\t\t\t<\/div>\r\n\r\n\t\t\r\n\t<\/div>\r\n<\/article>\r\n\r\n<article class=\"post-5320 post type-post status-publish format-standard has-post-thumbnail category-prawo tag-prawo tag-sukcesja cs-entry cs-video-wrap\">\r\n\r\n\t<div class=\"cs-entry__outer cs-entry__outer-full\">\r\n\t\t\t\t\t<div class=\"cs-entry__inner cs-entry__overlay cs-entry__thumbnail cs-overlay-ratio cs-ratio-landscape-16-9\">\r\n\r\n\t\t\t\t<div class=\"cs-overlay-background\">\r\n\t\t\t\t\t<img loading=\"lazy\" decoding=\"async\" width=\"527\" height=\"297\" src=\"https:\/\/agetech.pl\/wp-content\/uploads\/2026\/01\/PM11-527x297.jpg\" class=\"attachment-csco-thumbnail size-csco-thumbnail wp-post-image\" alt=\"Pawe\u0142 Miszkurka \u2013 prawnik, prezes zarz\u0105du Kancelarii LTF\" srcset=\"https:\/\/agetech.pl\/wp-content\/uploads\/2026\/01\/PM11-527x297.jpg 527w, https:\/\/agetech.pl\/wp-content\/uploads\/2026\/01\/PM11-1054x594.jpg 1054w, https:\/\/agetech.pl\/wp-content\/uploads\/2026\/01\/PM11-688x387.jpg 688w, https:\/\/agetech.pl\/wp-content\/uploads\/2026\/01\/PM11-1044x587.jpg 1044w\" sizes=\"(max-width: 527px) 100vw, 527px\" \/>\t\t\t\t\t<img loading=\"lazy\" decoding=\"async\" width=\"527\" height=\"297\" src=\"https:\/\/agetech.pl\/wp-content\/uploads\/2026\/01\/PM11-527x297.jpg\" class=\"attachment-csco-thumbnail size-csco-thumbnail wp-post-image\" alt=\"Pawe\u0142 Miszkurka \u2013 prawnik, prezes zarz\u0105du Kancelarii LTF\" srcset=\"https:\/\/agetech.pl\/wp-content\/uploads\/2026\/01\/PM11-527x297.jpg 527w, https:\/\/agetech.pl\/wp-content\/uploads\/2026\/01\/PM11-1054x594.jpg 1054w, https:\/\/agetech.pl\/wp-content\/uploads\/2026\/01\/PM11-688x387.jpg 688w, https:\/\/agetech.pl\/wp-content\/uploads\/2026\/01\/PM11-1044x587.jpg 1044w\" sizes=\"(max-width: 527px) 100vw, 527px\" \/>\t\t\t\t<\/div>\r\n\r\n\t\t\t\t\r\n\t\t\t\t\r\n\t\t\t\t\r\n\t\t\t\t<a href=\"https:\/\/agetech.pl\/index.php\/2026\/02\/02\/pawel-miszkurka-dolacza-do-rady-programowej-agetech-polska\/\" class=\"cs-overlay-link\" title=\"Pawe\u0142 Miszkurka do\u0142\u0105cza do Rady Programowej AgeTech Polska\"><\/a>\r\n\t\t\t<\/div>\r\n\t\t\r\n\t\t<div class=\"cs-entry__inner cs-entry__content cs-entry__content-horizontal\">\r\n\t\t\t<div class=\"cs-entry__info\">\r\n\t\t\t\t<h2 class=\"cs-entry__title\"><a href=\"https:\/\/agetech.pl\/index.php\/2026\/02\/02\/pawel-miszkurka-dolacza-do-rady-programowej-agetech-polska\/\">Pawe\u0142 Miszkurka do\u0142\u0105cza do Rady Programowej AgeTech Polska<\/a><\/h2>\r\n\t\t\t\t\t\t\t\t\t\t<div class=\"cs-entry__excerpt\">\r\n\t\t\t\t\t\t\tNa co dzie\u0144 prowadzi wyk\u0142ady, konferencje oraz indywidualne konsultacje po\u015bwi\u0119cone planowaniu sukcesji. Od 2012 roku zarz\u0105dza Kancelari\u0105 LTF, a tak\u017ce pe\u0142ni funkcj\u0119 kierownika studi\u00f3w&hellip;\t\t\t\t\t\t<\/div>\r\n\t\t\t\t\t\t\t\t\t<\/div>\r\n\r\n\t\t\t\t\t\t\t<div class=\"cs-entry__meta\">\r\n\t\t\t\t\t\t\t\t\t\t\t<div class=\"cs-entry__meta-category\">\r\n\t\t\t\t\t\t\t<div class=\"cs-entry__post-meta\" ><div class=\"cs-meta-category\"><ul class=\"post-categories\"><li><a href=\"https:\/\/agetech.pl\/index.php\/category\/prawo\/\">Prawo<\/a><\/li><\/ul><\/div><\/div>\t\t\t\t\t\t<\/div>\r\n\t\t\t\t\t\t\t\t\t\t\t\t\t\t\t\t<div class=\"cs-entry__meta-content\">\r\n\t\t\t\t\t\t\t\t\t\t\t\t\t\t\t<div class=\"cs-entry__meta-date\">\r\n\t\t\t\t\t\t\t\t\t<div class=\"cs-entry__post-meta\" ><div class=\"cs-meta-date\">2026-02-02<\/div><\/div>\t\t\t\t\t\t\t\t<\/div>\r\n\t\t\t\t\t\t\t\t\t\t\t\t\t\t\t\t\t\t\t\t\t\t<div class=\"cs-entry__meta-author\">\r\n\t\t\t\t\t\t\t\t\t<div class=\"cs-entry__post-meta\" ><div class=\"cs-meta-author\"><a class=\"cs-meta-author-link url fn n\" href=\"https:\/\/agetech.pl\/index.php\/author\/adminagetech\/\"><span class=\"cs-meta-author-by\">autor:<\/span><span class=\"cs-meta-author-name\">Redakcja AgeTech<\/span><\/a><\/div><\/div>\t\t\t\t\t\t\t\t<\/div>\r\n\t\t\t\t\t\t\t\t\t\t\t\t\t<\/div>\r\n\t\t\t\t\t\t\t\t\t<\/div>\r\n\t\t\t\t\t<\/div>\r\n\r\n\t\t\r\n\t<\/div>\r\n<\/article>\r\n\r\n<article class=\"post-5328 post type-post status-publish format-standard has-post-thumbnail category-technologia category-trendy tag-agentic-ai tag-agetech tag-opieka tag-polska tag-silver-economy cs-entry cs-video-wrap\">\r\n\r\n\t<div class=\"cs-entry__outer cs-entry__outer-full\">\r\n\t\t\t\t\t<div class=\"cs-entry__inner cs-entry__overlay cs-entry__thumbnail cs-overlay-ratio cs-ratio-landscape-16-9\">\r\n\r\n\t\t\t\t<div class=\"cs-overlay-background\">\r\n\t\t\t\t\t<img loading=\"lazy\" decoding=\"async\" width=\"527\" height=\"297\" src=\"https:\/\/agetech.pl\/wp-content\/uploads\/2026\/01\/Srebrna-rewolucja-w-2026-527x297.jpg\" class=\"attachment-csco-thumbnail size-csco-thumbnail wp-post-image\" alt=\"Srebrna rewolucja w 2026\" srcset=\"https:\/\/agetech.pl\/wp-content\/uploads\/2026\/01\/Srebrna-rewolucja-w-2026-527x297.jpg 527w, https:\/\/agetech.pl\/wp-content\/uploads\/2026\/01\/Srebrna-rewolucja-w-2026-688x387.jpg 688w\" sizes=\"(max-width: 527px) 100vw, 527px\" \/>\t\t\t\t\t<img loading=\"lazy\" decoding=\"async\" width=\"527\" height=\"297\" src=\"https:\/\/agetech.pl\/wp-content\/uploads\/2026\/01\/Srebrna-rewolucja-w-2026-527x297.jpg\" class=\"attachment-csco-thumbnail size-csco-thumbnail wp-post-image\" alt=\"Srebrna rewolucja w 2026\" srcset=\"https:\/\/agetech.pl\/wp-content\/uploads\/2026\/01\/Srebrna-rewolucja-w-2026-527x297.jpg 527w, https:\/\/agetech.pl\/wp-content\/uploads\/2026\/01\/Srebrna-rewolucja-w-2026-688x387.jpg 688w\" sizes=\"(max-width: 527px) 100vw, 527px\" \/>\t\t\t\t<\/div>\r\n\r\n\t\t\t\t\r\n\t\t\t\t\r\n\t\t\t\t\r\n\t\t\t\t<a href=\"https:\/\/agetech.pl\/index.php\/2026\/01\/28\/srebrna-rewolucja-w-2026\/\" class=\"cs-overlay-link\" title=\"Srebrna rewolucja w 2026\"><\/a>\r\n\t\t\t<\/div>\r\n\t\t\r\n\t\t<div class=\"cs-entry__inner cs-entry__content cs-entry__content-horizontal\">\r\n\t\t\t<div class=\"cs-entry__info\">\r\n\t\t\t\t<h2 class=\"cs-entry__title\"><a href=\"https:\/\/agetech.pl\/index.php\/2026\/01\/28\/srebrna-rewolucja-w-2026\/\">Srebrna rewolucja w 2026<\/a><\/h2>\r\n\t\t\t\t\t\t\t\t\t\t<div class=\"cs-entry__excerpt\">\r\n\t\t\t\t\t\t\tRok 2026 faktycznie mo\u017cna traktowa\u0107 jako moment, w kt\u00f3rym Silver Economy i AgeTech wychodz\u0105 z fazy prostych gad\u017cet\u00f3w (przyciski SOS, pojedyncze aplikacje) w stron\u0119 infrastruktury&hellip;\t\t\t\t\t\t<\/div>\r\n\t\t\t\t\t\t\t\t\t<\/div>\r\n\r\n\t\t\t\t\t\t\t<div class=\"cs-entry__meta\">\r\n\t\t\t\t\t\t\t\t\t\t\t<div class=\"cs-entry__meta-category\">\r\n\t\t\t\t\t\t\t<div class=\"cs-entry__post-meta\" ><div class=\"cs-meta-category\"><ul class=\"post-categories\"><li><a href=\"https:\/\/agetech.pl\/index.php\/category\/technologia\/\">Technologia<\/a><\/li><li><a href=\"https:\/\/agetech.pl\/index.php\/category\/trendy\/\">Trendy<\/a><\/li><\/ul><\/div><\/div>\t\t\t\t\t\t<\/div>\r\n\t\t\t\t\t\t\t\t\t\t\t\t\t\t\t\t<div class=\"cs-entry__meta-content\">\r\n\t\t\t\t\t\t\t\t\t\t\t\t\t\t\t<div class=\"cs-entry__meta-date\">\r\n\t\t\t\t\t\t\t\t\t<div class=\"cs-entry__post-meta\" ><div class=\"cs-meta-date\">2026-01-28<\/div><\/div>\t\t\t\t\t\t\t\t<\/div>\r\n\t\t\t\t\t\t\t\t\t\t\t\t\t\t\t\t\t\t\t\t\t\t<div class=\"cs-entry__meta-author\">\r\n\t\t\t\t\t\t\t\t\t<div class=\"cs-entry__post-meta\" ><div class=\"cs-meta-author\"><a class=\"cs-meta-author-link url fn n\" href=\"https:\/\/agetech.pl\/index.php\/author\/redaktor-jw\/\"><span class=\"cs-meta-author-by\">autor:<\/span><span class=\"cs-meta-author-name\">Jerzy Walczak<\/span><\/a><\/div><\/div>\t\t\t\t\t\t\t\t<\/div>\r\n\t\t\t\t\t\t\t\t\t\t\t\t\t<\/div>\r\n\t\t\t\t\t\t\t\t\t<\/div>\r\n\t\t\t\t\t<\/div>\r\n\r\n\t\t\r\n\t<\/div>\r\n<\/article>\r\n\t\t\t\t\t\t\t\t<\/div>\r\n\t\t\t\t\t\t\t<\/div>\r\n\t\t\t\t\t\t<\/div>\r\n\t\t\t\t\t\t\t\t<\/section>\r\n\t\t\t\t\t\t<\/div>\n\t\t\t\t<\/div>\n\t\t\t\t<div class=\"elementor-element elementor-element-2b844d5 elementor-widget__width-initial elementor-widget elementor-widget-cs-posts\" data-id=\"2b844d5\" data-element_type=\"widget\" data-widget_type=\"cs-posts.default\">\n\t\t\t\t<div class=\"elementor-widget-container\">\n\t\t\t\t\t\t\t\t<section class=\"cs-posts cs-posts__horizontal\">\r\n\t\t\t\t\t\t\t\t\t\t<div class=\"cs-posts-area cs-posts-area-elementor \" data-posts-area=\"\">\r\n\t\t\t\t\t\t\t<div class=\"cs-posts-area__outer\">\r\n\r\n\t\t\t\t\t\t\t\t<div\r\n\t\t\t\t\t\t\t\tclass=\"cs-posts-area__main cs-posts-area__main-divider hide-mobile-devider\"\r\n\t\t\t\t\t\t\t\tdata-pc=\"1\"\r\n\t\t\t\t\t\t\t\tdata-lt=\"1\"\r\n\t\t\t\t\t\t\t\tdata-tb=\"1\"\r\n\t\t\t\t\t\t\t\tdata-mb=\"1\"\r\n\t\t\t\t\t\t\t\t>\r\n\t\t\t\t\t\t\t\t\t\r\n<article class=\"post-5311 post type-post status-publish format-standard has-post-thumbnail category-dieta category-styl-zycia-seniora category-zdrowie-seniorow tag-dieta tag-opieka tag-zdrowie cs-entry cs-video-wrap\">\r\n\r\n\t<div class=\"cs-entry__outer cs-entry__outer-full\">\r\n\t\t\t\t\t<div class=\"cs-entry__inner cs-entry__overlay cs-entry__thumbnail cs-overlay-ratio cs-ratio-landscape-16-9\">\r\n\r\n\t\t\t\t<div class=\"cs-overlay-background\">\r\n\t\t\t\t\t<img loading=\"lazy\" decoding=\"async\" width=\"527\" height=\"297\" src=\"https:\/\/agetech.pl\/wp-content\/uploads\/2026\/01\/glukozowa-rewolucja-1-527x297.jpg\" class=\"attachment-csco-thumbnail size-csco-thumbnail wp-post-image\" alt=\"glukozowa rewolucja\" srcset=\"https:\/\/agetech.pl\/wp-content\/uploads\/2026\/01\/glukozowa-rewolucja-1-527x297.jpg 527w, https:\/\/agetech.pl\/wp-content\/uploads\/2026\/01\/glukozowa-rewolucja-1-1054x594.jpg 1054w, https:\/\/agetech.pl\/wp-content\/uploads\/2026\/01\/glukozowa-rewolucja-1-688x387.jpg 688w, https:\/\/agetech.pl\/wp-content\/uploads\/2026\/01\/glukozowa-rewolucja-1-1376x774.jpg 1376w, https:\/\/agetech.pl\/wp-content\/uploads\/2026\/01\/glukozowa-rewolucja-1-1044x587.jpg 1044w\" sizes=\"(max-width: 527px) 100vw, 527px\" \/>\t\t\t\t\t<img loading=\"lazy\" decoding=\"async\" width=\"527\" height=\"297\" src=\"https:\/\/agetech.pl\/wp-content\/uploads\/2026\/01\/glukozowa-rewolucja-1-527x297.jpg\" class=\"attachment-csco-thumbnail size-csco-thumbnail wp-post-image\" alt=\"glukozowa rewolucja\" srcset=\"https:\/\/agetech.pl\/wp-content\/uploads\/2026\/01\/glukozowa-rewolucja-1-527x297.jpg 527w, https:\/\/agetech.pl\/wp-content\/uploads\/2026\/01\/glukozowa-rewolucja-1-1054x594.jpg 1054w, https:\/\/agetech.pl\/wp-content\/uploads\/2026\/01\/glukozowa-rewolucja-1-688x387.jpg 688w, https:\/\/agetech.pl\/wp-content\/uploads\/2026\/01\/glukozowa-rewolucja-1-1376x774.jpg 1376w, https:\/\/agetech.pl\/wp-content\/uploads\/2026\/01\/glukozowa-rewolucja-1-1044x587.jpg 1044w\" sizes=\"(max-width: 527px) 100vw, 527px\" \/>\t\t\t\t<\/div>\r\n\r\n\t\t\t\t\r\n\t\t\t\t\r\n\t\t\t\t\r\n\t\t\t\t<a href=\"https:\/\/agetech.pl\/index.php\/2026\/01\/26\/glukozowa-rewolucja\/\" class=\"cs-overlay-link\" title=\"\u201eGlukozowa rewolucja\u201d: proste regu\u0142y, wielkie ambicje i kilka znak\u00f3w zapytania\"><\/a>\r\n\t\t\t<\/div>\r\n\t\t\r\n\t\t<div class=\"cs-entry__inner cs-entry__content cs-entry__content-horizontal\">\r\n\t\t\t<div class=\"cs-entry__info\">\r\n\t\t\t\t<h2 class=\"cs-entry__title\"><a href=\"https:\/\/agetech.pl\/index.php\/2026\/01\/26\/glukozowa-rewolucja\/\">\u201eGlukozowa rewolucja\u201d: proste regu\u0142y, wielkie ambicje i kilka znak\u00f3w zapytania<\/a><\/h2>\r\n\t\t\t\t\t\t\t\t\t\t<div class=\"cs-entry__excerpt\">\r\n\t\t\t\t\t\t\tKsi\u0105\u017cka \u201eGlukozowa rewolucja&quot; w kr\u00f3tkim czasie sta\u0142a si\u0119 jedn\u0105 z najbardziej rozpoznawalnych pozycji popularyzuj\u0105cych wiedz\u0119 o metabolizmie. Jej autorka, Jessie Inchausp\u00e9, znana w mediach&hellip;\t\t\t\t\t\t<\/div>\r\n\t\t\t\t\t\t\t\t\t<\/div>\r\n\r\n\t\t\t\t\t\t\t<div class=\"cs-entry__meta\">\r\n\t\t\t\t\t\t\t\t\t\t\t<div class=\"cs-entry__meta-category\">\r\n\t\t\t\t\t\t\t<div class=\"cs-entry__post-meta\" ><div class=\"cs-meta-category\"><ul class=\"post-categories\"><li><a href=\"https:\/\/agetech.pl\/index.php\/category\/dieta\/\">Dieta<\/a><\/li><li><a href=\"https:\/\/agetech.pl\/index.php\/category\/styl-zycia-seniora\/\">Styl \u017cycia<\/a><\/li><li><a href=\"https:\/\/agetech.pl\/index.php\/category\/zdrowie-seniorow\/\">Zdrowie<\/a><\/li><\/ul><\/div><\/div>\t\t\t\t\t\t<\/div>\r\n\t\t\t\t\t\t\t\t\t\t\t\t\t\t\t\t<div class=\"cs-entry__meta-content\">\r\n\t\t\t\t\t\t\t\t\t\t\t\t\t\t\t<div class=\"cs-entry__meta-date\">\r\n\t\t\t\t\t\t\t\t\t<div class=\"cs-entry__post-meta\" ><div class=\"cs-meta-date\">2026-01-26<\/div><\/div>\t\t\t\t\t\t\t\t<\/div>\r\n\t\t\t\t\t\t\t\t\t\t\t\t\t\t\t\t\t\t\t\t\t\t<div class=\"cs-entry__meta-author\">\r\n\t\t\t\t\t\t\t\t\t<div class=\"cs-entry__post-meta\" ><div class=\"cs-meta-author\"><a class=\"cs-meta-author-link url fn n\" href=\"https:\/\/agetech.pl\/index.php\/author\/bartlomiejs\/\"><span class=\"cs-meta-author-by\">autor:<\/span><span class=\"cs-meta-author-name\">Bart\u0142omiej Staszewski<\/span><\/a><\/div><\/div>\t\t\t\t\t\t\t\t<\/div>\r\n\t\t\t\t\t\t\t\t\t\t\t\t\t<\/div>\r\n\t\t\t\t\t\t\t\t\t<\/div>\r\n\t\t\t\t\t<\/div>\r\n\r\n\t\t\r\n\t<\/div>\r\n<\/article>\r\n\r\n<article class=\"post-5292 post type-post status-publish format-standard has-post-thumbnail category-trendy tag-raport tag-spoleczenstwo cs-entry cs-video-wrap\">\r\n\r\n\t<div class=\"cs-entry__outer cs-entry__outer-full\">\r\n\t\t\t\t\t<div class=\"cs-entry__inner cs-entry__overlay cs-entry__thumbnail cs-overlay-ratio cs-ratio-landscape-16-9\">\r\n\r\n\t\t\t\t<div class=\"cs-overlay-background\">\r\n\t\t\t\t\t<img loading=\"lazy\" decoding=\"async\" width=\"527\" height=\"297\" src=\"https:\/\/agetech.pl\/wp-content\/uploads\/2026\/01\/vitaly-gariev-81QtqGeyGJc-unsplash-527x297.jpg\" class=\"attachment-csco-thumbnail size-csco-thumbnail wp-post-image\" alt=\"Szcz\u0119\u015bliwa staro\u015b\u0107\" srcset=\"https:\/\/agetech.pl\/wp-content\/uploads\/2026\/01\/vitaly-gariev-81QtqGeyGJc-unsplash-527x296.jpg 527w, https:\/\/agetech.pl\/wp-content\/uploads\/2026\/01\/vitaly-gariev-81QtqGeyGJc-unsplash-300x169.jpg 300w, https:\/\/agetech.pl\/wp-content\/uploads\/2026\/01\/vitaly-gariev-81QtqGeyGJc-unsplash-1024x576.jpg 1024w, https:\/\/agetech.pl\/wp-content\/uploads\/2026\/01\/vitaly-gariev-81QtqGeyGJc-unsplash-768x432.jpg 768w, https:\/\/agetech.pl\/wp-content\/uploads\/2026\/01\/vitaly-gariev-81QtqGeyGJc-unsplash-1536x864.jpg 1536w, https:\/\/agetech.pl\/wp-content\/uploads\/2026\/01\/vitaly-gariev-81QtqGeyGJc-unsplash-2048x1152.jpg 2048w, https:\/\/agetech.pl\/wp-content\/uploads\/2026\/01\/vitaly-gariev-81QtqGeyGJc-unsplash-1054x593.jpg 1054w, https:\/\/agetech.pl\/wp-content\/uploads\/2026\/01\/vitaly-gariev-81QtqGeyGJc-unsplash-688x387.jpg 688w, https:\/\/agetech.pl\/wp-content\/uploads\/2026\/01\/vitaly-gariev-81QtqGeyGJc-unsplash-1376x774.jpg 1376w, https:\/\/agetech.pl\/wp-content\/uploads\/2026\/01\/vitaly-gariev-81QtqGeyGJc-unsplash-1044x587.jpg 1044w, https:\/\/agetech.pl\/wp-content\/uploads\/2026\/01\/vitaly-gariev-81QtqGeyGJc-unsplash-2088x1174.jpg 2088w, https:\/\/agetech.pl\/wp-content\/uploads\/2026\/01\/vitaly-gariev-81QtqGeyGJc-unsplash-1400x788.jpg 1400w, https:\/\/agetech.pl\/wp-content\/uploads\/2026\/01\/vitaly-gariev-81QtqGeyGJc-unsplash-1920x1080.jpg 1920w, https:\/\/agetech.pl\/wp-content\/uploads\/2026\/01\/vitaly-gariev-81QtqGeyGJc-unsplash-scaled.jpg 2560w\" sizes=\"(max-width: 527px) 100vw, 527px\" \/>\t\t\t\t\t<img loading=\"lazy\" decoding=\"async\" width=\"527\" height=\"297\" src=\"https:\/\/agetech.pl\/wp-content\/uploads\/2026\/01\/vitaly-gariev-81QtqGeyGJc-unsplash-527x297.jpg\" class=\"attachment-csco-thumbnail size-csco-thumbnail wp-post-image\" alt=\"Szcz\u0119\u015bliwa staro\u015b\u0107\" srcset=\"https:\/\/agetech.pl\/wp-content\/uploads\/2026\/01\/vitaly-gariev-81QtqGeyGJc-unsplash-527x296.jpg 527w, https:\/\/agetech.pl\/wp-content\/uploads\/2026\/01\/vitaly-gariev-81QtqGeyGJc-unsplash-300x169.jpg 300w, https:\/\/agetech.pl\/wp-content\/uploads\/2026\/01\/vitaly-gariev-81QtqGeyGJc-unsplash-1024x576.jpg 1024w, https:\/\/agetech.pl\/wp-content\/uploads\/2026\/01\/vitaly-gariev-81QtqGeyGJc-unsplash-768x432.jpg 768w, https:\/\/agetech.pl\/wp-content\/uploads\/2026\/01\/vitaly-gariev-81QtqGeyGJc-unsplash-1536x864.jpg 1536w, https:\/\/agetech.pl\/wp-content\/uploads\/2026\/01\/vitaly-gariev-81QtqGeyGJc-unsplash-2048x1152.jpg 2048w, https:\/\/agetech.pl\/wp-content\/uploads\/2026\/01\/vitaly-gariev-81QtqGeyGJc-unsplash-1054x593.jpg 1054w, https:\/\/agetech.pl\/wp-content\/uploads\/2026\/01\/vitaly-gariev-81QtqGeyGJc-unsplash-688x387.jpg 688w, https:\/\/agetech.pl\/wp-content\/uploads\/2026\/01\/vitaly-gariev-81QtqGeyGJc-unsplash-1376x774.jpg 1376w, https:\/\/agetech.pl\/wp-content\/uploads\/2026\/01\/vitaly-gariev-81QtqGeyGJc-unsplash-1044x587.jpg 1044w, https:\/\/agetech.pl\/wp-content\/uploads\/2026\/01\/vitaly-gariev-81QtqGeyGJc-unsplash-2088x1174.jpg 2088w, https:\/\/agetech.pl\/wp-content\/uploads\/2026\/01\/vitaly-gariev-81QtqGeyGJc-unsplash-1400x788.jpg 1400w, https:\/\/agetech.pl\/wp-content\/uploads\/2026\/01\/vitaly-gariev-81QtqGeyGJc-unsplash-1920x1080.jpg 1920w, https:\/\/agetech.pl\/wp-content\/uploads\/2026\/01\/vitaly-gariev-81QtqGeyGJc-unsplash-scaled.jpg 2560w\" sizes=\"(max-width: 527px) 100vw, 527px\" \/>\t\t\t\t<\/div>\r\n\r\n\t\t\t\t\r\n\t\t\t\t\r\n\t\t\t\t\r\n\t\t\t\t<a href=\"https:\/\/agetech.pl\/index.php\/2026\/01\/23\/udane-starzenie-sie-co-naprawde-decyduje-o-jakosci-zycia-w-poznym-wieku\/\" class=\"cs-overlay-link\" title=\"Udane starzenie si\u0119 \u2013 co naprawd\u0119 decyduje o jako\u015bci \u017cycia w p\u00f3\u017anym wieku?\"><\/a>\r\n\t\t\t<\/div>\r\n\t\t\r\n\t\t<div class=\"cs-entry__inner cs-entry__content cs-entry__content-horizontal\">\r\n\t\t\t<div class=\"cs-entry__info\">\r\n\t\t\t\t<h2 class=\"cs-entry__title\"><a href=\"https:\/\/agetech.pl\/index.php\/2026\/01\/23\/udane-starzenie-sie-co-naprawde-decyduje-o-jakosci-zycia-w-poznym-wieku\/\">Udane starzenie si\u0119 \u2013 co naprawd\u0119 decyduje o jako\u015bci \u017cycia w p\u00f3\u017anym wieku?<\/a><\/h2>\r\n\t\t\t\t\t\t\t\t\t\t<div class=\"cs-entry__excerpt\">\r\n\t\t\t\t\t\t\tUdane starzenie si\u0119 - w kontek\u015bcie mieszka\u0144 asystowanych wnioski z badania nabieraj\u0105 szczeg\u00f3lnego znaczenia. Coraz wyra\u017aniej wida\u0107, \u017ce zapewnienie seniorom wy\u0142\u0105cznie opieki, bezpiecze\u0144stwa i&hellip;\t\t\t\t\t\t<\/div>\r\n\t\t\t\t\t\t\t\t\t<\/div>\r\n\r\n\t\t\t\t\t\t\t<div class=\"cs-entry__meta\">\r\n\t\t\t\t\t\t\t\t\t\t\t<div class=\"cs-entry__meta-category\">\r\n\t\t\t\t\t\t\t<div class=\"cs-entry__post-meta\" ><div class=\"cs-meta-category\"><ul class=\"post-categories\"><li><a href=\"https:\/\/agetech.pl\/index.php\/category\/trendy\/\">Trendy<\/a><\/li><\/ul><\/div><\/div>\t\t\t\t\t\t<\/div>\r\n\t\t\t\t\t\t\t\t\t\t\t\t\t\t\t\t<div class=\"cs-entry__meta-content\">\r\n\t\t\t\t\t\t\t\t\t\t\t\t\t\t\t<div class=\"cs-entry__meta-date\">\r\n\t\t\t\t\t\t\t\t\t<div class=\"cs-entry__post-meta\" ><div class=\"cs-meta-date\">2026-01-23<\/div><\/div>\t\t\t\t\t\t\t\t<\/div>\r\n\t\t\t\t\t\t\t\t\t\t\t\t\t\t\t\t\t\t\t\t\t\t<div class=\"cs-entry__meta-author\">\r\n\t\t\t\t\t\t\t\t\t<div class=\"cs-entry__post-meta\" ><div class=\"cs-meta-author\"><a class=\"cs-meta-author-link url fn n\" href=\"https:\/\/agetech.pl\/index.php\/author\/redaktor\/\"><span class=\"cs-meta-author-by\">autor:<\/span><span class=\"cs-meta-author-name\">Bernard Go\u0142ko<\/span><\/a><\/div><\/div>\t\t\t\t\t\t\t\t<\/div>\r\n\t\t\t\t\t\t\t\t\t\t\t\t\t<\/div>\r\n\t\t\t\t\t\t\t\t\t<\/div>\r\n\t\t\t\t\t<\/div>\r\n\r\n\t\t\r\n\t<\/div>\r\n<\/article>\r\n\r\n<article class=\"post-5304 post type-post status-publish format-standard has-post-thumbnail category-inwestycje-w-technologie-agetech category-technologia category-trendy tag-agetech tag-chiny tag-robotyka-opiekuncza tag-silver-economy tag-spoleczenstwo cs-entry cs-video-wrap\">\r\n\r\n\t<div class=\"cs-entry__outer cs-entry__outer-full\">\r\n\t\t\t\t\t<div class=\"cs-entry__inner cs-entry__overlay cs-entry__thumbnail cs-overlay-ratio cs-ratio-landscape-16-9\">\r\n\r\n\t\t\t\t<div class=\"cs-overlay-background\">\r\n\t\t\t\t\t<img loading=\"lazy\" decoding=\"async\" width=\"527\" height=\"297\" src=\"https:\/\/agetech.pl\/wp-content\/uploads\/2026\/01\/Chiny-i-Silver-Economy-2026-527x297.jpg\" class=\"attachment-csco-thumbnail size-csco-thumbnail wp-post-image\" alt=\"Chiny i Silver Economy 2026\" srcset=\"https:\/\/agetech.pl\/wp-content\/uploads\/2026\/01\/Chiny-i-Silver-Economy-2026-527x297.jpg 527w, https:\/\/agetech.pl\/wp-content\/uploads\/2026\/01\/Chiny-i-Silver-Economy-2026-1054x594.jpg 1054w, https:\/\/agetech.pl\/wp-content\/uploads\/2026\/01\/Chiny-i-Silver-Economy-2026-688x387.jpg 688w, https:\/\/agetech.pl\/wp-content\/uploads\/2026\/01\/Chiny-i-Silver-Economy-2026-1376x774.jpg 1376w, https:\/\/agetech.pl\/wp-content\/uploads\/2026\/01\/Chiny-i-Silver-Economy-2026-1044x587.jpg 1044w, https:\/\/agetech.pl\/wp-content\/uploads\/2026\/01\/Chiny-i-Silver-Economy-2026-2088x1174.jpg 2088w\" sizes=\"(max-width: 527px) 100vw, 527px\" \/>\t\t\t\t\t<img loading=\"lazy\" decoding=\"async\" width=\"527\" height=\"297\" src=\"https:\/\/agetech.pl\/wp-content\/uploads\/2026\/01\/Chiny-i-Silver-Economy-2026-527x297.jpg\" class=\"attachment-csco-thumbnail size-csco-thumbnail wp-post-image\" alt=\"Chiny i Silver Economy 2026\" srcset=\"https:\/\/agetech.pl\/wp-content\/uploads\/2026\/01\/Chiny-i-Silver-Economy-2026-527x297.jpg 527w, https:\/\/agetech.pl\/wp-content\/uploads\/2026\/01\/Chiny-i-Silver-Economy-2026-1054x594.jpg 1054w, https:\/\/agetech.pl\/wp-content\/uploads\/2026\/01\/Chiny-i-Silver-Economy-2026-688x387.jpg 688w, https:\/\/agetech.pl\/wp-content\/uploads\/2026\/01\/Chiny-i-Silver-Economy-2026-1376x774.jpg 1376w, https:\/\/agetech.pl\/wp-content\/uploads\/2026\/01\/Chiny-i-Silver-Economy-2026-1044x587.jpg 1044w, https:\/\/agetech.pl\/wp-content\/uploads\/2026\/01\/Chiny-i-Silver-Economy-2026-2088x1174.jpg 2088w\" sizes=\"(max-width: 527px) 100vw, 527px\" \/>\t\t\t\t<\/div>\r\n\r\n\t\t\t\t\r\n\t\t\t\t\r\n\t\t\t\t\r\n\t\t\t\t<a href=\"https:\/\/agetech.pl\/index.php\/2026\/01\/21\/chiny-i-silver-economy-2026-rynek-wart-30-bilionow-juanow-analiza\/\" class=\"cs-overlay-link\" title=\"Chi\u0144ska Srebrna Gospodarka: miliardy na roboty i inteligentne domy dla Senior\u00f3w\"><\/a>\r\n\t\t\t<\/div>\r\n\t\t\r\n\t\t<div class=\"cs-entry__inner cs-entry__content cs-entry__content-horizontal\">\r\n\t\t\t<div class=\"cs-entry__info\">\r\n\t\t\t\t<h2 class=\"cs-entry__title\"><a href=\"https:\/\/agetech.pl\/index.php\/2026\/01\/21\/chiny-i-silver-economy-2026-rynek-wart-30-bilionow-juanow-analiza\/\">Chi\u0144ska Srebrna Gospodarka: miliardy na roboty i inteligentne domy dla Senior\u00f3w<\/a><\/h2>\r\n\t\t\t\t\t\t\t\t\t\t<div class=\"cs-entry__excerpt\">\r\n\t\t\t\t\t\t\tWe wtorek, 14 stycznia 2026 roku, chi\u0144skie ministerstwa \u2013 Spraw Obywatelskich (Civil Affairs), Handlu oraz Przemys\u0142u i Technologii Informacyjnych \u2013 og\u0142osi\u0142y prze\u0142omow\u0105 strategi\u0119: &#8222;\u015arodki&hellip;\t\t\t\t\t\t<\/div>\r\n\t\t\t\t\t\t\t\t\t<\/div>\r\n\r\n\t\t\t\t\t\t\t<div class=\"cs-entry__meta\">\r\n\t\t\t\t\t\t\t\t\t\t\t<div class=\"cs-entry__meta-category\">\r\n\t\t\t\t\t\t\t<div class=\"cs-entry__post-meta\" ><div class=\"cs-meta-category\"><ul class=\"post-categories\"><li><a href=\"https:\/\/agetech.pl\/index.php\/category\/inwestycje-w-technologie-agetech\/\">Inwestycje<\/a><\/li><li><a href=\"https:\/\/agetech.pl\/index.php\/category\/technologia\/\">Technologia<\/a><\/li><li><a href=\"https:\/\/agetech.pl\/index.php\/category\/trendy\/\">Trendy<\/a><\/li><\/ul><\/div><\/div>\t\t\t\t\t\t<\/div>\r\n\t\t\t\t\t\t\t\t\t\t\t\t\t\t\t\t<div class=\"cs-entry__meta-content\">\r\n\t\t\t\t\t\t\t\t\t\t\t\t\t\t\t<div class=\"cs-entry__meta-date\">\r\n\t\t\t\t\t\t\t\t\t<div class=\"cs-entry__post-meta\" ><div class=\"cs-meta-date\">2026-01-21<\/div><\/div>\t\t\t\t\t\t\t\t<\/div>\r\n\t\t\t\t\t\t\t\t\t\t\t\t\t\t\t\t\t\t\t\t\t\t<div class=\"cs-entry__meta-author\">\r\n\t\t\t\t\t\t\t\t\t<div class=\"cs-entry__post-meta\" ><div class=\"cs-meta-author\"><a class=\"cs-meta-author-link url fn n\" href=\"https:\/\/agetech.pl\/index.php\/author\/redaktor-jw\/\"><span class=\"cs-meta-author-by\">autor:<\/span><span class=\"cs-meta-author-name\">Jerzy Walczak<\/span><\/a><\/div><\/div>\t\t\t\t\t\t\t\t<\/div>\r\n\t\t\t\t\t\t\t\t\t\t\t\t\t<\/div>\r\n\t\t\t\t\t\t\t\t\t<\/div>\r\n\t\t\t\t\t<\/div>\r\n\r\n\t\t\r\n\t<\/div>\r\n<\/article>\r\n\r\n<article class=\"post-5289 post type-post status-publish format-standard has-post-thumbnail category-opieka-nad-seniorami category-zdrowie-seniorow tag-agetech tag-alzheimer tag-demencja tag-opieka tag-silver-economy tag-spoleczenstwo tag-zdrowie cs-entry cs-video-wrap\">\r\n\r\n\t<div class=\"cs-entry__outer cs-entry__outer-full\">\r\n\t\t\t\t\t<div class=\"cs-entry__inner cs-entry__overlay cs-entry__thumbnail cs-overlay-ratio cs-ratio-landscape-16-9\">\r\n\r\n\t\t\t\t<div class=\"cs-overlay-background\">\r\n\t\t\t\t\t<img loading=\"lazy\" decoding=\"async\" width=\"527\" height=\"297\" src=\"https:\/\/agetech.pl\/wp-content\/uploads\/2026\/01\/Choroba-Alzheimera-527x297.jpg\" class=\"attachment-csco-thumbnail size-csco-thumbnail wp-post-image\" alt=\"Choroba Alzheimera\" srcset=\"https:\/\/agetech.pl\/wp-content\/uploads\/2026\/01\/Choroba-Alzheimera-527x297.jpg 527w, https:\/\/agetech.pl\/wp-content\/uploads\/2026\/01\/Choroba-Alzheimera-1054x594.jpg 1054w, https:\/\/agetech.pl\/wp-content\/uploads\/2026\/01\/Choroba-Alzheimera-688x387.jpg 688w, https:\/\/agetech.pl\/wp-content\/uploads\/2026\/01\/Choroba-Alzheimera-1044x587.jpg 1044w\" sizes=\"(max-width: 527px) 100vw, 527px\" \/>\t\t\t\t\t<img loading=\"lazy\" decoding=\"async\" width=\"527\" height=\"297\" src=\"https:\/\/agetech.pl\/wp-content\/uploads\/2026\/01\/Choroba-Alzheimera-527x297.jpg\" class=\"attachment-csco-thumbnail size-csco-thumbnail wp-post-image\" alt=\"Choroba Alzheimera\" srcset=\"https:\/\/agetech.pl\/wp-content\/uploads\/2026\/01\/Choroba-Alzheimera-527x297.jpg 527w, https:\/\/agetech.pl\/wp-content\/uploads\/2026\/01\/Choroba-Alzheimera-1054x594.jpg 1054w, https:\/\/agetech.pl\/wp-content\/uploads\/2026\/01\/Choroba-Alzheimera-688x387.jpg 688w, https:\/\/agetech.pl\/wp-content\/uploads\/2026\/01\/Choroba-Alzheimera-1044x587.jpg 1044w\" sizes=\"(max-width: 527px) 100vw, 527px\" \/>\t\t\t\t<\/div>\r\n\r\n\t\t\t\t\r\n\t\t\t\t\r\n\t\t\t\t\r\n\t\t\t\t<a href=\"https:\/\/agetech.pl\/index.php\/2026\/01\/19\/falszywy-przystanek-w-warszawie-sposob-na-alzheimera-i-bezpieczenstwo-seniora\/\" class=\"cs-overlay-link\" title=\"Choroba Alzheimera i przystanek, na kt\u00f3ry nic nie przyje\u017cd\u017ca\"><\/a>\r\n\t\t\t<\/div>\r\n\t\t\r\n\t\t<div class=\"cs-entry__inner cs-entry__content cs-entry__content-horizontal\">\r\n\t\t\t<div class=\"cs-entry__info\">\r\n\t\t\t\t<h2 class=\"cs-entry__title\"><a href=\"https:\/\/agetech.pl\/index.php\/2026\/01\/19\/falszywy-przystanek-w-warszawie-sposob-na-alzheimera-i-bezpieczenstwo-seniora\/\">Choroba Alzheimera i przystanek, na kt\u00f3ry nic nie przyje\u017cd\u017ca<\/a><\/h2>\r\n\t\t\t\t\t\t\t\t\t\t<div class=\"cs-entry__excerpt\">\r\n\t\t\t\t\t\t\tChoroba Alzheimera to najcz\u0119stsza przyczyna ot\u0119pienia: post\u0119puj\u0105ce schorzenie neurodegeneracyjne, kt\u00f3re stopniowo pogarsza pami\u0119\u0107, orientacj\u0119, zdolno\u015b\u0107 planowania i codzienne funkcjonowanie.&hellip;\t\t\t\t\t\t<\/div>\r\n\t\t\t\t\t\t\t\t\t<\/div>\r\n\r\n\t\t\t\t\t\t\t<div class=\"cs-entry__meta\">\r\n\t\t\t\t\t\t\t\t\t\t\t<div class=\"cs-entry__meta-category\">\r\n\t\t\t\t\t\t\t<div class=\"cs-entry__post-meta\" ><div class=\"cs-meta-category\"><ul class=\"post-categories\"><li><a href=\"https:\/\/agetech.pl\/index.php\/category\/opieka-nad-seniorami\/\">Opieka<\/a><\/li><li><a href=\"https:\/\/agetech.pl\/index.php\/category\/zdrowie-seniorow\/\">Zdrowie<\/a><\/li><\/ul><\/div><\/div>\t\t\t\t\t\t<\/div>\r\n\t\t\t\t\t\t\t\t\t\t\t\t\t\t\t\t<div class=\"cs-entry__meta-content\">\r\n\t\t\t\t\t\t\t\t\t\t\t\t\t\t\t<div class=\"cs-entry__meta-date\">\r\n\t\t\t\t\t\t\t\t\t<div class=\"cs-entry__post-meta\" ><div class=\"cs-meta-date\">2026-01-19<\/div><\/div>\t\t\t\t\t\t\t\t<\/div>\r\n\t\t\t\t\t\t\t\t\t\t\t\t\t\t\t\t\t\t\t\t\t\t<div class=\"cs-entry__meta-author\">\r\n\t\t\t\t\t\t\t\t\t<div class=\"cs-entry__post-meta\" ><div class=\"cs-meta-author\"><a class=\"cs-meta-author-link url fn n\" href=\"https:\/\/agetech.pl\/index.php\/author\/bartlomiejs\/\"><span class=\"cs-meta-author-by\">autor:<\/span><span class=\"cs-meta-author-name\">Bart\u0142omiej Staszewski<\/span><\/a><\/div><\/div>\t\t\t\t\t\t\t\t<\/div>\r\n\t\t\t\t\t\t\t\t\t\t\t\t\t<\/div>\r\n\t\t\t\t\t\t\t\t\t<\/div>\r\n\t\t\t\t\t<\/div>\r\n\r\n\t\t\r\n\t<\/div>\r\n<\/article>\r\n\t\t\t\t\t\t\t\t<\/div>\r\n\t\t\t\t\t\t\t<\/div>\r\n\t\t\t\t\t\t<\/div>\r\n\t\t\t\t\t\t\t\t<\/section>\r\n\t\t\t\t\t\t<\/div>\n\t\t\t\t<\/div>\n\t\t\t\t<\/div>\n\t\t\t\t<\/div>\n\t\t\t\t<div class=\"elementor-element elementor-element-a61ec98 cs-dividervertical cs-divider-laptopvertical elementor-hidden-mobile cs-divider-tablethorizontal cs-divider-mobilehorizontal elementor-widget elementor-widget-cs-divider\" data-id=\"a61ec98\" data-element_type=\"widget\" data-widget_type=\"cs-divider.default\">\n\t\t\t\t<div class=\"elementor-widget-container\">\n\t\t\t\t\t\t\t<section class=\"cs-divider cs-divider-vertical\"><\/section>\r\n\t\t\t\t\t\t<\/div>\n\t\t\t\t<\/div>\n\t\t<div class=\"elementor-element elementor-element-6f8cf07 e-con-full e-flex e-con e-child\" data-id=\"6f8cf07\" data-element_type=\"container\">\n\t\t\t\t<div class=\"elementor-element elementor-element-cd88c1a elementor-widget-tablet__width-initial elementor-widget elementor-widget-cs-headline\" data-id=\"cd88c1a\" data-element_type=\"widget\" data-widget_type=\"cs-headline.default\">\n\t\t\t\t<div class=\"elementor-widget-container\">\n\t\t\t\t\t\t\t\t\t\t<section class=\"cs-headline\">\r\n\t\t\t\t<div class=\"cs-headline__container \">\r\n\t\t\t\t\t\t\t\t\t\t\t<h2 class=\"cs-headline__content\">\r\n\t\t\t\t\t\t\tStartupy AgeTech\t\t\t\t\t\t<\/h2>\r\n\t\t\t\t\t\t\t\t\t<\/div>\r\n\t\t\t<\/section>\r\n\t\t\t\t\t\t\t\t<\/div>\n\t\t\t\t<\/div>\n\t\t\t\t<div class=\"elementor-element elementor-element-840343b elementor-widget-tablet__width-initial cs-dividerhorizontal cs-divider-laptophorizontal cs-divider-tablethorizontal cs-divider-mobilehorizontal elementor-widget elementor-widget-cs-divider\" data-id=\"840343b\" data-element_type=\"widget\" data-widget_type=\"cs-divider.default\">\n\t\t\t\t<div class=\"elementor-widget-container\">\n\t\t\t\t\t\t\t<section class=\"cs-divider cs-divider-horizontal\"><\/section>\r\n\t\t\t\t\t\t<\/div>\n\t\t\t\t<\/div>\n\t\t\t\t<div class=\"elementor-element elementor-element-19d3102 elementor-widget-tablet__width-initial elementor-widget elementor-widget-cs-posts\" data-id=\"19d3102\" data-element_type=\"widget\" data-widget_type=\"cs-posts.default\">\n\t\t\t\t<div class=\"elementor-widget-container\">\n\t\t\t\t\t\t\t\t<section class=\"cs-posts cs-posts__horizontal cs-posts-numbered\">\r\n\t\t\t\t\t\t\t\t\t\t<div class=\"cs-posts-area cs-posts-area-elementor \" data-posts-area=\"\">\r\n\t\t\t\t\t\t\t<div class=\"cs-posts-area__outer\">\r\n\r\n\t\t\t\t\t\t\t\t<div\r\n\t\t\t\t\t\t\t\tclass=\"cs-posts-area__main cs-posts-area__main-divider\"\r\n\t\t\t\t\t\t\t\tdata-pc=\"1\"\r\n\t\t\t\t\t\t\t\tdata-lt=\"1\"\r\n\t\t\t\t\t\t\t\tdata-tb=\"1\"\r\n\t\t\t\t\t\t\t\tdata-mb=\"1\"\r\n\t\t\t\t\t\t\t\t>\r\n\t\t\t\t\t\t\t\t\t\r\n<article class=\"post-5195 post type-post status-publish format-standard has-post-thumbnail category-inwestycje-w-technologie-agetech tag-inwestycje tag-startup tag-zdrowie cs-entry cs-video-wrap\">\r\n\r\n\t<div class=\"cs-entry__outer cs-entry__outer-compact\">\r\n\t\t\t\t\t<div class=\"cs-entry__inner cs-entry__overlay cs-entry__thumbnail cs-overlay-ratio cs-ratio-square\">\r\n\r\n\t\t\t\t<div class=\"cs-overlay-background\">\r\n\t\t\t\t\t<img loading=\"lazy\" decoding=\"async\" width=\"95\" height=\"95\" src=\"https:\/\/agetech.pl\/wp-content\/uploads\/2025\/10\/koda-health-runda-inwestycyjna-95x95.png\" class=\"attachment-csco-small size-csco-small wp-post-image\" alt=\"Koda Health runda Inwestycyjna\" srcset=\"https:\/\/agetech.pl\/wp-content\/uploads\/2025\/10\/koda-health-runda-inwestycyjna-95x95.png 95w, https:\/\/agetech.pl\/wp-content\/uploads\/2025\/10\/koda-health-runda-inwestycyjna-150x150.png 150w, https:\/\/agetech.pl\/wp-content\/uploads\/2025\/10\/koda-health-runda-inwestycyjna-190x190.png 190w\" sizes=\"(max-width: 95px) 100vw, 95px\" \/>\t\t\t\t\t<img loading=\"lazy\" decoding=\"async\" width=\"527\" height=\"297\" src=\"https:\/\/agetech.pl\/wp-content\/uploads\/2025\/10\/koda-health-runda-inwestycyjna-527x297.png\" class=\"attachment-csco-thumbnail size-csco-thumbnail wp-post-image\" alt=\"Koda Health runda Inwestycyjna\" srcset=\"https:\/\/agetech.pl\/wp-content\/uploads\/2025\/10\/koda-health-runda-inwestycyjna-527x297.png 527w, https:\/\/agetech.pl\/wp-content\/uploads\/2025\/10\/koda-health-runda-inwestycyjna-688x387.png 688w\" sizes=\"(max-width: 527px) 100vw, 527px\" \/>\t\t\t\t<\/div>\r\n\r\n\t\t\t\t\r\n\t\t\t\t\r\n\t\t\t\t\t\t\t\t\t<span class=\"cs-entry__number\">\r\n\t\t\t\t\t\t1\t\t\t\t\t<\/span>\r\n\t\t\t\t\r\n\t\t\t\t<a href=\"https:\/\/agetech.pl\/index.php\/2025\/10\/06\/koda-health-pozyskuje-7-mln-usd-w-rundzie-series-a-przyspiesza-cyfryzacje-planowania-opieki-zdrowotnej\/\" class=\"cs-overlay-link\" title=\"Koda Health pozyskuje 7 mln USD w rundzie Series A \u2013 przyspiesza cyfryzacj\u0119 planowania opieki zdrowotnej\"><\/a>\r\n\t\t\t<\/div>\r\n\t\t\r\n\t\t<div class=\"cs-entry__inner cs-entry__content cs-entry__content-horizontal\">\r\n\t\t\t<div class=\"cs-entry__info\">\r\n\t\t\t\t<h2 class=\"cs-entry__title\"><a href=\"https:\/\/agetech.pl\/index.php\/2025\/10\/06\/koda-health-pozyskuje-7-mln-usd-w-rundzie-series-a-przyspiesza-cyfryzacje-planowania-opieki-zdrowotnej\/\">Koda Health pozyskuje 7 mln USD w rundzie Series A \u2013 przyspiesza cyfryzacj\u0119 planowania opieki zdrowotnej<\/a><\/h2>\r\n\t\t\t\t\t\t\t<\/div>\r\n\r\n\t\t\t\t\t\t\t<div class=\"cs-entry__meta\">\r\n\t\t\t\t\t\t\t\t\t\t\t<div class=\"cs-entry__meta-category\">\r\n\t\t\t\t\t\t\t<div class=\"cs-entry__post-meta\" ><div class=\"cs-meta-category\"><ul class=\"post-categories\"><li><a href=\"https:\/\/agetech.pl\/index.php\/category\/inwestycje-w-technologie-agetech\/\">Inwestycje<\/a><\/li><\/ul><\/div><\/div>\t\t\t\t\t\t<\/div>\r\n\t\t\t\t\t\t\t\t\t\t\t\t\t\t\t\t<div class=\"cs-entry__meta-content\">\r\n\t\t\t\t\t\t\t\t\t\t\t\t\t\t\t<div class=\"cs-entry__meta-date\">\r\n\t\t\t\t\t\t\t\t\t<div class=\"cs-entry__post-meta\" ><div class=\"cs-meta-date\">2025-10-06<\/div><\/div>\t\t\t\t\t\t\t\t<\/div>\r\n\t\t\t\t\t\t\t\t\t\t\t\t\t\t\t\t\t\t\t\t<\/div>\r\n\t\t\t\t\t\t\t\t\t<\/div>\r\n\t\t\t\t\t<\/div>\r\n\r\n\t\t\r\n\t<\/div>\r\n<\/article>\r\n\r\n<article class=\"post-5173 post type-post status-publish format-standard has-post-thumbnail category-opieka-nad-seniorami category-technologia tag-assisted-living tag-opieka tag-startup cs-entry cs-video-wrap\">\r\n\r\n\t<div class=\"cs-entry__outer cs-entry__outer-compact\">\r\n\t\t\t\t\t<div class=\"cs-entry__inner cs-entry__overlay cs-entry__thumbnail cs-overlay-ratio cs-ratio-square\">\r\n\r\n\t\t\t\t<div class=\"cs-overlay-background\">\r\n\t\t\t\t\t<img loading=\"lazy\" decoding=\"async\" width=\"95\" height=\"95\" src=\"https:\/\/agetech.pl\/wp-content\/uploads\/2025\/09\/Michael_Brandstoetter_Teamfoto_Web7-95x95.jpg\" class=\"attachment-csco-small size-csco-small wp-post-image\" alt=\"Active Assisted Living Startup\" srcset=\"https:\/\/agetech.pl\/wp-content\/uploads\/2025\/09\/Michael_Brandstoetter_Teamfoto_Web7-95x95.jpg 95w, https:\/\/agetech.pl\/wp-content\/uploads\/2025\/09\/Michael_Brandstoetter_Teamfoto_Web7-150x150.jpg 150w, https:\/\/agetech.pl\/wp-content\/uploads\/2025\/09\/Michael_Brandstoetter_Teamfoto_Web7-190x190.jpg 190w\" sizes=\"(max-width: 95px) 100vw, 95px\" \/>\t\t\t\t\t<img loading=\"lazy\" decoding=\"async\" width=\"527\" height=\"297\" src=\"https:\/\/agetech.pl\/wp-content\/uploads\/2025\/09\/Michael_Brandstoetter_Teamfoto_Web7-527x297.jpg\" class=\"attachment-csco-thumbnail size-csco-thumbnail wp-post-image\" alt=\"Active Assisted Living Startup\" srcset=\"https:\/\/agetech.pl\/wp-content\/uploads\/2025\/09\/Michael_Brandstoetter_Teamfoto_Web7-527x297.jpg 527w, https:\/\/agetech.pl\/wp-content\/uploads\/2025\/09\/Michael_Brandstoetter_Teamfoto_Web7-688x387.jpg 688w\" sizes=\"(max-width: 527px) 100vw, 527px\" \/>\t\t\t\t<\/div>\r\n\r\n\t\t\t\t\r\n\t\t\t\t\r\n\t\t\t\t\t\t\t\t\t<span class=\"cs-entry__number\">\r\n\t\t\t\t\t\t2\t\t\t\t\t<\/span>\r\n\t\t\t\t\r\n\t\t\t\t<a href=\"https:\/\/agetech.pl\/index.php\/2025\/09\/22\/cogvisai-austria-startupie-agetech-z-europy-srodkowej\/\" class=\"cs-overlay-link\" title=\"CogvisAI (Austria) \u2014 startupie AgeTech z Europy \u015arodkowej\u00a0\"><\/a>\r\n\t\t\t<\/div>\r\n\t\t\r\n\t\t<div class=\"cs-entry__inner cs-entry__content cs-entry__content-horizontal\">\r\n\t\t\t<div class=\"cs-entry__info\">\r\n\t\t\t\t<h2 class=\"cs-entry__title\"><a href=\"https:\/\/agetech.pl\/index.php\/2025\/09\/22\/cogvisai-austria-startupie-agetech-z-europy-srodkowej\/\">CogvisAI (Austria) \u2014 startupie AgeTech z Europy \u015arodkowej\u00a0<\/a><\/h2>\r\n\t\t\t\t\t\t\t<\/div>\r\n\r\n\t\t\t\t\t\t\t<div class=\"cs-entry__meta\">\r\n\t\t\t\t\t\t\t\t\t\t\t<div class=\"cs-entry__meta-category\">\r\n\t\t\t\t\t\t\t<div class=\"cs-entry__post-meta\" ><div class=\"cs-meta-category\"><ul class=\"post-categories\"><li><a href=\"https:\/\/agetech.pl\/index.php\/category\/opieka-nad-seniorami\/\">Opieka<\/a><\/li><li><a href=\"https:\/\/agetech.pl\/index.php\/category\/technologia\/\">Technologia<\/a><\/li><\/ul><\/div><\/div>\t\t\t\t\t\t<\/div>\r\n\t\t\t\t\t\t\t\t\t\t\t\t\t\t\t\t<div class=\"cs-entry__meta-content\">\r\n\t\t\t\t\t\t\t\t\t\t\t\t\t\t\t<div class=\"cs-entry__meta-date\">\r\n\t\t\t\t\t\t\t\t\t<div class=\"cs-entry__post-meta\" ><div class=\"cs-meta-date\">2025-09-22<\/div><\/div>\t\t\t\t\t\t\t\t<\/div>\r\n\t\t\t\t\t\t\t\t\t\t\t\t\t\t\t\t\t\t\t\t<\/div>\r\n\t\t\t\t\t\t\t\t\t<\/div>\r\n\t\t\t\t\t<\/div>\r\n\r\n\t\t\r\n\t<\/div>\r\n<\/article>\r\n\r\n<article class=\"post-5142 post type-post status-publish format-standard has-post-thumbnail category-mobilnosc-seniorow category-technologia tag-autonomiczne-auta tag-evolvad tag-mobilnosc tag-startup tag-uk cs-entry cs-video-wrap\">\r\n\r\n\t<div class=\"cs-entry__outer cs-entry__outer-compact\">\r\n\t\t\t\t\t<div class=\"cs-entry__inner cs-entry__overlay cs-entry__thumbnail cs-overlay-ratio cs-ratio-square\">\r\n\r\n\t\t\t\t<div class=\"cs-overlay-background\">\r\n\t\t\t\t\t<img loading=\"lazy\" decoding=\"async\" width=\"95\" height=\"95\" src=\"https:\/\/agetech.pl\/wp-content\/uploads\/2025\/08\/nissan-evolvad-mobilnosc-dla-seniorow-95x95.jpg\" class=\"attachment-csco-small size-csco-small wp-post-image\" alt=\"mobilno\u015b\u0107 dla senior\u00f3w\" srcset=\"https:\/\/agetech.pl\/wp-content\/uploads\/2025\/08\/nissan-evolvad-mobilnosc-dla-seniorow-95x95.jpg 95w, https:\/\/agetech.pl\/wp-content\/uploads\/2025\/08\/nissan-evolvad-mobilnosc-dla-seniorow-150x150.jpg 150w, https:\/\/agetech.pl\/wp-content\/uploads\/2025\/08\/nissan-evolvad-mobilnosc-dla-seniorow-190x190.jpg 190w\" sizes=\"(max-width: 95px) 100vw, 95px\" \/>\t\t\t\t\t<img loading=\"lazy\" decoding=\"async\" width=\"527\" height=\"297\" src=\"https:\/\/agetech.pl\/wp-content\/uploads\/2025\/08\/nissan-evolvad-mobilnosc-dla-seniorow-527x297.jpg\" class=\"attachment-csco-thumbnail size-csco-thumbnail wp-post-image\" alt=\"mobilno\u015b\u0107 dla senior\u00f3w\" srcset=\"https:\/\/agetech.pl\/wp-content\/uploads\/2025\/08\/nissan-evolvad-mobilnosc-dla-seniorow-527x297.jpg 527w, https:\/\/agetech.pl\/wp-content\/uploads\/2025\/08\/nissan-evolvad-mobilnosc-dla-seniorow-688x387.jpg 688w, https:\/\/agetech.pl\/wp-content\/uploads\/2025\/08\/nissan-evolvad-mobilnosc-dla-seniorow-927x520.jpg 927w\" sizes=\"(max-width: 527px) 100vw, 527px\" \/>\t\t\t\t<\/div>\r\n\r\n\t\t\t\t\r\n\t\t\t\t\r\n\t\t\t\t\t\t\t\t\t<span class=\"cs-entry__number\">\r\n\t\t\t\t\t\t3\t\t\t\t\t<\/span>\r\n\t\t\t\t\r\n\t\t\t\t<a href=\"https:\/\/agetech.pl\/index.php\/2025\/08\/25\/autonomiczna-mobilnosc-w-wielkiej-brytanii-nissan-wspiera-niezaleznosc-osob-starszych\/\" class=\"cs-overlay-link\" title=\"Autonomiczna mobilno\u015b\u0107 w Wielkiej Brytanii: Nissan wspiera niezale\u017cno\u015b\u0107 os\u00f3b starszych\"><\/a>\r\n\t\t\t<\/div>\r\n\t\t\r\n\t\t<div class=\"cs-entry__inner cs-entry__content cs-entry__content-horizontal\">\r\n\t\t\t<div class=\"cs-entry__info\">\r\n\t\t\t\t<h2 class=\"cs-entry__title\"><a href=\"https:\/\/agetech.pl\/index.php\/2025\/08\/25\/autonomiczna-mobilnosc-w-wielkiej-brytanii-nissan-wspiera-niezaleznosc-osob-starszych\/\">Autonomiczna mobilno\u015b\u0107 w Wielkiej Brytanii: Nissan wspiera niezale\u017cno\u015b\u0107 os\u00f3b starszych<\/a><\/h2>\r\n\t\t\t\t\t\t\t<\/div>\r\n\r\n\t\t\t\t\t\t\t<div class=\"cs-entry__meta\">\r\n\t\t\t\t\t\t\t\t\t\t\t<div class=\"cs-entry__meta-category\">\r\n\t\t\t\t\t\t\t<div class=\"cs-entry__post-meta\" ><div class=\"cs-meta-category\"><ul class=\"post-categories\"><li><a href=\"https:\/\/agetech.pl\/index.php\/category\/mobilnosc-seniorow\/\">Mobilno\u015b\u0107<\/a><\/li><li><a href=\"https:\/\/agetech.pl\/index.php\/category\/technologia\/\">Technologia<\/a><\/li><\/ul><\/div><\/div>\t\t\t\t\t\t<\/div>\r\n\t\t\t\t\t\t\t\t\t\t\t\t\t\t\t\t<div class=\"cs-entry__meta-content\">\r\n\t\t\t\t\t\t\t\t\t\t\t\t\t\t\t<div class=\"cs-entry__meta-date\">\r\n\t\t\t\t\t\t\t\t\t<div class=\"cs-entry__post-meta\" ><div class=\"cs-meta-date\">2025-08-25<\/div><\/div>\t\t\t\t\t\t\t\t<\/div>\r\n\t\t\t\t\t\t\t\t\t\t\t\t\t\t\t\t\t\t\t\t<\/div>\r\n\t\t\t\t\t\t\t\t\t<\/div>\r\n\t\t\t\t\t<\/div>\r\n\r\n\t\t\r\n\t<\/div>\r\n<\/article>\r\n\r\n<article class=\"post-5125 post type-post status-publish format-standard has-post-thumbnail category-opieka-nad-seniorami category-technologia tag-careyaya tag-medacarellm tag-opieka tag-startup tag-usa cs-entry cs-video-wrap\">\r\n\r\n\t<div class=\"cs-entry__outer cs-entry__outer-compact\">\r\n\t\t\t\t\t<div class=\"cs-entry__inner cs-entry__overlay cs-entry__thumbnail cs-overlay-ratio cs-ratio-square\">\r\n\r\n\t\t\t\t<div class=\"cs-overlay-background\">\r\n\t\t\t\t\t<img loading=\"lazy\" decoding=\"async\" width=\"95\" height=\"95\" src=\"https:\/\/agetech.pl\/wp-content\/uploads\/2025\/08\/dominik-lange-VUOiQW4OeLI-unsplash-95x95.jpg\" class=\"attachment-csco-small size-csco-small wp-post-image\" alt=\"opieka nad seniorami startup\" srcset=\"https:\/\/agetech.pl\/wp-content\/uploads\/2025\/08\/dominik-lange-VUOiQW4OeLI-unsplash-95x95.jpg 95w, https:\/\/agetech.pl\/wp-content\/uploads\/2025\/08\/dominik-lange-VUOiQW4OeLI-unsplash-150x150.jpg 150w, https:\/\/agetech.pl\/wp-content\/uploads\/2025\/08\/dominik-lange-VUOiQW4OeLI-unsplash-190x190.jpg 190w\" sizes=\"(max-width: 95px) 100vw, 95px\" \/>\t\t\t\t\t<img loading=\"lazy\" decoding=\"async\" width=\"527\" height=\"297\" src=\"https:\/\/agetech.pl\/wp-content\/uploads\/2025\/08\/dominik-lange-VUOiQW4OeLI-unsplash-527x297.jpg\" class=\"attachment-csco-thumbnail size-csco-thumbnail wp-post-image\" alt=\"opieka nad seniorami startup\" srcset=\"https:\/\/agetech.pl\/wp-content\/uploads\/2025\/08\/dominik-lange-VUOiQW4OeLI-unsplash-527x297.jpg 527w, https:\/\/agetech.pl\/wp-content\/uploads\/2025\/08\/dominik-lange-VUOiQW4OeLI-unsplash-1054x594.jpg 1054w, https:\/\/agetech.pl\/wp-content\/uploads\/2025\/08\/dominik-lange-VUOiQW4OeLI-unsplash-688x387.jpg 688w, https:\/\/agetech.pl\/wp-content\/uploads\/2025\/08\/dominik-lange-VUOiQW4OeLI-unsplash-1376x774.jpg 1376w, https:\/\/agetech.pl\/wp-content\/uploads\/2025\/08\/dominik-lange-VUOiQW4OeLI-unsplash-1044x587.jpg 1044w, https:\/\/agetech.pl\/wp-content\/uploads\/2025\/08\/dominik-lange-VUOiQW4OeLI-unsplash-2088x1174.jpg 2088w\" sizes=\"(max-width: 527px) 100vw, 527px\" \/>\t\t\t\t<\/div>\r\n\r\n\t\t\t\t\r\n\t\t\t\t\r\n\t\t\t\t\t\t\t\t\t<span class=\"cs-entry__number\">\r\n\t\t\t\t\t\t4\t\t\t\t\t<\/span>\r\n\t\t\t\t\r\n\t\t\t\t<a href=\"https:\/\/agetech.pl\/index.php\/2025\/08\/15\/careyaya-usa-kiedy-technologia-i-empatia-spotykaja-sie-w-jednym-domu\/\" class=\"cs-overlay-link\" title=\"CareYaya (USA) \u2013 kiedy technologia i empatia spotykaj\u0105 si\u0119 w jednym domu\"><\/a>\r\n\t\t\t<\/div>\r\n\t\t\r\n\t\t<div class=\"cs-entry__inner cs-entry__content cs-entry__content-horizontal\">\r\n\t\t\t<div class=\"cs-entry__info\">\r\n\t\t\t\t<h2 class=\"cs-entry__title\"><a href=\"https:\/\/agetech.pl\/index.php\/2025\/08\/15\/careyaya-usa-kiedy-technologia-i-empatia-spotykaja-sie-w-jednym-domu\/\">CareYaya (USA) \u2013 kiedy technologia i empatia spotykaj\u0105 si\u0119 w jednym domu<\/a><\/h2>\r\n\t\t\t\t\t\t\t<\/div>\r\n\r\n\t\t\t\t\t\t\t<div class=\"cs-entry__meta\">\r\n\t\t\t\t\t\t\t\t\t\t\t<div class=\"cs-entry__meta-category\">\r\n\t\t\t\t\t\t\t<div class=\"cs-entry__post-meta\" ><div class=\"cs-meta-category\"><ul class=\"post-categories\"><li><a href=\"https:\/\/agetech.pl\/index.php\/category\/opieka-nad-seniorami\/\">Opieka<\/a><\/li><li><a href=\"https:\/\/agetech.pl\/index.php\/category\/technologia\/\">Technologia<\/a><\/li><\/ul><\/div><\/div>\t\t\t\t\t\t<\/div>\r\n\t\t\t\t\t\t\t\t\t\t\t\t\t\t\t\t<div class=\"cs-entry__meta-content\">\r\n\t\t\t\t\t\t\t\t\t\t\t\t\t\t\t<div class=\"cs-entry__meta-date\">\r\n\t\t\t\t\t\t\t\t\t<div class=\"cs-entry__post-meta\" ><div class=\"cs-meta-date\">2025-08-15<\/div><\/div>\t\t\t\t\t\t\t\t<\/div>\r\n\t\t\t\t\t\t\t\t\t\t\t\t\t\t\t\t\t\t\t\t<\/div>\r\n\t\t\t\t\t\t\t\t\t<\/div>\r\n\t\t\t\t\t<\/div>\r\n\r\n\t\t\r\n\t<\/div>\r\n<\/article>\r\n\r\n<article class=\"post-5105 post type-post status-publish format-standard has-post-thumbnail category-opieka-nad-seniorami category-technologia tag-kanada tag-opieka tag-sen tag-startup tag-tochtech-technologies cs-entry cs-video-wrap\">\r\n\r\n\t<div class=\"cs-entry__outer cs-entry__outer-compact\">\r\n\t\t\t\t\t<div class=\"cs-entry__inner cs-entry__overlay cs-entry__thumbnail cs-overlay-ratio cs-ratio-square\">\r\n\r\n\t\t\t\t<div class=\"cs-overlay-background\">\r\n\t\t\t\t\t<img loading=\"lazy\" decoding=\"async\" width=\"95\" height=\"95\" src=\"https:\/\/agetech.pl\/wp-content\/uploads\/2025\/08\/greg-pappas-rUc9hVE-L-E-unsplash-95x95.jpg\" class=\"attachment-csco-small size-csco-small wp-post-image\" alt=\"monitorowanie jako\u015bci snu seniora\" srcset=\"https:\/\/agetech.pl\/wp-content\/uploads\/2025\/08\/greg-pappas-rUc9hVE-L-E-unsplash-95x95.jpg 95w, https:\/\/agetech.pl\/wp-content\/uploads\/2025\/08\/greg-pappas-rUc9hVE-L-E-unsplash-150x150.jpg 150w, https:\/\/agetech.pl\/wp-content\/uploads\/2025\/08\/greg-pappas-rUc9hVE-L-E-unsplash-190x190.jpg 190w\" sizes=\"(max-width: 95px) 100vw, 95px\" \/>\t\t\t\t\t<img loading=\"lazy\" decoding=\"async\" width=\"527\" height=\"297\" src=\"https:\/\/agetech.pl\/wp-content\/uploads\/2025\/08\/greg-pappas-rUc9hVE-L-E-unsplash-527x297.jpg\" class=\"attachment-csco-thumbnail size-csco-thumbnail wp-post-image\" alt=\"monitorowanie jako\u015bci snu seniora\" srcset=\"https:\/\/agetech.pl\/wp-content\/uploads\/2025\/08\/greg-pappas-rUc9hVE-L-E-unsplash-527x297.jpg 527w, https:\/\/agetech.pl\/wp-content\/uploads\/2025\/08\/greg-pappas-rUc9hVE-L-E-unsplash-1054x594.jpg 1054w, https:\/\/agetech.pl\/wp-content\/uploads\/2025\/08\/greg-pappas-rUc9hVE-L-E-unsplash-688x387.jpg 688w, https:\/\/agetech.pl\/wp-content\/uploads\/2025\/08\/greg-pappas-rUc9hVE-L-E-unsplash-1376x774.jpg 1376w, https:\/\/agetech.pl\/wp-content\/uploads\/2025\/08\/greg-pappas-rUc9hVE-L-E-unsplash-1044x587.jpg 1044w, https:\/\/agetech.pl\/wp-content\/uploads\/2025\/08\/greg-pappas-rUc9hVE-L-E-unsplash-2088x1174.jpg 2088w\" sizes=\"(max-width: 527px) 100vw, 527px\" \/>\t\t\t\t<\/div>\r\n\r\n\t\t\t\t\r\n\t\t\t\t\r\n\t\t\t\t\t\t\t\t\t<span class=\"cs-entry__number\">\r\n\t\t\t\t\t\t5\t\t\t\t\t<\/span>\r\n\t\t\t\t\r\n\t\t\t\t<a href=\"https:\/\/agetech.pl\/index.php\/2025\/08\/05\/tochtech-technologies-kanadyjski-startup-zmienia-nocna-opieke-nad-seniorami\/\" class=\"cs-overlay-link\" title=\"Tochtech Technologies \u2013 kanadyjski startup zmienia nocn\u0105 opiek\u0119 nad seniorami\"><\/a>\r\n\t\t\t<\/div>\r\n\t\t\r\n\t\t<div class=\"cs-entry__inner cs-entry__content cs-entry__content-horizontal\">\r\n\t\t\t<div class=\"cs-entry__info\">\r\n\t\t\t\t<h2 class=\"cs-entry__title\"><a href=\"https:\/\/agetech.pl\/index.php\/2025\/08\/05\/tochtech-technologies-kanadyjski-startup-zmienia-nocna-opieke-nad-seniorami\/\">Tochtech Technologies \u2013 kanadyjski startup zmienia nocn\u0105 opiek\u0119 nad seniorami<\/a><\/h2>\r\n\t\t\t\t\t\t\t<\/div>\r\n\r\n\t\t\t\t\t\t\t<div class=\"cs-entry__meta\">\r\n\t\t\t\t\t\t\t\t\t\t\t<div class=\"cs-entry__meta-category\">\r\n\t\t\t\t\t\t\t<div class=\"cs-entry__post-meta\" ><div class=\"cs-meta-category\"><ul class=\"post-categories\"><li><a href=\"https:\/\/agetech.pl\/index.php\/category\/opieka-nad-seniorami\/\">Opieka<\/a><\/li><li><a href=\"https:\/\/agetech.pl\/index.php\/category\/technologia\/\">Technologia<\/a><\/li><\/ul><\/div><\/div>\t\t\t\t\t\t<\/div>\r\n\t\t\t\t\t\t\t\t\t\t\t\t\t\t\t\t<div class=\"cs-entry__meta-content\">\r\n\t\t\t\t\t\t\t\t\t\t\t\t\t\t\t<div class=\"cs-entry__meta-date\">\r\n\t\t\t\t\t\t\t\t\t<div class=\"cs-entry__post-meta\" ><div class=\"cs-meta-date\">2025-08-05<\/div><\/div>\t\t\t\t\t\t\t\t<\/div>\r\n\t\t\t\t\t\t\t\t\t\t\t\t\t\t\t\t\t\t\t\t<\/div>\r\n\t\t\t\t\t\t\t\t\t<\/div>\r\n\t\t\t\t\t<\/div>\r\n\r\n\t\t\r\n\t<\/div>\r\n<\/article>\r\n\r\n<article class=\"post-5098 post type-post status-publish format-standard has-post-thumbnail category-opieka-nad-seniorami category-technologia tag-czujniki tag-eu tag-holandia tag-opieka tag-startup cs-entry cs-video-wrap\">\r\n\r\n\t<div class=\"cs-entry__outer cs-entry__outer-compact\">\r\n\t\t\t\t\t<div class=\"cs-entry__inner cs-entry__overlay cs-entry__thumbnail cs-overlay-ratio cs-ratio-square\">\r\n\r\n\t\t\t\t<div class=\"cs-overlay-background\">\r\n\t\t\t\t\t<img loading=\"lazy\" decoding=\"async\" width=\"95\" height=\"95\" src=\"https:\/\/agetech.pl\/wp-content\/uploads\/2025\/08\/the-unmistakables-KT-msulBvtg-unsplash-95x95.jpg\" class=\"attachment-csco-small size-csco-small wp-post-image\" alt=\"startup agetech z holandii\" srcset=\"https:\/\/agetech.pl\/wp-content\/uploads\/2025\/08\/the-unmistakables-KT-msulBvtg-unsplash-95x95.jpg 95w, https:\/\/agetech.pl\/wp-content\/uploads\/2025\/08\/the-unmistakables-KT-msulBvtg-unsplash-150x150.jpg 150w, https:\/\/agetech.pl\/wp-content\/uploads\/2025\/08\/the-unmistakables-KT-msulBvtg-unsplash-190x190.jpg 190w\" sizes=\"(max-width: 95px) 100vw, 95px\" \/>\t\t\t\t\t<img loading=\"lazy\" decoding=\"async\" width=\"527\" height=\"297\" src=\"https:\/\/agetech.pl\/wp-content\/uploads\/2025\/08\/the-unmistakables-KT-msulBvtg-unsplash-527x297.jpg\" class=\"attachment-csco-thumbnail size-csco-thumbnail wp-post-image\" alt=\"startup agetech z holandii\" srcset=\"https:\/\/agetech.pl\/wp-content\/uploads\/2025\/08\/the-unmistakables-KT-msulBvtg-unsplash-527x297.jpg 527w, https:\/\/agetech.pl\/wp-content\/uploads\/2025\/08\/the-unmistakables-KT-msulBvtg-unsplash-1054x594.jpg 1054w, https:\/\/agetech.pl\/wp-content\/uploads\/2025\/08\/the-unmistakables-KT-msulBvtg-unsplash-688x387.jpg 688w, https:\/\/agetech.pl\/wp-content\/uploads\/2025\/08\/the-unmistakables-KT-msulBvtg-unsplash-1376x774.jpg 1376w, https:\/\/agetech.pl\/wp-content\/uploads\/2025\/08\/the-unmistakables-KT-msulBvtg-unsplash-1044x587.jpg 1044w, https:\/\/agetech.pl\/wp-content\/uploads\/2025\/08\/the-unmistakables-KT-msulBvtg-unsplash-2088x1174.jpg 2088w\" sizes=\"(max-width: 527px) 100vw, 527px\" \/>\t\t\t\t<\/div>\r\n\r\n\t\t\t\t\r\n\t\t\t\t\r\n\t\t\t\t\t\t\t\t\t<span class=\"cs-entry__number\">\r\n\t\t\t\t\t\t6\t\t\t\t\t<\/span>\r\n\t\t\t\t\r\n\t\t\t\t<a href=\"https:\/\/agetech.pl\/index.php\/2025\/08\/03\/czy-dobrze-sie-dzis-czujesz-technologia-z-holandii-dla-osob-starszych\/\" class=\"cs-overlay-link\" title=\"Czy dobrze si\u0119 dzi\u015b czujesz? &#8211; technologia z Holandii dla os\u00f3b starszych\"><\/a>\r\n\t\t\t<\/div>\r\n\t\t\r\n\t\t<div class=\"cs-entry__inner cs-entry__content cs-entry__content-horizontal\">\r\n\t\t\t<div class=\"cs-entry__info\">\r\n\t\t\t\t<h2 class=\"cs-entry__title\"><a href=\"https:\/\/agetech.pl\/index.php\/2025\/08\/03\/czy-dobrze-sie-dzis-czujesz-technologia-z-holandii-dla-osob-starszych\/\">Czy dobrze si\u0119 dzi\u015b czujesz? &#8211; technologia z Holandii dla os\u00f3b starszych<\/a><\/h2>\r\n\t\t\t\t\t\t\t<\/div>\r\n\r\n\t\t\t\t\t\t\t<div class=\"cs-entry__meta\">\r\n\t\t\t\t\t\t\t\t\t\t\t<div class=\"cs-entry__meta-category\">\r\n\t\t\t\t\t\t\t<div class=\"cs-entry__post-meta\" ><div class=\"cs-meta-category\"><ul class=\"post-categories\"><li><a href=\"https:\/\/agetech.pl\/index.php\/category\/opieka-nad-seniorami\/\">Opieka<\/a><\/li><li><a href=\"https:\/\/agetech.pl\/index.php\/category\/technologia\/\">Technologia<\/a><\/li><\/ul><\/div><\/div>\t\t\t\t\t\t<\/div>\r\n\t\t\t\t\t\t\t\t\t\t\t\t\t\t\t\t<div class=\"cs-entry__meta-content\">\r\n\t\t\t\t\t\t\t\t\t\t\t\t\t\t\t<div class=\"cs-entry__meta-date\">\r\n\t\t\t\t\t\t\t\t\t<div class=\"cs-entry__post-meta\" ><div class=\"cs-meta-date\">2025-08-03<\/div><\/div>\t\t\t\t\t\t\t\t<\/div>\r\n\t\t\t\t\t\t\t\t\t\t\t\t\t\t\t\t\t\t\t\t<\/div>\r\n\t\t\t\t\t\t\t\t\t<\/div>\r\n\t\t\t\t\t<\/div>\r\n\r\n\t\t\r\n\t<\/div>\r\n<\/article>\r\n\r\n<article class=\"post-5095 post type-post status-publish format-standard has-post-thumbnail category-zdrowie-seniorow tag-alzheimer tag-biotechnologia tag-startup tag-uk tag-zdrowie cs-entry cs-video-wrap\">\r\n\r\n\t<div class=\"cs-entry__outer cs-entry__outer-compact\">\r\n\t\t\t\t\t<div class=\"cs-entry__inner cs-entry__overlay cs-entry__thumbnail cs-overlay-ratio cs-ratio-square\">\r\n\r\n\t\t\t\t<div class=\"cs-overlay-background\">\r\n\t\t\t\t\t<img loading=\"lazy\" decoding=\"async\" width=\"95\" height=\"95\" src=\"https:\/\/agetech.pl\/wp-content\/uploads\/2025\/08\/astrid-schaffner-UcMQ55m8R1c-unsplash-95x95.jpg\" class=\"attachment-csco-small size-csco-small wp-post-image\" alt=\"terapia alzheimera\" srcset=\"https:\/\/agetech.pl\/wp-content\/uploads\/2025\/08\/astrid-schaffner-UcMQ55m8R1c-unsplash-95x95.jpg 95w, https:\/\/agetech.pl\/wp-content\/uploads\/2025\/08\/astrid-schaffner-UcMQ55m8R1c-unsplash-150x150.jpg 150w, https:\/\/agetech.pl\/wp-content\/uploads\/2025\/08\/astrid-schaffner-UcMQ55m8R1c-unsplash-190x190.jpg 190w\" sizes=\"(max-width: 95px) 100vw, 95px\" \/>\t\t\t\t\t<img loading=\"lazy\" decoding=\"async\" width=\"527\" height=\"297\" src=\"https:\/\/agetech.pl\/wp-content\/uploads\/2025\/08\/astrid-schaffner-UcMQ55m8R1c-unsplash-527x297.jpg\" class=\"attachment-csco-thumbnail size-csco-thumbnail wp-post-image\" alt=\"terapia alzheimera\" srcset=\"https:\/\/agetech.pl\/wp-content\/uploads\/2025\/08\/astrid-schaffner-UcMQ55m8R1c-unsplash-527x297.jpg 527w, https:\/\/agetech.pl\/wp-content\/uploads\/2025\/08\/astrid-schaffner-UcMQ55m8R1c-unsplash-1054x594.jpg 1054w, https:\/\/agetech.pl\/wp-content\/uploads\/2025\/08\/astrid-schaffner-UcMQ55m8R1c-unsplash-688x387.jpg 688w, https:\/\/agetech.pl\/wp-content\/uploads\/2025\/08\/astrid-schaffner-UcMQ55m8R1c-unsplash-1376x774.jpg 1376w, https:\/\/agetech.pl\/wp-content\/uploads\/2025\/08\/astrid-schaffner-UcMQ55m8R1c-unsplash-1044x587.jpg 1044w, https:\/\/agetech.pl\/wp-content\/uploads\/2025\/08\/astrid-schaffner-UcMQ55m8R1c-unsplash-2088x1174.jpg 2088w\" sizes=\"(max-width: 527px) 100vw, 527px\" \/>\t\t\t\t<\/div>\r\n\r\n\t\t\t\t\r\n\t\t\t\t\r\n\t\t\t\t\t\t\t\t\t<span class=\"cs-entry__number\">\r\n\t\t\t\t\t\t7\t\t\t\t\t<\/span>\r\n\t\t\t\t\r\n\t\t\t\t<a href=\"https:\/\/agetech.pl\/index.php\/2025\/08\/01\/taurx-uk-nadzieja-biotechnologii-w-walce-z-alzheimerem\/\" class=\"cs-overlay-link\" title=\"TauRx (UK) \u2013 nadzieja biotechnologii w walce z Alzheimerem\"><\/a>\r\n\t\t\t<\/div>\r\n\t\t\r\n\t\t<div class=\"cs-entry__inner cs-entry__content cs-entry__content-horizontal\">\r\n\t\t\t<div class=\"cs-entry__info\">\r\n\t\t\t\t<h2 class=\"cs-entry__title\"><a href=\"https:\/\/agetech.pl\/index.php\/2025\/08\/01\/taurx-uk-nadzieja-biotechnologii-w-walce-z-alzheimerem\/\">TauRx (UK) \u2013 nadzieja biotechnologii w walce z Alzheimerem<\/a><\/h2>\r\n\t\t\t\t\t\t\t<\/div>\r\n\r\n\t\t\t\t\t\t\t<div class=\"cs-entry__meta\">\r\n\t\t\t\t\t\t\t\t\t\t\t<div class=\"cs-entry__meta-category\">\r\n\t\t\t\t\t\t\t<div class=\"cs-entry__post-meta\" ><div class=\"cs-meta-category\"><ul class=\"post-categories\"><li><a href=\"https:\/\/agetech.pl\/index.php\/category\/zdrowie-seniorow\/\">Zdrowie<\/a><\/li><\/ul><\/div><\/div>\t\t\t\t\t\t<\/div>\r\n\t\t\t\t\t\t\t\t\t\t\t\t\t\t\t\t<div class=\"cs-entry__meta-content\">\r\n\t\t\t\t\t\t\t\t\t\t\t\t\t\t\t<div class=\"cs-entry__meta-date\">\r\n\t\t\t\t\t\t\t\t\t<div class=\"cs-entry__post-meta\" ><div class=\"cs-meta-date\">2025-08-01<\/div><\/div>\t\t\t\t\t\t\t\t<\/div>\r\n\t\t\t\t\t\t\t\t\t\t\t\t\t\t\t\t\t\t\t\t<\/div>\r\n\t\t\t\t\t\t\t\t\t<\/div>\r\n\t\t\t\t\t<\/div>\r\n\r\n\t\t\r\n\t<\/div>\r\n<\/article>\r\n\r\n<article class=\"post-5086 post type-post status-publish format-standard has-post-thumbnail category-innowacje-dla-seniorow tag-chiny tag-startup cs-entry cs-video-wrap\">\r\n\r\n\t<div class=\"cs-entry__outer cs-entry__outer-compact\">\r\n\t\t\t\t\t<div class=\"cs-entry__inner cs-entry__overlay cs-entry__thumbnail cs-overlay-ratio cs-ratio-square\">\r\n\r\n\t\t\t\t<div class=\"cs-overlay-background\">\r\n\t\t\t\t\t<img loading=\"lazy\" decoding=\"async\" width=\"95\" height=\"95\" src=\"https:\/\/agetech.pl\/wp-content\/uploads\/2025\/07\/hanny-naibaho-mnyJEvSLtvk-unsplash-1-95x95.jpg\" class=\"attachment-csco-small size-csco-small wp-post-image\" alt=\"startup agetech mung\" srcset=\"https:\/\/agetech.pl\/wp-content\/uploads\/2025\/07\/hanny-naibaho-mnyJEvSLtvk-unsplash-1-95x95.jpg 95w, https:\/\/agetech.pl\/wp-content\/uploads\/2025\/07\/hanny-naibaho-mnyJEvSLtvk-unsplash-1-150x150.jpg 150w, https:\/\/agetech.pl\/wp-content\/uploads\/2025\/07\/hanny-naibaho-mnyJEvSLtvk-unsplash-1-190x190.jpg 190w\" sizes=\"(max-width: 95px) 100vw, 95px\" \/>\t\t\t\t\t<img loading=\"lazy\" decoding=\"async\" width=\"527\" height=\"297\" src=\"https:\/\/agetech.pl\/wp-content\/uploads\/2025\/07\/hanny-naibaho-mnyJEvSLtvk-unsplash-1-527x297.jpg\" class=\"attachment-csco-thumbnail size-csco-thumbnail wp-post-image\" alt=\"startup agetech mung\" srcset=\"https:\/\/agetech.pl\/wp-content\/uploads\/2025\/07\/hanny-naibaho-mnyJEvSLtvk-unsplash-1-527x297.jpg 527w, https:\/\/agetech.pl\/wp-content\/uploads\/2025\/07\/hanny-naibaho-mnyJEvSLtvk-unsplash-1-1054x594.jpg 1054w, https:\/\/agetech.pl\/wp-content\/uploads\/2025\/07\/hanny-naibaho-mnyJEvSLtvk-unsplash-1-688x387.jpg 688w, https:\/\/agetech.pl\/wp-content\/uploads\/2025\/07\/hanny-naibaho-mnyJEvSLtvk-unsplash-1-1376x774.jpg 1376w, https:\/\/agetech.pl\/wp-content\/uploads\/2025\/07\/hanny-naibaho-mnyJEvSLtvk-unsplash-1-1044x587.jpg 1044w, https:\/\/agetech.pl\/wp-content\/uploads\/2025\/07\/hanny-naibaho-mnyJEvSLtvk-unsplash-1-2088x1174.jpg 2088w\" sizes=\"(max-width: 527px) 100vw, 527px\" \/>\t\t\t\t<\/div>\r\n\r\n\t\t\t\t\r\n\t\t\t\t\r\n\t\t\t\t\t\t\t\t\t<span class=\"cs-entry__number\">\r\n\t\t\t\t\t\t8\t\t\t\t\t<\/span>\r\n\t\t\t\t\r\n\t\t\t\t<a href=\"https:\/\/agetech.pl\/index.php\/2025\/07\/30\/mung-chinski-startup-wspieraja-starsze-osoby-w-korzystaniu-z-urzadzen-cyfrowych\/\" class=\"cs-overlay-link\" title=\"Mung! Chi\u0144ski startup wspieraja starsze osoby w korzystaniu z urz\u0105dze\u0144 cyfrowych\"><\/a>\r\n\t\t\t<\/div>\r\n\t\t\r\n\t\t<div class=\"cs-entry__inner cs-entry__content cs-entry__content-horizontal\">\r\n\t\t\t<div class=\"cs-entry__info\">\r\n\t\t\t\t<h2 class=\"cs-entry__title\"><a href=\"https:\/\/agetech.pl\/index.php\/2025\/07\/30\/mung-chinski-startup-wspieraja-starsze-osoby-w-korzystaniu-z-urzadzen-cyfrowych\/\">Mung! Chi\u0144ski startup wspieraja starsze osoby w korzystaniu z urz\u0105dze\u0144 cyfrowych<\/a><\/h2>\r\n\t\t\t\t\t\t\t<\/div>\r\n\r\n\t\t\t\t\t\t\t<div class=\"cs-entry__meta\">\r\n\t\t\t\t\t\t\t\t\t\t\t<div class=\"cs-entry__meta-category\">\r\n\t\t\t\t\t\t\t<div class=\"cs-entry__post-meta\" ><div class=\"cs-meta-category\"><ul class=\"post-categories\"><li><a href=\"https:\/\/agetech.pl\/index.php\/category\/innowacje-dla-seniorow\/\">Innowacje<\/a><\/li><\/ul><\/div><\/div>\t\t\t\t\t\t<\/div>\r\n\t\t\t\t\t\t\t\t\t\t\t\t\t\t\t\t<div class=\"cs-entry__meta-content\">\r\n\t\t\t\t\t\t\t\t\t\t\t\t\t\t\t<div class=\"cs-entry__meta-date\">\r\n\t\t\t\t\t\t\t\t\t<div class=\"cs-entry__post-meta\" ><div class=\"cs-meta-date\">2025-07-30<\/div><\/div>\t\t\t\t\t\t\t\t<\/div>\r\n\t\t\t\t\t\t\t\t\t\t\t\t\t\t\t\t\t\t\t\t<\/div>\r\n\t\t\t\t\t\t\t\t\t<\/div>\r\n\t\t\t\t\t<\/div>\r\n\r\n\t\t\r\n\t<\/div>\r\n<\/article>\r\n\r\n<article class=\"post-4989 post type-post status-publish format-standard has-post-thumbnail category-opieka-nad-seniorami tag-ai tag-dobrostan tag-eu tag-miicare tag-monica tag-startup cs-entry cs-video-wrap\">\r\n\r\n\t<div class=\"cs-entry__outer cs-entry__outer-compact\">\r\n\t\t\t\t\t<div class=\"cs-entry__inner cs-entry__overlay cs-entry__thumbnail cs-overlay-ratio cs-ratio-square\">\r\n\r\n\t\t\t\t<div class=\"cs-overlay-background\">\r\n\t\t\t\t\t<img loading=\"lazy\" decoding=\"async\" width=\"95\" height=\"95\" src=\"https:\/\/agetech.pl\/wp-content\/uploads\/2025\/07\/miicare-cube-agetech-95x95.png\" class=\"attachment-csco-small size-csco-small wp-post-image\" alt=\"Opieka nad seniorami\" srcset=\"https:\/\/agetech.pl\/wp-content\/uploads\/2025\/07\/miicare-cube-agetech-95x95.png 95w, https:\/\/agetech.pl\/wp-content\/uploads\/2025\/07\/miicare-cube-agetech-150x150.png 150w, https:\/\/agetech.pl\/wp-content\/uploads\/2025\/07\/miicare-cube-agetech-190x190.png 190w\" sizes=\"(max-width: 95px) 100vw, 95px\" \/>\t\t\t\t\t<img loading=\"lazy\" decoding=\"async\" width=\"527\" height=\"297\" src=\"https:\/\/agetech.pl\/wp-content\/uploads\/2025\/07\/miicare-cube-agetech-527x297.png\" class=\"attachment-csco-thumbnail size-csco-thumbnail wp-post-image\" alt=\"Opieka nad seniorami\" srcset=\"https:\/\/agetech.pl\/wp-content\/uploads\/2025\/07\/miicare-cube-agetech-527x298.png 527w, https:\/\/agetech.pl\/wp-content\/uploads\/2025\/07\/miicare-cube-agetech-300x170.png 300w, https:\/\/agetech.pl\/wp-content\/uploads\/2025\/07\/miicare-cube-agetech-1024x579.png 1024w, https:\/\/agetech.pl\/wp-content\/uploads\/2025\/07\/miicare-cube-agetech-768x435.png 768w, https:\/\/agetech.pl\/wp-content\/uploads\/2025\/07\/miicare-cube-agetech-1536x869.png 1536w, https:\/\/agetech.pl\/wp-content\/uploads\/2025\/07\/miicare-cube-agetech-2048x1159.png 2048w, https:\/\/agetech.pl\/wp-content\/uploads\/2025\/07\/miicare-cube-agetech-1054x596.png 1054w, https:\/\/agetech.pl\/wp-content\/uploads\/2025\/07\/miicare-cube-agetech-688x389.png 688w, https:\/\/agetech.pl\/wp-content\/uploads\/2025\/07\/miicare-cube-agetech-1376x774.png 1376w, https:\/\/agetech.pl\/wp-content\/uploads\/2025\/07\/miicare-cube-agetech-1044x591.png 1044w, https:\/\/agetech.pl\/wp-content\/uploads\/2025\/07\/miicare-cube-agetech-2088x1174.png 2088w, https:\/\/agetech.pl\/wp-content\/uploads\/2025\/07\/miicare-cube-agetech-1400x792.png 1400w, https:\/\/agetech.pl\/wp-content\/uploads\/2025\/07\/miicare-cube-agetech-1920x1086.png 1920w, https:\/\/agetech.pl\/wp-content\/uploads\/2025\/07\/miicare-cube-agetech.png 2340w\" sizes=\"(max-width: 527px) 100vw, 527px\" \/>\t\t\t\t<\/div>\r\n\r\n\t\t\t\t\r\n\t\t\t\t\r\n\t\t\t\t\t\t\t\t\t<span class=\"cs-entry__number\">\r\n\t\t\t\t\t\t9\t\t\t\t\t<\/span>\r\n\t\t\t\t\r\n\t\t\t\t<a href=\"https:\/\/agetech.pl\/index.php\/2025\/07\/10\/miicare-monica-inteligentny-ekosystem-iot-wspierajacy-dobrostan-seniorow\/\" class=\"cs-overlay-link\" title=\"MiiCare (Monica) \u2013 inteligentny ekosystem IoT wspieraj\u0105cy dobrostan senior\u00f3w z UK\"><\/a>\r\n\t\t\t<\/div>\r\n\t\t\r\n\t\t<div class=\"cs-entry__inner cs-entry__content cs-entry__content-horizontal\">\r\n\t\t\t<div class=\"cs-entry__info\">\r\n\t\t\t\t<h2 class=\"cs-entry__title\"><a href=\"https:\/\/agetech.pl\/index.php\/2025\/07\/10\/miicare-monica-inteligentny-ekosystem-iot-wspierajacy-dobrostan-seniorow\/\">MiiCare (Monica) \u2013 inteligentny ekosystem IoT wspieraj\u0105cy dobrostan senior\u00f3w z UK<\/a><\/h2>\r\n\t\t\t\t\t\t\t<\/div>\r\n\r\n\t\t\t\t\t\t\t<div class=\"cs-entry__meta\">\r\n\t\t\t\t\t\t\t\t\t\t\t<div class=\"cs-entry__meta-category\">\r\n\t\t\t\t\t\t\t<div class=\"cs-entry__post-meta\" ><div class=\"cs-meta-category\"><ul class=\"post-categories\"><li><a href=\"https:\/\/agetech.pl\/index.php\/category\/opieka-nad-seniorami\/\">Opieka<\/a><\/li><\/ul><\/div><\/div>\t\t\t\t\t\t<\/div>\r\n\t\t\t\t\t\t\t\t\t\t\t\t\t\t\t\t<div class=\"cs-entry__meta-content\">\r\n\t\t\t\t\t\t\t\t\t\t\t\t\t\t\t<div class=\"cs-entry__meta-date\">\r\n\t\t\t\t\t\t\t\t\t<div class=\"cs-entry__post-meta\" ><div class=\"cs-meta-date\">2025-07-10<\/div><\/div>\t\t\t\t\t\t\t\t<\/div>\r\n\t\t\t\t\t\t\t\t\t\t\t\t\t\t\t\t\t\t\t\t<\/div>\r\n\t\t\t\t\t\t\t\t\t<\/div>\r\n\t\t\t\t\t<\/div>\r\n\r\n\t\t\r\n\t<\/div>\r\n<\/article>\r\n\r\n<article class=\"post-4978 post type-post status-publish format-standard has-post-thumbnail category-zdrowie-seniorow tag-mynd tag-startup tag-usa tag-vr tag-zdrowie-psychiczne cs-entry cs-video-wrap\">\r\n\r\n\t<div class=\"cs-entry__outer cs-entry__outer-compact\">\r\n\t\t\t\t\t<div class=\"cs-entry__inner cs-entry__overlay cs-entry__thumbnail cs-overlay-ratio cs-ratio-square\">\r\n\r\n\t\t\t\t<div class=\"cs-overlay-background\">\r\n\t\t\t\t\t<img loading=\"lazy\" decoding=\"async\" width=\"95\" height=\"95\" src=\"https:\/\/agetech.pl\/wp-content\/uploads\/2025\/07\/nicolas-arnold-hcfzUuQ3uw-unsplash-95x95.jpg\" class=\"attachment-csco-small size-csco-small wp-post-image\" alt=\"VR dla seniora\" srcset=\"https:\/\/agetech.pl\/wp-content\/uploads\/2025\/07\/nicolas-arnold-hcfzUuQ3uw-unsplash-95x95.jpg 95w, https:\/\/agetech.pl\/wp-content\/uploads\/2025\/07\/nicolas-arnold-hcfzUuQ3uw-unsplash-150x150.jpg 150w, https:\/\/agetech.pl\/wp-content\/uploads\/2025\/07\/nicolas-arnold-hcfzUuQ3uw-unsplash-190x190.jpg 190w\" sizes=\"(max-width: 95px) 100vw, 95px\" \/>\t\t\t\t\t<img loading=\"lazy\" decoding=\"async\" width=\"527\" height=\"297\" src=\"https:\/\/agetech.pl\/wp-content\/uploads\/2025\/07\/nicolas-arnold-hcfzUuQ3uw-unsplash-527x297.jpg\" class=\"attachment-csco-thumbnail size-csco-thumbnail wp-post-image\" alt=\"VR dla seniora\" srcset=\"https:\/\/agetech.pl\/wp-content\/uploads\/2025\/07\/nicolas-arnold-hcfzUuQ3uw-unsplash-527x296.jpg 527w, https:\/\/agetech.pl\/wp-content\/uploads\/2025\/07\/nicolas-arnold-hcfzUuQ3uw-unsplash-300x169.jpg 300w, https:\/\/agetech.pl\/wp-content\/uploads\/2025\/07\/nicolas-arnold-hcfzUuQ3uw-unsplash-1024x576.jpg 1024w, https:\/\/agetech.pl\/wp-content\/uploads\/2025\/07\/nicolas-arnold-hcfzUuQ3uw-unsplash-768x432.jpg 768w, https:\/\/agetech.pl\/wp-content\/uploads\/2025\/07\/nicolas-arnold-hcfzUuQ3uw-unsplash-1536x864.jpg 1536w, https:\/\/agetech.pl\/wp-content\/uploads\/2025\/07\/nicolas-arnold-hcfzUuQ3uw-unsplash-2048x1152.jpg 2048w, https:\/\/agetech.pl\/wp-content\/uploads\/2025\/07\/nicolas-arnold-hcfzUuQ3uw-unsplash-1054x593.jpg 1054w, https:\/\/agetech.pl\/wp-content\/uploads\/2025\/07\/nicolas-arnold-hcfzUuQ3uw-unsplash-688x387.jpg 688w, https:\/\/agetech.pl\/wp-content\/uploads\/2025\/07\/nicolas-arnold-hcfzUuQ3uw-unsplash-1376x774.jpg 1376w, https:\/\/agetech.pl\/wp-content\/uploads\/2025\/07\/nicolas-arnold-hcfzUuQ3uw-unsplash-1044x587.jpg 1044w, https:\/\/agetech.pl\/wp-content\/uploads\/2025\/07\/nicolas-arnold-hcfzUuQ3uw-unsplash-2088x1174.jpg 2088w, https:\/\/agetech.pl\/wp-content\/uploads\/2025\/07\/nicolas-arnold-hcfzUuQ3uw-unsplash-1400x788.jpg 1400w, https:\/\/agetech.pl\/wp-content\/uploads\/2025\/07\/nicolas-arnold-hcfzUuQ3uw-unsplash-1920x1080.jpg 1920w, https:\/\/agetech.pl\/wp-content\/uploads\/2025\/07\/nicolas-arnold-hcfzUuQ3uw-unsplash-scaled.jpg 2560w\" sizes=\"(max-width: 527px) 100vw, 527px\" \/>\t\t\t\t<\/div>\r\n\r\n\t\t\t\t\r\n\t\t\t\t\r\n\t\t\t\t\t\t\t\t\t<span class=\"cs-entry__number\">\r\n\t\t\t\t\t\t10\t\t\t\t\t<\/span>\r\n\t\t\t\t\r\n\t\t\t\t<a href=\"https:\/\/agetech.pl\/index.php\/2025\/07\/08\/mynd-immersive-usa-jak-wirtualna-rzeczywistosc-zmienia-realne-zycie-seniorow\/\" class=\"cs-overlay-link\" title=\"Mynd Immersive (USA) \u2013 jak wirtualna rzeczywisto\u015b\u0107 zmienia realne \u017cycie senior\u00f3w\"><\/a>\r\n\t\t\t<\/div>\r\n\t\t\r\n\t\t<div class=\"cs-entry__inner cs-entry__content cs-entry__content-horizontal\">\r\n\t\t\t<div class=\"cs-entry__info\">\r\n\t\t\t\t<h2 class=\"cs-entry__title\"><a href=\"https:\/\/agetech.pl\/index.php\/2025\/07\/08\/mynd-immersive-usa-jak-wirtualna-rzeczywistosc-zmienia-realne-zycie-seniorow\/\">Mynd Immersive (USA) \u2013 jak wirtualna rzeczywisto\u015b\u0107 zmienia realne \u017cycie senior\u00f3w<\/a><\/h2>\r\n\t\t\t\t\t\t\t<\/div>\r\n\r\n\t\t\t\t\t\t\t<div class=\"cs-entry__meta\">\r\n\t\t\t\t\t\t\t\t\t\t\t<div class=\"cs-entry__meta-category\">\r\n\t\t\t\t\t\t\t<div class=\"cs-entry__post-meta\" ><div class=\"cs-meta-category\"><ul class=\"post-categories\"><li><a href=\"https:\/\/agetech.pl\/index.php\/category\/zdrowie-seniorow\/\">Zdrowie<\/a><\/li><\/ul><\/div><\/div>\t\t\t\t\t\t<\/div>\r\n\t\t\t\t\t\t\t\t\t\t\t\t\t\t\t\t<div class=\"cs-entry__meta-content\">\r\n\t\t\t\t\t\t\t\t\t\t\t\t\t\t\t<div class=\"cs-entry__meta-date\">\r\n\t\t\t\t\t\t\t\t\t<div class=\"cs-entry__post-meta\" ><div class=\"cs-meta-date\">2025-07-08<\/div><\/div>\t\t\t\t\t\t\t\t<\/div>\r\n\t\t\t\t\t\t\t\t\t\t\t\t\t\t\t\t\t\t\t\t<\/div>\r\n\t\t\t\t\t\t\t\t\t<\/div>\r\n\t\t\t\t\t<\/div>\r\n\r\n\t\t\r\n\t<\/div>\r\n<\/article>\r\n\t\t\t\t\t\t\t\t<\/div>\r\n\t\t\t\t\t\t\t<\/div>\r\n\t\t\t\t\t\t<\/div>\r\n\t\t\t\t\t\t\t\t<\/section>\r\n\t\t\t\t\t\t<\/div>\n\t\t\t\t<\/div>\n\t\t\t\t<div class=\"elementor-element elementor-element-f955aae elementor-widget-tablet__width-inherit elementor-widget elementor-widget-cs-connect\" data-id=\"f955aae\" data-element_type=\"widget\" data-widget_type=\"cs-connect.default\">\n\t\t\t\t<div class=\"elementor-widget-container\">\n\t\t\t\t\t\t\t<section class=\"cs-connect\">\r\n\r\n\t\t\t\t\t\t\t<div class=\"cs-connect__header\">\r\n\t\t\t\t\t\t\t\t\t\t\t<a href=\"https:\/\/www.linkedin.com\/company\/agetech-polska\/\" target=\"_blank\" class=\"cs-connect__avatar\">\r\n\t\t\t\t\t\t\t<img loading=\"lazy\" decoding=\"async\" width=\"95\" height=\"95\" src=\"https:\/\/agetech.pl\/wp-content\/uploads\/2025\/05\/linkedin-95x95.png\" class=\"attachment-csco-small size-csco-small\" alt=\"linked in agetech polska\" srcset=\"https:\/\/agetech.pl\/wp-content\/uploads\/2025\/05\/linkedin-95x95.png 95w, https:\/\/agetech.pl\/wp-content\/uploads\/2025\/05\/linkedin-150x150.png 150w, https:\/\/agetech.pl\/wp-content\/uploads\/2025\/05\/linkedin-190x190.png 190w\" sizes=\"(max-width: 95px) 100vw, 95px\" \/>\t\t\t\t\t\t<\/a>\r\n\t\t\t\t\t\r\n\t\t\t\t\t\t\t\t\t\t\t<div class=\"cs-connect__author\">\r\n\t\t\t\t\t\t\t\t\t\t\t\t\t\t\t<a href=\"https:\/\/www.linkedin.com\/company\/agetech-polska\/\" target=\"_blank\" class=\"cs-connect__title\">\r\n\t\t\t\t\t\t\t\t\t@agetechpolska\t\t\t\t\t\t\t\t<\/a>\r\n\t\t\t\t\t\t\t\r\n\t\t\t\t\t\t\t\t\t\t\t\t\t\t\t<div class=\"cs-connect__subtitle\">\r\n\t\t\t\t\t\t\t\t\tDo\u0142\u0105cz do nas\t\t\t\t\t\t\t\t<\/div>\r\n\t\t\t\t\t\t\t\t\t\t\t\t\t<\/div>\r\n\t\t\t\t\t\t\t\t\t<\/div>\r\n\t\t\t\r\n\t\t\t\t\t\t\t<div class=\"cs-connect__image\">\r\n\t\t\t\t\t<img loading=\"lazy\" decoding=\"async\" width=\"527\" height=\"791\" src=\"https:\/\/agetech.pl\/wp-content\/uploads\/2025\/05\/krakenimages-Y5bvRlcCx8k-unsplash-scaled.jpg\" class=\"attachment-csco-thumbnail-uncropped size-csco-thumbnail-uncropped\" alt=\"zak\u0142adanie firmy po 60\" \/>\t\t\t\t<\/div>\r\n\t\t\t\r\n\t\t\t\t\t\t\t<a class=\"cs-button cs-button-animated cs-connect__button\" href=\"https:\/\/www.linkedin.com\/company\/agetech-polska\/\" target=\"_blank\">\r\n\t\t\t\t\t<span>\r\n\t\t\t\t\t\t<span>Obserwuj na LinkedIn<\/span>\r\n\t\t\t\t\t\t<span>Obserwuj na LinkedIn<\/span>\r\n\t\t\t\t\t<\/span>\r\n\t\t\t\t<\/a>\r\n\t\t\t\t\t<\/section>\r\n\t\t\t\t\t\t<\/div>\n\t\t\t\t<\/div>\n\t\t\t\t<\/div>\n\t\t\t\t<\/div>\n\t\t\t\t\t<\/div>\n\t\t\t\t<\/div>\n\t\t<div class=\"elementor-element elementor-element-2253145 e-flex e-con-boxed e-con e-parent\" data-id=\"2253145\" data-element_type=\"container\">\n\t\t\t\t\t<div class=\"e-con-inner\">\n\t\t\t\t<div class=\"elementor-element elementor-element-f128e5c elementor-widget elementor-widget-cs-post-carousel\" data-id=\"f128e5c\" data-element_type=\"widget\" data-widget_type=\"cs-post-carousel.default\">\n\t\t\t\t<div class=\"elementor-widget-container\">\n\t\t\t\t\t\r\n\t\t<section\r\n\t\tclass=\"cs-post-carousel cs-posts__tile\"\r\n\t\tdata-cs-type=\"tile\"\r\n\t\tdata-cs-loop=\"true\"\r\n\t\t>\r\n\t\t\t<div class=\"cs-post-carousel__headline\">\r\n\t\t\t\t<div class=\"cs-post-carousel__headline-container\">\r\n\t\t\t\t\t\t\t\t\t\t\t<a href=\"https:\/\/agetech.pl\/index.php\/category\/wydarzenia\/\" class=\"cs-post-carousel__heading\">\r\n\t\t\t\t\t\t\t<span>\r\n\t\t\t\t\t\t\t\tWydarzenia\t\t\t\t\t\t\t<\/span>\r\n\t\t\t\t\t\t<\/a>\r\n\t\t\t\t\t\r\n\t\t\t\t\t<div class=\"cs-post-carousel__nav\">\r\n\t\t\t\t\t\t<div class=\"cs-post-carousel__button-prev\"><\/div>\r\n\t\t\t\t\t\t<div class=\"cs-post-carousel__button-next\"><\/div>\r\n\t\t\t\t\t<\/div>\r\n\t\t\t\t<\/div>\r\n\t\t\t<\/div>\r\n\r\n\t\t\t\r\n\t\t\t\t<div class=\"cs-post-carousel__wrapper cs-posts-area__post-carousel cs-post-carousel__grid\">\r\n\t\t\t\t\t\r\n<article class=\"cs-post-carousel__item swiper-slide post-4435 post type-post status-publish format-standard has-post-thumbnail category-wydarzenia tag-konferencja cs-entry cs-video-wrap\">\r\n\t<div\r\n\tclass=\"cs-entry__outer cs-entry__overlay cs-overlay-ratio cs-ratio-custom\"\r\n\tdata-scheme=\"inverse\"\r\n\t>\r\n\r\n\t\t<div class=\"cs-entry__inner cs-entry__thumbnail cs-entry__tile\">\r\n\r\n\t\t\t<div class=\"cs-overlay-background\">\r\n\t\t\t\t\t\t\t\t\t<img loading=\"lazy\" decoding=\"async\" width=\"527\" height=\"395\" src=\"https:\/\/agetech.pl\/wp-content\/uploads\/2025\/06\/Najblizsze-wydarzenia-AgeTech-527x395.jpg\" class=\"attachment-csco-thumbnail-uncropped size-csco-thumbnail-uncropped wp-post-image\" alt=\"Najbli\u017csze wydarzenia AgeTech\" srcset=\"https:\/\/agetech.pl\/wp-content\/uploads\/2025\/06\/Najblizsze-wydarzenia-AgeTech-527x395.jpg 527w, https:\/\/agetech.pl\/wp-content\/uploads\/2025\/06\/Najblizsze-wydarzenia-AgeTech-300x225.jpg 300w, https:\/\/agetech.pl\/wp-content\/uploads\/2025\/06\/Najblizsze-wydarzenia-AgeTech-1024x768.jpg 1024w, https:\/\/agetech.pl\/wp-content\/uploads\/2025\/06\/Najblizsze-wydarzenia-AgeTech-768x576.jpg 768w, https:\/\/agetech.pl\/wp-content\/uploads\/2025\/06\/Najblizsze-wydarzenia-AgeTech-1536x1152.jpg 1536w, https:\/\/agetech.pl\/wp-content\/uploads\/2025\/06\/Najblizsze-wydarzenia-AgeTech-2048x1536.jpg 2048w, https:\/\/agetech.pl\/wp-content\/uploads\/2025\/06\/Najblizsze-wydarzenia-AgeTech-1054x791.jpg 1054w, https:\/\/agetech.pl\/wp-content\/uploads\/2025\/06\/Najblizsze-wydarzenia-AgeTech-688x516.jpg 688w, https:\/\/agetech.pl\/wp-content\/uploads\/2025\/06\/Najblizsze-wydarzenia-AgeTech-1044x783.jpg 1044w, https:\/\/agetech.pl\/wp-content\/uploads\/2025\/06\/Najblizsze-wydarzenia-AgeTech-1400x1050.jpg 1400w, https:\/\/agetech.pl\/wp-content\/uploads\/2025\/06\/Najblizsze-wydarzenia-AgeTech-1920x1440.jpg 1920w, https:\/\/agetech.pl\/wp-content\/uploads\/2025\/06\/Najblizsze-wydarzenia-AgeTech-scaled.jpg 2560w\" sizes=\"(max-width: 527px) 100vw, 527px\" \/>\t\t\t\t\t<img loading=\"lazy\" decoding=\"async\" width=\"527\" height=\"297\" src=\"https:\/\/agetech.pl\/wp-content\/uploads\/2025\/06\/Najblizsze-wydarzenia-AgeTech-527x297.jpg\" class=\"attachment-csco-thumbnail size-csco-thumbnail wp-post-image\" alt=\"Najbli\u017csze wydarzenia AgeTech\" srcset=\"https:\/\/agetech.pl\/wp-content\/uploads\/2025\/06\/Najblizsze-wydarzenia-AgeTech-527x297.jpg 527w, https:\/\/agetech.pl\/wp-content\/uploads\/2025\/06\/Najblizsze-wydarzenia-AgeTech-1054x594.jpg 1054w, https:\/\/agetech.pl\/wp-content\/uploads\/2025\/06\/Najblizsze-wydarzenia-AgeTech-688x387.jpg 688w, https:\/\/agetech.pl\/wp-content\/uploads\/2025\/06\/Najblizsze-wydarzenia-AgeTech-1376x774.jpg 1376w, https:\/\/agetech.pl\/wp-content\/uploads\/2025\/06\/Najblizsze-wydarzenia-AgeTech-1044x587.jpg 1044w, https:\/\/agetech.pl\/wp-content\/uploads\/2025\/06\/Najblizsze-wydarzenia-AgeTech-2088x1174.jpg 2088w\" sizes=\"(max-width: 527px) 100vw, 527px\" \/>\t\t\t\t\t\t\t<\/div>\r\n\r\n\t\t\t\r\n\t\t\t\r\n\t\t<\/div>\r\n\r\n\t\t<div class=\"cs-entry__inner cs-entry__content cs-overlay-content\">\r\n\t\t\t<div class=\"cs-entry__info\">\r\n\t\t\t\t<h2 class=\"cs-entry__title\">Najbli\u017csze wydarzenia AgeTech<\/h2>\r\n\t\t\t\t\t\t\t<\/div>\r\n\r\n\t\t\t<a class=\"cs-overlay-link\" href=\"https:\/\/agetech.pl\/index.php\/2025\/06\/14\/najblizsze-wydarzenia-agetech\/\" title=\"Najbli\u017csze wydarzenia AgeTech\"><\/a>\r\n\r\n\t\t\t\t\t\t\t<div class=\"cs-entry__meta cs-entry__meta-overlay\">\r\n\t\t\t\t\t\t\t\t\t\t\t<div class=\"cs-entry__meta-category\">\r\n\t\t\t\t\t\t\t<div class=\"cs-entry__post-meta\" ><div class=\"cs-meta-category\"><ul class=\"post-categories\"><li><a href=\"https:\/\/agetech.pl\/index.php\/category\/wydarzenia\/\">Wydarzenia<\/a><\/li><\/ul><\/div><\/div>\t\t\t\t\t\t<\/div>\r\n\t\t\t\t\t\t\t\t\t\t\t\t\t\t\t\t<div class=\"cs-entry__meta-content\">\r\n\t\t\t\t\t\t\t\t\t\t\t\t\t\t\t<div class=\"cs-entry__meta-date\">\r\n\t\t\t\t\t\t\t\t\t<div class=\"cs-entry__post-meta\" ><div class=\"cs-meta-date\">2025-06-14<\/div><\/div>\t\t\t\t\t\t\t\t<\/div>\r\n\t\t\t\t\t\t\t\t\t\t\t\t\t\t\t\t\t\t\t\t<\/div>\r\n\t\t\t\t\t\t\t\t\t<\/div>\r\n\t\t\t\t\t<\/div>\r\n\t<\/div>\r\n<\/article>\r\n\r\n<article class=\"cs-post-carousel__item swiper-slide post-4342 post type-post status-publish format-standard has-post-thumbnail category-trendy category-wydarzenia tag-bernard-golko tag-it-unplugged tag-qviti tag-spoleczenstwo tag-vr cs-entry cs-video-wrap\">\r\n\t<div\r\n\tclass=\"cs-entry__outer cs-entry__overlay cs-overlay-ratio cs-ratio-custom\"\r\n\tdata-scheme=\"inverse\"\r\n\t>\r\n\r\n\t\t<div class=\"cs-entry__inner cs-entry__thumbnail cs-entry__tile\">\r\n\r\n\t\t\t<div class=\"cs-overlay-background\">\r\n\t\t\t\t\t\t\t\t\t<img loading=\"lazy\" decoding=\"async\" width=\"527\" height=\"296\" src=\"https:\/\/agetech.pl\/wp-content\/uploads\/2025\/06\/52bfa9d7-d39a-42ff-abea-b324a90df2f6-527x296.jpeg\" class=\"attachment-csco-thumbnail-uncropped size-csco-thumbnail-uncropped wp-post-image\" alt=\"Bernard Go\u0142ko - IT Unplugged Lublin\" srcset=\"https:\/\/agetech.pl\/wp-content\/uploads\/2025\/06\/52bfa9d7-d39a-42ff-abea-b324a90df2f6-527x296.jpeg 527w, https:\/\/agetech.pl\/wp-content\/uploads\/2025\/06\/52bfa9d7-d39a-42ff-abea-b324a90df2f6-300x169.jpeg 300w, https:\/\/agetech.pl\/wp-content\/uploads\/2025\/06\/52bfa9d7-d39a-42ff-abea-b324a90df2f6-1024x576.jpeg 1024w, https:\/\/agetech.pl\/wp-content\/uploads\/2025\/06\/52bfa9d7-d39a-42ff-abea-b324a90df2f6-768x432.jpeg 768w, https:\/\/agetech.pl\/wp-content\/uploads\/2025\/06\/52bfa9d7-d39a-42ff-abea-b324a90df2f6-1054x593.jpeg 1054w, https:\/\/agetech.pl\/wp-content\/uploads\/2025\/06\/52bfa9d7-d39a-42ff-abea-b324a90df2f6-688x387.jpeg 688w, https:\/\/agetech.pl\/wp-content\/uploads\/2025\/06\/52bfa9d7-d39a-42ff-abea-b324a90df2f6-1044x587.jpeg 1044w, https:\/\/agetech.pl\/wp-content\/uploads\/2025\/06\/52bfa9d7-d39a-42ff-abea-b324a90df2f6.jpeg 1376w\" sizes=\"(max-width: 527px) 100vw, 527px\" \/>\t\t\t\t\t<img loading=\"lazy\" decoding=\"async\" width=\"527\" height=\"297\" src=\"https:\/\/agetech.pl\/wp-content\/uploads\/2025\/06\/52bfa9d7-d39a-42ff-abea-b324a90df2f6-527x297.jpeg\" class=\"attachment-csco-thumbnail size-csco-thumbnail wp-post-image\" alt=\"Bernard Go\u0142ko - IT Unplugged Lublin\" srcset=\"https:\/\/agetech.pl\/wp-content\/uploads\/2025\/06\/52bfa9d7-d39a-42ff-abea-b324a90df2f6-527x296.jpeg 527w, https:\/\/agetech.pl\/wp-content\/uploads\/2025\/06\/52bfa9d7-d39a-42ff-abea-b324a90df2f6-300x169.jpeg 300w, https:\/\/agetech.pl\/wp-content\/uploads\/2025\/06\/52bfa9d7-d39a-42ff-abea-b324a90df2f6-1024x576.jpeg 1024w, https:\/\/agetech.pl\/wp-content\/uploads\/2025\/06\/52bfa9d7-d39a-42ff-abea-b324a90df2f6-768x432.jpeg 768w, https:\/\/agetech.pl\/wp-content\/uploads\/2025\/06\/52bfa9d7-d39a-42ff-abea-b324a90df2f6-1054x593.jpeg 1054w, https:\/\/agetech.pl\/wp-content\/uploads\/2025\/06\/52bfa9d7-d39a-42ff-abea-b324a90df2f6-688x387.jpeg 688w, https:\/\/agetech.pl\/wp-content\/uploads\/2025\/06\/52bfa9d7-d39a-42ff-abea-b324a90df2f6-1044x587.jpeg 1044w, https:\/\/agetech.pl\/wp-content\/uploads\/2025\/06\/52bfa9d7-d39a-42ff-abea-b324a90df2f6.jpeg 1376w\" sizes=\"(max-width: 527px) 100vw, 527px\" \/>\t\t\t\t\t\t\t<\/div>\r\n\r\n\t\t\t\r\n\t\t\t\r\n\t\t<\/div>\r\n\r\n\t\t<div class=\"cs-entry__inner cs-entry__content cs-overlay-content\">\r\n\t\t\t<div class=\"cs-entry__info\">\r\n\t\t\t\t<h2 class=\"cs-entry__title\">Zako\u0144czy\u0142a si\u0119 konferencja IT Unplugged w Lublinie \u2013 AgeTech i przysz\u0142o\u015b\u0107 d\u0142ugowieczno\u015bci w centrum uwagi<\/h2>\r\n\t\t\t\t\t\t\t<\/div>\r\n\r\n\t\t\t<a class=\"cs-overlay-link\" href=\"https:\/\/agetech.pl\/index.php\/2025\/06\/11\/zakonczyla-sie-konferencja-it-unplugged-w-lublinie-agetech-i-przyszlosc-dlugowiecznosci-w-centrum-uwagi\/\" title=\"Zako\u0144czy\u0142a si\u0119 konferencja IT Unplugged w Lublinie \u2013 AgeTech i przysz\u0142o\u015b\u0107 d\u0142ugowieczno\u015bci w centrum uwagi\"><\/a>\r\n\r\n\t\t\t\t\t\t\t<div class=\"cs-entry__meta cs-entry__meta-overlay\">\r\n\t\t\t\t\t\t\t\t\t\t\t<div class=\"cs-entry__meta-category\">\r\n\t\t\t\t\t\t\t<div class=\"cs-entry__post-meta\" ><div class=\"cs-meta-category\"><ul class=\"post-categories\"><li><a href=\"https:\/\/agetech.pl\/index.php\/category\/trendy\/\">Trendy<\/a><\/li><li><a href=\"https:\/\/agetech.pl\/index.php\/category\/wydarzenia\/\">Wydarzenia<\/a><\/li><\/ul><\/div><\/div>\t\t\t\t\t\t<\/div>\r\n\t\t\t\t\t\t\t\t\t\t\t\t\t\t\t\t<div class=\"cs-entry__meta-content\">\r\n\t\t\t\t\t\t\t\t\t\t\t\t\t\t\t<div class=\"cs-entry__meta-date\">\r\n\t\t\t\t\t\t\t\t\t<div class=\"cs-entry__post-meta\" ><div class=\"cs-meta-date\">2025-06-11<\/div><\/div>\t\t\t\t\t\t\t\t<\/div>\r\n\t\t\t\t\t\t\t\t\t\t\t\t\t\t\t\t\t\t\t\t<\/div>\r\n\t\t\t\t\t\t\t\t\t<\/div>\r\n\t\t\t\t\t<\/div>\r\n\t<\/div>\r\n<\/article>\r\n\r\n<article class=\"cs-post-carousel__item swiper-slide post-4009 post type-post status-publish format-standard has-post-thumbnail category-wydarzenia tag-ai cs-entry cs-video-wrap\">\r\n\t<div\r\n\tclass=\"cs-entry__outer cs-entry__overlay cs-overlay-ratio cs-ratio-custom\"\r\n\tdata-scheme=\"inverse\"\r\n\t>\r\n\r\n\t\t<div class=\"cs-entry__inner cs-entry__thumbnail cs-entry__tile\">\r\n\r\n\t\t\t<div class=\"cs-overlay-background\">\r\n\t\t\t\t\t\t\t\t\t<img loading=\"lazy\" decoding=\"async\" width=\"527\" height=\"351\" src=\"https:\/\/agetech.pl\/wp-content\/uploads\/2025\/05\/headway-F2KRf_QfCqw-unsplash-527x351.jpg\" class=\"attachment-csco-thumbnail-uncropped size-csco-thumbnail-uncropped wp-post-image\" alt=\"Konferencja AgeTech\" srcset=\"https:\/\/agetech.pl\/wp-content\/uploads\/2025\/05\/headway-F2KRf_QfCqw-unsplash-527x351.jpg 527w, https:\/\/agetech.pl\/wp-content\/uploads\/2025\/05\/headway-F2KRf_QfCqw-unsplash-300x200.jpg 300w, https:\/\/agetech.pl\/wp-content\/uploads\/2025\/05\/headway-F2KRf_QfCqw-unsplash-1024x683.jpg 1024w, https:\/\/agetech.pl\/wp-content\/uploads\/2025\/05\/headway-F2KRf_QfCqw-unsplash-768x512.jpg 768w, https:\/\/agetech.pl\/wp-content\/uploads\/2025\/05\/headway-F2KRf_QfCqw-unsplash-1536x1024.jpg 1536w, https:\/\/agetech.pl\/wp-content\/uploads\/2025\/05\/headway-F2KRf_QfCqw-unsplash-2048x1365.jpg 2048w, https:\/\/agetech.pl\/wp-content\/uploads\/2025\/05\/headway-F2KRf_QfCqw-unsplash-1054x703.jpg 1054w, https:\/\/agetech.pl\/wp-content\/uploads\/2025\/05\/headway-F2KRf_QfCqw-unsplash-688x459.jpg 688w, https:\/\/agetech.pl\/wp-content\/uploads\/2025\/05\/headway-F2KRf_QfCqw-unsplash-1044x696.jpg 1044w, https:\/\/agetech.pl\/wp-content\/uploads\/2025\/05\/headway-F2KRf_QfCqw-unsplash-1400x933.jpg 1400w, https:\/\/agetech.pl\/wp-content\/uploads\/2025\/05\/headway-F2KRf_QfCqw-unsplash-1920x1280.jpg 1920w, https:\/\/agetech.pl\/wp-content\/uploads\/2025\/05\/headway-F2KRf_QfCqw-unsplash-scaled.jpg 2560w\" sizes=\"(max-width: 527px) 100vw, 527px\" \/>\t\t\t\t\t<img loading=\"lazy\" decoding=\"async\" width=\"527\" height=\"297\" src=\"https:\/\/agetech.pl\/wp-content\/uploads\/2025\/05\/headway-F2KRf_QfCqw-unsplash-527x297.jpg\" class=\"attachment-csco-thumbnail size-csco-thumbnail wp-post-image\" alt=\"Konferencja AgeTech\" srcset=\"https:\/\/agetech.pl\/wp-content\/uploads\/2025\/05\/headway-F2KRf_QfCqw-unsplash-527x297.jpg 527w, https:\/\/agetech.pl\/wp-content\/uploads\/2025\/05\/headway-F2KRf_QfCqw-unsplash-1054x594.jpg 1054w, https:\/\/agetech.pl\/wp-content\/uploads\/2025\/05\/headway-F2KRf_QfCqw-unsplash-688x387.jpg 688w, https:\/\/agetech.pl\/wp-content\/uploads\/2025\/05\/headway-F2KRf_QfCqw-unsplash-1376x774.jpg 1376w, https:\/\/agetech.pl\/wp-content\/uploads\/2025\/05\/headway-F2KRf_QfCqw-unsplash-1044x587.jpg 1044w, https:\/\/agetech.pl\/wp-content\/uploads\/2025\/05\/headway-F2KRf_QfCqw-unsplash-2088x1174.jpg 2088w\" sizes=\"(max-width: 527px) 100vw, 527px\" \/>\t\t\t\t\t\t\t<\/div>\r\n\r\n\t\t\t\r\n\t\t\t\r\n\t\t<\/div>\r\n\r\n\t\t<div class=\"cs-entry__inner cs-entry__content cs-overlay-content\">\r\n\t\t\t<div class=\"cs-entry__info\">\r\n\t\t\t\t<h2 class=\"cs-entry__title\">Responsible AgeTech \u201925 (online) \u2013 Etyczna przysz\u0142o\u015b\u0107 AI w opiece nad seniorami<\/h2>\r\n\t\t\t\t\t\t\t<\/div>\r\n\r\n\t\t\t<a class=\"cs-overlay-link\" href=\"https:\/\/agetech.pl\/index.php\/2025\/05\/29\/responsible-agetech-25-etyczna-przyszlosc-ai-w-opiece-nad-seniorami\/\" title=\"Responsible AgeTech \u201925 (online) \u2013 Etyczna przysz\u0142o\u015b\u0107 AI w opiece nad seniorami\"><\/a>\r\n\r\n\t\t\t\t\t\t\t<div class=\"cs-entry__meta cs-entry__meta-overlay\">\r\n\t\t\t\t\t\t\t\t\t\t\t<div class=\"cs-entry__meta-category\">\r\n\t\t\t\t\t\t\t<div class=\"cs-entry__post-meta\" ><div class=\"cs-meta-category\"><ul class=\"post-categories\"><li><a href=\"https:\/\/agetech.pl\/index.php\/category\/wydarzenia\/\">Wydarzenia<\/a><\/li><\/ul><\/div><\/div>\t\t\t\t\t\t<\/div>\r\n\t\t\t\t\t\t\t\t\t\t\t\t\t\t\t\t<div class=\"cs-entry__meta-content\">\r\n\t\t\t\t\t\t\t\t\t\t\t\t\t\t\t<div class=\"cs-entry__meta-date\">\r\n\t\t\t\t\t\t\t\t\t<div class=\"cs-entry__post-meta\" ><div class=\"cs-meta-date\">2025-05-29<\/div><\/div>\t\t\t\t\t\t\t\t<\/div>\r\n\t\t\t\t\t\t\t\t\t\t\t\t\t\t\t\t\t\t\t\t<\/div>\r\n\t\t\t\t\t\t\t\t\t<\/div>\r\n\t\t\t\t\t<\/div>\r\n\t<\/div>\r\n<\/article>\r\n\r\n<article class=\"cs-post-carousel__item swiper-slide post-3899 post type-post status-publish format-standard has-post-thumbnail category-wydarzenia tag-it-unplugged tag-konferencja cs-entry cs-video-wrap\">\r\n\t<div\r\n\tclass=\"cs-entry__outer cs-entry__overlay cs-overlay-ratio cs-ratio-custom\"\r\n\tdata-scheme=\"inverse\"\r\n\t>\r\n\r\n\t\t<div class=\"cs-entry__inner cs-entry__thumbnail cs-entry__tile\">\r\n\r\n\t\t\t<div class=\"cs-overlay-background\">\r\n\t\t\t\t\t\t\t\t\t<img loading=\"lazy\" decoding=\"async\" width=\"527\" height=\"176\" src=\"https:\/\/agetech.pl\/wp-content\/uploads\/2025\/05\/Baner1-527x176.png\" class=\"attachment-csco-thumbnail-uncropped size-csco-thumbnail-uncropped wp-post-image\" alt=\"IT unplugged 2025\" srcset=\"https:\/\/agetech.pl\/wp-content\/uploads\/2025\/05\/Baner1-527x176.png 527w, https:\/\/agetech.pl\/wp-content\/uploads\/2025\/05\/Baner1-300x100.png 300w, https:\/\/agetech.pl\/wp-content\/uploads\/2025\/05\/Baner1-1024x342.png 1024w, https:\/\/agetech.pl\/wp-content\/uploads\/2025\/05\/Baner1-768x256.png 768w, https:\/\/agetech.pl\/wp-content\/uploads\/2025\/05\/Baner1-1536x512.png 1536w, https:\/\/agetech.pl\/wp-content\/uploads\/2025\/05\/Baner1-2048x683.png 2048w, https:\/\/agetech.pl\/wp-content\/uploads\/2025\/05\/Baner1-1054x352.png 1054w, https:\/\/agetech.pl\/wp-content\/uploads\/2025\/05\/Baner1-688x230.png 688w, https:\/\/agetech.pl\/wp-content\/uploads\/2025\/05\/Baner1-1044x348.png 1044w, https:\/\/agetech.pl\/wp-content\/uploads\/2025\/05\/Baner1-1400x467.png 1400w, https:\/\/agetech.pl\/wp-content\/uploads\/2025\/05\/Baner1.png 2500w\" sizes=\"(max-width: 527px) 100vw, 527px\" \/>\t\t\t\t\t<img loading=\"lazy\" decoding=\"async\" width=\"527\" height=\"297\" src=\"https:\/\/agetech.pl\/wp-content\/uploads\/2025\/05\/Baner1-527x297.png\" class=\"attachment-csco-thumbnail size-csco-thumbnail wp-post-image\" alt=\"IT unplugged 2025\" srcset=\"https:\/\/agetech.pl\/wp-content\/uploads\/2025\/05\/Baner1-527x297.png 527w, https:\/\/agetech.pl\/wp-content\/uploads\/2025\/05\/Baner1-1054x594.png 1054w, https:\/\/agetech.pl\/wp-content\/uploads\/2025\/05\/Baner1-688x387.png 688w, https:\/\/agetech.pl\/wp-content\/uploads\/2025\/05\/Baner1-1376x774.png 1376w, https:\/\/agetech.pl\/wp-content\/uploads\/2025\/05\/Baner1-1044x587.png 1044w\" sizes=\"(max-width: 527px) 100vw, 527px\" \/>\t\t\t\t\t\t\t<\/div>\r\n\r\n\t\t\t\r\n\t\t\t\r\n\t\t<\/div>\r\n\r\n\t\t<div class=\"cs-entry__inner cs-entry__content cs-overlay-content\">\r\n\t\t\t<div class=\"cs-entry__info\">\r\n\t\t\t\t<h2 class=\"cs-entry__title\">IT Unplugged 2025 \u2013 Technologie. Biznes. Ludzie.<\/h2>\r\n\t\t\t\t\t\t\t<\/div>\r\n\r\n\t\t\t<a class=\"cs-overlay-link\" href=\"https:\/\/agetech.pl\/index.php\/2025\/05\/27\/it-unplugged-2025-technologie-biznes-ludzie\/\" title=\"IT Unplugged 2025 \u2013 Technologie. Biznes. Ludzie.\"><\/a>\r\n\r\n\t\t\t\t\t\t\t<div class=\"cs-entry__meta cs-entry__meta-overlay\">\r\n\t\t\t\t\t\t\t\t\t\t\t<div class=\"cs-entry__meta-category\">\r\n\t\t\t\t\t\t\t<div class=\"cs-entry__post-meta\" ><div class=\"cs-meta-category\"><ul class=\"post-categories\"><li><a href=\"https:\/\/agetech.pl\/index.php\/category\/wydarzenia\/\">Wydarzenia<\/a><\/li><\/ul><\/div><\/div>\t\t\t\t\t\t<\/div>\r\n\t\t\t\t\t\t\t\t\t\t\t\t\t\t\t\t<div class=\"cs-entry__meta-content\">\r\n\t\t\t\t\t\t\t\t\t\t\t\t\t\t\t<div class=\"cs-entry__meta-date\">\r\n\t\t\t\t\t\t\t\t\t<div class=\"cs-entry__post-meta\" ><div class=\"cs-meta-date\">2025-05-27<\/div><\/div>\t\t\t\t\t\t\t\t<\/div>\r\n\t\t\t\t\t\t\t\t\t\t\t\t\t\t\t\t\t\t\t\t<\/div>\r\n\t\t\t\t\t\t\t\t\t<\/div>\r\n\t\t\t\t\t<\/div>\r\n\t<\/div>\r\n<\/article>\r\n\r\n<article class=\"cs-post-carousel__item swiper-slide post-3480 post type-post status-publish format-standard has-post-thumbnail category-trendy category-wydarzenia tag-inwestycje tag-longevity tag-wef cs-entry cs-video-wrap\">\r\n\t<div\r\n\tclass=\"cs-entry__outer cs-entry__overlay cs-overlay-ratio cs-ratio-custom\"\r\n\tdata-scheme=\"inverse\"\r\n\t>\r\n\r\n\t\t<div class=\"cs-entry__inner cs-entry__thumbnail cs-entry__tile\">\r\n\r\n\t\t\t<div class=\"cs-overlay-background\">\r\n\t\t\t\t\t\t\t\t\t<img loading=\"lazy\" decoding=\"async\" width=\"527\" height=\"349\" src=\"https:\/\/agetech.pl\/wp-content\/uploads\/2025\/05\/julia-vivcharyk-XHK4wqY-V_I-unsplash-527x349.jpg\" class=\"attachment-csco-thumbnail-uncropped size-csco-thumbnail-uncropped wp-post-image\" alt=\"WEF AgeTech\" srcset=\"https:\/\/agetech.pl\/wp-content\/uploads\/2025\/05\/julia-vivcharyk-XHK4wqY-V_I-unsplash-527x349.jpg 527w, https:\/\/agetech.pl\/wp-content\/uploads\/2025\/05\/julia-vivcharyk-XHK4wqY-V_I-unsplash-300x199.jpg 300w, https:\/\/agetech.pl\/wp-content\/uploads\/2025\/05\/julia-vivcharyk-XHK4wqY-V_I-unsplash-768x509.jpg 768w, https:\/\/agetech.pl\/wp-content\/uploads\/2025\/05\/julia-vivcharyk-XHK4wqY-V_I-unsplash-1024x679.jpg 1024w, https:\/\/agetech.pl\/wp-content\/uploads\/2025\/05\/julia-vivcharyk-XHK4wqY-V_I-unsplash-1536x1018.jpg 1536w, https:\/\/agetech.pl\/wp-content\/uploads\/2025\/05\/julia-vivcharyk-XHK4wqY-V_I-unsplash-2048x1358.jpg 2048w, https:\/\/agetech.pl\/wp-content\/uploads\/2025\/05\/julia-vivcharyk-XHK4wqY-V_I-unsplash-1054x699.jpg 1054w, https:\/\/agetech.pl\/wp-content\/uploads\/2025\/05\/julia-vivcharyk-XHK4wqY-V_I-unsplash-688x456.jpg 688w, https:\/\/agetech.pl\/wp-content\/uploads\/2025\/05\/julia-vivcharyk-XHK4wqY-V_I-unsplash-1044x692.jpg 1044w, https:\/\/agetech.pl\/wp-content\/uploads\/2025\/05\/julia-vivcharyk-XHK4wqY-V_I-unsplash-1400x928.jpg 1400w, https:\/\/agetech.pl\/wp-content\/uploads\/2025\/05\/julia-vivcharyk-XHK4wqY-V_I-unsplash-1920x1273.jpg 1920w, https:\/\/agetech.pl\/wp-content\/uploads\/2025\/05\/julia-vivcharyk-XHK4wqY-V_I-unsplash-scaled.jpg 2560w\" sizes=\"(max-width: 527px) 100vw, 527px\" \/>\t\t\t\t\t<img loading=\"lazy\" decoding=\"async\" width=\"527\" height=\"297\" src=\"https:\/\/agetech.pl\/wp-content\/uploads\/2025\/05\/julia-vivcharyk-XHK4wqY-V_I-unsplash-527x297.jpg\" class=\"attachment-csco-thumbnail size-csco-thumbnail wp-post-image\" alt=\"WEF AgeTech\" srcset=\"https:\/\/agetech.pl\/wp-content\/uploads\/2025\/05\/julia-vivcharyk-XHK4wqY-V_I-unsplash-527x297.jpg 527w, https:\/\/agetech.pl\/wp-content\/uploads\/2025\/05\/julia-vivcharyk-XHK4wqY-V_I-unsplash-1054x594.jpg 1054w, https:\/\/agetech.pl\/wp-content\/uploads\/2025\/05\/julia-vivcharyk-XHK4wqY-V_I-unsplash-688x387.jpg 688w, https:\/\/agetech.pl\/wp-content\/uploads\/2025\/05\/julia-vivcharyk-XHK4wqY-V_I-unsplash-1376x774.jpg 1376w, https:\/\/agetech.pl\/wp-content\/uploads\/2025\/05\/julia-vivcharyk-XHK4wqY-V_I-unsplash-1044x587.jpg 1044w, https:\/\/agetech.pl\/wp-content\/uploads\/2025\/05\/julia-vivcharyk-XHK4wqY-V_I-unsplash-2088x1174.jpg 2088w\" sizes=\"(max-width: 527px) 100vw, 527px\" \/>\t\t\t\t\t\t\t<\/div>\r\n\r\n\t\t\t\r\n\t\t\t\r\n\t\t<\/div>\r\n\r\n\t\t<div class=\"cs-entry__inner cs-entry__content cs-overlay-content\">\r\n\t\t\t<div class=\"cs-entry__info\">\r\n\t\t\t\t<h2 class=\"cs-entry__title\">WEF: AgeTech &#8211; jak technologia mo\u017ce wspiera\u0107 d\u0142ugowieczno\u015b\u0107 i starzenie si\u0119 spo\u0142ecze\u0144stw<\/h2>\r\n\t\t\t\t\t\t\t<\/div>\r\n\r\n\t\t\t<a class=\"cs-overlay-link\" href=\"https:\/\/agetech.pl\/index.php\/2025\/05\/16\/wef-agetech-jak-technologia-moze-wspierac-dlugowiecznosc-i-starzenie-sie-spoleczenstw\/\" title=\"WEF: AgeTech &#8211; jak technologia mo\u017ce wspiera\u0107 d\u0142ugowieczno\u015b\u0107 i starzenie si\u0119 spo\u0142ecze\u0144stw\"><\/a>\r\n\r\n\t\t\t\t\t\t\t<div class=\"cs-entry__meta cs-entry__meta-overlay\">\r\n\t\t\t\t\t\t\t\t\t\t\t<div class=\"cs-entry__meta-category\">\r\n\t\t\t\t\t\t\t<div class=\"cs-entry__post-meta\" ><div class=\"cs-meta-category\"><ul class=\"post-categories\"><li><a href=\"https:\/\/agetech.pl\/index.php\/category\/trendy\/\">Trendy<\/a><\/li><li><a href=\"https:\/\/agetech.pl\/index.php\/category\/wydarzenia\/\">Wydarzenia<\/a><\/li><\/ul><\/div><\/div>\t\t\t\t\t\t<\/div>\r\n\t\t\t\t\t\t\t\t\t\t\t\t\t\t\t\t<div class=\"cs-entry__meta-content\">\r\n\t\t\t\t\t\t\t\t\t\t\t\t\t\t\t<div class=\"cs-entry__meta-date\">\r\n\t\t\t\t\t\t\t\t\t<div class=\"cs-entry__post-meta\" ><div class=\"cs-meta-date\">2025-05-16<\/div><\/div>\t\t\t\t\t\t\t\t<\/div>\r\n\t\t\t\t\t\t\t\t\t\t\t\t\t\t\t\t\t\t\t\t<\/div>\r\n\t\t\t\t\t\t\t\t\t<\/div>\r\n\t\t\t\t\t<\/div>\r\n\t<\/div>\r\n<\/article>\r\n\r\n<article class=\"cs-post-carousel__item swiper-slide post-3396 post type-post status-publish format-standard has-post-thumbnail category-wydarzenia tag-festiwal tag-silvereco tag-startup cs-entry cs-video-wrap\">\r\n\t<div\r\n\tclass=\"cs-entry__outer cs-entry__overlay cs-overlay-ratio cs-ratio-custom\"\r\n\tdata-scheme=\"inverse\"\r\n\t>\r\n\r\n\t\t<div class=\"cs-entry__inner cs-entry__thumbnail cs-entry__tile\">\r\n\r\n\t\t\t<div class=\"cs-overlay-background\">\r\n\t\t\t\t\t\t\t\t\t<img loading=\"lazy\" decoding=\"async\" width=\"527\" height=\"196\" src=\"https:\/\/agetech.pl\/wp-content\/uploads\/2025\/05\/silvereco-palais-festivals-cannes-527x196.png\" class=\"attachment-csco-thumbnail-uncropped size-csco-thumbnail-uncropped wp-post-image\" alt=\"Age-Tech konferencja Cannes\" srcset=\"https:\/\/agetech.pl\/wp-content\/uploads\/2025\/05\/silvereco-palais-festivals-cannes-527x196.png 527w, https:\/\/agetech.pl\/wp-content\/uploads\/2025\/05\/silvereco-palais-festivals-cannes-300x111.png 300w, https:\/\/agetech.pl\/wp-content\/uploads\/2025\/05\/silvereco-palais-festivals-cannes-768x285.png 768w, https:\/\/agetech.pl\/wp-content\/uploads\/2025\/05\/silvereco-palais-festivals-cannes-1024x380.png 1024w, https:\/\/agetech.pl\/wp-content\/uploads\/2025\/05\/silvereco-palais-festivals-cannes-1536x571.png 1536w, https:\/\/agetech.pl\/wp-content\/uploads\/2025\/05\/silvereco-palais-festivals-cannes-1054x391.png 1054w, https:\/\/agetech.pl\/wp-content\/uploads\/2025\/05\/silvereco-palais-festivals-cannes-688x256.png 688w, https:\/\/agetech.pl\/wp-content\/uploads\/2025\/05\/silvereco-palais-festivals-cannes-1044x388.png 1044w, https:\/\/agetech.pl\/wp-content\/uploads\/2025\/05\/silvereco-palais-festivals-cannes-1400x520.png 1400w, https:\/\/agetech.pl\/wp-content\/uploads\/2025\/05\/silvereco-palais-festivals-cannes.png 1890w\" sizes=\"(max-width: 527px) 100vw, 527px\" \/>\t\t\t\t\t<img loading=\"lazy\" decoding=\"async\" width=\"527\" height=\"297\" src=\"https:\/\/agetech.pl\/wp-content\/uploads\/2025\/05\/silvereco-palais-festivals-cannes-527x297.png\" class=\"attachment-csco-thumbnail size-csco-thumbnail wp-post-image\" alt=\"Age-Tech konferencja Cannes\" srcset=\"https:\/\/agetech.pl\/wp-content\/uploads\/2025\/05\/silvereco-palais-festivals-cannes-527x297.png 527w, https:\/\/agetech.pl\/wp-content\/uploads\/2025\/05\/silvereco-palais-festivals-cannes-1054x594.png 1054w, https:\/\/agetech.pl\/wp-content\/uploads\/2025\/05\/silvereco-palais-festivals-cannes-688x387.png 688w, https:\/\/agetech.pl\/wp-content\/uploads\/2025\/05\/silvereco-palais-festivals-cannes-1044x587.png 1044w\" sizes=\"(max-width: 527px) 100vw, 527px\" \/>\t\t\t\t\t\t\t<\/div>\r\n\r\n\t\t\t\r\n\t\t\t\r\n\t\t<\/div>\r\n\r\n\t\t<div class=\"cs-entry__inner cs-entry__content cs-overlay-content\">\r\n\t\t\t<div class=\"cs-entry__info\">\r\n\t\t\t\t<h2 class=\"cs-entry__title\">SilverEco &amp; Ageing Well International Festival 2025 \u2013 Cannes stolic\u0105 innowacji w Age-Tech<\/h2>\r\n\t\t\t\t\t\t\t<\/div>\r\n\r\n\t\t\t<a class=\"cs-overlay-link\" href=\"https:\/\/agetech.pl\/index.php\/2025\/05\/14\/silvereco-ageing-well-international-festival-2025-cannes-stolica-innowacji-w-age-tech\/\" title=\"SilverEco &amp; Ageing Well International Festival 2025 \u2013 Cannes stolic\u0105 innowacji w Age-Tech\"><\/a>\r\n\r\n\t\t\t\t\t\t\t<div class=\"cs-entry__meta cs-entry__meta-overlay\">\r\n\t\t\t\t\t\t\t\t\t\t\t<div class=\"cs-entry__meta-category\">\r\n\t\t\t\t\t\t\t<div class=\"cs-entry__post-meta\" ><div class=\"cs-meta-category\"><ul class=\"post-categories\"><li><a href=\"https:\/\/agetech.pl\/index.php\/category\/wydarzenia\/\">Wydarzenia<\/a><\/li><\/ul><\/div><\/div>\t\t\t\t\t\t<\/div>\r\n\t\t\t\t\t\t\t\t\t\t\t\t\t\t\t\t<div class=\"cs-entry__meta-content\">\r\n\t\t\t\t\t\t\t\t\t\t\t\t\t\t\t<div class=\"cs-entry__meta-date\">\r\n\t\t\t\t\t\t\t\t\t<div class=\"cs-entry__post-meta\" ><div class=\"cs-meta-date\">2025-05-14<\/div><\/div>\t\t\t\t\t\t\t\t<\/div>\r\n\t\t\t\t\t\t\t\t\t\t\t\t\t\t\t\t\t\t\t\t<\/div>\r\n\t\t\t\t\t\t\t\t\t<\/div>\r\n\t\t\t\t\t<\/div>\r\n\t<\/div>\r\n<\/article>\r\n\r\n<article class=\"cs-post-carousel__item swiper-slide post-4003 post type-post status-publish format-standard has-post-thumbnail category-wydarzenia tag-swiss-agetech-conference cs-entry cs-video-wrap\">\r\n\t<div\r\n\tclass=\"cs-entry__outer cs-entry__overlay cs-overlay-ratio cs-ratio-custom\"\r\n\tdata-scheme=\"inverse\"\r\n\t>\r\n\r\n\t\t<div class=\"cs-entry__inner cs-entry__thumbnail cs-entry__tile\">\r\n\r\n\t\t\t<div class=\"cs-overlay-background\">\r\n\t\t\t\t\t\t\t\t\t<img loading=\"lazy\" decoding=\"async\" width=\"527\" height=\"329\" src=\"https:\/\/agetech.pl\/wp-content\/uploads\/2025\/05\/6825db94aad1d-527x329.webp\" class=\"attachment-csco-thumbnail-uncropped size-csco-thumbnail-uncropped wp-post-image\" alt=\"Konferencja AgeTech Szwajcaria\" srcset=\"https:\/\/agetech.pl\/wp-content\/uploads\/2025\/05\/6825db94aad1d-527x329.webp 527w, https:\/\/agetech.pl\/wp-content\/uploads\/2025\/05\/6825db94aad1d-300x188.webp 300w, https:\/\/agetech.pl\/wp-content\/uploads\/2025\/05\/6825db94aad1d-768x480.webp 768w, https:\/\/agetech.pl\/wp-content\/uploads\/2025\/05\/6825db94aad1d-688x430.webp 688w, https:\/\/agetech.pl\/wp-content\/uploads\/2025\/05\/6825db94aad1d.webp 800w\" sizes=\"(max-width: 527px) 100vw, 527px\" \/>\t\t\t\t\t<img loading=\"lazy\" decoding=\"async\" width=\"527\" height=\"297\" src=\"https:\/\/agetech.pl\/wp-content\/uploads\/2025\/05\/6825db94aad1d-527x297.webp\" class=\"attachment-csco-thumbnail size-csco-thumbnail wp-post-image\" alt=\"Konferencja AgeTech Szwajcaria\" srcset=\"https:\/\/agetech.pl\/wp-content\/uploads\/2025\/05\/6825db94aad1d-527x297.webp 527w, https:\/\/agetech.pl\/wp-content\/uploads\/2025\/05\/6825db94aad1d-688x387.webp 688w\" sizes=\"(max-width: 527px) 100vw, 527px\" \/>\t\t\t\t\t\t\t<\/div>\r\n\r\n\t\t\t\r\n\t\t\t\r\n\t\t<\/div>\r\n\r\n\t\t<div class=\"cs-entry__inner cs-entry__content cs-overlay-content\">\r\n\t\t\t<div class=\"cs-entry__info\">\r\n\t\t\t\t<h2 class=\"cs-entry__title\">Swiss AgeTech Conference 2025 \u2014 Innowacje dla starzej\u0105cego si\u0119 spo\u0142ecze\u0144stwa<\/h2>\r\n\t\t\t\t\t\t\t<\/div>\r\n\r\n\t\t\t<a class=\"cs-overlay-link\" href=\"https:\/\/agetech.pl\/index.php\/2025\/04\/29\/swiss-agetech-conference-2025-innowacje-dla-starzejacego-sie-spoleczenstwa\/\" title=\"Swiss AgeTech Conference 2025 \u2014 Innowacje dla starzej\u0105cego si\u0119 spo\u0142ecze\u0144stwa\"><\/a>\r\n\r\n\t\t\t\t\t\t\t<div class=\"cs-entry__meta cs-entry__meta-overlay\">\r\n\t\t\t\t\t\t\t\t\t\t\t<div class=\"cs-entry__meta-category\">\r\n\t\t\t\t\t\t\t<div class=\"cs-entry__post-meta\" ><div class=\"cs-meta-category\"><ul class=\"post-categories\"><li><a href=\"https:\/\/agetech.pl\/index.php\/category\/wydarzenia\/\">Wydarzenia<\/a><\/li><\/ul><\/div><\/div>\t\t\t\t\t\t<\/div>\r\n\t\t\t\t\t\t\t\t\t\t\t\t\t\t\t\t<div class=\"cs-entry__meta-content\">\r\n\t\t\t\t\t\t\t\t\t\t\t\t\t\t\t<div class=\"cs-entry__meta-date\">\r\n\t\t\t\t\t\t\t\t\t<div class=\"cs-entry__post-meta\" ><div class=\"cs-meta-date\">2025-04-29<\/div><\/div>\t\t\t\t\t\t\t\t<\/div>\r\n\t\t\t\t\t\t\t\t\t\t\t\t\t\t\t\t\t\t\t\t<\/div>\r\n\t\t\t\t\t\t\t\t\t<\/div>\r\n\t\t\t\t\t<\/div>\r\n\t<\/div>\r\n<\/article>\r\n\t\t\t\t<\/div>\r\n\r\n\t\t\t\t\t\t<\/section>\r\n\t\t\t\t\t\t<\/div>\n\t\t\t\t<\/div>\n\t\t\t\t\t<\/div>\n\t\t\t\t<\/div>\n\t\t\t\t<\/div>\n\t\t","protected":false},"excerpt":{"rendered":"Gry dla senior\u00f3w: Wi\u0119cej ni\u017c rozrywka \u2013 klucz do sprawno\u015bci umys\u0142u i rado\u015bci \u017cycia Coraz cz\u0119\u015bciej zdajemy sobie&hellip;","protected":false},"author":1,"featured_media":0,"parent":0,"menu_order":0,"comment_status":"closed","ping_status":"closed","template":"elementor_header_footer","meta":{"_price":"","_stock":"","_tribe_ticket_header":"","_tribe_default_ticket_provider":"","_ticket_start_date":"","_ticket_end_date":"","_tribe_ticket_show_description":"","_tribe_ticket_show_not_going":false,"_tribe_ticket_use_global_stock":"","_tribe_ticket_global_stock_level":"","_global_stock_mode":"","_global_stock_cap":"","_tribe_rsvp_for_event":"","_tribe_ticket_going_count":"","_tribe_ticket_not_going_count":"","_tribe_tickets_list":"[]","_tribe_ticket_has_attendee_info_fields":false,"csco_display_header_overlay":false,"csco_singular_sidebar":"disabled","csco_page_header_type":"none","csco_page_load_nextpost":"","csco_post_video_location":[],"csco_post_video_location_hash":"","csco_post_video_url":"","csco_post_video_bg_start_time":0,"csco_post_video_bg_end_time":0,"footnotes":"","_tec_slr_enabled":"","_tec_slr_layout":""},"class_list":["post-2236","page","type-page","status-publish","cs-entry","cs-video-wrap"],"yoast_head":"<!-- This site is optimized with the Yoast SEO plugin v27.1.1 - https:\/\/yoast.com\/product\/yoast-seo-wordpress\/ -->\n<title>AgeTech Polska<\/title>\n<meta name=\"description\" content=\"Twoje \u017ar\u00f3d\u0142o informacji na temat bran\u017cy AgeTech. Medycyna, Technologia, Architektura, Mobilno\u015b\u0107. Innowacje, startupy i VC - Polska i \u015bwiat\" \/>\n<meta name=\"robots\" content=\"index, follow, max-snippet:-1, max-image-preview:large, max-video-preview:-1\" \/>\n<link rel=\"canonical\" href=\"https:\/\/agetech.pl\/\" \/>\n<meta property=\"og:locale\" content=\"pl_PL\" \/>\n<meta property=\"og:type\" content=\"article\" \/>\n<meta property=\"og:title\" content=\"AgeTech Polska\" \/>\n<meta property=\"og:description\" content=\"Twoje \u017ar\u00f3d\u0142o informacji na temat bran\u017cy AgeTech. Medycyna, Technologia, Architektura, Mobilno\u015b\u0107. Innowacje, startupy i VC - Polska i \u015bwiat\" \/>\n<meta property=\"og:url\" content=\"https:\/\/agetech.pl\/\" \/>\n<meta property=\"og:site_name\" content=\"AgeTech Polska\" \/>\n<meta property=\"article:modified_time\" content=\"2025-06-22T12:11:32+00:00\" \/>\n<meta property=\"og:image\" content=\"https:\/\/agetech.pl\/wp-content\/uploads\/2025\/06\/Gry-dla-seniorow-527x297.png\" \/>\n<meta name=\"twitter:card\" content=\"summary_large_image\" \/>\n<meta name=\"twitter:label1\" content=\"Szacowany czas czytania\" \/>\n\t<meta name=\"twitter:data1\" content=\"35 minut\" \/>\n<script type=\"application\/ld+json\" class=\"yoast-schema-graph\">{\"@context\":\"https:\/\/schema.org\",\"@graph\":[{\"@type\":\"WebPage\",\"@id\":\"https:\/\/agetech.pl\/\",\"url\":\"https:\/\/agetech.pl\/\",\"name\":\"AgeTech Polska\",\"isPartOf\":{\"@id\":\"https:\/\/agetech.pl\/#website\"},\"primaryImageOfPage\":{\"@id\":\"https:\/\/agetech.pl\/#primaryimage\"},\"image\":{\"@id\":\"https:\/\/agetech.pl\/#primaryimage\"},\"thumbnailUrl\":\"https:\/\/agetech.pl\/wp-content\/uploads\/2025\/06\/Gry-dla-seniorow-527x297.png\",\"datePublished\":\"2024-04-20T07:28:49+00:00\",\"dateModified\":\"2025-06-22T12:11:32+00:00\",\"description\":\"Twoje \u017ar\u00f3d\u0142o informacji na temat bran\u017cy AgeTech. Medycyna, Technologia, Architektura, Mobilno\u015b\u0107. Innowacje, startupy i VC - Polska i \u015bwiat\",\"breadcrumb\":{\"@id\":\"https:\/\/agetech.pl\/#breadcrumb\"},\"inLanguage\":\"pl-PL\",\"potentialAction\":[{\"@type\":\"ReadAction\",\"target\":[\"https:\/\/agetech.pl\/\"]}]},{\"@type\":\"ImageObject\",\"inLanguage\":\"pl-PL\",\"@id\":\"https:\/\/agetech.pl\/#primaryimage\",\"url\":\"https:\/\/agetech.pl\/wp-content\/uploads\/2025\/06\/Gry-dla-seniorow.png\",\"contentUrl\":\"https:\/\/agetech.pl\/wp-content\/uploads\/2025\/06\/Gry-dla-seniorow.png\",\"width\":1536,\"height\":1024,\"caption\":\"Gry dla senior\u00f3w\"},{\"@type\":\"BreadcrumbList\",\"@id\":\"https:\/\/agetech.pl\/#breadcrumb\",\"itemListElement\":[{\"@type\":\"ListItem\",\"position\":1,\"name\":\"Strona g\u0142\u00f3wna\",\"item\":\"https:\/\/agetech.pl\/\"},{\"@type\":\"ListItem\",\"position\":2,\"name\":\"Home\"}]},{\"@type\":\"WebSite\",\"@id\":\"https:\/\/agetech.pl\/#website\",\"url\":\"https:\/\/agetech.pl\/\",\"name\":\"AgeTech Polska\",\"description\":\"AgeTech Polska to pierwszy w Polsce portal po\u015bwi\u0119cony technologiom i innowacjom dla starzej\u0105cego si\u0119 spo\u0142ecze\u0144stwa.\",\"publisher\":{\"@id\":\"https:\/\/agetech.pl\/#organization\"},\"alternateName\":\"AgeTech Poland\",\"potentialAction\":[{\"@type\":\"SearchAction\",\"target\":{\"@type\":\"EntryPoint\",\"urlTemplate\":\"https:\/\/agetech.pl\/?s={search_term_string}\"},\"query-input\":{\"@type\":\"PropertyValueSpecification\",\"valueRequired\":true,\"valueName\":\"search_term_string\"}}],\"inLanguage\":\"pl-PL\"},{\"@type\":\"Organization\",\"@id\":\"https:\/\/agetech.pl\/#organization\",\"name\":\"AgeTech Polska\",\"url\":\"https:\/\/agetech.pl\/\",\"logo\":{\"@type\":\"ImageObject\",\"inLanguage\":\"pl-PL\",\"@id\":\"https:\/\/agetech.pl\/#\/schema\/logo\/image\/\",\"url\":\"https:\/\/agetech.pl\/wp-content\/uploads\/2025\/05\/ksenia-emelianchik-i-CJpO_SzzU-unsplash-scaled.jpg\",\"contentUrl\":\"https:\/\/agetech.pl\/wp-content\/uploads\/2025\/05\/ksenia-emelianchik-i-CJpO_SzzU-unsplash-scaled.jpg\",\"width\":1707,\"height\":2560,\"caption\":\"AgeTech Polska\"},\"image\":{\"@id\":\"https:\/\/agetech.pl\/#\/schema\/logo\/image\/\"},\"sameAs\":[\"https:\/\/www.linkedin.com\/company\/agetech-polska\/\"]}]}<\/script>\n<!-- \/ Yoast SEO plugin. -->","yoast_head_json":{"title":"AgeTech Polska","description":"Twoje \u017ar\u00f3d\u0142o informacji na temat bran\u017cy AgeTech. Medycyna, Technologia, Architektura, Mobilno\u015b\u0107. Innowacje, startupy i VC - Polska i \u015bwiat","robots":{"index":"index","follow":"follow","max-snippet":"max-snippet:-1","max-image-preview":"max-image-preview:large","max-video-preview":"max-video-preview:-1"},"canonical":"https:\/\/agetech.pl\/","og_locale":"pl_PL","og_type":"article","og_title":"AgeTech Polska","og_description":"Twoje \u017ar\u00f3d\u0142o informacji na temat bran\u017cy AgeTech. Medycyna, Technologia, Architektura, Mobilno\u015b\u0107. Innowacje, startupy i VC - Polska i \u015bwiat","og_url":"https:\/\/agetech.pl\/","og_site_name":"AgeTech Polska","article_modified_time":"2025-06-22T12:11:32+00:00","og_image":[{"url":"https:\/\/agetech.pl\/wp-content\/uploads\/2025\/06\/Gry-dla-seniorow-527x297.png","type":"","width":"","height":""}],"twitter_card":"summary_large_image","twitter_misc":{"Szacowany czas czytania":"35 minut"},"schema":{"@context":"https:\/\/schema.org","@graph":[{"@type":"WebPage","@id":"https:\/\/agetech.pl\/","url":"https:\/\/agetech.pl\/","name":"AgeTech Polska","isPartOf":{"@id":"https:\/\/agetech.pl\/#website"},"primaryImageOfPage":{"@id":"https:\/\/agetech.pl\/#primaryimage"},"image":{"@id":"https:\/\/agetech.pl\/#primaryimage"},"thumbnailUrl":"https:\/\/agetech.pl\/wp-content\/uploads\/2025\/06\/Gry-dla-seniorow-527x297.png","datePublished":"2024-04-20T07:28:49+00:00","dateModified":"2025-06-22T12:11:32+00:00","description":"Twoje \u017ar\u00f3d\u0142o informacji na temat bran\u017cy AgeTech. Medycyna, Technologia, Architektura, Mobilno\u015b\u0107. Innowacje, startupy i VC - Polska i \u015bwiat","breadcrumb":{"@id":"https:\/\/agetech.pl\/#breadcrumb"},"inLanguage":"pl-PL","potentialAction":[{"@type":"ReadAction","target":["https:\/\/agetech.pl\/"]}]},{"@type":"ImageObject","inLanguage":"pl-PL","@id":"https:\/\/agetech.pl\/#primaryimage","url":"https:\/\/agetech.pl\/wp-content\/uploads\/2025\/06\/Gry-dla-seniorow.png","contentUrl":"https:\/\/agetech.pl\/wp-content\/uploads\/2025\/06\/Gry-dla-seniorow.png","width":1536,"height":1024,"caption":"Gry dla senior\u00f3w"},{"@type":"BreadcrumbList","@id":"https:\/\/agetech.pl\/#breadcrumb","itemListElement":[{"@type":"ListItem","position":1,"name":"Strona g\u0142\u00f3wna","item":"https:\/\/agetech.pl\/"},{"@type":"ListItem","position":2,"name":"Home"}]},{"@type":"WebSite","@id":"https:\/\/agetech.pl\/#website","url":"https:\/\/agetech.pl\/","name":"AgeTech Polska","description":"AgeTech Polska to pierwszy w Polsce portal po\u015bwi\u0119cony technologiom i innowacjom dla starzej\u0105cego si\u0119 spo\u0142ecze\u0144stwa.","publisher":{"@id":"https:\/\/agetech.pl\/#organization"},"alternateName":"AgeTech Poland","potentialAction":[{"@type":"SearchAction","target":{"@type":"EntryPoint","urlTemplate":"https:\/\/agetech.pl\/?s={search_term_string}"},"query-input":{"@type":"PropertyValueSpecification","valueRequired":true,"valueName":"search_term_string"}}],"inLanguage":"pl-PL"},{"@type":"Organization","@id":"https:\/\/agetech.pl\/#organization","name":"AgeTech Polska","url":"https:\/\/agetech.pl\/","logo":{"@type":"ImageObject","inLanguage":"pl-PL","@id":"https:\/\/agetech.pl\/#\/schema\/logo\/image\/","url":"https:\/\/agetech.pl\/wp-content\/uploads\/2025\/05\/ksenia-emelianchik-i-CJpO_SzzU-unsplash-scaled.jpg","contentUrl":"https:\/\/agetech.pl\/wp-content\/uploads\/2025\/05\/ksenia-emelianchik-i-CJpO_SzzU-unsplash-scaled.jpg","width":1707,"height":2560,"caption":"AgeTech Polska"},"image":{"@id":"https:\/\/agetech.pl\/#\/schema\/logo\/image\/"},"sameAs":["https:\/\/www.linkedin.com\/company\/agetech-polska\/"]}]}},"jetpack_sharing_enabled":true,"ticketed":false,"_links":{"self":[{"href":"https:\/\/agetech.pl\/index.php\/wp-json\/wp\/v2\/pages\/2236","targetHints":{"allow":["GET"]}}],"collection":[{"href":"https:\/\/agetech.pl\/index.php\/wp-json\/wp\/v2\/pages"}],"about":[{"href":"https:\/\/agetech.pl\/index.php\/wp-json\/wp\/v2\/types\/page"}],"author":[{"embeddable":true,"href":"https:\/\/agetech.pl\/index.php\/wp-json\/wp\/v2\/users\/1"}],"replies":[{"embeddable":true,"href":"https:\/\/agetech.pl\/index.php\/wp-json\/wp\/v2\/comments?post=2236"}],"version-history":[{"count":261,"href":"https:\/\/agetech.pl\/index.php\/wp-json\/wp\/v2\/pages\/2236\/revisions"}],"predecessor-version":[{"id":4798,"href":"https:\/\/agetech.pl\/index.php\/wp-json\/wp\/v2\/pages\/2236\/revisions\/4798"}],"wp:attachment":[{"href":"https:\/\/agetech.pl\/index.php\/wp-json\/wp\/v2\/media?parent=2236"}],"curies":[{"name":"wp","href":"https:\/\/api.w.org\/{rel}","templated":true}]}}